{"id":13063,"date":"2019-05-22T10:00:02","date_gmt":"2019-05-22T13:00:02","guid":{"rendered":"http:\/\/www.ifbaiano.edu.br\/unidades\/lapa\/?page_id=13063"},"modified":"2020-07-31T13:48:44","modified_gmt":"2020-07-31T16:48:44","slug":"portarias-2018","status":"publish","type":"page","link":"https:\/\/www.ifbaiano.edu.br\/unidades\/lapa\/portarias-2018\/","title":{"rendered":"Portarias 2018"},"content":{"rendered":"\n<table style=\"width: 100%;border-color: white\" border=\"0\" rules=\"rows\" bgcolor=\"#EEEEEE\">\n<tbody>\n<tr bgcolor=\"#D0FFD0\">\n<td style=\"text-align: center;height: 30px\" colspan=\"2\"><span style=\"color: green\"><b>Portarias &#8211; 2018<\/b><\/span><\/td>\n<\/tr>\n<tr>\n<td><b>Portaria<\/b><\/td>\n<td style=\"text-align: center\"><b>Conte\u00fado<\/b><\/td>\n<\/tr>\n<tr>\n<td>\n<p style=\"text-align: justify\"><b><a href=\"http:\/\/www.ifbaiano.edu.br\/unidades\/lapa\/files\/2014\/02\/Portaria_103-2018.pdf\" target=\"_blank\" rel=\"noopener noreferrer\">N\u00ba 103<\/a><\/b><\/p>\n<\/td>\n<td style=\"text-align: justify\">Disp\u00f5e sobre designa\u00e7\u00e3o de servidores para compor Comiss\u00e3o Respons\u00e1vel pela Coordena\u00e7\u00e3o e Execu\u00e7\u00e3o do Processo Seletivo Especializa\u00e7\u00e3o em Educa\u00e7\u00e3o Matem\u00e1tica (Ingresso de estudantes 2019.1) no \u00e2mbito do IF Baiano &#8211; <em>Campus<\/em> Bom Jesus da Lapa.<\/td>\n<\/tr>\n<tr>\n<td>\n<p style=\"text-align: justify\"><b><a href=\"http:\/\/www.ifbaiano.edu.br\/unidades\/lapa\/files\/2014\/02\/Portaria_102-2018.pdf\" target=\"_blank\" rel=\"noopener noreferrer\">N\u00ba 102<\/a><\/b><\/p>\n<\/td>\n<td style=\"text-align: justify\">Disp\u00f5e sobre a autoriza\u00e7\u00e3o a servidor Akila Luz Fernandes para conduzir ve\u00edculos oficiais do <em>Campus<\/em> Bom Jesus da Lapa, que sejam compat\u00edveis com a sua habilita\u00e7\u00e3o.<\/td>\n<\/tr>\n<tr>\n<td>\n<p style=\"text-align: justify\"><b><a href=\"http:\/\/www.ifbaiano.edu.br\/unidades\/lapa\/files\/2014\/02\/Portaria_101-2018.pdf\" target=\"_blank\" rel=\"noopener noreferrer\">N\u00ba 101<\/a><\/b><\/p>\n<\/td>\n<td style=\"text-align: justify\">Disp\u00f5e sobre a autoriza\u00e7\u00e3o a servidor Hudson Barros Oliveira para conduzir ve\u00edculos oficiais do <em>Campus<\/em> Bom Jesus da Lapa, que sejam compat\u00edveis com a sua habilita\u00e7\u00e3o.<\/td>\n<\/tr>\n<tr>\n<td>\n<p style=\"text-align: justify\"><b><a href=\"http:\/\/www.ifbaiano.edu.br\/unidades\/lapa\/files\/2014\/02\/Portaria_100-2018.pdf\" target=\"_blank\" rel=\"noopener noreferrer\">N\u00ba 100<\/a><\/b><\/p>\n<\/td>\n<td style=\"text-align: justify\">Disp\u00f5e sobre a designa\u00e7\u00e3o de fiscal de contrato entre IF Baiano Campus Bom Jesus da Lapa e Associa\u00e7\u00e3o de Mulheres Camponesas de Serra do Ramalho, Associa\u00e7\u00e3o de Pequenos Produtores Rurais da Agrovila 20, Aparecida Ribeiro Magalh\u00e3es e Joselita Nascimento Ribeiro, Carla Nascimento Ribeiro.<\/td>\n<\/tr>\n<tr>\n<td>\n<p style=\"text-align: justify\"><b><a href=\"http:\/\/www.ifbaiano.edu.br\/unidades\/lapa\/files\/2014\/02\/Portaria_99-2018.pdf\" target=\"_blank\" rel=\"noopener noreferrer\">N\u00ba 099<\/a><\/b><\/p>\n<\/td>\n<td style=\"text-align: justify\">Disp\u00f5e sobre a designa\u00e7\u00e3o de fiscal de contrato entre IF Baiano Campus Bom Jesus da Lapa e Associa\u00e7\u00e3o de Mulheres Camponesas de Serra do Ramalho, Associa\u00e7\u00e3o de Pequenos Produtores Rurais da Agrovila 20, Aparecida Ribeiro Magalh\u00e3es e Joselita Nascimento Ribeiro.<\/td>\n<\/tr>\n<tr>\n<td>\n<p style=\"text-align: justify\"><b><a href=\"http:\/\/www.ifbaiano.edu.br\/unidades\/lapa\/files\/2014\/02\/Portaria_98-2018.pdf\" target=\"_blank\" rel=\"noopener noreferrer\">N\u00ba 098<\/a><\/b><\/p>\n<\/td>\n<td style=\"text-align: justify\">Disp\u00f5e sobre a Composi\u00e7\u00e3o local respons\u00e1vel pela organiza\u00e7\u00e3o do Processo Seletivo para ingresso de estudantes 2018.2 e 2019, no \u00e2mbito do IF Baiano &#8211; Campus Bom Jesus da Lapa.<\/td>\n<\/tr>\n<tr>\n<td>\n<p style=\"text-align: justify\"><b><a href=\"http:\/\/www.ifbaiano.edu.br\/unidades\/lapa\/files\/2014\/02\/Portaria_97-2018.pdf\" target=\"_blank\" rel=\"noopener noreferrer\">N\u00ba 097<\/a><\/b><\/p>\n<\/td>\n<td style=\"text-align: justify\">Disp\u00f5e sobre a Composi\u00e7\u00e3o do N\u00facleo de Atendimento \u00e0s Pessoas com Necessidades Espec\u00edficas &#8211; NAPNE, no \u00e2mbito do IF Baiano &#8211; Campus Bom Jesus da Lapa.<\/td>\n<\/tr>\n<tr>\n<td>\n<p style=\"text-align: justify\"><b><a href=\"http:\/\/www.ifbaiano.edu.br\/unidades\/lapa\/files\/2014\/02\/Portaria_96-2018.pdf\" target=\"_blank\" rel=\"noopener noreferrer\">N\u00ba 096<\/a><\/b><\/p>\n<\/td>\n<td style=\"text-align: justify\">Disp\u00f5e sobre a Composi\u00e7\u00e3o do N\u00facleo de Estudos Afro-Brasileiros e Ind\u00edgenas &#8211; NEABI, no \u00e2mbito do IF Baiano &#8211; Campus Bom Jesus da Lapa.<\/td>\n<\/tr>\n<tr>\n<td>\n<p style=\"text-align: justify\"><b><a href=\"http:\/\/www.ifbaiano.edu.br\/unidades\/lapa\/files\/2014\/02\/Portaria_95-2018.pdf\" target=\"_blank\" rel=\"noopener noreferrer\">N\u00ba 095<\/a><\/b><\/p>\n<\/td>\n<td style=\"text-align: justify\">Disp\u00f5e sobre designa\u00e7\u00e3o de servidores para executar inscri\u00e7\u00e3o dos Restos \u00e0 Pagar em 2018, no \u00e2mbito do IF Baiano Campus Bom Jesus da Lapa.<\/td>\n<\/tr>\n<tr>\n<td>\n<p style=\"text-align: justify\"><b><a href=\"http:\/\/www.ifbaiano.edu.br\/unidades\/lapa\/files\/2014\/02\/Portaria_94-2018.pdf\" target=\"_blank\" rel=\"noopener noreferrer\">N\u00ba 094<\/a><\/b><\/p>\n<\/td>\n<td style=\"text-align: justify\">Disp\u00f5e sobre designa\u00e7\u00e3o de servidores e estudantes para compor o Colegiado da Especializa\u00e7\u00e3o em Educa\u00e7\u00e3o Matem\u00e1tica no \u00e2mbito do IF Baiano Campus Bom Jesus da Lapa.<\/td>\n<\/tr>\n<tr>\n<td>\n<p style=\"text-align: justify\"><b><a href=\"http:\/\/www.ifbaiano.edu.br\/unidades\/lapa\/files\/2014\/02\/Portaria_93-2018.pdf\" target=\"_blank\" rel=\"noopener noreferrer\">N\u00ba 093<\/a><\/b><\/p>\n<\/td>\n<td style=\"text-align: justify\">Disp\u00f5e sobre a autoriza\u00e7\u00e3o da servidora Danuza Ara\u00fajo de Souza para conduzir ve\u00edculos oficiais do Campus Bom Jesus da Lapa, que sejam compat\u00edveis com a sua habilita\u00e7\u00e3o.<\/td>\n<\/tr>\n<tr>\n<td>\n<p style=\"text-align: justify\"><b><a href=\"http:\/\/www.ifbaiano.edu.br\/unidades\/lapa\/files\/2014\/02\/Portaria_92-2018.pdf\" target=\"_blank\" rel=\"noopener noreferrer\">N\u00ba 092<\/a><\/b><\/p>\n<\/td>\n<td style=\"text-align: justify\">Disp\u00f5e sobre designa\u00e7\u00e3o de servidores para compor Comiss\u00e3o Organizadora da Confraterniza\u00e7\u00e3o de Final do Ano no \u00e2mbito do IF Baiano Campus Bom Jesus da Lapa.<\/td>\n<\/tr>\n<tr>\n<td>\n<p style=\"text-align: justify\"><b><a href=\"http:\/\/www.ifbaiano.edu.br\/unidades\/lapa\/files\/2014\/02\/Portaria_91-2018.pdf\" target=\"_blank\" rel=\"noopener noreferrer\">N\u00ba 091<\/a><\/b><\/p>\n<\/td>\n<td style=\"text-align: justify\">Disp\u00f5e sobre designa\u00e7\u00e3o de servidor Ivanildo Claudino da Silva para compor Secretaria Executiva da CPA Local no \u00e2mbito do IF Baiano Campus Bom Jesus da Lapa.<\/td>\n<\/tr>\n<tr>\n<td>\n<p style=\"text-align: justify\"><b><a href=\"http:\/\/www.ifbaiano.edu.br\/unidades\/lapa\/files\/2014\/02\/Portaria_90-2018.pdf\" target=\"_blank\" rel=\"noopener noreferrer\">N\u00ba 090<\/a><\/b><\/p>\n<\/td>\n<td style=\"text-align: justify\">Disp\u00f5e sobre designa\u00e7\u00e3o de servidora para fiscalizar a execu\u00e7\u00e3o do contrato celebrado entre o IF Baiano Campus Bom Jesus da Lapa e seguradora SURA.<\/td>\n<\/tr>\n<tr>\n<td>\n<p style=\"text-align: justify\"><b><a href=\"http:\/\/www.ifbaiano.edu.br\/unidades\/lapa\/files\/2014\/02\/Portaria_89-2018.pdf\" target=\"_blank\" rel=\"noopener noreferrer\">N\u00ba 089<\/a><\/b><\/p>\n<\/td>\n<td style=\"text-align: justify\">Disp\u00f5e sobre designa\u00e7\u00e3o de servidora para fiscalizar a execu\u00e7\u00e3o do contrato 12\/2018, celebrado entre o IF Baiano Campus Bom Jesus da Lapa e empresa JP Santos e Primo LTDA.<\/td>\n<\/tr>\n<tr>\n<td>\n<p style=\"text-align: justify\"><b><a href=\"http:\/\/www.ifbaiano.edu.br\/unidades\/lapa\/files\/2014\/02\/Portaria_88-2018.pdf\" target=\"_blank\" rel=\"noopener noreferrer\">N\u00ba 088<\/a><\/b><\/p>\n<\/td>\n<td style=\"text-align: justify\">Disp\u00f5e sobre a Composi\u00e7\u00e3o da Comiss\u00e3o de Invent\u00e1rio do Patrim\u00f4nio, no Campus Bom Jesus da Lapa.<\/td>\n<\/tr>\n<tr>\n<td>\n<p style=\"text-align: justify\"><b><a href=\"http:\/\/www.ifbaiano.edu.br\/unidades\/lapa\/files\/2014\/02\/Portaria_87-2018.pdf\" target=\"_blank\" rel=\"noopener noreferrer\">N\u00ba 087<\/a><\/b><\/p>\n<\/td>\n<td style=\"text-align: justify\">Disp\u00f5e sobre lota\u00e7\u00e3o de servidor, no \u00e2mbito do Campus Bom Jesus da Lapa.<\/td>\n<\/tr>\n<tr>\n<td>\n<p style=\"text-align: justify\"><b><a href=\"http:\/\/www.ifbaiano.edu.br\/unidades\/lapa\/files\/2014\/02\/Portaria_86-2018.pdf\" target=\"_blank\" rel=\"noopener noreferrer\">N\u00ba 086<\/a><\/b><\/p>\n<\/td>\n<td style=\"text-align: justify\">Disp\u00f5e sobre a autoriza\u00e7\u00e3o da servidora Francine Kateriny Santos para conduzir ve\u00edculos oficiais do Campus Bom Jesus da Lapa, que sejam compat\u00edveis com a sua habilita\u00e7\u00e3o.<\/td>\n<\/tr>\n<tr>\n<td style=\"text-align: justify\">\n<p style=\"text-align: justify\"><b><a href=\"http:\/\/www.ifbaiano.edu.br\/unidades\/lapa\/files\/2014\/02\/Portaria_85-2018.pdf\" target=\"_blank\" rel=\"noopener noreferrer\">N\u00ba 085<\/a><\/b><\/p>\n<\/td>\n<td style=\"text-align: justify\">Disp\u00f5e sobre a Comiss\u00e3o Permanente para Ingresso de Estudantes &#8211; Categoria Especial de Matr\u00edcula, no \u00e2mbito do Campus Bom Jesus da Lapa.<\/td>\n<\/tr>\n<tr>\n<td>\n<p style=\"text-align: justify\"><b><a href=\"http:\/\/www.ifbaiano.edu.br\/unidades\/lapa\/files\/2014\/02\/Portaria_84-2018.pdf\" target=\"_blank\" rel=\"noopener noreferrer\">N\u00ba 084<\/a><\/b><\/p>\n<\/td>\n<td style=\"text-align: justify\">Disp\u00f5e sobre a Comiss\u00e3o Local respons\u00e1vel pela organiza\u00e7\u00e3o do Processo Seletivo para ingresso de estudantes 2018.2 e 2019, no \u00e2mbito do Campus Bom Jesus da Lapa.<\/td>\n<\/tr>\n<tr>\n<td>\n<p style=\"text-align: justify\"><b><a href=\"http:\/\/www.ifbaiano.edu.br\/unidades\/lapa\/files\/2014\/02\/Portaria_83-2018.pdf\" target=\"_blank\" rel=\"noopener noreferrer\">N\u00ba 083<\/a><\/b><\/p>\n<\/td>\n<td style=\"text-align: justify\">Disp\u00f5e sobre a Composi\u00e7\u00e3o do Centro Acad\u00eamico Nobres Barranqueiros, para mandato de dois anos a partir da posse ocorrida em 10 de agosto de 2018, no Campus Bom Jesus da Lapa.<\/td>\n<\/tr>\n<tr>\n<td>\n<p style=\"text-align: justify\"><b><a href=\"http:\/\/www.ifbaiano.edu.br\/unidades\/lapa\/files\/2014\/02\/Portaria_82-2018.pdf\" target=\"_blank\" rel=\"noopener noreferrer\">N\u00ba 082<\/a><\/b><\/p>\n<\/td>\n<td style=\"text-align: justify\">Disp\u00f5e sobre a Composi\u00e7\u00e3o da Comiss\u00e3o de Elabora\u00e7\u00e3o dos Calend\u00e1rios Acad\u00eamicos 2019, no Campus Bom Jesus da Lapa.<\/td>\n<\/tr>\n<tr>\n<td>\n<p style=\"text-align: justify\"><b><a href=\"http:\/\/www.ifbaiano.edu.br\/unidades\/lapa\/files\/2014\/02\/Portaria_81-2018_Comite_Interno_Avaliacao_Projetos_Pesquisa.pdf\" target=\"_blank\" rel=\"noopener noreferrer\">N\u00ba 081<\/a><\/b><\/p>\n<\/td>\n<td style=\"text-align: justify\">Disp\u00f5e sobre a Composi\u00e7\u00e3o do Comit\u00ea Interno de Avalia\u00e7\u00e3o de Projetos de Pesquisa &#8211; CIAPP, no Campus Bom Jesus da Lapa.<\/td>\n<\/tr>\n<tr>\n<td>\n<p style=\"text-align: justify\"><b><a href=\"http:\/\/www.ifbaiano.edu.br\/unidades\/lapa\/files\/2014\/02\/Portaria_80-2018_Comissao_de_gestao_da_sustentabilidade.pdf\" target=\"_blank\" rel=\"noopener noreferrer\">N\u00ba 080<\/a><\/b><\/p>\n<\/td>\n<td style=\"text-align: justify\">Designa\u00e7\u00e3o de Comiss\u00e3o para acompanhar, desenvolver e fiscalizar, no \u00e2mbito do campus, o programa de gest\u00e3o de sustentabilidade.<\/td>\n<\/tr>\n<tr>\n<td>\n<p style=\"text-align: justify\"><b><a href=\"http:\/\/www.ifbaiano.edu.br\/unidades\/lapa\/files\/2014\/02\/Portaria_79-2018_Comissao_de_inventario_do_patrimonio.pdf\" target=\"_blank\" rel=\"noopener noreferrer\">N\u00ba 079<\/a><\/b><\/p>\n<\/td>\n<td style=\"text-align: justify\">Disp\u00f5e sobre a Composi\u00e7\u00e3o da Comiss\u00e3o de Invent\u00e1rio do Patrim\u00f4nio, no Campus Bom Jesus da Lapa.<\/td>\n<\/tr>\n<tr>\n<td>\n<p style=\"text-align: justify\"><b><a href=\"http:\/\/www.ifbaiano.edu.br\/unidades\/lapa\/files\/2014\/02\/Portaria_78-2018_Comissao_de_Inventario_do_Almoxarifado.pdf\" target=\"_blank\" rel=\"noopener noreferrer\">N\u00ba 078<\/a><\/b><\/p>\n<\/td>\n<td style=\"text-align: justify\">Disp\u00f5e sobre a Composi\u00e7\u00e3o da Comiss\u00e3o de Invent\u00e1rio do Almoxarifado, no Campus Bom Jesus da Lapa.<\/td>\n<\/tr>\n<tr>\n<td>\n<p style=\"text-align: justify\"><b><a href=\"http:\/\/www.ifbaiano.edu.br\/unidades\/lapa\/files\/2014\/02\/PI77-2018.pdf\" target=\"_blank\" rel=\"noopener noreferrer\">N\u00ba 077<\/a><\/b><\/p>\n<\/td>\n<td style=\"text-align: justify\">Disp\u00f5e sobre a Composi\u00e7\u00e3o de Comiss\u00e3o de Elabora\u00e7\u00e3o do Projeto Pedag\u00f3gico do Curso de Forma\u00e7\u00e3o Inicial Horticultor Org\u00e2nico, no \u00e2mbito do IF Baiano &#8211; Campus Bom Jesus da Lapa.<\/td>\n<\/tr>\n<tr>\n<td>\n<p style=\"text-align: justify\"><b><a href=\"http:\/\/www.ifbaiano.edu.br\/unidades\/lapa\/files\/2014\/02\/Portaria_76-2018.pdf\" target=\"_blank\" rel=\"noopener noreferrer\">N\u00ba 076<\/a><\/b><\/p>\n<\/td>\n<td style=\"text-align: justify\">Disp\u00f5e sobre a Equipe de Planejamento de Contrata\u00e7\u00e3o de Empresa Terceirizada para presta\u00e7\u00e3o de servi\u00e7os de abastecimento para uso dos ve\u00edculos oficiais do Campus Bom Jesus da Lapa<\/td>\n<\/tr>\n<tr>\n<td>\n<p style=\"text-align: justify\"><b><a href=\"http:\/\/www.ifbaiano.edu.br\/unidades\/lapa\/files\/2014\/02\/Portaria_75-2018.pdf\" target=\"_blank\" rel=\"noopener noreferrer\">N\u00ba 075<\/a><\/b><\/p>\n<\/td>\n<td style=\"text-align: justify\">Disp\u00f5e sobre a Composi\u00e7\u00e3o do N\u00facleo Docente Estruturante do Curso Superior em Gest\u00e3o em Tecnologia da Informa\u00e7\u00e3o e Comunica\u00e7\u00e3o do Campus Bom Jesus da Lapa<\/td>\n<\/tr>\n<tr>\n<td>\n<p style=\"text-align: justify\"><b><a href=\"http:\/\/www.ifbaiano.edu.br\/unidades\/lapa\/files\/2014\/02\/PI74-2018.pdf\" target=\"_blank\" rel=\"noopener noreferrer\">N\u00ba 074<\/a><\/b><\/p>\n<\/td>\n<td style=\"text-align: justify\">Designa\u00e7\u00e3o de fiscais do contrato de presta\u00e7\u00e3o de servi\u00e7o de m\u00e3o de obra, celebrado entre o IF Baiano &#8211; Campus Bom Jesus da Lapa e a empresa New Quality Service Limpeza e Conserva\u00e7\u00e3o Ltda.<\/td>\n<\/tr>\n<tr>\n<td>\n<p style=\"text-align: justify\"><b><a href=\"http:\/\/www.ifbaiano.edu.br\/unidades\/lapa\/files\/2014\/02\/PI73-2018.pdf\" target=\"_blank\" rel=\"noopener noreferrer\">N\u00ba 073<\/a><\/b><\/p>\n<\/td>\n<td style=\"text-align: justify\">Disp\u00f5e sobre a autoriza\u00e7\u00e3o a servidores para condu\u00e7\u00e3o de ve\u00edculos oficiais Campus Bom Jesus da Lapa, que sejam compat\u00edveis com a sua habilita\u00e7\u00e3o.<\/td>\n<\/tr>\n<tr>\n<td>\n<p style=\"text-align: justify\"><b><a href=\"http:\/\/www.ifbaiano.edu.br\/unidades\/lapa\/files\/2014\/02\/PI72-2018.pdf\" target=\"_blank\" rel=\"noopener noreferrer\">N\u00ba 072<\/a><\/b><\/p>\n<\/td>\n<td style=\"text-align: justify\">Disp\u00f5e sobre a autoriza\u00e7\u00e3o do servidor Jefferson Oliveira de S\u00e1 para conduzir ve\u00edculos oficiais Campus Bom Jesus da Lapa, que sejam compat\u00edveis com a sua habilita\u00e7\u00e3o.<\/td>\n<\/tr>\n<tr>\n<td>\n<p style=\"text-align: justify\"><b><a href=\"http:\/\/www.ifbaiano.edu.br\/unidades\/lapa\/files\/2014\/02\/Portaria-N-71-de-14-de-agosto-de-2018-Comissao-do-Curso-Formacao-Politica.pdf\" target=\"_blank\" rel=\"noopener noreferrer\">N\u00ba 071<\/a><\/b><\/p>\n<\/td>\n<td style=\"text-align: justify\">Disp\u00f5e sobre a Composi\u00e7\u00e3o da Comiss\u00e3o do Curso Forma\u00e7\u00e3o Pol\u00edtica no \u00e2mbito do Campus Bom Jesus da Lapa.<\/td>\n<\/tr>\n<tr>\n<td>\n<p style=\"text-align: justify\"><b><a href=\"http:\/\/www.ifbaiano.edu.br\/unidades\/lapa\/files\/2014\/02\/Portaria-N-70-de-14-de-agosto-de-2018-Autorizacao-para-conduzir-veiculo.pdf\" target=\"_blank\" rel=\"noopener noreferrer\">N\u00ba 070<\/a><\/b><\/p>\n<\/td>\n<td style=\"text-align: justify\">Disp\u00f5e sobre a autoriza\u00e7\u00e3o a servidores para conduzir ve\u00edculos oficiais deste Campus, que sejam compat\u00edveis com a sua habilita\u00e7\u00e3o.<\/td>\n<\/tr>\n<tr>\n<td>\n<p style=\"text-align: justify\"><b><a href=\"http:\/\/www.ifbaiano.edu.br\/unidades\/lapa\/files\/2014\/02\/Portaria-N-69-de-10-de-agosto-de-2018-Conduzir-veiculo.pdf\" target=\"_blank\" rel=\"noopener noreferrer\">N\u00ba 069<\/a><\/b><\/p>\n<\/td>\n<td style=\"text-align: justify\">Disp\u00f5e sobre a autoriza\u00e7\u00e3o ao servidor Diego Barreto Reis para conduzir ve\u00edculos oficiais deste Campus, que sejam compat\u00edveis com a sua habilita\u00e7\u00e3o.<\/td>\n<\/tr>\n<tr>\n<td>\n<p style=\"text-align: justify\"><b><a href=\"http:\/\/www.ifbaiano.edu.br\/unidades\/lapa\/files\/2014\/02\/PI68-2018.pdf\" target=\"_blank\" rel=\"noopener noreferrer\">N\u00ba 068<\/a><\/b><\/p>\n<\/td>\n<td style=\"text-align: justify\">Disp\u00f5e sobre a Composi\u00e7\u00e3o de Comiss\u00e3o Especial de Apoio \u00e0 Elabora\u00e7\u00e3o do Projeto Pedag\u00f3gico do Curso Superior de Licenciatura em Ci\u00eancias Biol\u00f3gicas, no \u00e2mbito do IF Baiano &#8211; Campus Bom Jesus da Lapa.<\/td>\n<\/tr>\n<tr>\n<td>\n<p style=\"text-align: justify\"><b><a href=\"http:\/\/www.ifbaiano.edu.br\/unidades\/lapa\/files\/2014\/02\/PI67-2018.pdf\" target=\"_blank\" rel=\"noopener noreferrer\">N\u00ba 067<\/a><\/b><\/p>\n<\/td>\n<td style=\"text-align: justify\">Designa\u00e7\u00e3o de fiscais do contrato de presta\u00e7\u00e3o de servi\u00e7o de manuten\u00e7\u00e3o de ar-condicionado celebrado entre o IF Baiano &#8211; Campus Bom Jesus da Lapa e a Empresa Jonathan P. O. Sanches.<\/td>\n<\/tr>\n<tr>\n<td>\n<p style=\"text-align: justify\"><b><a href=\"http:\/\/www.ifbaiano.edu.br\/unidades\/lapa\/files\/2014\/02\/PI66-2018.pdf\" target=\"_blank\" rel=\"noopener noreferrer\">N\u00ba 066<\/a><\/b><\/p>\n<\/td>\n<td style=\"text-align: justify\">Disp\u00f5e sobre a Composi\u00e7\u00e3o do N\u00facleo Docente Estruturante do Curso de Engenharia Agron\u00f4mica do IF Baiano &#8211; Campus Bom Jesus da Lapa.<\/td>\n<\/tr>\n<tr>\n<td>\n<p style=\"text-align: justify\"><b><a href=\"http:\/\/www.ifbaiano.edu.br\/unidades\/lapa\/files\/2014\/02\/PI65-2018.pdf\" target=\"_blank\" rel=\"noopener noreferrer\">N\u00ba 065<\/a><\/b><\/p>\n<\/td>\n<td style=\"text-align: justify\">Disp\u00f5e sobre a Organiza\u00e7\u00e3o da II Semana de Agronomia, no \u00e2mbito do Campus Bom Jesus da Lapa.<\/td>\n<\/tr>\n<tr>\n<td>\n<p style=\"text-align: justify\"><b><a href=\"http:\/\/www.ifbaiano.edu.br\/unidades\/lapa\/files\/2014\/02\/PI64-2018.pdf\" target=\"_blank\" rel=\"noopener noreferrer\">N\u00ba 064<\/a><\/b><\/p>\n<\/td>\n<td style=\"text-align: justify\">Disp\u00f5e sobre a autoriza\u00e7\u00e3o a servidor Hudson Barros Oliveira para conduzir ve\u00edculos oficiais do Campus Bom Jesus da Lapa, que sejam compat\u00edveis com a sua habilita\u00e7\u00e3o.<\/td>\n<\/tr>\n<tr>\n<td>\n<p style=\"text-align: justify\"><b><a href=\"http:\/\/www.ifbaiano.edu.br\/unidades\/lapa\/files\/2014\/02\/PI63-2018.pdf\" target=\"_blank\" rel=\"noopener noreferrer\">N\u00ba 063<\/a><\/b><\/p>\n<\/td>\n<td style=\"text-align: justify\">Altera Portaria 78\/2016 e designa Comiss\u00e3o Local de Assist\u00eancia Estudantil, \u00e2mbito do Campus Bom Jesus da Lapa.<\/td>\n<\/tr>\n<tr>\n<td>\n<p style=\"text-align: justify\"><b><a href=\"https:\/\/www.ifbaiano.edu.br\/unidades\/lapa\/files\/2020\/07\/Portaria_62-2018.pdf\" target=\"_blank\" rel=\"noopener noreferrer\">N\u00ba 062<\/a><\/b><\/p>\n<\/td>\n<td style=\"text-align: justify\">Disp\u00f5e sobre a comiss\u00e3o respons\u00e1vel pela sele\u00e7\u00e3o de cursistas dos cursos de Forma\u00e7\u00e3o Continuada &#8220;Canto Coral; Curso Avan\u00e7ado de Flauta Doce; Pr\u00e1tica de Conjunto Instrumental e Forma\u00e7\u00e3o Musical&#8221;, no \u00e2mbito do <i>Campus<\/i> Bom Jesus da Lapa.<\/td>\n<\/tr>\n<tr>\n<td>\n<p style=\"text-align: justify\"><b><a href=\"http:\/\/www.ifbaiano.edu.br\/unidades\/lapa\/files\/2014\/02\/PI61-2018.pdf\" target=\"_blank\" rel=\"noopener noreferrer\">N\u00ba 061<\/a><\/b><\/p>\n<\/td>\n<td style=\"text-align: justify\">Disp\u00f5e sobre a operacionaliza\u00e7\u00e3o da conformidade documental no SIAFI no \u00e2mbito do Campus Bom Jesus da Lapa.<\/td>\n<\/tr>\n<tr>\n<td>\n<p style=\"text-align: justify\"><b><a href=\"http:\/\/www.ifbaiano.edu.br\/unidades\/lapa\/files\/2014\/02\/PI60-2018.pdf\" target=\"_blank\" rel=\"noopener noreferrer\">N\u00ba 060<\/a><\/b><\/p>\n<\/td>\n<td style=\"text-align: justify\">Disp\u00f5e sobre a fiscaliza\u00e7\u00e3o do contrato de Servi\u00e7os de Seguran\u00e7a e Vigil\u00e2ncia celebrado entre o IF Baiano Campus Bom Jesus da Lapa e a empresa Tit\u00e3 Vigil\u00e2ncia e Seguran\u00e7a.<\/td>\n<\/tr>\n<tr>\n<td>\n<p style=\"text-align: justify\"><b><a href=\"http:\/\/www.ifbaiano.edu.br\/unidades\/lapa\/files\/2014\/02\/PI59-2018.pdf\" target=\"_blank\" rel=\"noopener noreferrer\">N\u00ba 059<\/a><\/b><\/p>\n<\/td>\n<td style=\"text-align: justify\">Disp\u00f5e sobre a Comiss\u00e3o respons\u00e1vel pela Organiza\u00e7\u00e3o da Cerim\u00f4nia de Certifica\u00e7\u00e3o dos Cursos T\u00e9cnicos Integrados ao Ensino M\u00e9dio 2018, no \u00e2mbito do Campus Bom Jesus da Lapa.<\/td>\n<\/tr>\n<tr>\n<td>\n<p style=\"text-align: justify\"><b><a href=\"http:\/\/www.ifbaiano.edu.br\/unidades\/lapa\/files\/2014\/02\/PI58-2018.pdf\" target=\"_blank\" rel=\"noopener noreferrer\">N\u00ba 058<\/a><\/b><\/p>\n<\/td>\n<td style=\"text-align: justify\">Disp\u00f5e sobre a autoriza\u00e7\u00e3o a servidor Jefferson Oliveira de S\u00e1 para conduzir ve\u00edculos oficiais do Campus Bom Jesus da Lapa, que sejam compat\u00edveis com a sua habilita\u00e7\u00e3o.<\/td>\n<\/tr>\n<tr>\n<td>\n<p style=\"text-align: justify\"><b><a href=\"https:\/\/www.ifbaiano.edu.br\/unidades\/lapa\/files\/2020\/07\/Portaria_57-2018.pdf\" target=\"_blank\" rel=\"noopener noreferrer\">N\u00ba 057<\/a><\/b><\/p>\n<\/td>\n<td style=\"text-align: justify\">Disp\u00f5e sobre a Comiss\u00e3o respons\u00e1vel pela sele\u00e7\u00e3o de cursista do Projeto de Extens\u00e3o &#8220;Curso Preparat\u00f3rio para a OBMEP&#8221;, no \u00e2mbito do <i>Campus<\/i> Bom Jesus da Lapa.<\/td>\n<\/tr>\n<tr>\n<td>\n<p style=\"text-align: justify\"><b><a href=\"http:\/\/www.ifbaiano.edu.br\/unidades\/lapa\/files\/2014\/02\/PI56-2018.pdf\" target=\"_blank\" rel=\"noopener noreferrer\">N\u00ba 056<\/a><\/b><\/p>\n<\/td>\n<td style=\"text-align: justify\">Disp\u00f5e sobre a Comiss\u00e3o respons\u00e1vel pelo PINCEL &#8211; Programa de Incentivo \u00e0 Cultura, Esporte e Lazer, no \u00e2mbito do Campus Bom Jesus da Lapa.<\/td>\n<\/tr>\n<tr>\n<td>\n<p style=\"text-align: justify\"><b><a href=\"http:\/\/www.ifbaiano.edu.br\/unidades\/lapa\/files\/2014\/02\/PI55-2018.pdf\" target=\"_blank\" rel=\"noopener noreferrer\">N\u00ba 055<\/a><\/b><\/p>\n<\/td>\n<td style=\"text-align: justify\">Disp\u00f5e sobre a Comiss\u00e3o respons\u00e1vel pelo PROPAC &#8211; Programa de Incentivo \u00e0 Participa\u00e7\u00e3o Pol\u00edtico Acad\u00eamica, no \u00e2mbito do Campus Bom Jesus da Lapa.<\/td>\n<\/tr>\n<tr>\n<td>\n<p style=\"text-align: justify\"><b><a href=\"http:\/\/www.ifbaiano.edu.br\/unidades\/lapa\/files\/2014\/02\/PI54-2018.pdf\" target=\"_blank\" rel=\"noopener noreferrer\">N\u00ba 054<\/a><\/b><\/p>\n<\/td>\n<td style=\"text-align: justify\">Disp\u00f5e sobre a Composi\u00e7\u00e3o Permanente de Planejamento, Acompanhamento e Avalia\u00e7\u00e3o do Programa de Monitoria Discente no \u00e2mbito do Campus Bom Jesus da Lapa.<\/td>\n<\/tr>\n<tr>\n<td>\n<p style=\"text-align: justify\"><b><a href=\"https:\/\/www.ifbaiano.edu.br\/unidades\/lapa\/files\/2020\/07\/Portaria_53-2018.pdf\" target=\"_blank\" rel=\"noopener noreferrer\">N\u00ba 053<\/a><\/b><\/p>\n<\/td>\n<td style=\"text-align: justify\">Disp\u00f5e sobre a Comiss\u00e3o Especial de Compras da Agricultura Familiar, no \u00e2mbito do <i>Campus<\/i> Bom Jesus da Lapa.<\/td>\n<\/tr>\n<tr>\n<td>\n<p style=\"text-align: justify\"><b><a href=\"http:\/\/www.ifbaiano.edu.br\/unidades\/lapa\/files\/2014\/02\/PI51-2018.pdf\" target=\"_blank\" rel=\"noopener noreferrer\">N\u00ba 051<\/a><\/b><\/p>\n<\/td>\n<td style=\"text-align: justify\">Disp\u00f5e sobre composi\u00e7\u00e3o do N\u00facleo Docente Estruturado do curso Superior de Licenciatura em Ci\u00eancias Biol\u00f3gicas, no \u00e2mbito do Campus Bom Jesus da Lapa.<\/td>\n<\/tr>\n<tr>\n<td>\n<p style=\"text-align: justify\"><b><a href=\"http:\/\/www.ifbaiano.edu.br\/unidades\/lapa\/files\/2014\/02\/PI50-2018.pdf\" target=\"_blank\" rel=\"noopener noreferrer\">N\u00ba 050<\/a><\/b><\/p>\n<\/td>\n<td style=\"text-align: justify\">Altera Portaria 42\/2017 que trata da Comiss\u00e3o de Fiscaliza\u00e7\u00e3o do Servi\u00e7o de C\u00f3pias e Impress\u00e3o, no \u00e2mbito do Campus Bom Jesus da Lapa.<\/td>\n<\/tr>\n<tr>\n<td>\n<p style=\"text-align: justify\"><b><a href=\"http:\/\/www.ifbaiano.edu.br\/unidades\/lapa\/files\/2014\/02\/PI49-2018.pdf\" target=\"_blank\" rel=\"noopener noreferrer\">N\u00ba 049<\/a><\/b><\/p>\n<\/td>\n<td style=\"text-align: justify\">Disp\u00f5e sobre a Comiss\u00e3o Respons\u00e1vel pela elabora\u00e7\u00e3o do Projeto Pedag\u00f3gico do Curso FIC em Operador de Computador.<\/td>\n<\/tr>\n<tr>\n<td>\n<p style=\"text-align: justify\"><b><a href=\"http:\/\/www.ifbaiano.edu.br\/unidades\/lapa\/files\/2019\/04\/Portaria_48-2018.pdf\" target=\"_blank\" rel=\"noopener noreferrer\">N\u00ba 048<\/a><\/b><\/p>\n<\/td>\n<td style=\"text-align: justify\">Disp\u00f5e sobre a implanta\u00e7\u00e3o da Unidade Avan\u00e7ada de Gado de Leite, no \u00e2mbito do <em>Campus<\/em> Bom Jesus da Lapa.<\/td>\n<\/tr>\n<tr>\n<td>\n<p style=\"text-align: justify\"><b><a href=\"http:\/\/www.ifbaiano.edu.br\/unidades\/lapa\/files\/2014\/02\/PI47-2018.pdf\" target=\"_blank\" rel=\"noopener noreferrer\">N\u00ba 047<\/a><\/b><\/p>\n<\/td>\n<td style=\"text-align: justify\">Disp\u00f5e sobre a operacionaliza\u00e7\u00e3o da conformidade documental no SIAFI no \u00e2mbito do Campus Bom Jesus da Lapa.<\/td>\n<\/tr>\n<tr>\n<td>\n<p style=\"text-align: justify\"><b><a href=\"http:\/\/www.ifbaiano.edu.br\/unidades\/lapa\/files\/2014\/02\/PI46-2018.pdf\" target=\"_blank\" rel=\"noopener noreferrer\">N\u00ba 046<\/a><\/b><\/p>\n<\/td>\n<td style=\"text-align: justify\">Disp\u00f5e sobre a autoriza\u00e7\u00e3o a servidores para condu\u00e7\u00e3o de ve\u00edculo oficiais do Campus Bom Jesus da Lapa, que sejam compat\u00edveis com a sua habilita\u00e7\u00e3o.<\/td>\n<\/tr>\n<tr>\n<td>\n<p style=\"text-align: justify\"><b><a href=\"http:\/\/www.ifbaiano.edu.br\/unidades\/lapa\/files\/2014\/02\/PI45-2018.pdf\" target=\"_blank\" rel=\"noopener noreferrer\">N\u00ba 045<\/a><\/b><\/p>\n<\/td>\n<td style=\"text-align: justify\">Homologa\u00e7\u00e3o e publica\u00e7\u00e3o de resultado final do Edital 15\/2018 do Programa de Assist\u00eancia e Inclus\u00e3o Social do Estudante (PAISE).<\/td>\n<\/tr>\n<tr>\n<td>\n<p style=\"text-align: justify\"><b><a href=\"http:\/\/www.ifbaiano.edu.br\/unidades\/lapa\/files\/2014\/02\/PI44-2018.pdf\" target=\"_blank\" rel=\"noopener noreferrer\">N\u00ba 044<\/a><\/b><\/p>\n<\/td>\n<td style=\"text-align: justify\">Designa\u00e7\u00e3o de fiscais de contrato referente ao fornecimento de \u00e1gua para irriga\u00e7\u00e3o de \u00e1reas produtivas do Instituto Federal Baiano Campus Bom Jesus da Lapa, celebrado com Distrito de Irriga\u00e7\u00e3o Formoso.<\/td>\n<\/tr>\n<tr>\n<td>\n<p style=\"text-align: justify\"><b><a href=\"http:\/\/www.ifbaiano.edu.br\/unidades\/lapa\/files\/2014\/02\/PI43-2018.pdf\" target=\"_blank\" rel=\"noopener noreferrer\">N\u00ba 043<\/a><\/b><\/p>\n<\/td>\n<td style=\"text-align: justify\">Revoga portaria 54\/2017 e designa fiscal de contrato de Presta\u00e7\u00e3o de Servi\u00e7os de Limpeza e Conserva\u00e7\u00e3o, celebrado entre o IF Baiano Campus Bom Jesus da Lapa e a Lideran\u00e7a Limpeza e Conserva\u00e7\u00e3o Ltda.<\/td>\n<\/tr>\n<tr>\n<td>\n<p style=\"text-align: justify\"><b><a href=\"http:\/\/www.ifbaiano.edu.br\/unidades\/lapa\/files\/2014\/02\/PI42-2018.pdf\" target=\"_blank\" rel=\"noopener noreferrer\">N\u00ba 042<\/a><\/b><\/p>\n<\/td>\n<td style=\"text-align: justify\">Designa\u00e7\u00e3o de fiscais do Contrato 23\/2017, referente a gerenciamento de frota com presta\u00e7\u00e3o de servi\u00e7o de manuten\u00e7\u00e3o preventiva e corretiva dos ve\u00edculos do Instituto Federal Baiano Campus Bom Jesus da Lapa celebrado com a Empresa Trivale Administra\u00e7\u00e3o Ltda.<\/td>\n<\/tr>\n<tr>\n<td>\n<p style=\"text-align: justify\"><b><a href=\"http:\/\/www.ifbaiano.edu.br\/unidades\/lapa\/files\/2014\/02\/PI41-2018.pdf\" target=\"_blank\" rel=\"noopener noreferrer\">N\u00ba 041<\/a><\/b><\/p>\n<\/td>\n<td style=\"text-align: justify\">Designa\u00e7\u00e3o de fiscais do Contrato 06\/2016 &#8211; referente a gerenciamento de frota com fornecimento de combust\u00edvel aos ve\u00edculos do Instituto Federal Baiano &#8211; Campus Bom Jesus da Lapa celebrado com a Empresa Trivale Administra\u00e7\u00e3o Ltda.<\/td>\n<\/tr>\n<tr>\n<td>\n<p style=\"text-align: justify\"><b><a href=\"http:\/\/www.ifbaiano.edu.br\/unidades\/lapa\/files\/2014\/02\/PI40-2018.pdf\" target=\"_blank\" rel=\"noopener noreferrer\">N\u00ba 040<\/a><\/b><\/p>\n<\/td>\n<td style=\"text-align: justify\">Revoga\u00e7\u00e3o de Portaria 20\/2018 e designa\u00e7\u00e3o de fiscal de contrato de servi\u00e7o de telefonia fixa, celebrado entre o IF Baiano Campus Bom Jesus da Lapa e a Telemar Norte e Leste S\/A.<\/td>\n<\/tr>\n<tr>\n<td>\n<p style=\"text-align: justify\"><b><a href=\"http:\/\/www.ifbaiano.edu.br\/unidades\/lapa\/files\/2014\/02\/PI39-2018.pdf\" target=\"_blank\" rel=\"noopener noreferrer\">N\u00ba 039<\/a><\/b><\/p>\n<\/td>\n<td style=\"text-align: justify\">Revoga\u00e7\u00e3o de Portaria 100\/2017 e designa\u00e7\u00e3o de fiscal de Contrato 02\/2014 &#8211; Servi\u00e7os de Seguran\u00e7a e Vigil\u00e2ncia &#8211; celebrado entre o IF Baiano Campus Bom Jesus da Lapa e a empresa Tit\u00e3 Vigil\u00e2ncia e Seguran\u00e7a.<\/td>\n<\/tr>\n<tr>\n<td>\n<p style=\"text-align: justify\"><b><a href=\"http:\/\/www.ifbaiano.edu.br\/unidades\/lapa\/files\/2014\/02\/PI38-2018.pdf\" target=\"_blank\" rel=\"noopener noreferrer\">N\u00ba 038<\/a><\/b><\/p>\n<\/td>\n<td style=\"text-align: justify\">Disp\u00f5e sobre a Equipe para Planejamento de Contrata\u00e7\u00e3o de Empresa Terceirizada de M\u00e3o de Obra para contrata\u00e7\u00e3o de Pedreiro e Auxiliar de manuten\u00e7\u00e3o, no \u00e2mbito do Campus Bom Jesus da Lapa.<\/td>\n<\/tr>\n<tr>\n<td>\n<p style=\"text-align: justify\"><b><a href=\"http:\/\/www.ifbaiano.edu.br\/unidades\/lapa\/files\/2014\/02\/PI37-2018.pdf\" target=\"_blank\" rel=\"noopener noreferrer\">N\u00ba 037<\/a><\/b><\/p>\n<\/td>\n<td style=\"text-align: justify\">Altera a Portaria 30\/2018, que constitui Comiss\u00e3o local respons\u00e1vel pela organiza\u00e7\u00e3o do Processo Seletivo para ingresso de estudantes 2018.2 e 2019, no Campus Bom Jesus da Lapa.<\/td>\n<\/tr>\n<tr>\n<td>\n<p style=\"text-align: justify\"><b><a href=\"http:\/\/www.ifbaiano.edu.br\/unidades\/lapa\/files\/2014\/02\/PI36-2018.pdf\" target=\"_blank\" rel=\"noopener noreferrer\">N\u00ba 036<\/a><\/b><\/p>\n<\/td>\n<td style=\"text-align: justify\">Disp\u00f5e sobre Comiss\u00e3o Especial para Recebimento Definitivo dos servi\u00e7os de acessibilidade no Campus Bom Jesus da Lapa.<\/td>\n<\/tr>\n<tr>\n<td>\n<p style=\"text-align: justify\"><b><a href=\"http:\/\/www.ifbaiano.edu.br\/unidades\/lapa\/files\/2014\/02\/PI35-2018.pdf\" target=\"_blank\" rel=\"noopener noreferrer\">N\u00ba 035<\/a><\/b><\/p>\n<\/td>\n<td style=\"text-align: justify\">Disp\u00f5e sobre a autoriza\u00e7\u00e3o a servidor Marcelo Leite Pereira para conduzir ve\u00edculos oficiais do Campus Bom Jesus da Lapa, que sejam compat\u00edveis com a sua habilita\u00e7\u00e3o.<\/td>\n<\/tr>\n<tr>\n<td>\n<p style=\"text-align: justify\"><b><a href=\"http:\/\/www.ifbaiano.edu.br\/unidades\/lapa\/files\/2014\/02\/PI34-2018.pdf\" target=\"_blank\" rel=\"noopener noreferrer\">N\u00ba 034<\/a><\/b><\/p>\n<\/td>\n<td style=\"text-align: justify\">Altera\u00e7\u00e3o dos membros natos do Conselho de Administra\u00e7\u00e3o (CONAD) do Campus Bom Jesus da Lapa, para Bi\u00eanio 2016-2018.<\/td>\n<\/tr>\n<tr>\n<td>\n<p style=\"text-align: justify\"><b><a href=\"http:\/\/www.ifbaiano.edu.br\/unidades\/lapa\/files\/2014\/02\/PI33-2018.pdf\" target=\"_blank\" rel=\"noopener noreferrer\">N\u00ba 033<\/a><\/b><\/p>\n<\/td>\n<td style=\"text-align: justify\">Disp\u00f5e sobre a Composi\u00e7\u00e3o do N\u00facleo Docente Estruturante do Curso Superior em Gest\u00e3o em Tecnologia da Informa\u00e7\u00e3o e Comunica\u00e7\u00e3o do Campus Bom Jesus da Lapa.<\/td>\n<\/tr>\n<tr>\n<td>\n<p style=\"text-align: justify\"><b><a href=\"http:\/\/www.ifbaiano.edu.br\/unidades\/lapa\/files\/2014\/02\/PI32-2018.pdf\" target=\"_blank\" rel=\"noopener noreferrer\">N\u00ba 032<\/a><\/b><\/p>\n<\/td>\n<td style=\"text-align: justify\">Disp\u00f5e sobre a Constru\u00e7\u00e3o e Implementa\u00e7\u00e3o de Edital para Visitas T\u00e9cnicas, no \u00e2mbito do Campus Bom Jesus da Lapa.<\/td>\n<\/tr>\n<tr>\n<td>\n<p style=\"text-align: justify\"><b><a href=\"http:\/\/www.ifbaiano.edu.br\/unidades\/lapa\/files\/2014\/02\/PI31-2018.pdf\" target=\"_blank\" rel=\"noopener noreferrer\">N\u00ba 031<\/a><\/b><\/p>\n<\/td>\n<td style=\"text-align: justify\">Disp\u00f5e sobre a Comiss\u00f5es Respons\u00e1vel por conduzir do Processo de Sele\u00e7\u00e3o de Estagi\u00e1rios 2018, no \u00e2mbito do Campus Bom Jesus da Lapa.<\/td>\n<\/tr>\n<tr>\n<td>\n<p style=\"text-align: justify\"><b><a href=\"http:\/\/www.ifbaiano.edu.br\/unidades\/lapa\/files\/2014\/02\/PI30-2018.pdf\" target=\"_blank\" rel=\"noopener noreferrer\">N\u00ba 030<\/a><\/b><\/p>\n<\/td>\n<td style=\"text-align: justify\">Disp\u00f5e sobre a Comiss\u00f5es Local respons\u00e1vel pela organiza\u00e7\u00e3o do Processo Seletivo para ingresso de estudantes 2018.2 e 2019, no \u00e2mbito do Campus Bom Jesus da Lapa.<\/td>\n<\/tr>\n<tr>\n<td>\n<p style=\"text-align: justify\"><b><a href=\"http:\/\/www.ifbaiano.edu.br\/unidades\/lapa\/files\/2014\/02\/PI29-2018.pdf\" target=\"_blank\" rel=\"noopener noreferrer\">N\u00ba 029<\/a><\/b><\/p>\n<\/td>\n<td style=\"text-align: justify\">Disp\u00f5e sobre a Composi\u00e7\u00e3o das Comiss\u00f5es Respons\u00e1veis pela realiza\u00e7\u00e3o de Eventos 2018, no \u00e2mbito do Campus Bom Jesus da Lapa.<\/td>\n<\/tr>\n<tr>\n<td>\n<p style=\"text-align: justify\"><b><a href=\"http:\/\/www.ifbaiano.edu.br\/unidades\/lapa\/files\/2014\/02\/PI28-2018.pdf\" target=\"_blank\" rel=\"noopener noreferrer\">N\u00ba 028<\/a><\/b><\/p>\n<\/td>\n<td style=\"text-align: justify\">Disp\u00f5e sobre a Composi\u00e7\u00e3o de Comiss\u00e3o Pr\u00f3pria de Avalia\u00e7\u00e3o &#8211; CPA, no \u00e2mbito do Campus Bom Jesus da Lapa.<\/td>\n<\/tr>\n<tr>\n<td>\n<p style=\"text-align: justify\"><b><a href=\"http:\/\/www.ifbaiano.edu.br\/unidades\/lapa\/files\/2014\/02\/PI27-2018.pdf\" target=\"_blank\" rel=\"noopener noreferrer\">N\u00ba 027<\/a><\/b><\/p>\n<\/td>\n<td style=\"text-align: justify\">Disp\u00f5e sobre a autoriza\u00e7\u00e3o do servidor Junio Batista Cust\u00f3dio para conduzir ve\u00edculos oficiais do Campus Bom Jesus da Lapa, que sejam compat\u00edveis com a sua habilita\u00e7\u00e3o.<\/td>\n<\/tr>\n<tr>\n<td>\n<p style=\"text-align: justify\"><b><a href=\"http:\/\/www.ifbaiano.edu.br\/unidades\/lapa\/files\/2014\/02\/PI26-2018.pdf\" target=\"_blank\" rel=\"noopener noreferrer\">N\u00ba 026<\/a><\/b><\/p>\n<\/td>\n<td style=\"text-align: justify\">Disp\u00f5e sobre a Composi\u00e7\u00e3o do N\u00facleo de Atendimento \u00e0s Pessoas com Necessidades Espec\u00edficas &#8211; NAPNE, no \u00e2mbito do IF Baiano Campus Bom Jesus da Lapa.<\/td>\n<\/tr>\n<tr>\n<td>\n<p style=\"text-align: justify\"><b><a href=\"http:\/\/www.ifbaiano.edu.br\/unidades\/lapa\/files\/2014\/02\/PI25-2018.pdf\" target=\"_blank\" rel=\"noopener noreferrer\">N\u00ba 025<\/a><\/b><\/p>\n<\/td>\n<td style=\"text-align: justify\">Disp\u00f5e sobre a Composi\u00e7\u00e3o do Comit\u00ea Interno de Avalia\u00e7\u00e3o de Projetos de Pesquisa e Extens\u00e3o no \u00e2mbito do IF Baiano Campus Bom Jesus da Lapa.<\/td>\n<\/tr>\n<tr>\n<td>\n<p style=\"text-align: justify\"><b><a href=\"http:\/\/www.ifbaiano.edu.br\/unidades\/lapa\/files\/2014\/02\/PI24-2018.pdf\" target=\"_blank\" rel=\"noopener noreferrer\">N\u00ba 024<\/a><\/b><\/p>\n<\/td>\n<td style=\"text-align: justify\">Disp\u00f5e sobre a Composi\u00e7\u00e3o do N\u00facleo de Estudos Afro-Brasileiros e Ind\u00edgena, no \u00e2mbito do IF Baiano Campus Bom Jesus da Lapa.<\/td>\n<\/tr>\n<tr>\n<td>\n<p style=\"text-align: justify\"><b><a href=\"http:\/\/www.ifbaiano.edu.br\/unidades\/lapa\/files\/2014\/02\/PI23-2018.pdf\" target=\"_blank\" rel=\"noopener noreferrer\">N\u00ba 023<\/a><\/b><\/p>\n<\/td>\n<td style=\"text-align: justify\">Disp\u00f5e sobre a Composi\u00e7\u00e3o do N\u00facleo de Acompanhamento, Execu\u00e7\u00e3o e Avalia\u00e7\u00e3o da Pol\u00edtica de Nivelamento, do Curso de Engenharia Agron\u00f4mica no \u00e2mbito do IF Baiano Campus Bom Jesus da Lapa.<\/td>\n<\/tr>\n<tr>\n<td>\n<p style=\"text-align: justify\"><b><a href=\"http:\/\/www.ifbaiano.edu.br\/unidades\/lapa\/files\/2014\/02\/PI22-2018.pdf\" target=\"_blank\" rel=\"noopener noreferrer\">N\u00ba 022<\/a><\/b><\/p>\n<\/td>\n<td style=\"text-align: justify\">Disp\u00f5e sobre a Composi\u00e7\u00e3o do N\u00facleo de Acompanhamento, Execu\u00e7\u00e3o e Avalia\u00e7\u00e3o da Pol\u00edtica de Nivelamento, nos Cursos T\u00e9cnicos Integrados ao Ensino M\u00e9dio, no \u00e2mbito do IF Baiano Campus Bom Jesus da Lapa.<\/td>\n<\/tr>\n<tr>\n<td>\n<p style=\"text-align: justify\"><b><a href=\"http:\/\/www.ifbaiano.edu.br\/unidades\/lapa\/files\/2014\/02\/PI21-2018.pdf\" target=\"_blank\" rel=\"noopener noreferrer\">N\u00ba 021<\/a><\/b><\/p>\n<\/td>\n<td style=\"text-align: justify\">Disp\u00f5e sobre a Composi\u00e7\u00e3o de Colegiado do Curso de P\u00f3s-Gradua\u00e7\u00e3o em Educa\u00e7\u00e3o Matem\u00e1tica, no \u00e2mbito do IF Baiano Campus Bom Jesus da Lapa.<\/td>\n<\/tr>\n<tr>\n<td>\n<p style=\"text-align: justify\"><b><a href=\"http:\/\/www.ifbaiano.edu.br\/unidades\/lapa\/files\/2014\/02\/PI20-2018.pdf\" target=\"_blank\" rel=\"noopener noreferrer\">N\u00ba 020<\/a><\/b><\/p>\n<\/td>\n<td style=\"text-align: justify\">Designa\u00e7\u00e3o de fiscal de servi\u00e7o de telefonia fixa prestado pela Telemar Norte Leste S\/A ao IF Baiano Campus Bom Jesus da Lapa.<\/td>\n<\/tr>\n<tr>\n<td>\n<p style=\"text-align: justify\"><b><a href=\"http:\/\/www.ifbaiano.edu.br\/unidades\/lapa\/files\/2014\/02\/PI19-2018.pdf\" target=\"_blank\" rel=\"noopener noreferrer\">N\u00ba 019<\/a><\/b><\/p>\n<\/td>\n<td style=\"text-align: justify\">Revoga\u00e7\u00e3o da portaria 01\/2018 e designa\u00e7\u00e3o de fiscal de Contrato 01\/2018 &#8211; presta\u00e7\u00e3o de servi\u00e7os de Correios e Tel\u00e9grafos do IF Baiano Campus Bom Jesus da Lapa.<\/td>\n<\/tr>\n<tr>\n<td>\n<p style=\"text-align: justify\"><b><a href=\"http:\/\/www.ifbaiano.edu.br\/unidades\/lapa\/files\/2014\/02\/PI18-2018.pdf\" target=\"_blank\" rel=\"noopener noreferrer\">N\u00ba 018<\/a><\/b><\/p>\n<\/td>\n<td style=\"text-align: justify\">Revoga\u00e7\u00e3o da portaria 27\/2016 e designa\u00e7\u00e3o de fiscal de Contrato 01\/2017 &#8211; presta\u00e7\u00e3o de servi\u00e7os de publica\u00e7\u00e3o no Di\u00e1rio Oficial da Uni\u00e3o do IF Baiano Campus Bom Jesus da Lapa.<\/td>\n<\/tr>\n<tr>\n<td>\n<p style=\"text-align: justify\"><b><a href=\"http:\/\/www.ifbaiano.edu.br\/unidades\/lapa\/files\/2014\/02\/PI17-2018.pdf\" target=\"_blank\" rel=\"noopener noreferrer\">N\u00ba 017<\/a><\/b><\/p>\n<\/td>\n<td style=\"text-align: justify\">Revoga\u00e7\u00e3o da portaria 32\/2017 e designa\u00e7\u00e3o de fiscal de Contrato 03\/2017 &#8211; Fornecimento de energia el\u00e9tria pela Coelba, ao Instituto Federal Baiano Campus Bom Jesus da Lapa.<\/td>\n<\/tr>\n<tr>\n<td>\n<p style=\"text-align: justify\"><b><a href=\"https:\/\/www.ifbaiano.edu.br\/unidades\/lapa\/files\/2020\/07\/Portaria_16-2018.pdf\" target=\"_blank\" rel=\"noopener noreferrer\">N\u00ba 016<\/a><\/b><\/p>\n<\/td>\n<td style=\"text-align: justify\">Disp\u00f5e sobre a Composi\u00e7\u00e3o da Comiss\u00e3o Permanente de Licita\u00e7\u00f5es, conforme disp\u00f5e Lei 10.520\/02 e o Decreto 5.450\/05, para coordenar os processos licitat\u00f3rios, na modalidade Preg\u00e3o Eletr\u00f4nico, no \u00e2mbito do <i>Campus<\/i> Bom Jesus da Lapa.<\/td>\n<\/tr>\n<tr>\n<tr>\n<td>\n<p style=\"text-align: justify\"><b><a href=\"https:\/\/www.ifbaiano.edu.br\/unidades\/lapa\/files\/2020\/07\/Portaria_15-2018.pdf\" target=\"_blank\" rel=\"noopener noreferrer\">N\u00ba 015<\/a><\/b><\/p>\n<\/td>\n<td style=\"text-align: justify\">Disp\u00f5e sobre a Equipe para Planejamento de Contrata\u00e7\u00e3o de Empresa Especializada em Manuten\u00e7\u00e3o Preventiva e Corretiva de ar condicionado, no \u00e2mbito do <i>Campus<\/i> Bom Jesus da Lapa.<\/td>\n<\/tr>\n<tr>\n<td>\n<p style=\"text-align: justify\"><b><a href=\"http:\/\/www.ifbaiano.edu.br\/unidades\/lapa\/files\/2014\/02\/PI14-2018.pdf\" target=\"_blank\" rel=\"noopener noreferrer\">N\u00ba 014<\/a><\/b><\/p>\n<\/td>\n<td style=\"text-align: justify\">Disp\u00f5e sobre a operacionaliza\u00e7\u00e3o da conformidade documental no SIAFI no \u00e2mbito do Campus Bom Jesus da Lapa.<\/td>\n<\/tr>\n<tr>\n<td>\n<p style=\"text-align: justify\"><b><a href=\"http:\/\/www.ifbaiano.edu.br\/unidades\/lapa\/files\/2014\/02\/PI13-2018.pdf\" target=\"_blank\" rel=\"noopener noreferrer\">N\u00ba 013<\/a><\/b><\/p>\n<\/td>\n<td style=\"text-align: justify\">Disp\u00f5e sobre Dispensa da Coordena\u00e7\u00e3o do N\u00facleo de Estudos Afro-Brasileiro e Ind\u00edgena &#8211; NEABI, no \u00e2mbito do Campus Bom Jesus da Lapa.<\/td>\n<\/tr>\n<tr>\n<td>\n<p style=\"text-align: justify\"><b><a href=\"http:\/\/www.ifbaiano.edu.br\/unidades\/lapa\/files\/2014\/02\/Portaria_012_03_2018.pdf\" target=\"_blank\" rel=\"noopener noreferrer\">N\u00ba 012<\/a><\/b><\/p>\n<\/td>\n<td style=\"text-align: justify\">Autoriza servidora Isnaya Jackson Carapia Ladeia Ledo a conduzir ve\u00edculos institucionais, que sejam compat\u00edveis com sua habilita\u00e7\u00e3o.<\/td>\n<\/tr>\n<tr>\n<td>\n<p style=\"text-align: justify\"><b><a href=\"http:\/\/www.ifbaiano.edu.br\/unidades\/lapa\/files\/2014\/02\/Portaria_11_06-de-mar\u00e7o-de-2018.pdf\" target=\"_blank\" rel=\"noopener noreferrer\">N\u00ba 011<\/a><\/b><\/p>\n<\/td>\n<td style=\"text-align: justify\">Autoriza servidora&nbsp;Mileide de Souza Carvalho a conduzir ve\u00edculos institucionais, que sejam compat\u00edveis com sua habilita\u00e7\u00e3o.<\/td>\n<\/tr>\n<tr>\n<td>\n<p style=\"text-align: justify\"><b><a href=\"http:\/\/www.ifbaiano.edu.br\/unidades\/lapa\/files\/2014\/02\/Portaria_n_010_de_fevereiro_de_20180001.pdf\" target=\"_blank\" rel=\"noopener noreferrer\">N\u00ba 010<\/a><\/b><\/p>\n<\/td>\n<td style=\"text-align: justify\">Autoriza servidor Emerson Alves dos Santos a conduzir ve\u00edculos institucionais, que sejam compat\u00edveis com sua habilita\u00e7\u00e3o em per\u00edodo espec\u00edfico.<\/td>\n<\/tr>\n<tr>\n<td>\n<p style=\"text-align: justify\"><b><a href=\"http:\/\/www.ifbaiano.edu.br\/unidades\/lapa\/files\/2014\/02\/Portaria_n_09_15_de_fevereiro_de_20180001.pdf\" target=\"_blank\" rel=\"noopener noreferrer\">N\u00ba 009<\/a><\/b><\/p>\n<\/td>\n<td style=\"text-align: justify\">Revoga, em per\u00edodo espec\u00edfico, a portaria n\u00ba 113, de 08 de novembro de 2017, e designa servidora Tame Daniele Ribeiro Andrade para operacionaliza\u00e7\u00e3o da conformidade documental no SIAFI.<\/td>\n<\/tr>\n<tr>\n<td>\n<p style=\"text-align: justify\"><b><a href=\"http:\/\/www.ifbaiano.edu.br\/unidades\/lapa\/files\/2014\/02\/Portaria_n_008_de_09_de_fevereiro_de_2018.pdf\" target=\"_blank\" rel=\"noopener noreferrer\">N\u00ba 008<\/a><\/b><\/p>\n<\/td>\n<td style=\"text-align: justify\">Autoriza servidor Junio Batista Custodio a conduzir ve\u00edculos institucionais, que sejam compat\u00edveis com sua habilita\u00e7\u00e3o em per\u00edodo espec\u00edfico.<\/td>\n<\/tr>\n<tr>\n<td>\n<p style=\"text-align: justify\"><b><a href=\"http:\/\/www.ifbaiano.edu.br\/unidades\/lapa\/files\/2014\/02\/PORTARIA_007_05_01_2018-.pdf\" target=\"_blank\" rel=\"noopener noreferrer\">N\u00ba 007<\/a><\/b><\/p>\n<\/td>\n<td style=\"text-align: justify\">Revoga portaria n\u00ba 62, de 05 de julho de 2017. Localiza o exerc\u00edcio do servidor relacionado, lotado no \u00e2mbito do campus Bom Jesus da Lapa.<\/td>\n<\/tr>\n<tr>\n<td>\n<p style=\"text-align: justify\"><b><a href=\"http:\/\/www.ifbaiano.edu.br\/unidades\/lapa\/files\/2014\/02\/Portaria_06_2018.pdf\" target=\"_blank\" rel=\"noopener noreferrer\">N\u00ba 006<\/a><\/b><\/p>\n<\/td>\n<td style=\"text-align: justify\">Revoga portaria n\u00ba 014, de 25 de mar\u00e7o de 2014. Designa servidores para constitu\u00edrem Conselho de Curso T\u00e9cnico em Agricultura na modalidade Subsequente.<\/td>\n<\/tr>\n<tr>\n<td>\n<p style=\"text-align: justify\"><b><a href=\"http:\/\/www.ifbaiano.edu.br\/unidades\/lapa\/files\/2014\/02\/Portaria_05_2018.pdf\" target=\"_blank\" rel=\"noopener noreferrer\">N\u00ba 005<\/a><\/b><\/p>\n<\/td>\n<td style=\"text-align: justify\">Revoga portaria n\u00ba 041, de 01 de junho de 2016. Designa servidores para constitu\u00edrem Conselho de Curso T\u00e9cnico em Agricultura Integrado.<\/td>\n<\/tr>\n<tr>\n<td>\n<p style=\"text-align: justify\"><b><a href=\"http:\/\/www.ifbaiano.edu.br\/unidades\/lapa\/files\/2014\/02\/Portaria_04_2018.pdf\" target=\"_blank\" rel=\"noopener noreferrer\">N\u00ba 004<\/a><\/b><\/p>\n<\/td>\n<td style=\"text-align: justify\">Revoga portaria n\u00ba 066, de 26 de agosto de 2016. Designa servidores para constitu\u00edrem Conselho de Curso T\u00e9cnico em Inform\u00e1tica Integrado.<\/td>\n<\/tr>\n<tr>\n<td>\n<p style=\"text-align: justify\"><b><a href=\"http:\/\/www.ifbaiano.edu.br\/unidades\/lapa\/files\/2014\/02\/Portaria_03_2018.pdf\" target=\"_blank\" rel=\"noopener noreferrer\">N\u00ba 003<\/a><\/b><\/p>\n<\/td>\n<td style=\"text-align: justify\">Revoga portaria n\u00ba 009, de 08 de mar\u00e7o de 2016. Designa servidores para constitu\u00edrem Conselho de Curso T\u00e9cnico em Inform\u00e1tica na modalidade Subsequente.<\/td>\n<\/tr>\n<tr>\n<td>\n<p style=\"text-align: justify\"><b><a href=\"http:\/\/www.ifbaiano.edu.br\/unidades\/lapa\/files\/2014\/02\/Portaria_02_2018.pdf\" target=\"_blank\" rel=\"noopener noreferrer\">N\u00ba 002<\/a><\/b><\/p>\n<\/td>\n<td style=\"text-align: justify\">Revoga portaria n\u00ba 047, de 08 de junho de 2016. Designa servidores para constitu\u00edrem Conselho de Curso T\u00e9cnico em Agroecologia Integrado.<\/td>\n<\/tr>\n<tr>\n<td>\n<p style=\"text-align: justify\"><b><a href=\"http:\/\/www.ifbaiano.edu.br\/unidades\/lapa\/files\/2014\/02\/Portaria_N_01_17_DE_JANEIRO_DE_20180001.pdf\" target=\"_blank\" rel=\"noopener noreferrer\">N\u00ba 001<\/a><\/b><\/p>\n<\/td>\n<td style=\"text-align: justify\">Revoga portaria n\u00ba 63 de 17 de julho de 2017 e designa servidores para acompanhar e fiscalizar o contrato de Correios e Tel\u00e9grafos.<\/td>\n<\/tr>\n<\/tbody>\n<\/table>\n","protected":false},"excerpt":{"rendered":"<p>Portarias &#8211; 2018 Portaria Conte\u00fado N\u00ba 103 Disp\u00f5e sobre designa\u00e7\u00e3o de servidores para compor Comiss\u00e3o Respons\u00e1vel pela Coordena\u00e7\u00e3o e Execu\u00e7\u00e3o do Processo Seletivo Especializa\u00e7\u00e3o em Educa\u00e7\u00e3o Matem\u00e1tica (Ingresso de estudantes 2019.1) no \u00e2mbito do IF Baiano &#8211; Campus Bom Jesus da Lapa. N\u00ba 102 Disp\u00f5e sobre a autoriza\u00e7\u00e3o a servidor Akila Luz Fernandes para conduzir [&hellip;]<\/p>\n","protected":false},"author":100,"featured_media":0,"parent":0,"menu_order":0,"comment_status":"closed","ping_status":"closed","template":"","meta":[],"_links":{"self":[{"href":"https:\/\/www.ifbaiano.edu.br\/unidades\/lapa\/wp-json\/wp\/v2\/pages\/13063"}],"collection":[{"href":"https:\/\/www.ifbaiano.edu.br\/unidades\/lapa\/wp-json\/wp\/v2\/pages"}],"about":[{"href":"https:\/\/www.ifbaiano.edu.br\/unidades\/lapa\/wp-json\/wp\/v2\/types\/page"}],"author":[{"embeddable":true,"href":"https:\/\/www.ifbaiano.edu.br\/unidades\/lapa\/wp-json\/wp\/v2\/users\/100"}],"replies":[{"embeddable":true,"href":"https:\/\/www.ifbaiano.edu.br\/unidades\/lapa\/wp-json\/wp\/v2\/comments?post=13063"}],"version-history":[{"count":11,"href":"https:\/\/www.ifbaiano.edu.br\/unidades\/lapa\/wp-json\/wp\/v2\/pages\/13063\/revisions"}],"predecessor-version":[{"id":16677,"href":"https:\/\/www.ifbaiano.edu.br\/unidades\/lapa\/wp-json\/wp\/v2\/pages\/13063\/revisions\/16677"}],"wp:attachment":[{"href":"https:\/\/www.ifbaiano.edu.br\/unidades\/lapa\/wp-json\/wp\/v2\/media?parent=13063"}],"curies":[{"name":"wp","href":"https:\/\/api.w.org\/{rel}","templated":true}]}}