{"id":13941,"date":"2019-08-20T10:32:43","date_gmt":"2019-08-20T13:32:43","guid":{"rendered":"http:\/\/www.ifbaiano.edu.br\/unidades\/lapa\/?page_id=13941"},"modified":"2020-02-19T08:08:24","modified_gmt":"2020-02-19T11:08:24","slug":"educacao-do-campo","status":"publish","type":"page","link":"https:\/\/www.ifbaiano.edu.br\/unidades\/lapa\/educacao-do-campo\/","title":{"rendered":"Educa\u00e7\u00e3o do Campo"},"content":{"rendered":"\n<div class=\"wp-block-file\"><a href=\"http:\/\/www.ifbaiano.edu.br\/unidades\/lapa\/files\/2019\/08\/PROJETO-POL\u00cdTICO-PEDAG\u00d3GICO-PPC.pdf\">PROJETO POL\u00cdTICO PEDAG\u00d3GICO (PPC)<\/a><a href=\"http:\/\/www.ifbaiano.edu.br\/unidades\/lapa\/files\/2019\/08\/PROJETO-POL\u00cdTICO-PEDAG\u00d3GICO-PPC.pdf\" class=\"wp-block-file__button\" download>Baixar<\/a><\/div>\n\n\n\n<div class=\"wp-block-file\"><a href=\"http:\/\/www.ifbaiano.edu.br\/unidades\/lapa\/files\/2019\/08\/EDITAL-N\u00b0-07-2019-18-DE-JANEIRO-DE-2019.pdf\">EDITAL N\u00b0 07 &#8211; 2019, 18 DE JANEIRO DE 2019<\/a><a href=\"http:\/\/www.ifbaiano.edu.br\/unidades\/lapa\/files\/2019\/08\/EDITAL-N\u00b0-07-2019-18-DE-JANEIRO-DE-2019.pdf\" class=\"wp-block-file__button\" download>Baixar<\/a><\/div>\n\n\n\n<div class=\"wp-block-file\"><a href=\"http:\/\/www.ifbaiano.edu.br\/unidades\/lapa\/files\/2019\/08\/ANEXOS-DO-EDITAL-ESPECIALIZA\u00c7\u00c3O-EM-EDUCA\u00c7\u00c3O-DO-CAMPO-07-2019.pdf\">ANEXOS DO EDITAL ESPECIALIZA\u00c7\u00c3O EM EDUCA\u00c7\u00c3O DO CAMPO &#8211; 07-2019<\/a><a href=\"http:\/\/www.ifbaiano.edu.br\/unidades\/lapa\/files\/2019\/08\/ANEXOS-DO-EDITAL-ESPECIALIZA\u00c7\u00c3O-EM-EDUCA\u00c7\u00c3O-DO-CAMPO-07-2019.pdf\" class=\"wp-block-file__button\" download>Baixar<\/a><\/div>\n\n\n\n<div class=\"wp-block-file\"><a href=\"http:\/\/www.ifbaiano.edu.br\/unidades\/lapa\/files\/2019\/08\/PRORROGA\u00c7\u00c3O-DE-INSCRI\u00c7\u00d5ES-DA-ESPECIALIZA\u00c7\u00c3O-EM-EDUCA\u00c7\u00c3O-DO-CAMPO.pdf\">PRORROGA\u00c7\u00c3O DE INSCRI\u00c7\u00d5ES DA ESPECIALIZA\u00c7\u00c3O EM EDUCA\u00c7\u00c3O DO CAMPO<\/a><a href=\"http:\/\/www.ifbaiano.edu.br\/unidades\/lapa\/files\/2019\/08\/PRORROGA\u00c7\u00c3O-DE-INSCRI\u00c7\u00d5ES-DA-ESPECIALIZA\u00c7\u00c3O-EM-EDUCA\u00c7\u00c3O-DO-CAMPO.pdf\" class=\"wp-block-file__button\" download>Baixar<\/a><\/div>\n\n\n\n<div class=\"wp-block-file\"><a href=\"http:\/\/www.ifbaiano.edu.br\/unidades\/lapa\/files\/2019\/08\/HOMOLOGACAO-DAS-INSCRICOES-DA-ESPECIALIZA\u00c7\u00c3O-EM-EDUCA\u00c7\u00c3O-DO-CAMPO.pdf\">HOMOLOGACAO DAS INSCRICOES DA ESPECIALIZA\u00c7\u00c3O EM EDUCA\u00c7\u00c3O DO CAMPO<\/a><a href=\"http:\/\/www.ifbaiano.edu.br\/unidades\/lapa\/files\/2019\/08\/HOMOLOGACAO-DAS-INSCRICOES-DA-ESPECIALIZA\u00c7\u00c3O-EM-EDUCA\u00c7\u00c3O-DO-CAMPO.pdf\" class=\"wp-block-file__button\" download>Baixar<\/a><\/div>\n\n\n\n<div class=\"wp-block-file\"><a href=\"http:\/\/www.ifbaiano.edu.br\/unidades\/lapa\/files\/2019\/08\/HOMOLOGA\u00c7\u00c3O-DAS-INSCRI\u00c7\u00d5ES-DA-ESPECIALIZA\u00c7\u00c3O-DO-CAMPO-P\u00d3S-RECURSOS.pdf\">HOMOLOGA\u00c7\u00c3O DAS INSCRI\u00c7\u00d5ES DA ESPECIALIZA\u00c7\u00c3O DO CAMPO (P\u00d3S-RECURSOS)<\/a><a href=\"http:\/\/www.ifbaiano.edu.br\/unidades\/lapa\/files\/2019\/08\/HOMOLOGA\u00c7\u00c3O-DAS-INSCRI\u00c7\u00d5ES-DA-ESPECIALIZA\u00c7\u00c3O-DO-CAMPO-P\u00d3S-RECURSOS.pdf\" class=\"wp-block-file__button\" download>Baixar<\/a><\/div>\n\n\n\n<div class=\"wp-block-file\"><a href=\"http:\/\/www.ifbaiano.edu.br\/unidades\/lapa\/files\/2019\/08\/RESULTADO-DA-1a-e-2a-ETAPAS-DA-ESPECIALIZA\u00c7\u00c3O-EM-EDUCACAO-DO-CAMPO.pdf\">RESULTADO DA 1a e 2a ETAPAS DA ESPECIALIZA\u00c7\u00c3O EM EDUCACAO DO CAMPO<\/a><a href=\"http:\/\/www.ifbaiano.edu.br\/unidades\/lapa\/files\/2019\/08\/RESULTADO-DA-1a-e-2a-ETAPAS-DA-ESPECIALIZA\u00c7\u00c3O-EM-EDUCACAO-DO-CAMPO.pdf\" class=\"wp-block-file__button\" download>Baixar<\/a><\/div>\n\n\n\n<div class=\"wp-block-file\"><a href=\"http:\/\/www.ifbaiano.edu.br\/unidades\/lapa\/files\/2019\/08\/ANALISE-DE-RECURSOS-DA-ESPECIALIZA\u00c7\u00c3O-EM-EDUCA\u00c7\u00c3O-DO-CAMPO.pdf\">ANALISE DE RECURSOS DA ESPECIALIZA\u00c7\u00c3O EM EDUCA\u00c7\u00c3O DO CAMPO<\/a><a href=\"http:\/\/www.ifbaiano.edu.br\/unidades\/lapa\/files\/2019\/08\/ANALISE-DE-RECURSOS-DA-ESPECIALIZA\u00c7\u00c3O-EM-EDUCA\u00c7\u00c3O-DO-CAMPO.pdf\" class=\"wp-block-file__button\" download>Baixar<\/a><\/div>\n\n\n\n<div class=\"wp-block-file\"><a href=\"http:\/\/www.ifbaiano.edu.br\/unidades\/lapa\/files\/2019\/08\/BANCAS-DIAS-E-HOR\u00c1RIOS-DAS-ENTREVISTAS-DA-ESPECIALIZA\u00c7\u00c3O-EM-EDUCACAO-DO-CAMPO.pdf\">BANCAS, DIAS E HOR\u00c1RIOS DAS ENTREVISTAS DA ESPECIALIZA\u00c7\u00c3O EM EDUCACAO DO CAMPO<\/a><a href=\"http:\/\/www.ifbaiano.edu.br\/unidades\/lapa\/files\/2019\/08\/BANCAS-DIAS-E-HOR\u00c1RIOS-DAS-ENTREVISTAS-DA-ESPECIALIZA\u00c7\u00c3O-EM-EDUCACAO-DO-CAMPO.pdf\" class=\"wp-block-file__button\" download>Baixar<\/a><\/div>\n\n\n\n<div class=\"wp-block-file\"><a href=\"http:\/\/www.ifbaiano.edu.br\/unidades\/lapa\/files\/2019\/08\/RESULTADO-PARCIAL-DA-ESPECIALIZA\u00c7\u00c3O-EM-EDUCACAO-DO-CAMPO.pdf\">RESULTADO PARCIAL DA ESPECIALIZA\u00c7\u00c3O EM EDUCACAO DO CAMPO<\/a><a href=\"http:\/\/www.ifbaiano.edu.br\/unidades\/lapa\/files\/2019\/08\/RESULTADO-PARCIAL-DA-ESPECIALIZA\u00c7\u00c3O-EM-EDUCACAO-DO-CAMPO.pdf\" class=\"wp-block-file__button\" download>Baixar<\/a><\/div>\n\n\n\n<div class=\"wp-block-file\"><a href=\"http:\/\/www.ifbaiano.edu.br\/unidades\/lapa\/files\/2019\/08\/RESULTADO-FINAL-DA-ESPECIALIZA\u00c7\u00c3O-EM-EDUCA\u00c7\u00c3O-DO-CAMPO.pdf\">RESULTADO FINAL DA ESPECIALIZA\u00c7\u00c3O EM EDUCA\u00c7\u00c3O DO CAMPO<\/a><a href=\"http:\/\/www.ifbaiano.edu.br\/unidades\/lapa\/files\/2019\/08\/RESULTADO-FINAL-DA-ESPECIALIZA\u00c7\u00c3O-EM-EDUCA\u00c7\u00c3O-DO-CAMPO.pdf\" class=\"wp-block-file__button\" download>Baixar<\/a><\/div>\n\n\n\n<div class=\"wp-block-file\"><a href=\"http:\/\/www.ifbaiano.edu.br\/unidades\/lapa\/files\/2019\/08\/NOTA-INFORMATIVA-DE-MATR\u00cdCULA-DA-ESPECIALIZA\u00c7\u00c3O-EM-EDUCA\u00c7\u00c3O-DO-CAMPO.pdf\">NOTA INFORMATIVA DE MATR\u00cdCULA DA ESPECIALIZA\u00c7\u00c3O EM EDUCA\u00c7\u00c3O DO CAMPO<\/a><a href=\"http:\/\/www.ifbaiano.edu.br\/unidades\/lapa\/files\/2019\/08\/NOTA-INFORMATIVA-DE-MATR\u00cdCULA-DA-ESPECIALIZA\u00c7\u00c3O-EM-EDUCA\u00c7\u00c3O-DO-CAMPO.pdf\" class=\"wp-block-file__button\" download>Baixar<\/a><\/div>\n\n\n\n<div class=\"wp-block-file\"><a href=\"http:\/\/www.ifbaiano.edu.br\/unidades\/lapa\/files\/2019\/08\/PROGRAMA\u00c7\u00c3O-DAS-AULAS-DA-ESPECIALIZA\u00c7\u00c3O-EM-EDUCA\u00c7\u00c3O-DO-CAMPO.pdf\">PROGRAMA\u00c7\u00c3O DAS AULAS DA ESPECIALIZA\u00c7\u00c3O EM EDUCA\u00c7\u00c3O DO CAMPO<\/a><a href=\"http:\/\/www.ifbaiano.edu.br\/unidades\/lapa\/files\/2019\/08\/PROGRAMA\u00c7\u00c3O-DAS-AULAS-DA-ESPECIALIZA\u00c7\u00c3O-EM-EDUCA\u00c7\u00c3O-DO-CAMPO.pdf\" class=\"wp-block-file__button\" download>Baixar<\/a><\/div>\n\n\n\n<div class=\"wp-block-file\"><a href=\"http:\/\/www.ifbaiano.edu.br\/unidades\/lapa\/files\/2019\/10\/PROGRAMA\u00c7\u00c3O-DAS-AULAS-2\u00b0-SEMESTRE-2019.2.pdf\">PROGRAMA\u00c7\u00c3O DAS AULAS &#8211; 2\u00b0 SEMESTRE (2019.2)<\/a><a href=\"http:\/\/www.ifbaiano.edu.br\/unidades\/lapa\/files\/2019\/10\/PROGRAMA\u00c7\u00c3O-DAS-AULAS-2\u00b0-SEMESTRE-2019.2.pdf\" class=\"wp-block-file__button\" download>Baixar<\/a><\/div>\n\n\n\n<div class=\"wp-block-file\"><a href=\"http:\/\/www.ifbaiano.edu.br\/unidades\/lapa\/files\/2020\/02\/TERMO-DE-CONSENTIMENTO-LIVRE-E-ESCLARECIDO.pdf\">TERMO DE CONSENTIMENTO LIVRE E ESCLARECIDO<\/a><a href=\"http:\/\/www.ifbaiano.edu.br\/unidades\/lapa\/files\/2020\/02\/TERMO-DE-CONSENTIMENTO-LIVRE-E-ESCLARECIDO.pdf\" class=\"wp-block-file__button\" download>Baixar<\/a><\/div>\n\n\n\n<div class=\"wp-block-file\"><a href=\"http:\/\/www.ifbaiano.edu.br\/unidades\/lapa\/files\/2020\/02\/TERMO-DE-AUTORIZA\u00c7\u00c3O-INSTITUCIONAL.pdf\">TERMO DE AUTORIZA\u00c7\u00c3O INSTITUCIONAL<\/a><a href=\"http:\/\/www.ifbaiano.edu.br\/unidades\/lapa\/files\/2020\/02\/TERMO-DE-AUTORIZA\u00c7\u00c3O-INSTITUCIONAL.pdf\" class=\"wp-block-file__button\" download>Baixar<\/a><\/div>\n","protected":false},"excerpt":{"rendered":"","protected":false},"author":100,"featured_media":0,"parent":0,"menu_order":0,"comment_status":"closed","ping_status":"closed","template":"","meta":[],"_links":{"self":[{"href":"https:\/\/www.ifbaiano.edu.br\/unidades\/lapa\/wp-json\/wp\/v2\/pages\/13941"}],"collection":[{"href":"https:\/\/www.ifbaiano.edu.br\/unidades\/lapa\/wp-json\/wp\/v2\/pages"}],"about":[{"href":"https:\/\/www.ifbaiano.edu.br\/unidades\/lapa\/wp-json\/wp\/v2\/types\/page"}],"author":[{"embeddable":true,"href":"https:\/\/www.ifbaiano.edu.br\/unidades\/lapa\/wp-json\/wp\/v2\/users\/100"}],"replies":[{"embeddable":true,"href":"https:\/\/www.ifbaiano.edu.br\/unidades\/lapa\/wp-json\/wp\/v2\/comments?post=13941"}],"version-history":[{"count":6,"href":"https:\/\/www.ifbaiano.edu.br\/unidades\/lapa\/wp-json\/wp\/v2\/pages\/13941\/revisions"}],"predecessor-version":[{"id":15576,"href":"https:\/\/www.ifbaiano.edu.br\/unidades\/lapa\/wp-json\/wp\/v2\/pages\/13941\/revisions\/15576"}],"wp:attachment":[{"href":"https:\/\/www.ifbaiano.edu.br\/unidades\/lapa\/wp-json\/wp\/v2\/media?parent=13941"}],"curies":[{"name":"wp","href":"https:\/\/api.w.org\/{rel}","templated":true}]}}