{"id":15071,"date":"2019-11-07T14:57:42","date_gmt":"2019-11-07T17:57:42","guid":{"rendered":"http:\/\/www.ifbaiano.edu.br\/unidades\/lapa\/?page_id=15071"},"modified":"2025-04-16T15:29:35","modified_gmt":"2025-04-16T18:29:35","slug":"cpa","status":"publish","type":"page","link":"https:\/\/www.ifbaiano.edu.br\/unidades\/lapa\/cpa\/","title":{"rendered":"CPA &#8211; Comiss\u00e3o Pr\u00f3pria de Avalia\u00e7\u00e3o"},"content":{"rendered":"\n<p><strong>O que \u00e9 CPA?<\/strong><\/p>\n\n\n\n<p align=\"justify\">A Comiss\u00e3o Pr\u00f3pria de Avalia\u00e7\u00e3o &#8211; CPA, institu\u00edda pelo Sistema Nacional de Avalia\u00e7\u00e3o da Educa\u00e7\u00e3o Superior \u2013 SINAES, conforme previsto na lei n\u00ba 10861\/2004, tem como uma das suas principais atribui\u00e7\u00f5es a implanta\u00e7\u00e3o e o desenvolvimento de processos de avalia\u00e7\u00e3o institucional. A CPA \u00e9 portanto um \u00f3rg\u00e3o colegiado de natureza consultiva, deliberativa e normativa, no \u00e2mbito dos aspectos avaliativos das \u00e1reas acad\u00eamica e administrativa, que integra SINAES e atende ao PDI do IF Baiano quanto aos n\u00edveis e modalidades de ensino.<\/p>\n\n\n\n<p><strong>O que a CPA avalia?<\/strong><strong><\/strong><\/p>\n\n\n\n<p align=\"justify\">A comiss\u00e3o avalia aspectos estruturados em cinco eixos e dez dimens\u00f5es. Por meio de question\u00e1rios, rodas de conversa e visitas <i>in loco<\/i> destinados a comunidade acad\u00eamica e local: <\/p>\n\n\n\n<figure class=\"wp-block-image\"><img decoding=\"async\" loading=\"lazy\" width=\"658\" height=\"194\" src=\"http:\/\/www.ifbaiano.edu.br\/unidades\/lapa\/files\/2019\/11\/cpa_avaliacao.png\" alt=\"\" class=\"wp-image-15106\"><\/figure>\n\n\n\n<p><strong>O que \u00e9 a Autoavalia\u00e7\u00e3o ou Avalia\u00e7\u00e3o Interna?<\/strong><strong><\/strong><\/p>\n\n\n\n<p><p align=\"justify\">A Avalia\u00e7\u00e3o Interna ou Autoavalia\u00e7\u00e3o \u00e9 um processo cont\u00ednuo por meio do qual uma institui\u00e7\u00e3o constr\u00f3i conhecimento sobre sua pr\u00f3pria realidade, refletindo sobre seus processos internos e externos, visando melhorar a qualidade educativa e alcan\u00e7ar maior relev\u00e2ncia social.<\/p><\/p>\n\n\n\n<p><strong>Quais s\u00e3o os princ\u00edpios da Autoavalia\u00e7\u00e3o?<\/strong><strong><\/strong><\/p>\n\n\n\n<p><p align=\"justify\">A Avalia\u00e7\u00e3o Interna tem como principais objetivos produzir conhecimentos aprimorados, questionar o &nbsp;conjunto de atividades e finalidades cumpridas pela institui\u00e7\u00e3o, identificar as causas dos seus principais problemas, aumentar a consci\u00eancia pedag\u00f3gica e a capacidade profissional do corpo docente e t\u00e9cnico-administrativo, fortalecer as rela\u00e7\u00f5es de coopera\u00e7\u00e3o com outros atores institucionais, aproximar-se da comunidade, desempenhar um papel cient\u00edfico e social e gerir informa\u00e7\u00f5es que ser\u00e3o prestadas a sociedade. \u00c9 um instrumento valioso para tomada de decis\u00f5es na institui\u00e7\u00e3o em todos os seus seguimentos. <\/p><\/p>\n\n\n\n<p><strong>De que \u00e9 composta a CPA?<\/strong><strong><\/strong><\/p>\n\n\n\n<p><p align=\"justify\">A Comiss\u00e3o Pr\u00f3pria de Avalia\u00e7\u00e3o \u00e9 composta de duas estruturas: a &nbsp;CPA Central e a CPA Local. A CPA Central organiza, planeja e assessora todo o processo de Autoavalia\u00e7\u00e3o. J\u00e1 a CPA Local, presentes em todos os campus do IF Baiano conduz os processos, coletando informa\u00e7\u00f5es e enviando para Central elaborar os relat\u00f3rios parciais e finais.<\/p><\/p>\n\n\n\n<p><strong>Quem s\u00e3o os membros da CPA?<\/strong><\/p>\n\n\n\n<p align=\"justify\">As comiss\u00f5es s\u00e3o formada por membros eleitos de diversos seguimentos: docentes, t\u00e9cnicos administrativos, discentes de n\u00edvel superior e m\u00e9dio\/t\u00e9cnico, al\u00e9m da sociedade civil. Cada categoria elege seus representantes que dever\u00e3o compor as comiss\u00f5es nos campus. <\/p>\n\n\n\n<p><strong>Como a CPA desenvolve seus trabalhos?<\/strong><\/p>\n\n\n\n<p><p align=\"justify\">A Comiss\u00e3o atua atrav\u00e9s da aplica\u00e7\u00e3o de question\u00e1rios de avalia\u00e7\u00e3o institucional, rodas de conversas e visitas in locus entre outros instrumentos.<\/p><\/p>\n\n\n\n<p><strong>Quem pode responder os question\u00e1rios elaborados pela CPA? <\/strong><strong><\/strong><\/p>\n\n\n\n<p><p align=\"justify\">Todo o corpo docente, discentes e t\u00e9cnico administrativo, bem como a sociedade civil organizada pode e deve preencher os formul\u00e1rios de autoavalia\u00e7\u00e3o quando solicitados pela CPA. Desta maneira a institui\u00e7\u00e3o poder\u00e1 conhecer de uma forma mais global como est\u00e1 desempenhando suas fun\u00e7\u00f5es em todos os aspectos.<\/p><\/p>\n\n\n\n<p><strong>Como posso ter acesso aos relat\u00f3rios elaborados pela CPA?<\/strong><\/p>\n\n\n\n<p>Todos relat\u00f3rios da CPA est\u00e3o dispon\u00edveis no site do IF Baiano atrav\u00e9s do link <\/p>\n\n\n\n<p><a rel=\"noreferrer noopener\" aria-label=\" (abre numa nova aba)\" href=\"http:\/\/ifbaiano.edu.br\/portal\/comissoes\/comissao-propria-de-avaliacao\/\" target=\"_blank\">http:\/\/ifbaiano.edu.br\/portal\/comissoes\/comissao-propria-de-avaliacao\/<\/a><\/p>\n\n\n\n<p><strong>Ainda tem d\u00favidas? Quer saber mais? Gostaria de dar sua sugest\u00e3o? Entre em contato conosco:<\/strong><strong><\/strong><\/p>\n\n\n\n<p>cpa@lapa.ifbaiano.edu.br<\/p>\n\n\n\n\n\n<p><strong style=\"text-transform:uppercase\">Documentos Importantes<\/strong><\/p>\n<p><a href=\"https:\/\/www.ifbaiano.edu.br\/unidades\/lapa\/files\/2023\/06\/portaria-comissao-2023.pdf\">Portaria Comiss\u00e3o 2023<\/a><\/p>\n<p><a href=\"https:\/\/www.ifbaiano.edu.br\/unidades\/lapa\/files\/2020\/08\/PORTARIA_52_2020-BJL-GAB_BJL-DG_RET_IFBAIANO.pdf\">Membros\/composi\u00e7\u00e3o da CPA<\/a><\/p>\n<p><a href=\"https:\/\/www.ifbaiano.edu.br\/unidades\/lapa\/files\/2023\/04\/Membros-da-CPA.pdf\">Membros e suplentes da CPA PORTARIA 69\/2022, de 5 de julho de 2022<\/a><\/p>\n<p><a href=\"http:\/\/www.planalto.gov.br\/ccivil_03\/_Ato2004-2006\/2004\/Lei\/L10.861.htm\" target=\"_blank\" rel=\"noopener noreferrer\">Art. 11 da Lei n\u00ba 10.861, de 14 de abril de 2004.<\/a><\/p>\n<p><a href=\"http:\/\/www.ifbaiano.edu.br\/unidades\/lapa\/files\/2019\/11\/PORTARIA_2051-2004.pdf\" target=\"_blank\" rel=\"noopener noreferrer\">Portaria 2.051 de 09 de julho de 2004 do Minist\u00e9rio da Educa\u00e7\u00e3o que regulamenta a Autoavalia\u00e7\u00e3o do SINAES<\/a><\/p>\n<p><a href=\"http:\/\/www.ifbaiano.edu.br\/unidades\/lapa\/files\/2019\/11\/RESOLUCAO_E_REGIMENTO.pdf\" target=\"_blank\" rel=\"noopener noreferrer\">Regimento Interno da CPA<\/a><\/p>\n<p><a href=\"https:\/\/www.ifbaiano.edu.br\/unidades\/lapa\/files\/2020\/08\/PROJETO-DE-AUTO-AVALIACAO-INSTITUCIONAL.pdf\" rel=\"noopener noreferrer\">Projeto de Autoavalia\u00e7\u00e3o Institucional<\/a><\/p>\n<p><a href=\"https:\/\/www.ifbaiano.edu.br\/unidades\/lapa\/files\/2023\/04\/Relatorio_Parcial_de_Infraestrutura-2016.pdf\" rel=\"noopener noreferrer\">Relat\u00f3rio_Parcial_de_Infraestrutura 2016<\/a><\/p>\n<p><a href=\"https:\/\/www.ifbaiano.edu.br\/unidades\/lapa\/files\/2023\/04\/RELATORIO-FINAL-DE-AUTOAVALIACAO-INSTITUCIONAL-2018-2020_REVISADO.pdf\" rel=\"noopener noreferrer\">Relat\u00f3rio Final de Autoavalia\u00e7\u00e3o Institucional (2018 \u2013 2020) \u2013 Revisado <\/a><\/p>\n<p><a href=\"http:\/\/www.ifbaiano.edu.br\/unidades\/lapa\/files\/2019\/11\/Relatorio_AutoAvalia\u00e7\u00e3o_IF_Baiano_Parcial_Marco_2019.pdf\" rel=\"noopener noreferrer\">Relat\u00f3rios Parcial 2019<\/a><\/p>\n<p><a href=\"https:\/\/www.ifbaiano.edu.br\/unidades\/lapa\/files\/2020\/08\/Relatorio_AutoAvaliacao_IF_Baiano_2020.pdf\" rel=\"noopener noreferrer\">Relat\u00f3rios Parcial 2020<\/a><\/p>\n<p><a href=\"https:\/\/www.ifbaiano.edu.br\/unidades\/lapa\/files\/2023\/04\/RELATORIO-DE-AUTOAVALIACAO-IF-BAIANO-2021.pdf\" rel=\"noopener noreferrer\">Relat\u00f3rios Parcial 2021<\/a><\/p>\n<p><a href=\"https:\/\/www.ifbaiano.edu.br\/unidades\/lapa\/files\/2023\/04\/RELATORIO-DE-AUTOAVALIACAO-IF-BAIANO-2022.pdf\" rel=\"noopener noreferrer\">Relat\u00f3rios Parcial 2022<\/a><\/p>\n<p><a href=\"https:\/\/www.ifbaiano.edu.br\/unidades\/lapa\/files\/2025\/04\/RELATORIO-FINAL-DE-AUTOAVALIACAO-2021-2023.pdf\" rel=\"noopener noreferrer\">Relat\u00f3rio FINAL tri\u00eanio 2021 &#8211; 2023<\/a><\/p>\n<p><a href=\"https:\/\/www.ifbaiano.edu.br\/unidades\/lapa\/atas-de-reunioes-cpa\/\" rel=\"noopener noreferrer\">Atas de Reuni\u00f5es<\/a><\/p>\n<p><a href=\"https:\/\/www.ifbaiano.edu.br\/unidades\/lapa\/registros-fotograficos-cpa\/\" rel=\"noopener noreferrer\">Registro Fotogr\u00e1fico<\/a><\/p>\n","protected":false},"excerpt":{"rendered":"<p>O que \u00e9 CPA? A Comiss\u00e3o Pr\u00f3pria de Avalia\u00e7\u00e3o &#8211; CPA, institu\u00edda pelo Sistema Nacional de Avalia\u00e7\u00e3o da Educa\u00e7\u00e3o Superior \u2013 SINAES, conforme previsto na lei n\u00ba 10861\/2004, tem como uma das suas principais atribui\u00e7\u00f5es a implanta\u00e7\u00e3o e o desenvolvimento de processos de avalia\u00e7\u00e3o institucional. A CPA \u00e9 portanto um \u00f3rg\u00e3o colegiado de natureza consultiva, [&hellip;]<\/p>\n","protected":false},"author":100,"featured_media":0,"parent":0,"menu_order":0,"comment_status":"closed","ping_status":"closed","template":"","meta":[],"_links":{"self":[{"href":"https:\/\/www.ifbaiano.edu.br\/unidades\/lapa\/wp-json\/wp\/v2\/pages\/15071"}],"collection":[{"href":"https:\/\/www.ifbaiano.edu.br\/unidades\/lapa\/wp-json\/wp\/v2\/pages"}],"about":[{"href":"https:\/\/www.ifbaiano.edu.br\/unidades\/lapa\/wp-json\/wp\/v2\/types\/page"}],"author":[{"embeddable":true,"href":"https:\/\/www.ifbaiano.edu.br\/unidades\/lapa\/wp-json\/wp\/v2\/users\/100"}],"replies":[{"embeddable":true,"href":"https:\/\/www.ifbaiano.edu.br\/unidades\/lapa\/wp-json\/wp\/v2\/comments?post=15071"}],"version-history":[{"count":43,"href":"https:\/\/www.ifbaiano.edu.br\/unidades\/lapa\/wp-json\/wp\/v2\/pages\/15071\/revisions"}],"predecessor-version":[{"id":29696,"href":"https:\/\/www.ifbaiano.edu.br\/unidades\/lapa\/wp-json\/wp\/v2\/pages\/15071\/revisions\/29696"}],"wp:attachment":[{"href":"https:\/\/www.ifbaiano.edu.br\/unidades\/lapa\/wp-json\/wp\/v2\/media?parent=15071"}],"curies":[{"name":"wp","href":"https:\/\/api.w.org\/{rel}","templated":true}]}}