{"id":1704,"date":"2014-01-28T17:54:59","date_gmt":"2014-01-28T19:54:59","guid":{"rendered":"http:\/\/www.ifbaiano.edu.br\/unidades\/lapa\/?page_id=1704"},"modified":"2025-03-06T10:30:23","modified_gmt":"2025-03-06T13:30:23","slug":"relacao-docentes","status":"publish","type":"page","link":"https:\/\/www.ifbaiano.edu.br\/unidades\/lapa\/relacao-docentes\/","title":{"rendered":"Rela\u00e7\u00e3o de Docentes do IF Baiano &#8211; Campus Lapa"},"content":{"rendered":"\n<div class=\"post-350 page type-page status-publish hentry\" style=\"text-align:justify\">Neste Espa\u00e7o, voc\u00ea encontra rela\u00e7\u00e3o de docentes que atuam no <em>Campus<\/em>, com suas respectivas \u00e1reas de atua\u00e7\u00e3o, contato e link do curr\u00edculo lattes.<\/div>\n\n\n<div class=\"post-350 page type-page status-publish hentry\">\n<div><strong>_______________________________________________<\/strong><\/div>\n<div><strong style=\"text-transform:uppercase\">Abigail Gomes Dias Medrado<\/strong><\/div>\n<div><em>Graduada em Geografia pela Universidade Norte do Paran\u00e1 e especialista em Geografia Ambiental, Doc\u00eancia no ensino superior, Coordena\u00e7\u00e3o Pedag\u00f3gica e Doc\u00eancia em geografia e pr\u00e1ticas pedag\u00f3gicas.<\/em><\/div>\n<div><strong>E-mail<\/strong>: <strong><a href=\"abigail.medrado@ifbaiano.edu.br\">abigail.medrado@ifbaiano.edu.br<\/a><\/strong><\/div>\n<div><strong>Acesse: <a href=\"http:\/\/lattes.cnpq.br\/2234437146392468\" target=\"_blank\" rel=\"noopener noreferrer\">Curr\u00edculo Lattes<\/a><\/strong><\/div>\n<\/div>\n\n<div class=\"post-350 page type-page status-publish hentry\">\n<div><strong>_______________________________________________<\/strong><\/div>\n<div class=\"post-350 page type-page status-publish hentry\"><strong style=\"text-transform:uppercase\">Adevanucia Nere Santos<\/strong><\/div>\n<div class=\"post-350 page type-page status-publish hentry\" style=\"text-align:justify\"><em>Mestra em Educa\u00e7\u00e3o e Diversidade,Especializa\u00e7\u00e3o em Educa\u00e7\u00e3o Inclusiva: Atendimento Educacional Especializado, P\u00f3s-graduada em Filosofia, Educa\u00e7\u00e3o e Contemporaneidade.&nbsp;<\/em><\/div>\n<div class=\"post-350 page type-page status-publish hentry\"><strong>E-mail<\/strong>: <strong><a href=\"\">adevanucia.santos@ifbaiano.edu.br&nbsp;<\/a><\/strong><\/div>\n<div class=\"post-350 page type-page status-publish hentry\"><strong>Acesse: <a href=\"http:\/\/buscatextual.cnpq.br\/buscatextual\/visualizacv.do?id=K4435412D5\" target=\"_blank\" rel=\"noopener noreferrer\">Curr\u00edculo Lattes<\/a><\/strong><\/div>\n<\/div>\n\n<div class=\"post-350 page type-page status-publish hentry\">\n<div><strong>_______________________________________________<\/strong><\/div>\n<div><strong style=\"text-transform:uppercase\">\u00c1kila Luz Fernandes<\/strong><\/div>\n<div><em>Graduado em Ci\u00eancia da Computa\u00e7\u00e3o pela Universidade Estadual do Sudoeste da Bahia. Tem experi\u00eancia na \u00e1rea de Ci\u00eancia da Computa\u00e7\u00e3o, com \u00eanfase em Gest\u00e3o da Tecnologia da Informa\u00e7\u00e3o.<\/em><\/div>\n<div><strong>E-mail<\/strong>: <strong><a href=\"akila.fernandes@ifbaiano.edu.br\">akila.fernandes@ifbaiano.edu.br<\/a><\/strong><\/div>\n<div><strong>Acesse: <a href=\"http:\/\/lattes.cnpq.br\/5310955922236763\" target=\"_blank\" rel=\"noopener noreferrer\">Curr\u00edculo Lattes<\/a><\/strong><\/div>\n<\/div>\n\n<div class=\"post-350 page type-page status-publish hentry\">\n<div><strong>_______________________________________________<\/strong><\/div>\n<div><strong style=\"text-transform:uppercase\">Alcides Pereira Santos Neto<\/strong><\/div>\n<div><em>Engenheiro Florestal, Mestre e Doutorando em Ci\u00eancia Florestal.<\/em><\/div>\n<div><strong>E-mail<\/strong>: <strong><a href=\"alcides.neto@ifbaiano.edu.br\">alcides.neto@ifbaiano.edu.br<\/a><\/strong><\/div>\n<div><strong>Acesse: <a href=\"http:\/\/lattes.cnpq.br\/7467327558032650\" target=\"_blank\" rel=\"noopener noreferrer\">Curr\u00edculo Lattes<\/a><\/strong><\/div>\n<\/div>\n\n<div class=\"post-350 page type-page status-publish hentry\"><div><strong>_______________________________________________<\/strong><\/div>\n<div><strong style=\"text-transform:uppercase\">Alex Leal de Oliveira<\/strong><\/div>\n<div><em>Engenheiro Agr\u00f4nomo (UFBA &#8211; Bahia), Engenheiro de Seguran\u00e7a do Trabalho (ISEGO &#8211; Bahia) e Professor Licenciado em Educa\u00e7\u00e3o Profissional &#8211; PEG (UFSM &#8211; Rio Grande do Sul). Possui Mestrado e Doutorado em Ci\u00eancias \/ Ci\u00eancia &amp; Tecnologia de Sementes (UFPEL &#8211; Rio Grande do Sul).<\/em><\/div>\n<div><strong>E-mail<\/strong>: <strong><a href=\"#\">alex.oliveira@ifbaiano.edu.br<\/a><\/strong><\/div>\n<div><strong>Acesse: <a href=\"http:\/\/lattes.cnpq.br\/3903937412356090\" target=\"_blank\" rel=\"noopener noreferrer\">Curr\u00edculo Lattes<\/a><\/strong><\/div>\n<\/div>\n\n<div class=\"post-350 page type-page status-publish hentry\"><div><strong>_______________________________________________<\/strong><\/div>\n<div><strong style=\"text-transform:uppercase\">Ant\u00f4nio Carlos da Silva Costa de Souza<\/strong><\/div>\n<div><em>Graduado em Letras (UNEB), Especialista em Metodologia e Did\u00e1tica do Ensino Superior, Especialista em L\u00edngua Portuguesa, Mestrado em Educa\u00e7\u00e3o (UFMS), Bacharel em Direito (UNESC).&nbsp;<\/em><\/div>\n<div><strong>E-mail<\/strong>: <strong><a href=\"antonio.costa@ifbaiano.edu.br \">antonio.costa@ifbaiano.edu.br<\/a><\/strong><\/div>\n<div><strong>Acesse: <a href=\"http:\/\/lattes.cnpq.br\/4151027122048780\" target=\"_blank\" rel=\"noopener noreferrer\">Curr\u00edculo Lattes<\/a><\/strong><\/div>\n<\/div>\n\n<div class=\"post-350 page type-page status-publish hentry\">\n<div><strong>_______________________________________________<\/strong><\/div>\n<div><strong style=\"text-transform:uppercase\">Ant\u00f4nio H\u00e9lder Rodrigues Sampaio<\/strong><\/div>\n<div style=\"text-align:justify\"><em>Graduado em Agronomia,Mestrado e Doutorado em Ci\u00eancias Agr\u00e1rias <\/em><\/div>\n<div><strong>E-mail: <a href=\"#\">helder.sampaio@ifbaiano.edu.br<\/a><\/strong><\/div>\n<div><strong>Acesse: <a href=\"http:\/\/lattes.cnpq.br\/8440563577100110\">Curr\u00edculo Lattes<\/a><\/strong><\/div>\n<\/div>\n\n<div class=\"post-350 page type-page status-publish hentry\">\n<div><strong>_______________________________________________<\/strong><\/div>\n<div><strong style=\"text-transform:uppercase\">Ariane Lima Xavier<\/strong><\/div>\n<div style=\"text-align:justify\"><em>Gradua\u00e7\u00e3o em Ci\u00eancias Biol\u00f3gicas pela Universidade Estadual do Sudoeste da Bahia (2004) e Doutorado em Ecologia pela Universidade Federal da Bahia (2014).<\/em><\/div>\n<div><strong>E-mail<\/strong>:&nbsp;<strong><a href=\"#\">ariane.xavier@ifbaiano.edu.br&nbsp;<\/a><\/strong><\/div>\n<div><strong>Acesse: <a href=\"http:\/\/lattes.cnpq.br\/2421836033403722\" target=\"_blank\" rel=\"noopener noreferrer\">Curr\u00edculo Lattes<\/a><\/strong><\/div>\n<\/div>\n\n<div class=\"post-350 page type-page status-publish hentry\">\n<div><strong>_______________________________________________<\/strong><\/div>\n<div><strong style=\"text-transform:uppercase\">Caio Henrique Rodrigues Carvalho <\/strong><\/div>\n<div style=\"text-align:justify\"><em>Graduado em Tecnologia em An\u00e1lise e Desenvolvimento de Sistemas (IFPI), Especializa\u00e7\u00e3o em MBA em Web Design, Mestrando em Engenharia El\u00e9trica (UFPI)  .<\/em><\/div>\n<div><strong>E-mail<\/strong>: <strong><a href=\"#\">caio.carvalho@ifbaiano.edu.br&nbsp;<\/a><\/strong><\/div>\n<div><strong>Acesse: <a href=\"http:\/\/lattes.cnpq.br\/9739873595668119\" target=\"_blank\" rel=\"noopener noreferrer\">Curr\u00edculo Lattes<\/a><\/strong><\/div>\n<\/div>\n\n<div class=\"post-350 page type-page status-publish hentry\">\n<div><strong>_______________________________________________<\/strong><\/div>\n<div><strong style=\"text-transform:uppercase\">Cl\u00e9lia Gomes dos Santos<\/strong><\/div>\n<div style=\"text-align:justify\"><em>Gradua\u00e7\u00e3o em Letras Portugu\u00eas\/Ingl\u00eas e Literaturas, Especialista em Letras, Portugu\u00eas e Literaturas pela (FIJ) e em Pr\u00e1ticas Docentes Interdisciplinares pela (UNEB), \nMestrado em Letras: Cultura, Educa\u00e7\u00e3o e Linguagens (UESB).<\/em><\/div>\n<div><strong>E-mail<\/strong>:&nbsp;<strong><a href=\"clelia.santos@ifbaiano.edu.br\">clelia.santos@ifbaiano.edu.br<\/a><\/strong><\/div>\n<div><strong>Acesse: <a href=\"http:\/\/lattes.cnpq.br\/3624181581607231\" target=\"_blank\" rel=\"noopener noreferrer\">Curr\u00edculo Lattes<\/a><\/strong><\/div>\n<\/div>\n\n<div class=\"post-350 page type-page status-publish hentry\">\n<div><strong>_______________________________________________<\/strong><\/div>\n<div><strong style=\"text-transform:uppercase\">Daniel Pinto Moror\u00f3<\/strong><\/div>\n<div style=\"text-align:justify\"><em>Gradua\u00e7\u00e3o em Matem\u00e1tica pela Universidade do Estado do Rio de Janeiro e Mestre pelo IMPA.<\/em><\/div>\n<div><strong>E-mail<\/strong>: <strong><a href=\"daniel.mororo@ifbaiano.edu.br \">daniel.mororo@ifbaiano.edu.br<\/a><\/strong><\/div>\n<div><strong>Acesse: <a href=\"http:\/\/lattes.cnpq.br\/6673821157959957\" target=\"_blank\" rel=\"noopener noreferrer\">Curr\u00edculo Lattes<\/a><\/strong><\/div>\n<\/div>\n\n<div class=\"post-350 page type-page status-publish hentry\">\n<div><strong>_______________________________________________<\/strong><\/div>\n<div><strong style=\"text-transform:uppercase\">Danyele de Oliveira Santana<\/strong><\/div>\n<div style=\"text-align:justify\"><em>T\u00e9cnica em Inform\u00e1tica e Licenciada em Computa\u00e7\u00e3o pelo Instituto Federal de Educa\u00e7\u00e3o Ci\u00eancia e Tecnologia da Bahia &#8211; Campus Santo Amaro. P\u00f3s-Graduanda em An\u00e1lise, Projeto e Ger\u00eancia de Sistemas pela UNOPAR.<\/em><\/div>\n<div><strong>E-mail<\/strong>: <strong><a href=\"danyele.santana@ifbaiano.edu.br \">danyele.santana@ifbaiano.edu.br<\/a><\/strong><\/div>\n<div><strong>Acesse: <a href=\"http:\/\/lattes.cnpq.br\/1589818630156771\" target=\"_blank\" rel=\"noopener noreferrer\">Curr\u00edculo Lattes<\/a><\/strong><\/div>\n<\/div>\n\n<div class=\"post-350 page type-page status-publish hentry\">\n<div><strong>______________________________________________<\/strong><\/div>\n<div><strong style=\"text-transform:uppercase\">D\u00e9bora Francine Gomes Silva Pereira<\/strong><\/div>\n<div style=\"text-align:justify\"><em>Graduada em Agronomia, Mestra em Produ\u00e7\u00e3o Vegetal no Semi-\u00c1rido, Doutorado em Produ\u00e7\u00e3o Vegetal no Semi-\u00c1rido (UNIMONTES).<\/em><\/div>\n<div><strong>E-mail<\/strong>:&nbsp;<strong><a href=\"debora.pereira@ifbaiano.edu.br \">debora.pereira@ifbaiano.edu.br<\/a><\/strong><\/div>\n<div><strong>Acesse: <a href=\"http:\/\/lattes.cnpq.br\/5160017501443911\" target=\"_blank\" rel=\"noopener noreferrer\">Curr\u00edculo Lattes<\/a><\/strong><\/div>\n<\/div>\n\n<div class=\"post-350 page type-page status-publish hentry\">\n<div><strong>______________________________________________<\/strong><\/div>\n<div><strong style=\"text-transform:uppercase\">Dinamarta Virginio Ferreira<\/strong><\/div>\n<div style=\"text-align:justify\"><em>Gradua\u00e7\u00e3o em Curso Superior de Tecnologia em Agroecologia (IFS); \nMestrado em Ecologia e Conserva\u00e7\u00e3o (UFS); Doutorado em andamento em Entomologia (UFV).<\/em><\/div>\n<div><strong>E-mail<\/strong>:&nbsp;<strong><a href=\"dinamarta.ferreira@ifbaiano.edu.br \">dinamarta.ferreira@ifbaiano.edu.br<\/a><\/strong><\/div>\n<div><strong>Acesse: <a href=\"http:\/\/lattes.cnpq.br\/8854939423951073\" target=\"_blank\" rel=\"noopener noreferrer\">Curr\u00edculo Lattes<\/a><\/strong><\/div>\n<\/div>\n\n<div class=\"post-350 page type-page status-publish hentry\">\n<div><strong>______________________________________________<\/strong><\/div>\n<div><strong style=\"text-transform:uppercase\">Eberson Luis Mota Teixeira<\/strong><\/div>\n<div style=\"text-align:justify\"><em>Graduado em Filosofia e&nbsp;Especialista em Filosofia Contempor\u00e2nea, Mestrado profissional em andamento em Educa\u00e7\u00e3o e Diversidade (UNEB).<\/em><\/div>\n<div><strong>E-mail<\/strong>:&nbsp;<strong><a href=\"eberson.teixeira@ifbaiano.edu.br \">eberson.teixeira@ifbaiano.edu.br<\/a><\/strong><\/div>\n<div><strong>Acesse: <a href=\"http:\/\/lattes.cnpq.br\/0750874662387230\" target=\"_blank\" rel=\"noopener noreferrer\">Curr\u00edculo Lattes<\/a><\/strong><\/div>\n<\/div>\n\n<div class=\"post-350 page type-page status-publish hentry\">\n<div><strong>_______________________________________________<\/strong><\/div>\n<div><strong style=\"text-transform:uppercase\">Edi\u00eanio Vieira Farias<\/strong><\/div>\n<div style=\"text-align:justify\"><em>Graduado em Matem\u00e1tica. Especialista nas \u00e1reas: Metodologia do Ensino de Matem\u00e1tica e F\u00edsica; Administra\u00e7\u00e3o P\u00fablica e Ger\u00eancias de Cidades; Gest\u00e3o Educacional e em Pr\u00e1ticas Docentes Interdisciplinares. Mestre em Educa\u00e7\u00e3o de Jovens e Adultos. Doutorando em Educa\u00e7\u00e3o e Contemporaneidade.<\/em><\/div>\n<div><strong>E-mail<\/strong>:&nbsp;<strong><a href=\"edienio.farias@ifbaiano.edu.br \">edienio.farias@ifbaiano.edu.br;<\/a><\/strong><\/div>\n<div><strong>Acesse: <a href=\"http:\/\/lattes.cnpq.br\/0831759035700134\" target=\"_blank\" rel=\"noopener noreferrer\">Curr\u00edculo Lattes<\/a><\/strong><\/div>\n<\/div>\n\n<div class=\"post-350 page type-page status-publish hentry\">\n<div><strong>_______________________________________________<\/strong><\/div>\n<div><strong style=\"text-transform:uppercase\">Edinardo Ivison Batista Rodrigues <\/strong><\/div>\n<div style=\"text-align:justify\"><em>Graduado em Licenciatura Plena em F\u00edsica (UFRPE), Mestrado em F\u00edsica Aplicada (UFRPE), Doutorado em P\u00f3s-Gradua\u00e7\u00e3o em F\u00edsica (UFPB).<\/em><\/div>\n<div><strong>E-mail<\/strong>:&nbsp;<strong><a href=\"#\">edinardo.rodrigues@ifbaiano.edu.br<\/a><\/strong><\/div>\n<div><strong>Acesse: <a href=\"http:\/\/lattes.cnpq.br\/4162585703165029\" target=\"_blank\" rel=\"noopener noreferrer\">Curr\u00edculo Lattes<\/a><\/strong><\/div>\n<\/div>\n\n<div class=\"post-350 page type-page status-publish hentry\">\n<div><strong>_______________________________________________<\/strong><\/div>\n<div><strong style=\"text-transform:uppercase\">Eline Almeida Santos<\/strong><\/div>\n<div style=\"text-align:justify\"><em>Doutora e Mestre em Geografia pelo Programa de P\u00f3s-Gradua\u00e7\u00e3o em Geografia da Universidade Federal de Sergipe (PPGEO\/UFS). \u00c9 graduada e bacharela em Geografia pela UFS e especialista em Educa\u00e7\u00e3o Ambiental (FAPESE\/2009).<\/em><\/div>\n<div><strong>E-mail<\/strong>:&nbsp;<strong><a href=\"#\">eline.santos@ifbaiano.edu.br<\/a><\/strong><\/div>\n<div><strong>Acesse: <a href=\"http:\/\/lattes.cnpq.br\/3865207523600698\" target=\"_blank\" rel=\"noopener noreferrer\">Curr\u00edculo Lattes<\/a><\/strong><\/div>\n<\/div>\n\n<div class=\"post-350 page type-page status-publish hentry\">\n<div><strong>_______________________________________________<\/strong><\/div><div><strong style=\"text-transform:uppercase\">Elisa Eni Freitag<\/strong><\/div>\n<div style=\"text-align:justify\"><em>Graduada em Agronomia, Mestre em Agronomia &#8211; Sistemas de Produ\u00e7\u00e3o e Doutorado em Agronomia-Agricultura.<\/em><\/div>\n<div><strong>E-mail<\/strong>:&nbsp;<strong><a href=\"#\">elisa.freitag@ifbaiano.edu.br&nbsp;<\/a><\/strong><\/div>\n<div><strong>Acesse: <a href=\"http:\/\/lattes.cnpq.br\/0335512910217575\" target=\"_blank\" rel=\"noopener noreferrer\">Curr\u00edculo Lattes<\/a><\/strong><\/div>\n<\/div>\n\n<div class=\"post-350 page type-page status-publish hentry\">\n<div><strong>_______________________________________________<\/strong><\/div>\n<div><strong style=\"text-transform:uppercase\">Emerson Alves dos Santos<\/strong><\/div>\n<div style=\"text-align:justify\"><em>Graduado em Engenharia Agron\u00f4mica, Mestre em Produ\u00e7\u00e3o Vegetal e Doutor em Gen\u00e9tica e Biologia Molecular.<\/em><\/div>\n<div><strong>E-mail: <a href=\"emerson.santos@ifbaiano.edu.br\">emerson.santos@ifbaiano.edu.br<\/a><\/strong><\/div>\n<div><strong>Acesse: <a href=\"http:\/\/lattes.cnpq.br\/0433125584300217\">Curr\u00edculo Lattes<\/a><\/strong><\/div>\n<\/div>\n\n<div class=\"post-350 page type-page status-publish hentry\">\n<div><strong>________________________________________________<\/strong><\/div>\n<div><strong style=\"text-transform:uppercase\">\u00c9rico da Silva Franca<\/strong><\/div>\n<div style=\"text-align:justify\"><em>Gradua\u00e7\u00e3o em Licenciatura Plena em Hist\u00f3ria, Mestre em Cr\u00edtica Cultural (UNEB), Doutorando em Difus\u00e3o do Conhecimento (UFBA).<\/em><\/div>\n<div><strong>E-mail<\/strong>:&nbsp;<strong><a href=\"erico.franca@ifbaiano.edu.br\">erico.franca@ifbaiano.edu.br&nbsp;<\/a><\/strong><\/div>\n<div><strong>Acesse:&nbsp;<a href=\"http:\/\/lattes.cnpq.br\/2383533151501040\" target=\"_blank\" rel=\"noopener noreferrer\">Curr\u00edculo Lattes<\/a><\/strong><\/div>\n<\/div>\n\n<div class=\"post-350 page type-page status-publish hentry\">\n<div><strong>_______________________________________________<\/strong><\/div>\n<div><strong style=\"text-transform:uppercase\">Eurileny Lucas de Almeida<\/strong><\/div>\n<div style=\"text-align:justify\"><em>Gradua\u00e7\u00e3o em Engenharia Agron\u00f4mica, Mestrado em Agronomia (Solos e Nutri\u00e7\u00e3o de Plantas) e Doutorado em Ci\u00eancia do Solo  pela Universidade Federal do Cear\u00e1<\/em>.<\/div>\n<div><strong>Email: <a href=\"eurileny.almeira@ifbaiano.edu.br\">eurileny.almeira@ifbaiano.edu.br<\/a><\/strong><\/div>\n\n<div><strong>Acesse:<a href=\"http:\/\/lattes.cnpq.br\/4195918994374388\">Curr\u00edculo Lattes<\/a><\/strong><\/div>\n<\/div>\n<div class=\"post-350 page type-page status-publish hentry\">\n<div><strong>_______________________________________________<\/strong><\/div>\n<div><strong style=\"text-transform:uppercase\">Fabiana Santos da Silva<br><\/strong><\/div>\n<div style=\"text-align:justify\"><em>Graduada em Agronomia (UESC), Mestra em Conserva\u00e7\u00e3o da Biodiversidade e Sustentabilidade, pelo Instituto de Pesquisas Ecol\u00f3gicas &#8211; IP\u00ca<\/em><\/div>\n<div><strong>Email: <a href=\"fabiana.silva@ifbaiano.edu.br\">fabiana.silva@ifbaiano.edu.br<\/a><\/strong><\/div>\n<div><strong>Acesse:<a href=\"http:\/\/lattes.cnpq.br\/6041538070414087\" target=\"_blank\" rel=\"noopener noreferrer\">Curr\u00edculo Lattes<\/a><\/strong><\/div>\n<\/div>\n\n<div class=\"post-350 page type-page status-publish hentry\">\n<div>_____________________________________________________<\/div>\n<div><strong style=\"text-transform:uppercase\">Franciele Souza Lapa <\/strong><\/div>\n<div style=\"text-align:justify\"><em>Graduada em Gest\u00e3o da Tecnologia da Informa\u00e7\u00e3o pelo Instituto Federal de Educa\u00e7\u00e3o Ci\u00eancia e Tecnologia da Baiano.<\/em><\/div>\n<div><strong>E-mail<\/strong>:&nbsp;<strong><a href=\"franciele.lapa@ifbaiano.edu.br\">franciele.lapa@ifbaiano.edu.br<\/a><\/strong><\/div>\n<div><strong>Acesse:&nbsp;<a href=\"http:\/\/lattes.cnpq.br\/2250790722275820\" target=\"_blank\" rel=\"noopener noreferrer\">Curr\u00edculo Lattes<\/a><\/strong><\/div>\n<\/div>\n\n<div class=\"post-350 page type-page status-publish hentry\">\n<div>_____________________________________________________<\/div>\n<div><strong style=\"text-transform:uppercase\">Frederico Machado Teixeira<\/strong><\/div>\n<div style=\"text-align:justify\"><em>Graduado em Ci\u00eancias Biol\u00f3gicas (Universidade Federal de Uberl\u00e2ndia UFU), Mestrado em Zoologia (Museu Paraense Emilio Goeldi, MPEG, Brasil), Doutorado em Ecologia e Recursos Naturais.\n(Universidade Estadual do Norte Fluminense UENF) .<\/em><\/div>\n<div><strong>E-mail<\/strong>:&nbsp;<strong><a href=\"frederico.teixeira@ifbaiano.edu.br\">frederico.teixeira@ifbaiano.edu.br<\/a><\/strong><\/div>\n<div><strong>Acesse:&nbsp;<a href=\"http:\/\/lattes.cnpq.br\/0614222328338871\" target=\"_blank\" rel=\"noopener noreferrer\">Curr\u00edculo Lattes<\/a><\/strong><\/div>\n<\/div>\n\n\n<div class=\"post-350 page type-page status-publish hentry\">\n<div>_____________________________________________________<\/div>\n<div><strong style=\"text-transform:uppercase\">Ge\u00e2ngelo de Matos Rosa<\/strong><\/div>\n<div style=\"text-align:justify\"><em>Graduado em Hist\u00f3ria, Graduado em Ci\u00eancias Biol\u00f3gicas e Especialista em Hist\u00f3ria do Brasil, Mestrado em Educa\u00e7\u00e3o e Contemporaneidade.<\/em><\/div>\n<div><strong>E-mail<\/strong>:&nbsp;<strong><a href=\"geangelo.rosa@ifbaiano.edu.br\">geangelo.rosa@ifbaiano.edu.br<\/a><\/strong><\/div>\n<div><strong>Acesse:&nbsp;<a href=\"http:\/\/lattes.cnpq.br\/7402464024398360\" target=\"_blank\" rel=\"noopener noreferrer\">Curr\u00edculo Lattes<\/a><\/strong><\/div>\n<\/div>\n\n<div class=\"post-350 page type-page status-publish hentry\">\n<div>_____________________________________________________<\/div>\n<div><strong style=\"text-transform:uppercase\">G\u00eania Darc de Oliveira Pereira<\/strong><\/div>\n<div style=\"text-align:justify\"><em>Graduada em Letras Portugu\u00eas\/Ingl\u00eas (FTC), Gradua\u00e7\u00e3o em Direito (UFBA), Mestrado em andamento em Ci\u00eancias Humanas e Sociais (UFOB).<\/em><\/div>\n<div><strong>E-mail<\/strong>:&nbsp;<strong><a href=\"genia.darc@ifbaiano.edu.br\">genia.darc@ifbaiano.edu.br<\/a><\/strong><\/div>\n<div><strong>Acesse:&nbsp;<a href=\"http:\/\/lattes.cnpq.br\/3482402033298743\" target=\"_blank\" rel=\"noopener noreferrer\">Curr\u00edculo Lattes<\/a><\/strong><\/div>\n<\/div>\n\n\n<div class=\"post-350 page type-page status-publish hentry\">\n<div>_____________________________________________________<\/div>\n<div><strong style=\"text-transform:uppercase\">Giovanna Rodrigues Nascimento <\/strong><\/div>\n<div style=\"text-align:justify\"><em>Graduada em Gest\u00e3o da Tecnologia da Informa\u00e7\u00e3o pelo Instituto Federal de Educa\u00e7\u00e3o Ci\u00eancia e Tecnologia da Baiano.<\/em><\/div>\n<div><strong>E-mail<\/strong>:&nbsp;<strong><a href=\"giovanna.nascimento@ifbaiano.edu.br\">giovanna.nascimento@ifbaiano.edu.br<\/a><\/strong><\/div>\n<div><strong>Acesse:&nbsp;<a href=\"\" target=\"_blank\" rel=\"noopener noreferrer\">Curr\u00edculo Lattes<\/a><\/strong><\/div>\n<\/div>\n\n\n<div class=\"post-350 page type-page status-publish hentry\">\n<div><strong>_______________________________________________<\/strong><\/div>\n<div><strong style=\"text-transform:uppercase\">Heliselle Cristine Ramires da Rocha<\/strong><\/div>\n<div style=\"text-align:justify\"><em>Graduada em Agronomia pela Universidade Estadual de Montes Claros (2009) e Mestrado em Produ\u00e7\u00e3o Vegetal no Semi-\u00c1rido pela Universidade Estadual de Montes Claros.<\/em><\/div>\n<div><strong>E-mail<\/strong>:&nbsp;<strong><a href=\"heliselle.rocha@ifbaiano.edu.br\">heliselle.rocha@ifbaiano.edu.br&nbsp;<\/a><\/strong><\/div>\n<div><strong>Acesse:&nbsp;<a href=\"http:\/\/lattes.cnpq.br\/7103096677940027\" target=\"_blank\" rel=\"noopener noreferrer\">Curr\u00edculo Lates<\/a><\/strong><\/div>\n<\/div>\n\n<div class=\"post-350 page type-page status-publish hentry\">\n<div><strong>_______________________________________________<\/strong><\/div>\n<div><strong style=\"text-transform:uppercase\">Heverton Santos Queiroz<\/strong><\/div>\n<div style=\"text-align:justify\"><em>Graduado em Ci\u00eancia da Computa\u00e7\u00e3o e&nbsp; Mestrado em Educa\u00e7\u00e3o (UESB).&nbsp;<\/em><\/div>\n<div><strong>E-mail<\/strong>:&nbsp;<strong><a href=\"heverton.queiroz@ifbaiano.edu.br\">heverton.queiroz@ifbaiano.edu.br&nbsp;<\/a><\/strong><\/div>\n<div><strong>Acesse:&nbsp;<a href=\"http:\/\/lattes.cnpq.br\/5255352260943218\" target=\"_blank\" rel=\"noopener noreferrer\">Curr\u00edculo Lates<\/a><\/strong><\/div>\n<\/div>\n\n<div class=\"post-350 page type-page status-publish hentry\">\n<div><strong>_______________________________________________<\/strong><\/div>\n<div><strong style=\"text-transform:uppercase\">Iug Lopes<\/strong><\/div>\n<div style=\"text-align:justify\"><em>Graduado em Engenharia Agr\u00edcola e Ambiental, Mestre em Engenharia Agr\u00edcola (UNIVASF), Doutorado em Engenharia Agr\u00edcola (UFRPE).<\/em><\/div>\n<div><strong>E-mail<\/strong>:&nbsp;<strong><a href=\"iug.lopes@ifbaiano.edu.br \">iug.lopes@ifbaiano.edu.br<\/a><\/strong><\/div>\n<div><strong>Acesse:&nbsp;<a href=\"http:\/\/lattes.cnpq.br\/9458715209172033\" target=\"_blank\" rel=\"noopener noreferrer\">Curr\u00edculo Lattes<\/a><\/strong><\/div>\n<\/div>\n\n<div class=\"post-350 page type-page status-publish hentry\">\n<div>_____________________________________________________<\/div>\n<div><strong style=\"text-transform:uppercase\">Ivna Herb\u00eania da Silva Souza<\/strong><\/div>\n<div style=\"text-align:justify\"><em>Gradua\u00e7\u00e3o em Bacharelado em Administra\u00e7\u00e3o (UNEB), Mestrado em Educa\u00e7\u00e3o e Contemporaneidade pela Universidade do Estado da Bahia (UNEB), Doutorado em andamento em Difus\u00e3o do Conhecimento (UFBA).<\/em><\/div>\n<div><strong>Email<\/strong>:&nbsp;<strong><a href=\"ivna.souza@ifbaiano.edu.br\">ivna.souza@ifbaiano.edu.br<\/a><\/strong><\/div>\n<div><strong>Acesse:&nbsp;<a href=\"http:\/\/lattes.cnpq.br\/5688087736895152\" target=\"_blank\" rel=\"noopener noreferrer\">Curr\u00edculo Lattes<\/a><\/strong><\/div>\n<\/div>\n\n\n<div class=\"post-350 page type-page status-publish hentry\">\n<div>_____________________________________________________<\/div>\n<div><strong style=\"text-transform:uppercase\">Jianine Sim\u00f5es Rodrigues Pichite<\/strong><\/div>\n<div style=\"text-align:justify\"><em>Gradua\u00e7\u00e3o em Direito (Universidade do Vale do Rio dos Sinos UNISINOS), \nGradua\u00e7\u00e3o em Licenciatura Plena em Hist\u00f3ria( IESCFAC).<\/em><\/div>\n<div><strong>Email<\/strong>:&nbsp;<strong><a href=\"@ifbaiano.edu.br\">@ifbaiano.edu.br<\/a><\/strong><\/div>\n<div><strong>Acesse:&nbsp;<a href=\"http:\/\/lattes.cnpq.br\/4278489574254373\" target=\"_blank\" rel=\"noopener noreferrer\">Curr\u00edculo Lattes<\/a><\/strong><\/div>\n<\/div>\n\n\n\n<div class=\"post-350 page type-page status-publish hentry\">\n<div>_____________________________________________________<\/div>\n<div><strong style=\"text-transform:uppercase\">Joseani Santos \u00c1vila <\/strong><\/div>\n<div style=\"text-align:justify\"><em>Graduada em Agr\u00f4nomia pela Universidade Estadual do Sudoeste da Bahia, Meste em Agronomia, com \u00e1rea de concentra\u00e7\u00e3o Fitotecnia, na linha de pesquisa Fixa\u00e7\u00e3o Biol\u00f3gica de Nitrog\u00eanio (aduba\u00e7\u00e3o verde e inocula\u00e7\u00e3o de bact\u00e9rias diazotr\u00f3ficas) pela UESB, Doutoranda em Agronomia pela UESB.<\/em><\/div>\n<div><strong>Email<\/strong>:&nbsp;<strong><a href=\"joseani.avila@ifbaiano.edu.br\">joseani.avila@ifbaiano.edu.br<\/a><\/strong><\/div>\n<div><strong>Acesse:&nbsp;<a href=\"http:\/\/lattes.cnpq.br\/ 8850415804765674\" target=\"_blank\" rel=\"noopener noreferrer\">Curr\u00edculo Lattes<\/a><\/strong><\/div>\n<\/div>\n\n<div class=\"post-350 page type-page status-publish hentry\">\n<div><strong>_______________________________________________<\/strong><\/div>\n<div><strong style=\"text-transform:uppercase\">Jos\u00e9 Eduardo Santos Barboza da Silva<\/strong><\/div>\n<div style=\"text-align:justify\"><em>Gradua\u00e7\u00e3o em Engenharia Agr\u00f4nomica pela Universidade do Estado da Bahia (2012) e mestrado em Agronomia: Horticultura Irrigada pela Universidade do Estado da Bahia. Doutorado em Fitotecnia (2021) pela Universidade Federal Rural do Semi-\u00c1rido.<\/em><\/div>\n<div><strong>E-mail<\/strong>:&nbsp;<strong><a href=\"jose.eduardo@ifbaiano.edu.br \">jose.eduardo@ifbaiano.edu.br<\/a><\/strong><\/div>\n<div><strong>Acesse:&nbsp;<a href=\"http:\/\/lattes.cnpq.br\/0215255983348261\" target=\"_blank\" rel=\"noopener noreferrer\">Curr\u00edculo Lattes<\/a><\/strong><\/div>\n<\/div>\n\n<div class=\"post-350 page type-page status-publish hentry\">\n<div><strong>_______________________________________________<\/strong><\/div>\n<div><strong style=\"text-transform:uppercase\">Josemiller Rodrigues Amorim Felix<\/strong><\/div>\n<div style=\"text-align:justify\"><em>Graduada em Licenciatura em Matem\u00e1tica, Especializa\u00e7\u00e3o em Matem\u00e1tica (UEFS).<\/em><\/div>\n<div><strong>Email: <a href=\"josemiller.felix@ifbaiano.edu.br\">josemiller.felix@ifbaiano.edu.br<\/a><\/strong><\/div>\n<div><strong>Acesse: <a href=\"http:\/\/lattes.cnpq.br\/3688083776376237\" target=\"_blank\" rel=\"noopener\">Curr\u00edculo Lattes<\/a><\/strong><\/div>\n<\/div>\n\n<div class=\"post-350 page type-page status-publish hentry\">\n<div><strong>_______________________________________________<\/strong><\/div>\n<div><strong style=\"text-transform:uppercase\">Josimari Regina Paschoaloto<\/strong><\/div>\n<div style=\"text-align:justify\"><em>Graduada em Zootecnia, Mestrado em Zootecnia (Nutric\u00e3o e Produc\u00e3o Animal), Doutorado em Zootecnia (UNESP).<\/em><\/div>\n<div><strong>Email: <a href=\"josimari.paschoaloto@ifbaiano.edu.br\">josimari.paschoaloto@ifbaiano.edu.br<\/a><\/strong><\/div>\n<div><strong>Acesse: <a href=\"http:\/\/lattes.cnpq.br\/3219992992528945\" target=\"_blank\" rel=\"noopener\">Curr\u00edculo Lattes<\/a><\/strong><\/div>\n<\/div>\n\n<div class=\"post-350 page type-page status-publish hentry\">\n<div><strong>_______________________________________________<\/strong><\/div>\n<div><strong style=\"text-transform:uppercase\">Juliana Martins da Silva Freitas <\/strong><\/div>\n<div style=\"text-align:justify\"><em>Graduada em Ci\u00eancias Biol\u00f3gicas (UESB), Mestrado em Zoologia (UESC), \nDoutorado em Ci\u00eancias Biol\u00f3gicas pela Universidade Federal do Esp\u00edrito Santo .<\/em><\/div>\n<div><strong>Email: <a href=\"juliana.freitas@ifbaiano.edu.br\">juliana.freitas@ifbaiano.edu.br<\/a><\/strong><\/div>\n<div><strong>Acesse: <a href=\"http:\/\/lattes.cnpq.br\/5809290289437163\" target=\"_blank\" rel=\"noopener\">Curr\u00edculo Lattes<\/a><\/strong><\/div>\n<\/div>\n\n\n<div class=\"post-350 page type-page status-publish hentry\">\n<div><strong>_______________________________________________<\/strong><\/div>\n<div><strong style=\"text-transform:uppercase\">Lorena Sabino Ramos<\/strong><\/div>\n<div style=\"text-align:justify\"><em>Graduada em Pedagogia pela Universidade Estadual de Santa Cruz (UESC). Especialista no curso de M\u00eddias na Educa\u00e7\u00e3o pela Universidade Estadual do Sudoeste da Bahia (UESB). Mestre pelo programa de p\u00f3s gradua\u00e7\u00e3o Educa\u00e7\u00e3o Cient\u00edfica e Forma\u00e7\u00e3o de Professores pela mesma institui\u00e7\u00e3o (UESB).<\/em><\/div>\n<div><strong>E-mail: <strong><a href=\"lorena.ramos@ifbaiano.edu.br\">lorena.ramos@ifbaiano.edu.br<\/a><\/strong><\/strong><\/div>\n<div><strong>Acesse: <a href=\"http:\/\/lattes.cnpq.br\/2701224942841026\" target=\"_blank\" rel=\"noopener\">Curr\u00edculo Lattes<\/a><\/strong><\/div>\n<\/div>\n\n<div class=\"post-350 page type-page status-publish hentry\">\n<div><strong>_______________________________________________<\/strong><\/div>\n<div><strong style=\"text-transform:uppercase\">Lourivaldo Barreto Pereira <\/strong><\/div>\n<div style=\"text-align:justify\"><em>Gradua\u00e7\u00e3o em Pedagogia(UNEB), Gradua\u00e7\u00e3o em Engenharia de Computa\u00e7\u00e3o (UNI-SANT&#8217;ANNA), Mestrado profissional em Produ\u00e7\u00e3o Vegetal no Semi\u00e1rido (IFBAIANO), Doutorado em andamento em Engenharia El\u00e9trica (UFMA).<\/em><\/div>\n<div><strong>Email: <a href=\"lourivaldo.pereira@ifbaiano.edu.br\">lourivaldo.pereira@ifbaiano.edu.br<\/a><\/strong><\/div>\n<div><strong>Acesse: <a href=\"http:\/\/lattes.cnpq.br\/8720861742868012\" target=\"_blank\" rel=\"noopener\">Curr\u00edculo Lattes<\/a><\/strong><\/div>\n<\/div>\n\n<div class=\"post-350 page type-page status-publish hentry\">\n<div><strong>_______________________________________________<\/strong><\/div>\n<div><strong style=\"text-transform:uppercase\">Lucivan Rosa Costa Rego<\/strong><\/div>\n<div style=\"text-align:justify\"><em>Graduada em Letras Portugu\u00eas\/Ingl\u00eas pela Faculdade de Tecnologia e Ci\u00eancias FTC-EaD (2012). Possui Especializa\u00e7\u00e3o em L\u00edngua Portuguesa: Leitura e Produ\u00e7\u00e3o de texto dos Pressupostos Lingu\u00edsticos, Psicopedagogia Cl\u00ednica e Institucional com \u00eanfase e dificuldades de aprendizagem e Coordena\u00e7\u00e3o Pedag\u00f3gica e planejamento pela Dominius Centro Educacional, DOMINIUS, Brasil (2018).<\/em><\/div>\n<div><strong>E-mail: <strong><a href=\"lucivan.costa@ifbaiano.edu.br\">lucivan.costa@ifbaiano.edu.br<\/a><\/strong><\/strong><\/div>\n<div><strong>Acesse: <a href=\"http:\/\/lattes.cnpq.br\/4540125005493501\" target=\"_blank\" rel=\"noopener\">Curr\u00edculo Lattes<\/a><\/strong><\/div>\n<\/div>\n\n\n\n<div class=\"post-350 page type-page status-publish hentry\">\n<div><strong>_______________________________________________<\/strong><\/div>\n<div><strong style=\"text-transform:uppercase\">Manoel Xavier de Oliveira Junior<\/strong><\/div>\n<div style=\"text-align:justify\"><em>Gradua\u00e7\u00e3o em Agronomia pela Universidade Estadual de Montes Claros &#8211; UNIMONTES Campus Jana\u00faba (2006), mestrado em Agronomia (Fitotecnia) pela Universidade Estadual do Sudoeste da Bahia &#8211; UESB Campus Vit\u00f3ria da Conquista (2008) e doutorado em Agronomia (Horticultura) pela Universidade Estadual Paulista &#8220;J\u00falio de Mesquita Filho &#8221; &#8211; UNESP Campus Botucatu (2013).<\/em><\/div>\n<div><strong>E-mail: <strong><a href=\"manoel.junior@ifbaiano.edu.br\">manoel.junior@ifbaiano.edu.br<\/a><\/strong><br><\/strong><\/div>\n<div><strong>Acesse:&nbsp;<a href=\"http:\/\/lattes.cnpq.br\/1545864071904156\" target=\"_blank\" rel=\"noopener\">Curr\u00edculo Lattes<\/a><\/strong><\/div>\n<\/div>\n\n<div class=\"post-350 page type-page status-publish hentry\">\n<div><strong>_______________________________________________<\/strong><\/div>\n<div><strong style=\"text-transform:uppercase\">Marcelo Leite Pereira<\/strong><\/div>\n<div style=\"text-align:justify\"><em>Graduado em Qu\u00edmica Industrial pela Universidade Estadual de Goi\u00e1s e mestre em Ci\u00eancias Moleculares pela Universidade Estadual de Goi\u00e1s.<\/em><\/div>\n<div><strong>E-mail: <strong><a href=\"marcelo.pereira@ifbaiano.edu.br\">marcelo.pereira@ifbaiano.edu.br<\/a><\/strong><br><\/strong><\/div>\n<div><strong>Acesse:&nbsp;<a href=\"http:\/\/lattes.cnpq.br\/6602795091820838\" target=\"_blank\" rel=\"noopener\">Curr\u00edculo Lattes<\/a><\/strong><\/div>\n<\/div>\n\n<div class=\"post-350 page type-page status-publish hentry\">\n<div>_____________________________________________________<\/div>\n<div><strong style=\"text-transform:uppercase\">M\u00e1rcia Cristina Ara\u00fajo Santana<\/strong><\/div>\n<div style=\"text-align:justify\"><em>Graduada em Zootecnia pela Universidade Federal de Vi\u00e7osa, mestra em Zootecnia pela Universidade Federal de Vi\u00e7osa, Doutorado em Zootecnia (UNESP). <\/em><\/div>\n<div><strong>E-mail<\/strong>:&nbsp;<strong><a href=\"marcia.santana@ifbaiano.edu.br \">marcia.santana@ifbaiano.edu.br<\/a><\/strong><\/div>\n<div><strong>Acesse:&nbsp;<a href=\"http:\/\/lattes.cnpq.br\/4151170970292420\" target=\"_blank\" rel=\"noopener noreferrer\">Curr\u00edculo Lattes<\/a><\/strong><\/div>\n<\/div>\n\n<div class=\"post-350 page type-page status-publish hentry\">\n<div><strong>_______________________________________________<\/strong><\/div>\n<div><strong style=\"text-transform:uppercase\">Marcos Aur\u00e9lio da Silva<\/strong><\/div>\n<div style=\"text-align:justify\"><em>Graduado em Qu\u00edmica Industrial, Mestre em Qu\u00edmica e Doutor em Engenharia Qu\u00edmica.<\/em><\/div>\n<div><strong>E-mail<\/strong>:&nbsp;<strong><a href=\"marcos.aurelio@ifbaiano.edu.br \">marcos.aurelio@ifbaiano.edu.br<\/a><\/strong><\/div>\n<div><strong>Acesse:&nbsp;<a href=\"http:\/\/lattes.cnpq.br\/9876830140069685\" target=\"_blank\" rel=\"noopener noreferrer\">Curr\u00edculo Lattes<\/a><\/strong><\/div>\n<\/div>\n\n<div class=\"post-350 page type-page status-publish hentry\">\n<div><strong>_______________________________________________<\/strong><\/div>\n<div><strong style=\"text-transform:uppercase\">Martielle Soledade Souza Santos<\/strong><\/div>\n<div style=\"text-align:justify\"><em>Gradua\u00e7\u00e3o em Licenciatura em Matem\u00e1tica pela Universidade do Estado da Bahia &#8211; UNEB (2016), Mestre em Educa\u00e7\u00e3o Matem\u00e1tica pelo Programa de P\u00f3s-Gradua\u00e7\u00e3o em Educa\u00e7\u00e3o Matem\u00e1tica da Universidade Estadual de Santa Cruz &#8211; UESC (2019). Especialista na mesma \u00e1rea pelo Instituto Federal de Ci\u00eancia e Tecnologia Baiano &#8211; IFBaiano (2019).<\/em><\/div>\n<div><strong>E-mail<\/strong>: <strong><a href=\"martielle.santos@ifbaiano.edu.br\">martielle.santos@ifbaiano.edu.br<\/a><\/strong><\/div>\n<div><strong>Acesse:&nbsp;<a href=\"http:\/\/lattes.cnpq.br\/5752214274771882\" target=\"_blank\" rel=\"noopener noreferrer\">Curr\u00edculo Lattes<\/a><\/strong><\/div>\n<\/div>\n\n<div class=\"post-350 page type-page status-publish hentry\">\n<div><strong>_______________________________________________<\/strong><\/div>\n<div><strong style=\"text-transform:uppercase\">Patr\u00edcia Leite Cruz<\/strong><\/div>\n<div style=\"text-align:justify\"><em>Graduada em Agronomia pela Universidade Estadual de Montes Claros, mestra e doutora em Agronomia (Prote\u00e7\u00e3o de Plantas) pela Faculdade de Ci\u00eancias Agron\u00f4micas da Universidade Estadual Paulista J\u00falio Mesquita Filho.<\/em><\/div>\n<div><strong>E-mail<\/strong>: <strong><a href=\"patricia.cruz@ifbaiano.edu.br\">patricia.cruz@ifbaiano.edu.br<\/a><\/strong><\/div>\n<div><strong>Acesse:&nbsp;<a href=\"http:\/\/lattes.cnpq.br\/4466824327775218\" target=\"_blank\" rel=\"noopener noreferrer\">Curr\u00edculo Lattes<\/a><\/strong><\/div>\n<\/div>\n\n<div class=\"post-350 page type-page status-publish hentry\">\n<div><strong>_______________________________________________<\/strong><\/div>\n<div><strong style=\"text-transform:uppercase\">Paulo dos Santos Correia<\/strong><\/div>\n<div style=\"text-align:justify\"><em>Licenciado em F\u00edsica pela Universidade Estadual de Feira de Santana. Mestre em Hist\u00f3ria, Filosofia e Ensino de Ci\u00eancias pela UFBA\/UEFS.<\/em><\/div>\n<div><strong>E-mail<\/strong>: <strong><a href=\"paulo.correia@ifbaiano.edu.br\">paulo.correia@ifbaiano.edu.br<\/a><\/strong><\/div>\n<div><strong>Acesse:&nbsp;<a href=\"http:\/\/lattes.cnpq.br\/2522504531000719\" target=\"_blank\" rel=\"noopener noreferrer\">Curr\u00edculo Lattes<\/a><\/strong><\/div>\n<\/div>\n\n<div class=\"post-350 page type-page status-publish hentry\">\n<div><strong>_______________________________________________<\/strong><\/div>\n<div><strong style=\"text-transform:uppercase\">Raphael Rodrigues <\/strong><\/div>\n<div style=\"text-align:justify\"><em>Gradua\u00e7\u00e3o em Ci\u00eancias Sociais (UNESP), Mestrado e Doutorado em Antropologia Social pela Universidade Federal de S\u00e3o Carlos, .<\/em><\/div>\n<div><strong>E-mail<\/strong>: <strong><a href=\"raphael.rodrigues@ifbaiano.edu.br\">raphael.rodrigues@ifbaiano.edu.br<\/a><\/strong><\/div>\n<div><strong>Acesse:&nbsp;<a href=\"http:\/\/lattes.cnpq.br\/5658153163114667\" target=\"_blank\" rel=\"noopener noreferrer\">Curr\u00edculo Lattes<\/a><\/strong><\/div>\n<\/div>\n\n<div class=\"post-350 page type-page status-publish hentry\">\n<div><strong>_______________________________________________<\/strong><\/div>\n<div><strong style=\"text-transform:uppercase\">Silvana Nunes da Costa<\/strong><\/div>\n<div style=\"text-align:justify\"><em>Graduada em Engenharia Agr\u00edcola pela Universidade Federal da Para\u00edba. Mestra em Engenharia Civil, \u00e1rea de concentra\u00e7\u00e3o Recursos H\u00eddricos pela Universidade Federal da Para\u00edba. Doutora em Engenharia Agr\u00edcola, \u00e1rea de concentra\u00e7\u00e3o Irriga\u00e7\u00e3o e Drenagem pela Universidade Federal de Vi\u00e7osa.<\/em><\/div>\n<div><strong>E-mail<\/strong>: <strong><a href=\"silvana.costa@ifbaiano.edu.br\">silvana.costa@ifbaiano.edu.br<\/a><\/strong><\/div>\n<div><strong>Acesse:&nbsp;<a href=\"http:\/\/lattes.cnpq.br\/9189918031914960\" target=\"_blank\" rel=\"noopener noreferrer\">Curr\u00edculo Lattes<\/a><\/strong><\/div>\n<\/div>\n\n<div class=\"post-350 page type-page status-publish hentry\">\n<div><strong>_______________________________________________<\/strong><\/div>\n<div><strong style=\"text-transform:uppercase\">Tamara Torres Tanan<\/strong><\/div>\n<div style=\"text-align:justify\"><em>Graduada em Ci\u00eancias Biol\u00f3gicas (UEFS), Mestre e Doutora em Recursos Gen\u00e9ticos Vegetais (UEFS)<\/em><\/div>\n<div><strong>E-mail<\/strong>: <strong><a href=\"tamara.tanan@ifbaiano.edu.br\">tamara.tanan@ifbaiano.edu.br<\/a><\/strong><\/div>\n<div><strong>Acesse:&nbsp;<a href=\"http:\/\/lattes.cnpq.br\/9798635276846031\" target=\"_blank\" rel=\"noopener noreferrer\">Curr\u00edculo Lattes<\/a><\/strong><\/div>\n<\/div>\n<div class=\"post-350 page type-page status-publish hentry\">\n\n<div><strong>_______________________________________________<\/strong><\/div>\n<div><strong style=\"text-transform:uppercase\">Thamiles Santos Nunes<\/strong><\/div>\n<div style=\"text-align:justify\"><em>Mestrado em Matem\u00e1tica pela Universidade Federal de Vi\u00e7osa (2017), gradua\u00e7\u00e3o em Matem\u00e1tica pela Universidade do Estado da Bahia (2014).<\/em><\/div>\n<div><strong>E-mail<\/strong>: <strong><a href=\"thamiles.nunes@ifbaiano.edu.br\">thamiles.nunes@ifbaiano.edu.br<\/a><\/strong><\/div>\n<div><strong>Acesse:&nbsp;<a href=\"http:\/\/lattes.cnpq.br\/0822466257329778\" target=\"_blank\" rel=\"noopener noreferrer\">Curr\u00edculo Lattes<\/a><\/strong><\/div>\n<\/div>\n\n<div class=\"post-350 page type-page status-publish hentry\">\n<div><strong>_______________________________________________<\/strong><\/div>\n<div><strong style=\"text-transform:uppercase\">Tiago do Carmo Nogueira<\/strong><\/div>\n<div style=\"text-align:justify\"><em>Doutor em Engenharia El\u00e9trica e de Computa\u00e7\u00e3o pela Escola de Engenharia El\u00e9trica, Mec\u00e2nica e Computa\u00e7\u00e3o (EMC) da Universidade Federal de Goi\u00e1s &#8211; UFG (2020). Mestre em Ci\u00eancia da Computa\u00e7\u00e3o pelo Instituto de Inform\u00e1tica (INF) da Universidade Federal de Goi\u00e1s &#8211; UFG (2015). Especialista em Redes e Computa\u00e7\u00e3o Distribu\u00edda pelo Instituto Federal do Mato Grosso &#8211; IFMT. Especialista em Engenharia de Sistemas pela a Escola Superior Aberta do Brasil &#8211; ESAB (2010). Graduado em Computa\u00e7\u00e3o pela Universidade Estadual de Goi\u00e1s (UEG) e Redes de Computadores pela Faculdade Est\u00e1cio de S\u00e1 (FAESGO).<\/em><\/div>\n<div><strong>E-mail<\/strong>: <strong><a href=\"tiago.nogueira@ifbaiano.edu.br\">tiago.nogueira@ifbaiano.edu.br<\/a><\/strong><\/div>\n<div><strong>Acesse:<a href=\"http:\/\/lattes.cnpq.br\/3522572013466053\" target=\"_blank\" rel=\"noopener noreferrer\">Curr\u00edculo Lattes<\/a><\/strong><\/div>\n<\/div>\n\n<div class=\"post-350 page type-page status-publish hentry\">\n<div><strong>_______________________________________________<\/strong><\/div>\n<div><strong style=\"text-transform:uppercase\">Valqu\u00edria Freitas de Vasconcelos Ara\u00fajo<\/strong><\/div>\n<div style=\"text-align:justify\"><em>Graduada em M\u00fasica &#8211; Licenciatura pela Universidade Federal do Cear\u00e1 &#8211; UFC, Especializa\u00e7\u00e3o em Ensino de Artes (IBE).<\/em><\/div>\n<div><strong>E-mail<\/strong>: <strong><a href=\"valquiria.araujo@ifbaiano.edu.br\">valquiria.araujo@ifbaiano.edu.br<\/a><\/strong><\/div>\n<div><strong>Acesse:<a href=\"http:\/\/lattes.cnpq.br\/5432176416508208\" target=\"_blank\" rel=\"noopener noreferrer\">Curr\u00edculo Lattes<\/a><\/strong><\/div>\n<\/div>\n\n<div class=\"post-350 page type-page status-publish hentry\">\n<div><strong>_______________________________________________<\/strong><\/div>\n<div><strong style=\"text-transform:uppercase\">Wagner Porto Rego Junior<\/strong><\/div>\n<div style=\"text-align:justify\"><em>Gradua\u00e7\u00e3o em Educa\u00e7\u00e3o F\u00edsica pela Universidade do Estado da Bahia (2005). Especializa\u00e7\u00e3o em Atividade F\u00edsica, Sa\u00fade e Sociedade (2006) pela UNEB &#8211; Universidade do Estado da Bahia. Especializa\u00e7\u00e3o em Educa\u00e7\u00e3o F\u00edsica Escolar pela FINOM (2010). Mestre em Educa\u00e7\u00e3o F\u00edsica pela UNIMEP &#8211; Universidade Metodista de Piracicaba &#8211; SP (2014). Doutorado (em andamento) Ci\u00eancias do Movimento Humano &#8211; CMH pela UNIMEP &#8211; Universidade Metodista de Piracicaba &#8211; SP.<\/em><\/div>\n<div><strong>E-mail<\/strong>: <strong><a href=\"wagner.junior@ifbaiano.edu.br\">wagner.junior@ifbaiano.edu.br<\/a><\/strong><\/div>\n<div><strong>Acesse:<a href=\"http:\/\/lattes.cnpq.br\/0361348195730837\" target=\"_blank\" rel=\"noopener noreferrer\">Curr\u00edculo Lattes<\/a><\/strong><\/div>\n<\/div>\n\n<div class=\"post-350 page type-page status-publish hentry\">\n<div><strong>_______________________________________________<\/strong><\/div>\n<div><strong style=\"text-transform:uppercase\">Witalles Martins da Silva<\/strong><\/div>\n<div style=\"text-align:justify\"><em>Graduado em Gest\u00e3o Financeira, Ci\u00eancias Cont\u00e1beis e Administra\u00e7\u00e3o pela (UNESA), Mestrado profissional em andamento em Administra\u00e7\u00e3o P\u00fablica (UFRPE).<\/em><\/div>\n<div><strong>E-mail<\/strong>: <strong><a href=\"witalles.silva@ifbaiano.edu.br\">witalles.silva@ifbaiano.edu.br<\/a><\/strong><\/div>\n<div><strong>Acesse:<a href=\"http:\/\/lattes.cnpq.br\/6438374574392566\" target=\"_blank\" rel=\"noopener noreferrer\">Curr\u00edculo Lattes<\/a><\/strong><\/div>\n<\/div>\n<div><strong>_______________________________________________<\/strong><\/div>\n","protected":false},"excerpt":{"rendered":"<p>Neste Espa\u00e7o, voc\u00ea encontra rela\u00e7\u00e3o de docentes que atuam no Campus, com suas respectivas \u00e1reas de atua\u00e7\u00e3o, contato e link do curr\u00edculo lattes. _______________________________________________ Abigail Gomes Dias Medrado Graduada em Geografia pela Universidade Norte do Paran\u00e1 e especialista em Geografia Ambiental, Doc\u00eancia no ensino superior, Coordena\u00e7\u00e3o Pedag\u00f3gica e Doc\u00eancia em geografia e pr\u00e1ticas pedag\u00f3gicas. E-mail: [&hellip;]<\/p>\n","protected":false},"author":41,"featured_media":0,"parent":0,"menu_order":0,"comment_status":"open","ping_status":"open","template":"","meta":[],"_links":{"self":[{"href":"https:\/\/www.ifbaiano.edu.br\/unidades\/lapa\/wp-json\/wp\/v2\/pages\/1704"}],"collection":[{"href":"https:\/\/www.ifbaiano.edu.br\/unidades\/lapa\/wp-json\/wp\/v2\/pages"}],"about":[{"href":"https:\/\/www.ifbaiano.edu.br\/unidades\/lapa\/wp-json\/wp\/v2\/types\/page"}],"author":[{"embeddable":true,"href":"https:\/\/www.ifbaiano.edu.br\/unidades\/lapa\/wp-json\/wp\/v2\/users\/41"}],"replies":[{"embeddable":true,"href":"https:\/\/www.ifbaiano.edu.br\/unidades\/lapa\/wp-json\/wp\/v2\/comments?post=1704"}],"version-history":[{"count":232,"href":"https:\/\/www.ifbaiano.edu.br\/unidades\/lapa\/wp-json\/wp\/v2\/pages\/1704\/revisions"}],"predecessor-version":[{"id":29450,"href":"https:\/\/www.ifbaiano.edu.br\/unidades\/lapa\/wp-json\/wp\/v2\/pages\/1704\/revisions\/29450"}],"wp:attachment":[{"href":"https:\/\/www.ifbaiano.edu.br\/unidades\/lapa\/wp-json\/wp\/v2\/media?parent=1704"}],"curies":[{"name":"wp","href":"https:\/\/api.w.org\/{rel}","templated":true}]}}