{"id":17209,"date":"2020-09-30T16:39:23","date_gmt":"2020-09-30T19:39:23","guid":{"rendered":"https:\/\/www.ifbaiano.edu.br\/unidades\/lapa\/?page_id=17209"},"modified":"2021-11-30T20:19:24","modified_gmt":"2021-11-30T23:19:24","slug":"revisao-e-consolidacao-dos-atos-normativos-decreto-10-139-2019","status":"publish","type":"page","link":"https:\/\/www.ifbaiano.edu.br\/unidades\/lapa\/revisao-e-consolidacao-dos-atos-normativos-decreto-10-139-2019\/","title":{"rendered":"Revis\u00e3o e Consolida\u00e7\u00e3o dos Atos Normativos &#8211; Decreto 10.139\/2019"},"content":{"rendered":"\n<p><strong>Nesta se\u00e7\u00e3o s\u00e3o divulgadas informa\u00e7\u00f5es sobre a revis\u00e3o e a consolida\u00e7\u00e3o dos atos normativos do IF Baiano &#8211;<em> Campus <\/em>Bom Jesus da Lapa, conforme o Decreto n\u00ba 10.139, de&nbsp;28 de novembro&nbsp;de 2019.<\/strong>&nbsp;<\/p>\n\n\n\n<p><br><\/p>\n\n\n\n<p><a rel=\"noopener noreferrer\" href=\"https:\/\/www.ifbaiano.edu.br\/unidades\/lapa\/files\/2020\/09\/Decreto-10.139-2019-Revis\u00e3o-de-consolida\u00e7\u00e3o-dos-atos-normativos-inferiores-a-decreto-1.pdf\" target=\"_blank\">Decreto 10.139\/2019 , de&nbsp;28&nbsp;de novembro&nbsp;de&nbsp;2019<\/a> <a rel=\"noopener noreferrer\" href=\"https:\/\/www.ifbaiano.edu.br\/unidades\/lapa\/files\/2020\/09\/Decreto-10.139-2019-Revis\u00e3o-de-consolida\u00e7\u00e3o-dos-atos-normativos-inferiores-a-decreto-1.pdf\" target=\"_blank\">(documento pdf, abre em nova aba)<\/a><br>Disp\u00f5e sobre a revis\u00e3o e a consolida\u00e7\u00e3o dos atos normativos inferiores a decreto. <\/p>\n\n\n\n<p><a rel=\"noopener noreferrer\" href=\"https:\/\/www.ifbaiano.edu.br\/unidades\/lapa\/files\/2020\/09\/PORTARIA-215-2020-Define-procedimentos-para-revis\u00e3o-e-consolida\u00e7\u00e3o-dos-atos-normativos-inferiores-a-decretos-no-IF-Baiano.pdf\" target=\"_blank\">Portaria 215\/2020 &#8211; RET-GAB\/RET\/IFBAIANO , de&nbsp;27 de fevereiro&nbsp;de 2020<\/a> <a rel=\"noopener noreferrer\" href=\"https:\/\/www.ifbaiano.edu.br\/unidades\/lapa\/files\/2020\/09\/PORTARIA-215-2020-Define-procedimentos-para-revis\u00e3o-e-consolida\u00e7\u00e3o-dos-atos-normativos-inferiores-a-decretos-no-IF-Baiano.pdf\" target=\"_blank\">(documento pdf, abre em nova aba)<\/a> <br>Define procedimentos para revis\u00e3o e consolida\u00e7\u00e3o dos atos normativos hierarquicamente inferiores a decreto no \u00e2mbito do Instituto Federal Baiano.<\/p>\n\n\n\n<p><a rel=\"noopener noreferrer\" href=\"https:\/\/www.ifbaiano.edu.br\/unidades\/lapa\/files\/2020\/09\/PORTARIA-460_2020-RET-GAB_Altera-Portaria-215-2020-procedimentos-de-revis\u00e3o-de-atos-normativos-inferiores-a-decretos.pdf\" target=\"_blank\">Portaria&nbsp;460\/2020 &#8211; RET-GAB\/RET\/IFBAIANO , de&nbsp;9 de abril&nbsp;de 2020<\/a> <a rel=\"noopener noreferrer\" href=\"https:\/\/www.ifbaiano.edu.br\/unidades\/lapa\/files\/2020\/09\/PORTARIA-460_2020-RET-GAB_Altera-Portaria-215-2020-procedimentos-de-revis\u00e3o-de-atos-normativos-inferiores-a-decretos.pdf\" target=\"_blank\">(documento pdf, abre em nova aba)<\/a> <br>Define procedimentos para revis\u00e3o e consolida\u00e7\u00e3o dos atos normativos hierarquicamente inferiores a decreto no \u00e2mbito do Instituto Federal Baiano.<\/p>\n\n\n\n<p><a href=\"https:\/\/www.ifbaiano.edu.br\/unidades\/lapa\/files\/2020\/09\/PORTARIA-790_2020-RET-GAB.pdf\" target=\"_blank\" rel=\"noopener noreferrer\">Portaria&nbsp;790\/2020 &#8211; RET-GAB\/RET\/IFBAIANO, de 6 de agosto de 2020 (documento pdf, abre em nova aba)<\/a><br>Altera a portaria n\u00ba 460\/2020, de&nbsp;09 de abril de 2020, que altera a portaria n\u00ba 215\/2020, que define procedimentos para revis\u00e3o e consolida\u00e7\u00e3o dos atos normativos hierarquicamente inferiores ao decreto no \u00e2mbito do Instituto Federal Baiano.<\/p>\n<p><a href=\"https:\/\/www.ifbaiano.edu.br\/unidades\/lapa\/files\/2020\/09\/OFICIO-CIRCULAR-50_2020-RET-GAB_RET_IFBAIANO.pdf\" target=\"_blank\" rel=\"noopener noreferrer\">Of\u00edcio Circular&nbsp;50\/2020 &#8211; RET-GAB\/RET\/IFBAIANO , de 17 de setembro de 2020 (documento pdf, abre em nova aba)<\/a><br>Disp\u00f5e da revis\u00e3o e consolida\u00e7\u00e3o dos atos normativos inferiores a decreto. <\/p>\n\n\n\n<hr class=\"wp-block-separator\" \/>\n\n\n\n<p><strong>Triagem (at\u00e9 29\/09\/2020)<\/strong><br><br><a rel=\"noopener noreferrer\" href=\"https:\/\/www.ifbaiano.edu.br\/unidades\/lapa\/files\/2020\/09\/Listagem-de-Portarias-em-vigor-at\u00e9-29.09.2020-Campus-Bom-Jesus-da-Lapa-1.pdf\" target=\"_blank\">Listagem Completa (documento pdf, abre em nova aba)<\/a><br>Listagem&nbsp;dos atos normativos inferiores a decreto vigentes&nbsp;do IF Baiano &#8211; <em>Campus<\/em> Bom Jesus da Lapa (at\u00e9 29.09.2020)&nbsp;<br><br><a rel=\"noopener noreferrer\" href=\"https:\/\/www.ifbaiano.edu.br\/unidades\/lapa\/files\/2020\/09\/PORTARIA-74_2020-Disp\u00f5e-sobre-a-publica\u00e7\u00e3o-da-listagem-completa-dos-atos-normativos-inferiores-a-decreto-vigentes-do-IF-Baiano-Campus-Bom-Jesus-da-Lapa-1.pdf\" target=\"_blank\">Portaria&nbsp;74\/2020 &#8211; BJL-GAB\/BJL-DG\/RET\/IFBAIANO , de 29 de&nbsp;setembro de 2020 (documento pdf, abre em nova aba)<\/a> <br>Disp\u00f5e sobre a publica\u00e7\u00e3o da listagem completa dos atos normativos inferiores a decreto vigentes do IF Baiano &#8211; <em>Campus<\/em> Bom Jesus da Lapa. <\/p>\n\n\n\n<hr class=\"wp-block-separator\" \/>\n\n\n\n<p><strong>Primeira Etapa<\/strong><br><\/p>\n\n\n\n<p class=\"wp-block-file\"><a href=\"https:\/\/www.ifbaiano.edu.br\/unidades\/lapa\/files\/2020\/12\/Atos-Normativos-Administrativos-2010-2011.pdf\" target=\"_blank\" rel=\"noreferrer noopener\"> Atos Normativos Administrativos (2009-2011) (documento pdf, abre em nova aba)<\/a><\/p>\n<p>Portaria de Revoga\u00e7\u00e3o<br><a href=\"https:\/\/www.ifbaiano.edu.br\/unidades\/lapa\/files\/2020\/12\/PORTARIA-104-2020\u2013BJL-GAB-BJL-DG-RET-IFBAIANO.pdf\" target=\"_blank\" rel=\"noopener noreferrer\">Portaria 104\/2020 &#8211; BJL-GAB\/BJL-DG\/RET\/IFBAIANO, de 27 de novembro de 2020 (documento pdf, abre em nova aba)<\/a><br> Revogar Atos Normativos referentes \u00e0 primeira etapa de revis\u00e3o e consolida\u00e7\u00e3o dos atos normativos inferiores a decreto do Instituto Federal Baiano &#8211; <em>Campus<\/em> Bom Jesus da Lapa, em atendimento ao Decreto n\u00ba 10.139, de 28 de novembro de 2019<\/p>\n\n\n\n<p><strong>Segunda Etapa<\/strong><br><\/p>\n\n\n\n<p><a href=\"https:\/\/www.ifbaiano.edu.br\/unidades\/lapa\/files\/2021\/02\/Atos-Normativos-Administrativos-2012-2015.pdf\" target=\"_blank\" rel=\"noopener noreferrer\">Atos Normativos Administrativos (2012-2015) (documento pdf, abre em nova aba)<\/a>\n<p>Portaria de Revoga\u00e7\u00e3o<br>\n<a href=\"https:\/\/www.ifbaiano.edu.br\/unidades\/lapa\/files\/2021\/02\/Portaria_13_2021.pdf\" target=\"_blank\" rel=\"noopener noreferrer\">Portaria 13\/2021 &#8211; BJL-GAB\/BJL-DG\/RET\/IFBAIANO, de 24 de fevereiro de 2021 (documento pdf, abre em nova aba)<\/a> <br>Revogar Atos Normativos referentes \u00e0 segunda etapa de revis\u00e3o e consolida\u00e7\u00e3o dos atos normativos inferiores a decreto do Instituto Federal Baiano &#8211; <em>Campus<\/em> Bom Jesus da Lapa, em atendimento ao Decreto n\u00ba 10.139, de 28 de novembro de 2019<\/p>\n<\/p>\n<p><a href=\"https:\/\/www.ifbaiano.edu.br\/unidades\/lapa\/files\/2021\/02\/Atos-Normativos-Administrativos-Revisados-Consolidados-2012-2015.pdf\" target=\"_blank\" rel=\"noopener noreferrer\">Atos Normativos Administrativos Revisados\/Consolidados (2012-2015) (documento pdf, abre em nova aba)<\/a><\/p>\n<p>Portaria(s) de Revis\u00e3o\/Consolida\u00e7\u00e3o <br>\n<a href=\"https:\/\/www.ifbaiano.edu.br\/unidades\/lapa\/files\/2021\/02\/Portaria-Normativa-1-2021.pdf\" target=\"_blank\" rel=\"noopener noreferrer\">Portaria Normativa 1\/2021 &#8211; BJL-GAB\/BJL-DG\/RET\/IFBAIANO, de 24 de fevereiro de 2021 (documento pdf, abre em nova aba)<\/a><br> Instituir a Pol\u00edtica de Sustentabilidade do <em>Campus<\/em> Bom Jesus da Lapa.<\/p>\n\n\n\n<p><strong>Terceira Etapa<\/strong><\/p>\n\n\n\n<p><a href=\"https:\/\/www.ifbaiano.edu.br\/unidades\/lapa\/files\/2021\/05\/atos-normativos-administrativos-2016-2019.pdf\" target=\"_blank\" rel=\"noopener\">Atos Normativos Administrativos (2016-2019) (documento pdf, abre em nova aba)<\/a><\/p>\n<p>Portaria de Revoga\u00e7\u00e3o<br>\n<a href=\"https:\/\/www.ifbaiano.edu.br\/unidades\/lapa\/files\/2021\/05\/portaria-43-2021.pdf\" target=\"_blank\" rel=\"noopener\">Portaria 43\/2021 &#8211; BJL-GAB\/BJL-DG\/RET\/IFBAIANO, de 24 de maio de 2021 (documento pdf, abre em nova aba)<\/a> &#8211; Revogar Atos Normativos referentes \u00e0 terceira etapa de revis\u00e3o e consolida\u00e7\u00e3o dos atos normativos inferiores a decreto do Instituto Federal Baiano &#8211; Campus Bom Jesus da Lapa, em atendimento ao Decreto n\u00ba 10.139, de 28 de novembro de 2019.<\/p>\n<p><a href=\"https:\/\/www.ifbaiano.edu.br\/unidades\/lapa\/files\/2021\/05\/atos-normativos-administrativos-revisados-consolidados-2016-2019-atualizado-28-05-2021.pdf\" target=\"_blank\" rel=\"noopener\">Atos Normativos Administrativos Revisados\/Consolidados (2016-2019) (documento pdf, abre em nova aba)<\/a><p>\n<p>Portaria(s) de Revis\u00e3o\/Consolida\u00e7\u00e3o<br>\n<a href=\"https:\/\/www.ifbaiano.edu.br\/unidades\/lapa\/files\/2021\/05\/portaria-normativa-3-2021.pdf\" target=\"_blank\" rel=\"noopener\">Portaria Normativa 3\/2021 &#8211; BJL-GAB\/BJL-DG\/RET\/IFBAIANO, de 25 de maio de 2021 (documento pdf, abre em nova aba)<\/a> &#8211; Estabelece os procedimentos para a comercializa\u00e7\u00e3o da produ\u00e7\u00e3o vegetal e animal.\n\n\n\n<p><strong>Quarta Etapa<\/strong><\/p>\n\n\n\n<p><a rel=\"noreferrer noopener\" href=\"https:\/\/www.ifbaiano.edu.br\/unidades\/lapa\/files\/2021\/08\/4.1-Atos-Normativos-Academicos-2010-2013.pdf\" target=\"_blank\">Atos&nbsp;Normativos&nbsp;Acad\u00eamicos&nbsp;(2010-2013) (documento pdf, abre em nova aba) <\/a><\/p>\n\n\n\n<p><strong>Quinta Etapa<\/strong><\/p>\n\n\n\n<p><a rel=\"noreferrer noopener\" href=\"https:\/\/www.ifbaiano.edu.br\/unidades\/lapa\/files\/2021\/11\/atos-normativos-academicos-2014-2019.pdf\" target=\"_blank\">Atos&nbsp;Normativos&nbsp;Acad\u00eamicos&nbsp;(2014-2019) (documento pdf, abre em nova aba) <\/a><\/p>\n<p>Portaria de Revoga\u00e7\u00e3o<br>\n<a href=\"https:\/\/www.ifbaiano.edu.br\/unidades\/lapa\/files\/2021\/11\/portaria-107-2021.pdf\" target=\"_blank\" rel=\"noopener\"> Portaria 107\/2021 &#8211; BJL-GAB\/BJL-DG\/RET\/IFBAIANO, de 30 de novembro de 2021 (documento pdf, abre em nova aba)<\/a> &#8211; Revoga Atos Normativos referentes \u00e0 quinta etapa de revis\u00e3o e consolida\u00e7\u00e3o dos atos normativos inferiores a decreto do Instituto Federal Baiano &#8211; Campus Bom Jesus da Lapa, em atendimento ao Decreto n\u00ba 10.139, de 28 de novembro de 2019.<\/p>\n<p><a rel=\"noreferrer noopener\" href=\"https:\/\/www.ifbaiano.edu.br\/unidades\/lapa\/files\/2021\/11\/atos-normativos-academicos-revisados-consolidados-2014-2019.pdf\" target=\"_blank\">Atos Normativos Acad\u00eamicos Revisados\/Consolidados (2014-2019) (documento pdf, abre em nova aba) <\/a><\/p>\n<a href=\"https:\/\/www.ifbaiano.edu.br\/unidades\/lapa\/files\/2021\/11\/portaria-106-2021.pdf\" target=\"_blank\" rel=\"noopener\"> Portaria 106\/2021 &#8211; BJL-GAB\/BJL-DG\/RET\/IFBAIANO, de 30 de novembro de 2021 (documento pdf, abre em nova aba)<\/a> &#8211; Homologa o Estatuto do Gr\u00eamio Estudantil de Educa\u00e7\u00e3o, Ci\u00eancia e Tecnologia (GETEC) do IF Baiano &#8211; Campus Bom Jesus da Lapa, aprovado no dia 16 de abril de 2014, em Assembleia Geral dos Estudantes.<\/p>\n","protected":false},"excerpt":{"rendered":"<p>Nesta se\u00e7\u00e3o s\u00e3o divulgadas informa\u00e7\u00f5es sobre a revis\u00e3o e a consolida\u00e7\u00e3o dos atos normativos do IF Baiano &#8211; Campus Bom Jesus da Lapa, conforme o Decreto n\u00ba 10.139, de&nbsp;28 de novembro&nbsp;de 2019.&nbsp; Decreto 10.139\/2019 , de&nbsp;28&nbsp;de novembro&nbsp;de&nbsp;2019 (documento pdf, abre em nova aba)Disp\u00f5e sobre a revis\u00e3o e a consolida\u00e7\u00e3o dos atos normativos inferiores a decreto. [&hellip;]<\/p>\n","protected":false},"author":58,"featured_media":0,"parent":0,"menu_order":0,"comment_status":"closed","ping_status":"closed","template":"","meta":[],"_links":{"self":[{"href":"https:\/\/www.ifbaiano.edu.br\/unidades\/lapa\/wp-json\/wp\/v2\/pages\/17209"}],"collection":[{"href":"https:\/\/www.ifbaiano.edu.br\/unidades\/lapa\/wp-json\/wp\/v2\/pages"}],"about":[{"href":"https:\/\/www.ifbaiano.edu.br\/unidades\/lapa\/wp-json\/wp\/v2\/types\/page"}],"author":[{"embeddable":true,"href":"https:\/\/www.ifbaiano.edu.br\/unidades\/lapa\/wp-json\/wp\/v2\/users\/58"}],"replies":[{"embeddable":true,"href":"https:\/\/www.ifbaiano.edu.br\/unidades\/lapa\/wp-json\/wp\/v2\/comments?post=17209"}],"version-history":[{"count":96,"href":"https:\/\/www.ifbaiano.edu.br\/unidades\/lapa\/wp-json\/wp\/v2\/pages\/17209\/revisions"}],"predecessor-version":[{"id":21899,"href":"https:\/\/www.ifbaiano.edu.br\/unidades\/lapa\/wp-json\/wp\/v2\/pages\/17209\/revisions\/21899"}],"wp:attachment":[{"href":"https:\/\/www.ifbaiano.edu.br\/unidades\/lapa\/wp-json\/wp\/v2\/media?parent=17209"}],"curies":[{"name":"wp","href":"https:\/\/api.w.org\/{rel}","templated":true}]}}