{"id":1726,"date":"2014-01-28T18:17:43","date_gmt":"2014-01-28T20:17:43","guid":{"rendered":"http:\/\/www.ifbaiano.edu.br\/unidades\/lapa\/?page_id=1726"},"modified":"2024-09-16T10:23:24","modified_gmt":"2024-09-16T13:23:24","slug":"tecnicos-administrativos-2","status":"publish","type":"page","link":"https:\/\/www.ifbaiano.edu.br\/unidades\/lapa\/tecnicos-administrativos-2\/","title":{"rendered":"T\u00e9cnicos Administrativos"},"content":{"rendered":"\n<div>Neste espa\u00e7o, disponibilizamos a rela\u00e7\u00e3o dos T\u00e9cnicos Administrativos lotados no Campus Bom Jesus da Lapa, com seus respectivos cargos, contatos e link do curr\u00edculo lattes.<\/div>\n\n<div><strong>______________________________________________<\/strong><\/div>\n<div>\n<div><strong style=\"text-transform: uppercase\">Ailton Rodrigues da Silva<\/strong><\/div>\n<div><em>Assistente de Alunos<\/em><\/div>\n<div><strong>E-mail<\/strong>:&nbsp;<strong><a href=\"ailton.silva@ifbaiano.edu.br\">ailton.silva@ifbaiano.edu.br<\/a><\/strong><\/div>\n<div><strong>Acesse:&nbsp;<a href=\"http:\/\/lattes.cnpq.br\/6284990638952654\" target=\"_blank\" rel=\"noopener noreferrer\">Curr\u00edculo Lattes<\/a><\/strong><\/div>\n<\/div>\n\n<div><strong>______________________________________________<\/strong><\/div>\n<div>\n<div><strong style=\"text-transform: uppercase\">Aline Soares de Lima<\/strong><\/div>\n<div><i>Psic\u00f3loga<\/i><\/div>\n<div><strong>E-mail<\/strong>:&nbsp;<strong><a href=\"aline.soares@ifbaiano.edu.br\">aline.soares@ifbaiano.edu.br<\/a><\/strong><\/div>\n<div><strong>Acesse:&nbsp;<a href=\"http:\/\/lattes.cnpq.br\/3479001871735838\" target=\"_blank\" rel=\"noopener noreferrer\">Curr\u00edculo Lattes<\/a><\/strong><\/div>\n<\/div>\n\n<div><strong>______________________________________________<\/strong><\/div>\n<div>\n<div><strong style=\"text-transform: uppercase\">Ariaidny Silva Farias<\/strong><\/div>\n<div><em>T\u00e9cnica em Laborat\u00f3rio<\/em><\/div>\n<div><strong>E-mail<\/strong>:&nbsp;<strong><a href=\"ariaidny.farias@ifbaiano.edu.br\">ariaidny.farias@ifbaiano.edu.br<\/a><\/strong><\/div>\n<div><strong>Acesse:&nbsp;<a href=\"http:\/\/lattes.cnpq.br\/8386231396986392\" target=\"_blank\" rel=\"noopener noreferrer\">Curr\u00edculo Lattes<\/a><\/strong><\/div>\n<\/div>\n\n\n<div><strong>______________________________________________<\/strong><\/div>\n<div>\n<div><strong style=\"text-transform: uppercase\">Bolivar Cotrim Leite Junior<\/strong><\/div>\n<div><em>T\u00e9cnico em Audiovisual<\/em><\/div>\n<div><strong>E-mail<\/strong>:&nbsp;<strong><a href=\"bolivar.junior@ifbaiano.edu.br\">bolivar.junior@ifbaiano.edu.br<\/a><\/strong><\/div>\n<div><strong>Acesse:&nbsp;<a href=\"http:\/\/lattes.cnpq.br\/0141441289515636\" target=\"_blank\" rel=\"noopener noreferrer\">Curr\u00edculo Lattes<\/a><\/strong><\/div>\n<\/div>\n\n<div><strong>______________________________________________<\/strong><\/div>\n<div>\n<div><strong style=\"text-transform: uppercase\">Bruna Munique Ferreira Silva<\/strong><\/div>\n<div><em>Assistente em Administra\u00e7\u00e3o<\/em><\/div>\n<div><strong>E-mail<\/strong>:&nbsp;<strong><a href=\"bruna.silva@ifbaiano.edu.br\">bruna.silva@ifbaiano.edu.br<\/a><\/strong><\/div>\n<div><strong>Acesse:&nbsp;<a href=\"\" target=\"_blank\" rel=\"noopener noreferrer\">Curr\u00edculo Lattes<\/a><\/strong><\/div>\n<\/div>\n\n\n\n\n<div><strong>______________________________________________<\/strong><\/div>\n<div>\n<div><strong style=\"text-transform: uppercase\">Catarina de Freitas Barbosa Assis<\/strong><\/div>\n<div><em>Bibliotec\u00e1ria-Documentalista<\/em><\/div>\n<div><strong>E-mail<\/strong>:&nbsp;<strong><a href=\"catarina.barbosa@ifbaiano.edu.br\">catarina.barbosa@ifbaiano.edu.br<\/a><\/strong><\/div>\n<div><strong>Acesse:&nbsp;<a href=\"http:\/\/lattes.cnpq.br\/\" target=\"_blank\" rel=\"noopener noreferrer\">Curr\u00edculo Lattes<\/a><\/strong><\/div>\n<\/div>\n\n<div><strong>______________________________________________<\/strong><\/div>\n<div>\n<div><strong style=\"text-transform: uppercase\">Cristiano Marcos de Oliveira Dias<\/strong><\/div>\n<div><em>T\u00e9cnico em Agropecu\u00e1ria<\/em><\/div>\n<div><strong>E-mail<\/strong>: <strong><a href=\"cristiano.dias@ifbaiano.edu.br\" target=\"_blank\" rel=\"noopener noreferrer\">cristiano.dias@ifbaiano.edu.br<\/a><\/strong><\/div>\n<div><strong>Acesse:&nbsp;<a href=\"http:\/\/lattes.cnpq.br\/9657197944717912\" target=\"_blank\" rel=\"noopener noreferrer\">Curr\u00edculo Lattes<\/a><\/strong><\/div>\n<\/div>\n\n<div><strong>______________________________________________<\/strong><\/div>\n<div>\n<div><strong style=\"text-transform: uppercase\">Cyntia Layane Almeida Gusm\u00e3o Souza<\/strong><\/div>\n<div><em>Assistente Social<\/em><\/div>\n<div><strong>E-mail<\/strong>: <strong><a href=\"cyntia.souza@ifbaiano.edu.br\" target=\"_blank\" rel=\"noopener noreferrer\">cyntia.souza@ifbaiano.edu.br<\/a><\/strong><\/div>\n<div><strong>Acesse:&nbsp;<a href=\"http:\/\/lattes.cnpq.br\/1613462005452737\" target=\"_blank\" rel=\"noopener noreferrer\">Curr\u00edculo Lattes<\/a><\/strong><\/div>\n<\/div>\n\n<div><strong>_______________________________________________<\/strong><\/div>\n<div>\n<div><strong style=\"text-transform: uppercase\">Diele dos Santos Cardoso<\/strong><\/div>\n<div><em>Assistente em Administra\u00e7\u00e3o<\/em><\/div>\n<div><strong>E-mail<\/strong>:&nbsp;<strong><a href=\"diele.cardoso@ifbaiano.edu.br\">diele.cardoso@ifbaiano.edu.br<\/a><\/strong><\/div>\n<div><strong>Acesse:&nbsp;<a href=\"http:\/\/lattes.cnpq.br\/7145131422637015\" target=\"_blank\" rel=\"noopener noreferrer\">Curr\u00edculo Lattes<\/a><\/strong><\/div>\n<\/div>\n\n<div><strong>_______________________________________________<\/strong><\/div>\n<div>\n<div><strong style=\"text-transform: uppercase\">Edna de Souza Costa<\/strong><\/div>\n<div><em>Auxiliar em Administra\u00e7\u00e3o<\/em><\/div>\n<div><strong>E-mail<\/strong>:&nbsp;<strong><a href=\"edna.costa@ifbaiano.edu.br\">edna.costa@ifbaiano.edu.br<\/a><\/strong><\/div>\n<div><strong>Acesse:&nbsp;<a href=\"#\" target=\"_blank\" rel=\"noopener noreferrer\">Curr\u00edculo Lattes<\/a><\/strong><\/div>\n<\/div>\n\n<div><strong>_______________________________________________<\/strong><\/div>\n<div>\n<div><strong style=\"text-transform: uppercase\">Edv\u00e2nio Campos Macedo<\/strong><\/div>\n<div><em>Auxiliar em Administra\u00e7\u00e3o<\/em><\/div>\n<div><strong>E-mail<\/strong>: <strong><a href=\"edvanio.macedo@ifbaiano.edu.br\">edvanio.macedo@ifbaiano.edu.br<\/a><\/strong><\/div>\n<div><strong>Acesse:&nbsp;<a href=\"http:\/\/lattes.cnpq.br\/2827154572407002\" target=\"_blank\" rel=\"noopener noreferrer\">Curr\u00edculo Lattes<\/a><\/strong><\/div>\n<\/div>\n\n<div><strong>______________________________________________<\/strong><\/div>\n<div>\n<div><strong style=\"text-transform: uppercase\">Gislane de Oliveira Costa<\/strong><\/div>\n<div><em>Assistente em Administra\u00e7\u00e3o<\/em><\/div>\n<div><strong>E-mail<\/strong>:&nbsp;<strong><a href=\"gislane.costa@ifbaiano.edu.br\">gislane.costa@ifbaiano.edu.br<\/a><\/strong><\/div>\n<div><strong>Acesse:&nbsp;<a href=\"http:\/\/lattes.cnpq.br\/1098667106724685\" target=\"_blank\" rel=\"noopener noreferrer\">Curr\u00edculo Lattes<\/a><\/strong><\/div>\n<\/div>\n\n<div><strong>_______________________________________________<\/strong><\/div>\n<div>\n<div><strong style=\"text-transform: uppercase\">Grace Itana Cruz de Oliveira<\/strong><\/div>\n<div><em>T\u00e9cnica em Assuntos Educacionais<\/em><\/div>\n<div><strong>E-mail<\/strong>: <strong><a href=\"grace.oliveira@ifbaiano.edu.br\">grace.oliveira@ifbaiano.edu.br<\/a><\/strong><\/div>\n<div><strong>Acesse:&nbsp;<a href=\"http:\/\/buscatextual.cnpq.br\/buscatextual\/visualizacv.do?id=K4278626H1\" target=\"_blank\" rel=\"noopener noreferrer\">Curr\u00edculo Lattes<\/a><\/strong><\/div>\n<\/div>\n\n<div><strong>______________________________________________<\/strong><\/div>\n<div>\n<div><strong style=\"text-transform: uppercase\">Gustavo Ten\u00f3rio Ara\u00fajo<\/strong><\/div>\n<div><em>Assistente de Laborat\u00f3rio<\/em><\/div>\n<div><strong>E-mail<\/strong>:&nbsp;<strong><a href=\"gustavo.araujo@ifbaiano.edu.br\">gustavo.araujo@ifbaiano.edu.br<\/a><\/strong><\/div>\n<div><strong>Acesse:&nbsp;<a href=\"http:\/\/buscatextual.cnpq.br\/buscatextual\/visualizacv.do?id=K4475357J6\" target=\"_blank\" rel=\"noopener noreferrer\">Curr\u00edculo Lattes<\/a><\/strong><\/div>\n<\/div>\n\n<div><strong>_______________________________________________<\/strong><\/div>\n<div>\n<div><strong style=\"text-transform: uppercase\">H\u00e2nia Gracielle Brito Soares da Silva<\/strong><\/div>\n<div><em>Assistente de Aluno<\/em><\/div>\n<div><strong>E-mail<\/strong>:&nbsp;<strong><a href=\"hania.silva@ifbaiano.edu.br\" target=\"_blank\" rel=\"noopener noreferrer\">hania.silva@ifbaiano.edu.br<\/a><\/strong><\/div>\n<div><strong>Acesse:&nbsp;Curr\u00edculo Lattes<\/strong><\/div>\n<\/div>\n\n<div><strong>_______________________________________________<\/strong><\/div>\n<div>\n<div><strong style=\"text-transform: uppercase\">Isaac Silva de Jesus<\/strong><\/div>\n<div><em>Auxiliar de Biblioteca<\/em><\/div>\n<div><strong>E-mail<\/strong>: <strong><a href=\"isaac.jesus@ifbaiano.edu.br\" target=\"_blank\" rel=\"noopener noreferrer\">isaac.jesus@ifbaiano.edu.br<\/a><\/strong><\/div>\n<div><strong>Acesse:&nbsp;<a href=\"http:\/\/lattes.cnpq.br\/7067853141452221\" target=\"_blank\" rel=\"noopener noreferrer\">Curr\u00edculo Lattes<\/a><\/strong><\/div>\n<\/div>\n\n<div><strong>_______________________________________________<\/strong><\/div>\n<div>\n<div><strong style=\"text-transform: uppercase\">Jeany Freire de Oliveira<\/strong><\/div>\n<div><em>Enfermeira<\/em><\/div>\n<div><strong>E-mail<\/strong>: <strong><a href=\"jeany.oliveira@ifbaiano.edu.br\" target=\"_blank\" rel=\"noopener noreferrer\">jeany.oliveira@ifbaiano.edu.br<\/a><\/strong><\/div>\n<div><strong>Acesse:&nbsp;<a href=\"http:\/\/lattes.cnpq.br\/7692209690417073\" target=\"_blank\" rel=\"noopener noreferrer\">Curr\u00edculo Lattes<\/a><\/strong><\/div>\n<\/div>\n\n\n\n<div><strong>_______________________________________________<\/strong><\/div>\n<div>\n<div><strong style=\"text-transform: uppercase\">Jorge Abdon Miranda de Souza Junior<\/strong><\/div>\n<div><em>Auxiliar em Administra\u00e7\u00e3o<\/em><\/div>\n<div><strong>E-mail<\/strong>: <strong><a href=\"jorge.souza@ifbaiano.edu.br\" target=\"_blank\" rel=\"noopener noreferrer\">jorge.souza@ifbaiano.edu.br<\/a><\/strong><\/div>\n<div><strong>Acesse:&nbsp;<a href=\"http:\/\/lattes.cnpq.br\/2736471555880003\" target=\"_blank\" rel=\"noopener noreferrer\">Curr\u00edculo Lattes<\/a><\/strong><\/div>\n<\/div>\n\n\n<div><strong>_______________________________________________<\/strong><\/div>\n<div>\n<div><strong style=\"text-transform: uppercase\">Jorge Ivan Ribeiro de Souza<\/strong><\/div>\n<div><em>T\u00e9cnico em Agropecu\u00e1ria<\/em><\/div>\n<div><strong>E-mail<\/strong>: <strong><a href=\"jorge.ribeiro@ifbaiano.edu.br\" target=\"_blank\" rel=\"noopener noreferrer\">jorge.ribeiro@ifbaiano.edu.br<\/a><\/strong><\/div>\n<div><strong>Acesse:&nbsp;<a href=\"http:\/\/lattes.cnpq.br\/0209529248339325\" target=\"_blank\" rel=\"noopener noreferrer\">Curr\u00edculo Lattes<\/a><\/strong><\/div>\n<\/div>\n\n\n<div><strong>_______________________________________________<\/strong><\/div>\n<div>\n<div><strong style=\"text-transform: uppercase\">Junio Batista Cust\u00f3dio<\/strong><\/div>\n<div><em>T\u00e9cnico em Assuntos Educacionais<\/em><\/div>\n<div><strong>E-mail<\/strong>: <strong><a href=\"junio.batista@ifbaiano.edu.br\" target=\"_blank\" rel=\"noopener noreferrer\">junio.batista@ifbaiano.edu.br<\/a><\/strong><\/div>\n<div><strong>Acesse:&nbsp;<a href=\"http:\/\/lattes.cnpq.br\/0246349034307229\" target=\"_blank\" rel=\"noopener noreferrer\">Curr\u00edculo Lattes<\/a><\/strong><\/div>\n<\/div>\n\n<div><strong>_______________________________________________<\/strong><\/div>\n<div>\n<div><strong style=\"text-transform: uppercase\">Larissa Lopes Silva<\/strong><\/div>\n<div><em>Assistente em Administra\u00e7\u00e3o<\/em><\/div>\n<div><strong>E-mail<\/strong>: <strong><a href=\"larissa.lopes@ifbaiano.edu.br\" target=\"_blank\" rel=\"noopener noreferrer\">larissa.lopes@ifbaiano.edu.br<\/a><\/strong><\/div>\n<div><strong>Acesse:&nbsp;<a href=\"http:\/\/lattes.cnpq.br\/\" target=\"_blank\" rel=\"noopener noreferrer\">Curr\u00edculo Lattes<\/a><\/strong><\/div>\n<\/div>\n\n<div><strong>_______________________________________________<\/strong><\/div>\n<div>\n<div><strong style=\"text-transform: uppercase\">Liz Vasconcelos Cruz Silva <\/strong><\/div>\n<div><em>Nutricionista<\/em><\/div>\n<div><strong>E-mail<\/strong>: <strong><a href=\"liz.silva@ifbaiano.edu.br\" target=\"_blank\" rel=\"noopener noreferrer\">liz.silva@ifbaiano.edu.br<\/a><\/strong><\/div>\n<div><strong>Acesse:&nbsp;<a href=\"http:\/\/lattes.cnpq.br\/8330323608106573\" target=\"_blank\" rel=\"noopener noreferrer\">Curr\u00edculo Lattes<\/a><\/strong><\/div>\n<\/div>\n\n<div><strong>_______________________________________________<\/strong><\/div>\n<div>\n<div><strong style=\"text-transform: uppercase\">Luciana Pereira Cardial Teixeira<\/strong><\/div>\n<div><em>Tradutora Interprete de <span style=\"text-transform: uppercase\">Libras<\/span><\/em><\/div>\n<div><strong>E-mail<\/strong>: <strong><a href=\"luciana.teixeira@ifbaiano.edu.br\">luciana.teixeira@ifbaiano.edu.br<\/a><\/strong><\/div>\n<div><strong>Acesse:&nbsp;<a href=\"http:\/\/lattes.cnpq.br\/3237738847281216\" target=\"_blank\" rel=\"noopener noreferrer\">Curr\u00edculo Lattes<\/a><\/strong><\/div>\n<\/div>\n\n<div><strong>_______________________________________________<\/strong><\/div>\n<div>\n<div><strong style=\"text-transform: uppercase\">Luciana Silva Amorim<\/strong><\/div>\n<div><em>Pedagoga<\/em><\/div>\n<div><strong>E-mail<\/strong>: <strong><a href=\"luciana.amorim@ifbaiano.edu.br\">luciana.amorim@ifbaiano.edu.br<\/a><\/strong><\/div>\n<div><strong>Acesse:&nbsp;<a href=\"#\" target=\"_blank\" rel=\"noopener noreferrer\">Curr\u00edculo Lattes<\/a><\/strong><\/div>\n<\/div>\n\n<div><strong>_______________________________________________<\/strong><\/div>\n<div>\n<div><strong style=\"text-transform: uppercase\">Luciana Souza Viana<\/strong><\/div>\n<div><em>Assistente de Aluno<\/em><\/div>\n<div><strong>E-mail<\/strong>: <strong><a href=\"luciana.viana@ifbaiano.edu.br\" target=\"_blank\" rel=\"noopener noreferrer\">luciana.viana@ifbaiano.edu.br<\/a><\/strong><\/div>\n<div><strong>Acesse:&nbsp;<strong><a href=\"http:\/\/lattes.cnpq.br\/5069980369070242\" target=\"_blank\" rel=\"nooperner noreferrer noopener\">Curr\u00edculo Lattes<\/a><\/strong><\/strong><\/div>\n<\/div>\n\n\n<div><strong>_______________________________________________<\/strong><\/div>\n<div>\n<div><strong style=\"text-transform: uppercase\">Ludgero Rego Barros Neto<\/strong><\/div>\n<div><em>Assistente em Administra\u00e7\u00e3o<\/em><\/div>\n<div><strong>E-mail<\/strong>:&nbsp;<strong><a href=\"ludgero.neto@ifbaiano.edu.br\">ludgero.neto@ifbaiano.edu.br<\/a><\/strong><\/div>\n<div><strong>Acesse:&nbsp;<a href=\"http:\/\/lattes.cnpq.br\/9503908974203678\" target=\"_blank\" rel=\"noopener noreferrer\">Curr\u00edculo Lattes<\/a><\/strong><\/div>\n<\/div>\n\n\n<div><strong>_______________________________________________<\/strong><\/div>\n<div>\n<div><strong style=\"text-transform: uppercase\">Manfla Macedo Franca Farias<\/strong><\/div>\n<div><em>Contador<\/em><\/div>\n<div><strong>E-mail<\/strong>:&nbsp;<strong><a href=\"manfla.farias@ifbaiano.edu.br\">manfla.farias@ifbaiano.edu.br<\/a><\/strong><\/div>\n<div><strong>Acesse:&nbsp;<a href=\"http:\/\/lattes.cnpq.br\/6217652559224958\" target=\"_blank\" rel=\"noopener noreferrer\">Curr\u00edculo Lattes<\/a><\/strong><\/div>\n<\/div>\n\n\n<div><strong>_______________________________________________<\/strong><\/div>\n<div>\n<div><strong style=\"text-transform: uppercase\">M\u00e1rcio Pereira de Jesus dos Santos <\/strong><\/div>\n<div><em>T\u00e9cnico em Laborat\u00f3rio<\/em><\/div>\n<div><strong>E-mail<\/strong>:&nbsp;<strong><a href=\"marcio.santos@ifbaiano.edu.br\">marcio.santos@ifbaiano.edu.br<\/a><\/strong><\/div>\n<div><strong>Acesse:&nbsp;<a href=\"http:\/\/lattes.cnpq.br\/8881910298670591\" target=\"_blank\" rel=\"noopener noreferrer\">Curr\u00edculo Lattes<\/a><\/strong><\/div>\n<\/div>\n\n<div><strong>_______________________________________________<\/strong><\/div>\n<div>\n<div><strong style=\"text-transform: uppercase\">Mileide de Souza Carvalho<\/strong><\/div>\n<div><em>Assistente em Administra\u00e7\u00e3o<\/em><\/div>\n<div><strong>E-mail<\/strong>:&nbsp;<strong><a href=\"vasni.filho@lapa.ifbaiano.edu.br\">mileide.carvalho@lapa.ifbaiano.edu.br<\/a> <\/strong><\/div>\n<div><strong>Acesse:&nbsp;<a href=\"http:\/\/lattes.cnpq.br\/3503063372816580\" target=\"_blank\" rel=\"noopener noreferrer\">Curr\u00edculo Lattes<\/a><\/strong><\/div>\n<\/div>\n\n<div><strong>_______________________________________________<\/strong><\/div>\n<div>\n<div><strong style=\"text-transform: uppercase\">Nelma Nascimento Castro<\/strong><\/div>\n<div><em>Assistente em Administra\u00e7\u00e3o<\/em><\/div>\n<div><strong>E-mail<\/strong>:&nbsp;<strong><a href=\"vasni.filho@lapa.ifbaiano.edu.br\">nelma.castro@ifbaiano.edu.br<\/a> <\/strong><\/div>\n<div><strong>Acesse:&nbsp;<a href=\"http:\/\/lattes.cnpq.br\/6051103869611700\" target=\"_blank\" rel=\"noopener noreferrer\">Curr\u00edculo Lattes<\/a><\/strong><\/div>\n<\/div>\n\n\n\n<div><strong>_______________________________________________<\/strong><\/div>\n<div>\n<div><strong style=\"text-transform: uppercase\">Sandra Maria de Brito Pereira<\/strong><\/div>\n<div><em>Assistente em Administra\u00e7\u00e3o<\/em><\/div>\n<div><strong>E-mail<\/strong>:&nbsp;<strong><a href=\"sandra.brito@ifbaiano.edu.br\">sandra.brito@ifbaiano.edu.br<\/a><\/strong><\/div>\n<div><strong>Acesse:&nbsp;<a href=\"http:\/\/lattes.cnpq.br\/5034830125350818\" target=\"_blank\" rel=\"noopener noreferrer\">Curr\u00edculo Lattes<\/a><\/strong><\/div>\n<\/div>\n\n<div><strong>_______________________________________________<\/strong><\/div>\n<div>\n<div><strong style=\"text-transform: uppercase\">Ta\u00eddio Pereira de Oliveira<\/strong><\/div>\n<div><em>T\u00e9cnico em Assuntos Educacionais<\/em><\/div>\n<div><strong>E-mail<\/strong>: <strong><a href=\"taidio.oliveira@ifbaiano.edu.br\">taidio.oliveira@ifbaiano.edu.br<\/a><\/strong><\/div>\n<div><strong>Acesse:&nbsp;<a href=\"http:\/\/lattes.cnpq.br\/7484312735020213\" target=\"_blank\" rel=\"noopener noreferrer\">Curr\u00edculo Lattes<\/a><\/strong><\/div>\n<\/div>\n\n\n<div><strong>_______________________________________________<\/strong><\/div>\n<div>\n<div><strong style=\"text-transform: uppercase\">Tame Daniele Ribeiro Andrade<\/strong><\/div>\n<div><em>Assistente em Administra\u00e7\u00e3o<\/em><\/div>\n<div><strong>E-mail<\/strong>: <strong><a href=\"tame.andrade@ifbaiano.edu.br\">tame.andrade@ifbaiano.edu.br<\/a><\/strong><\/div>\n<div><strong>Acesse:&nbsp;<a href=\"http:\/\/lattes.cnpq.br\/0641573320462458\" target=\"_blank\" rel=\"noopener noreferrer\">Curr\u00edculo Lattes<\/a><\/strong><\/div>\n<\/div>\n<div>\n\n<div><strong>_______________________________________________<\/strong><\/div>\n<div>\n<div><strong style=\"text-transform: uppercase\">Thiago Santos Souza<\/strong><\/div>\n<div><em>T\u00e9cnico de Tecnologia da Informa\u00e7\u00e3o<\/em><\/div>\n<div><strong>E-mail<\/strong>: <strong><a href=\"#\">thiago.souza@ifbaiano.edu.br<\/a><a href=\"thiago.souza@.ifbaiano.edu.br \">&nbsp;<\/a><\/strong><\/div>\n<div><strong>Acesse:&nbsp;<a href=\"http:\/\/lattes.cnpq.br\/7839968667526666\" target=\"_blank\" rel=\"noopener noreferrer\">Curr\u00edculo Lattes<\/a><\/strong><\/div>\n<\/div>\n\n\n<div><strong>_______________________________________________<\/strong><\/div>\n<div><strong style=\"text-transform: uppercase\">Valdin\u00e9ia Antunes Alves Ramos<\/strong><\/div>\n<div>\n<div><em>T\u00e9cnica em Assuntos Educacionais<\/em><\/div>\n<div><strong>E-mail<\/strong>:&nbsp;<strong><a href=\"valdineia.ramos@ifbaiano.edu.br\">valdineia.ramos@ifbaiano.edu.br<\/a><\/strong><\/div>\n<div><strong>Acesse:&nbsp;<a href=\"http:\/\/lattes.cnpq.br\/5160431887033489\" target=\"_blank\" rel=\"noopener noreferrer\">Curr\u00edculo Lattes<\/a><\/strong><\/div>\n<\/div>\n\n<div>\n<div><strong style=\"color: initial\" data-darkreader-inline-color=\"\">_______________________________________________<\/strong><\/div>\n<\/div>\n<div>\n<div><strong style=\"text-transform: uppercase\">Wilson Avelino Rog\u00e9rio Neto<\/strong><\/div>\n<div><em>Revisor de Texto <span style=\"text-transform: uppercase\">Braile<\/span><\/em><\/div>\n<div><strong>E-mail<\/strong>: <strong><a href=\"#\">wilson.neto@ifbaiano.edu.br<\/a><a href=\"wilson.neto@ifbaiano.edu.br \">&nbsp;<\/a><\/strong><\/div>\n<div><strong>Acesse: <a href=\"https:\/\/buscatextual.cnpq.br\/buscatextual\/visualizacv.do?id=K1795265E4\" target=\"_blank\" rel=\"noopener noreferrer\">Curr\u00edculo Lattes<\/a><\/strong><\/div>\n<\/div>\n\n<div><strong>_______________________________________________<\/strong><\/div>\n<div>\n<div><strong style=\"text-transform: uppercase\">Yuri de Oliveira Luna e Almeida<\/strong><\/div>\n<div><em>T\u00e9cnico de Tecnologia da Informa\u00e7\u00e3o<\/em><\/div>\n<div><strong>E-mail<\/strong>: <strong><a href=\"yuri.almeida@ifbaiano.edu.br\">yuri.almeida@ifbaiano.edu.br<\/a><\/strong><\/div>\n<div><strong>Acesse: <a href=\"http:\/\/buscatextual.cnpq.br\/buscatextual\/visualizacv.do?id=K8011622H3\" target=\"_blank\" rel=\"noopener noreferrer\">Curr\u00edculo Lattes<\/a><\/strong><\/div>\n<\/div>\n<div><strong>_______________________________________________<\/strong><\/div>\n","protected":false},"excerpt":{"rendered":"<p>Neste espa\u00e7o, disponibilizamos a rela\u00e7\u00e3o dos T\u00e9cnicos Administrativos lotados no Campus Bom Jesus da Lapa, com seus respectivos cargos, contatos e link do curr\u00edculo lattes. ______________________________________________ Ailton Rodrigues da Silva Assistente de Alunos E-mail:&nbsp;ailton.silva@ifbaiano.edu.br Acesse:&nbsp;Curr\u00edculo Lattes ______________________________________________ Aline Soares de Lima Psic\u00f3loga E-mail:&nbsp;aline.soares@ifbaiano.edu.br Acesse:&nbsp;Curr\u00edculo Lattes ______________________________________________ Ariaidny Silva Farias T\u00e9cnica em Laborat\u00f3rio E-mail:&nbsp;ariaidny.farias@ifbaiano.edu.br Acesse:&nbsp;Curr\u00edculo Lattes [&hellip;]<\/p>\n","protected":false},"author":41,"featured_media":0,"parent":0,"menu_order":0,"comment_status":"open","ping_status":"open","template":"","meta":[],"_links":{"self":[{"href":"https:\/\/www.ifbaiano.edu.br\/unidades\/lapa\/wp-json\/wp\/v2\/pages\/1726"}],"collection":[{"href":"https:\/\/www.ifbaiano.edu.br\/unidades\/lapa\/wp-json\/wp\/v2\/pages"}],"about":[{"href":"https:\/\/www.ifbaiano.edu.br\/unidades\/lapa\/wp-json\/wp\/v2\/types\/page"}],"author":[{"embeddable":true,"href":"https:\/\/www.ifbaiano.edu.br\/unidades\/lapa\/wp-json\/wp\/v2\/users\/41"}],"replies":[{"embeddable":true,"href":"https:\/\/www.ifbaiano.edu.br\/unidades\/lapa\/wp-json\/wp\/v2\/comments?post=1726"}],"version-history":[{"count":131,"href":"https:\/\/www.ifbaiano.edu.br\/unidades\/lapa\/wp-json\/wp\/v2\/pages\/1726\/revisions"}],"predecessor-version":[{"id":28868,"href":"https:\/\/www.ifbaiano.edu.br\/unidades\/lapa\/wp-json\/wp\/v2\/pages\/1726\/revisions\/28868"}],"wp:attachment":[{"href":"https:\/\/www.ifbaiano.edu.br\/unidades\/lapa\/wp-json\/wp\/v2\/media?parent=1726"}],"curies":[{"name":"wp","href":"https:\/\/api.w.org\/{rel}","templated":true}]}}