{"id":17907,"date":"2020-11-05T15:36:27","date_gmt":"2020-11-05T18:36:27","guid":{"rendered":"https:\/\/www.ifbaiano.edu.br\/unidades\/lapa\/?page_id=17907"},"modified":"2022-01-28T15:59:34","modified_gmt":"2022-01-28T18:59:34","slug":"apnp","status":"publish","type":"page","link":"https:\/\/www.ifbaiano.edu.br\/unidades\/lapa\/apnp\/","title":{"rendered":"Atividades Pedag\u00f3gicas N\u00e3o Presenciais &#8211; APNP"},"content":{"rendered":"\n<div id=\"TituloMenu\">Programa\u00e7\u00e3o das Aulas 2021 &#8211; <strong>CURSOS INTEGRADOS<\/strong><\/div>\n\n\n\n<p><a href=\"https:\/\/www.ifbaiano.edu.br\/unidades\/lapa\/apnp\/6\/\">Programa\u00e7\u00e3o das Aulas 2021 &#8211; <strong>CURSOS INTEGRADOS<\/strong><\/a><\/p>\n\n\n\n<hr class=\"wp-block-separator\" \/>\n\n\n\n<div id=\"TituloMenu\">Programa\u00e7\u00e3o das Aulas 2021 &#8211; CURSOS SUBSEQUENTES<\/div>\n\n\n\n<p><a href=\"https:\/\/www.ifbaiano.edu.br\/unidades\/lapa\/apnp\/8\/\">Programa\u00e7\u00e3o das Aulas 2021 &#8211; CURSOS SUBSEQUENTES<\/a><\/p>\n\n\n\n<hr class=\"wp-block-separator\" \/>\n\n\n\n<div id=\"TituloMenu\">Programa\u00e7\u00e3o das Aulas 2021 &#8211; CURSOS NIVEL SUPERIOR<\/div>\n\n\n\n<p><a href=\"https:\/\/www.ifbaiano.edu.br\/unidades\/lapa\/apnp\/9\/\">Programa\u00e7\u00e3o das Aulas 2021 &#8211; CURSOS NIVEL SUPERIOR<\/a><\/p>\n\n\n\n<hr class=\"wp-block-separator\" \/>\n\n\n\n<div id=\"TituloMenu\">Programa\u00e7\u00e3o das Aulas 2020<\/div>\n\n\n\n<p><a href=\"https:\/\/www.ifbaiano.edu.br\/unidades\/lapa\/apnp\/7\/\">Programa\u00e7\u00e3o das Aulas 2020<\/a><\/p>\n\n\n\n<hr class=\"wp-block-separator\" \/>\n\n\n\n<div id=\"TituloMenu\">Resolu\u00e7\u00f5es das APNP<\/div>\n\n\n\n<p class=\"wp-block-file\"><a href=\"https:\/\/www.ifbaiano.edu.br\/unidades\/lapa\/files\/2021\/01\/Resolucao-Consolidada-91.2020.pdf\" target=\"_blank\" rel=\"noreferrer noopener\">Resolu\u00e7\u00e3o Consolidada 90\/2020 &#8211; Regulamenta e normatiza, em car\u00e1ter tempor\u00e1rio, a implementa\u00e7\u00e3o de Atividades Pedag\u00f3gicas N\u00e3o Presenciais (documento em pdf, abre em nova aba)<\/a><\/p>\n\n\n\n<hr class=\"wp-block-separator\" \/>\n\n\n\n<div id=\"TituloMenu\">Central de Atendimento<\/div>\n\n\n\n<p><a href=\"https:\/\/www.ifbaiano.edu.br\/unidades\/lapa\/2020\/05\/07\/nota-informativa-central-de-atendimento\/\">Central de Atendimento (p\u00e1gina interna, abre na mesma aba)<\/a><\/p>\n\n\n\n<hr class=\"wp-block-separator\" \/>\n\n\n\n<div id=\"TituloMenu\">EMPR\u00c9STIMOS DE BENS E EQUIPAMENTOS PARA EFETIVA\u00c7\u00c3O DAS APNPs<\/div>\n\n\n\n<p><a href=\"https:\/\/www.ifbaiano.edu.br\/unidades\/lapa\/apnp\/2\/\">Empr\u00e9stimo de bens e equipamentos para efetiva\u00e7\u00e3o das APNP<\/a><\/p>\n\n\n\n<hr class=\"wp-block-separator\" \/>\n\n\n\n<div id=\"TituloMenu\">Est\u00e1gio<\/div>\n\n\n\n<p><a href=\"https:\/\/www.ifbaiano.edu.br\/unidades\/lapa\/apnp\/3\/\">Est\u00e1gio<\/a><\/p>\n\n\n\n<hr class=\"wp-block-separator\" \/>\n\n\n\n<div id=\"TituloMenu\">Monitoria<\/div>\n\n\n\n<p><a href=\"https:\/\/www.ifbaiano.edu.br\/unidades\/lapa\/apnp\/4\/\">Monitoria<\/a><\/p>\n\n\n\n<hr class=\"wp-block-separator\" \/>\n\n\n\n<div id=\"TituloMenu\">Aux\u00edlio Inclus\u00e3o Digital<\/div>\n\n\n\n<p><a href=\"https:\/\/www.ifbaiano.edu.br\/unidades\/lapa\/apnp\/5\/\">Aux\u00edlio Inclus\u00e3o Digital<\/a><\/p>\n\n\n\n<hr class=\"wp-block-separator\" \/>\n\n\n\n<div id=\"TituloMenu\">Capacita\u00e7\u00e3o Moodle<\/div>\n\n\n\n<p><a href=\"https:\/\/www.ifbaiano.edu.br\/unidades\/lapa\/apnp\/10\/\">Capacita\u00e7\u00e3o Moodle<\/a><\/p>\n\n\n\n<hr class=\"wp-block-separator\" \/>\n\n\n\n<div id=\"TituloMenu\">Reuni\u00e3o com pais<\/div>\n\n\n\n<p><a href=\"https:\/\/www.ifbaiano.edu.br\/unidades\/lapa\/apnp\/11\/\">Reuni\u00e3o com pais<\/a><\/p>\n\n\n\n<hr class=\"wp-block-separator\" \/>\n\n\n\n<div id=\"TituloMenu\"> Orienta\u00e7\u00f5es Pedag\u00f3gicas<\/div>\n\n\n\n<p><a href=\"https:\/\/www.ifbaiano.edu.br\/unidades\/lapa\/apnp\/12\/\">Orienta\u00e7\u00f5es Pedag\u00f3gicas<\/a><\/p>\n\n\n\n<hr class=\"wp-block-separator\" \/>\n\n\n\n<!--nextpage-->\n\n\n\n<div id=\"TituloMenu\">Empr\u00e9stimo de bens e equipamentos para efetiva\u00e7\u00e3o das APNP<\/div>\n\n\n\n<p class=\"wp-block-file\"><a href=\"https:\/\/www.ifbaiano.edu.br\/unidades\/lapa\/files\/2021\/01\/Regulamento-emprestimo-bens-efetivacao-APNPs.pdf\" target=\"_blank\" rel=\"noreferrer noopener\">Regulamento empr\u00e9stimo de bens para fins de efetiva\u00e7\u00e3o das APNP (documento em pdf, abre em nova aba)<\/a><\/p>\n\n\n\n<p class=\"wp-block-file\"><a href=\"https:\/\/www.ifbaiano.edu.br\/unidades\/lapa\/files\/2021\/01\/Anexo-I-Termo-Compromisso.pdf\" target=\"_blank\" rel=\"noreferrer noopener\">Anexo I &#8211;  Termo de Compromisso (documento em pdf, abre em nova aba)<\/a><\/p>\n\n\n\n<p class=\"wp-block-file\"><a href=\"https:\/\/www.ifbaiano.edu.br\/unidades\/lapa\/files\/2021\/01\/Anexo-II-Requerimento-Emprestimo.pdf\" target=\"_blank\" rel=\"noreferrer noopener\">Anexo II &#8211;  Requerimento de Empr\u00e9stimo (documento em pdf, abre em nova aba)<\/a><\/p>\n\n\n\n<p class=\"wp-block-file\"><a href=\"https:\/\/www.ifbaiano.edu.br\/unidades\/lapa\/files\/2021\/01\/Anexo-III-Termo-Devolucao.pdf\" target=\"_blank\" rel=\"noreferrer noopener\">Anexo III &#8211;  Termo de Devolu\u00e7\u00e3o (documento em pdf, abre em nova aba)<\/a><\/p>\n\n\n\n<hr class=\"wp-block-separator\" \/>\n\n\n\n<div id=\"TituloMenu\"><a href=\"https:\/\/www.ifbaiano.edu.br\/unidades\/lapa\/apnp\/\">  Voltar P\u00e1gina APNP<\/a><\/div>\n\n\n\n<hr class=\"wp-block-separator\" \/>\n\n\n\n<!--nextpage-->\n\n\n\n<div id=\"TituloMenu\">Est\u00e1gio<\/div>\n\n\n\n<p class=\"wp-block-file\"><a href=\"https:\/\/www.ifbaiano.edu.br\/unidades\/lapa\/files\/2020\/12\/Portaria-111-2020.pdf\" target=\"_blank\" rel=\"noreferrer noopener\">PORTARIA 111\/2020 Orienta\u00e7\u00e3o para execu\u00e7\u00e3o de estagio curricular obrigat\u00f3rio (documento em pdf, abre em nova aba)<\/a><\/p>\n\n\n\n<p class=\"wp-block-file\"><a href=\"https:\/\/www.ifbaiano.edu.br\/unidades\/lapa\/files\/2020\/12\/Portaria-112-2020.pdf\" target=\"_blank\" rel=\"noreferrer noopener\">Portaria 112\/2020  Comiss\u00e3o de Avalia\u00e7\u00e3o de Est\u00e1gio Obrigat\u00f3rio durante Pandemia (CAEOP) dos Cursos T\u00e9cnicos de N\u00edvel M\u00e9dio (documento em pdf, abre em nova aba)<\/a><\/p>\n\n\n\n<p class=\"wp-block-file\"><a href=\"https:\/\/www.ifbaiano.edu.br\/unidades\/lapa\/files\/2020\/12\/Portaria-114-2020.pdf\" target=\"_blank\" rel=\"noreferrer noopener\">Portaria 114\/2020 Comiss\u00e3o de Avalia\u00e7\u00e3o de Est\u00e1gio Obrigat\u00f3rio durante Pandemia (CAEOP), no \u00e2mbito dos Cursos de N\u00edvel Superior (documento em pdf, abre em nova aba)<\/a><\/p>\n\n\n\n<div class=\"wp-block-file\"><a href=\"https:\/\/www.ifbaiano.edu.br\/unidades\/lapa\/files\/2021\/10\/requerimento_de_estagio_durante_pandemia.odt\">Requerimento de est\u00e1gio durante pandemia &#8211; Edit\u00e1vel (documento em odt, tamanho 20 KB)<\/a><\/div>\n\n\n<div class=\"wp-block-file\"><a href=\"https:\/\/www.ifbaiano.edu.br\/unidades\/lapa\/files\/2021\/10\/modelo_Plano_de_atividades_CAEOP_Presencial.odt\">Modelo Plano de atividades Presencial &#8211; Edit\u00e1vel (documento em odt, tamanho 21 KB)<\/a><\/div>\n\n\n<div class=\"wp-block-file\"><a href=\"https:\/\/www.ifbaiano.edu.br\/unidades\/lapa\/files\/2021\/10\/modelo_Plano_de_atividades_CAEOP_APNP.odt\">Modelo Plano de atividades APNP &#8211; Edit\u00e1vel (documento em odt, tamanho 21 KB)<\/a><\/div>\n\n<div class=\"wp-block-file\"><a href=\"https:\/\/www.ifbaiano.edu.br\/unidades\/lapa\/files\/2021\/03\/Modelo_Relato-de-Experiencia_Estagio_Medio.pdf\" target=\"_blank\" rel=\"noopener\">Modelo Relato de Experi\u00eancia Est\u00e1gio M\u00e9dio (documento em pdf, abre em nova aba)<\/a><\/div>\n\n<div class=\"wp-block-file\"><a href=\"https:\/\/www.ifbaiano.edu.br\/unidades\/lapa\/files\/2021\/03\/Modelo_Relato-de-Experiencia_Estagio_Medio.odt\">Modelo Relato de Experi\u00eancia Est\u00e1gio M\u00e9dio &#8211; Edit\u00e1vel (documento em odt, tamanho 751 KB)<\/a><\/div>\n\n\n\n<hr class=\"wp-block-separator\" \/>\n\n\n\n<div id=\"TituloMenu\"><a href=\"https:\/\/www.ifbaiano.edu.br\/unidades\/lapa\/apnp\/\">  Voltar P\u00e1gina APNP<\/a><\/div>\n\n\n\n<hr class=\"wp-block-separator\" \/>\n\n\n\n<!--nextpage-->\n\n\n\n<div id=\"TituloMenu\">Monitoria<\/div>\n\n\n\n<p class=\"wp-block-file\"><a href=\"https:\/\/www.ifbaiano.edu.br\/unidades\/lapa\/files\/2020\/11\/edital-19-2020.pdf\" target=\"_blank\" rel=\"noreferrer noopener\">Edital 19\/2020 &#8211; Processo Seletivo Monitores Ensino Cursos T\u00e9cnicos N\u00edvel M\u00e9dio (documento em pdf, abre em nova aba)<\/a><\/p>\n\n\n\n<p class=\"wp-block-file\"><a href=\"https:\/\/www.ifbaiano.edu.br\/unidades\/lapa\/files\/2020\/11\/edital-20-2020.pdf\" target=\"_blank\" rel=\"noreferrer noopener\">Edital 20\/2020 &#8211; Processo Seletivo Monitores Ensino Curso Gradua\u00e7\u00e3o Engenharia Agron\u00f4mica (documento em pdf, abre em nova aba)<\/a><\/p>\n\n\n\n<p class=\"wp-block-file\"><a href=\"https:\/\/www.ifbaiano.edu.br\/unidades\/lapa\/files\/2020\/11\/edital-21-2020.pdf\" target=\"_blank\" rel=\"noreferrer noopener\">Edital 21\/2020 &#8211; Retifica\u00e7\u00e3o do Edital N\u00ba 19\/2020 (documento em pdf, abre em nova aba)<\/a><\/p>\n\n\n\n<p class=\"wp-block-file\"><a href=\"https:\/\/www.ifbaiano.edu.br\/unidades\/lapa\/files\/2020\/11\/edital-22-2020.pdf\" target=\"_blank\" rel=\"noreferrer noopener\">Edital 22\/2020 \u2013 Retifica\u00e7\u00e3o do Edital n\u00ba 20\/2020 (documento em pdf, abre em nova aba)<\/a><\/p>\n\n\n\n<p class=\"wp-block-file\"><a href=\"https:\/\/www.ifbaiano.edu.br\/unidades\/lapa\/files\/2020\/11\/Edital-de-retificacao-25-2020.pdf\" target=\"_blank\" rel=\"noreferrer noopener\">Edital 25\/2020 &#8211; Retifica\u00e7\u00e3o do Edital 21\/2020 (documento em pdf, abre em nova aba)<\/a><\/p>\n\n\n\n<div class=\"wp-block-file\"><a href=\"https:\/\/www.ifbaiano.edu.br\/unidades\/lapa\/files\/2020\/11\/Edital-de-Retificacao-26-2020.pdf\" target=\"_blank\" rel=\"noreferrer noopener\">Edital 26\/2020 &#8211; Retifica\u00e7\u00e3o do Edital 20\/2020 (documento em pdf, abre em nova aba)<\/a><\/div>\n\n\n\n<p class=\"wp-block-file\"><a href=\"https:\/\/www.ifbaiano.edu.br\/unidades\/lapa\/files\/2020\/12\/resultado-final-monitoria-medio.pdf\" target=\"_blank\" rel=\"noreferrer noopener\">Resultado Final \u2013 Monitoria de Ensino dos Cursos T\u00e9cnicos de N\u00edvel M\u00e9dio 2020 (documento em pdf, abre em nova aba)<\/a><\/p>\n\n\n\n<p class=\"wp-block-file\"><a href=\"https:\/\/www.ifbaiano.edu.br\/unidades\/lapa\/files\/2020\/12\/resultado-final-monitoria-superior.pdf\" target=\"_blank\" rel=\"noreferrer noopener\">Resultado Final \u2013 Monitoria de Ensino N\u00edvel Superior 2020 (documento em pdf, abre em nova aba)<\/a><\/p>\n\n\n\n<hr class=\"wp-block-separator\" \/>\n\n\n\n<div id=\"TituloMenu\"><a href=\"https:\/\/www.ifbaiano.edu.br\/unidades\/lapa\/apnp\/\">  Voltar P\u00e1gina APNP<\/a><\/div>\n\n\n\n<hr class=\"wp-block-separator\" \/>\n\n\n\n<!--nextpage-->\n\n\n\n<div id=\"TituloMenu\">Aux\u00edlio Inclus\u00e3o Digital<\/div>\n\n\n\n<p><a href=\"https:\/\/www.ifbaiano.edu.br\/unidades\/lapa\/edital-auxilio-inclusao-digital-2020\/\">P\u00e1gina do Aux\u00edlio Inclus\u00e3o Digital (p\u00e1gina interna, abre na mesma aba)<\/a><\/p>\n\n\n\n<p align=\"justify\"><a href=\"https:\/\/www.ifbaiano.edu.br\/unidades\/lapa\/files\/2020\/11\/Edital-18-2020.pdf\" target=\"_blank\" rel=\"noopener noreferrer\">Edital 18\/2020 (documento em pdf, abre em nova aba)<\/a><\/p>\n<p align=\"justify\"><a href=\"https:\/\/www.ifbaiano.edu.br\/unidades\/lapa\/files\/2020\/11\/ANEXO_I.pdf\" target=\"_blank\" rel=\"noopener noreferrer\">Anexo I (documento em pdf, abre em nova aba)<\/a><\/p>\n<p align=\"justify\"><a href=\"https:\/\/www.ifbaiano.edu.br\/unidades\/lapa\/files\/2020\/11\/ANEXO_II.pdf\" target=\"_blank\" rel=\"noopener noreferrer\">Anexo II (documento em pdf, abre em nova aba)<\/a><\/p>\n<p align=\"justify\"><a href=\"https:\/\/www.ifbaiano.edu.br\/unidades\/lapa\/files\/2020\/11\/Hologacao-das-inscricoes-Auxilio-Inclusao-Digital.pdf\" target=\"_blank\" rel=\"noopener noreferrer\">Homologac\u00e3o das inscri\u00e7\u00f5es Aux\u00edlio Inclus\u00e3o Digital (documento em pdf, abre em nova aba)<\/a><\/p>\n<p align=\"justify\"><a href=\"https:\/\/www.ifbaiano.edu.br\/unidades\/lapa\/files\/2020\/11\/edital-23-2020.pdf\" target=\"_blank\" rel=\"noopener noreferrer\">Edital de Retifica\u00e7\u00e3o 23\/2020 (documento em pdf, abre em nova aba)<\/a><\/p>\n<p align=\"justify\"><a href=\"https:\/\/www.ifbaiano.edu.br\/unidades\/lapa\/files\/2020\/11\/Edital-24-2020.pdf\" target=\"_blank\" rel=\"noopener noreferrer\">Edital de Retifica\u00e7\u00e3o 24\/2020 (documento em pdf, abre em nova aba)<\/a><\/p>\n<p align=\"justify\"><a href=\"https:\/\/www.ifbaiano.edu.br\/unidades\/lapa\/files\/2020\/11\/Resultado-Preliminar-Auxilio-Inclusao-Digital.pdf\" target=\"_blank\" rel=\"noopener noreferrer\">Resultado Preliminar (documento em pdf, abre em nova aba)<\/a><\/p>\n<p align=\"justify\"><a href=\"https:\/\/www.ifbaiano.edu.br\/unidades\/lapa\/files\/2020\/11\/Parecer-Recursos-Interpostos-Preliminar.pdf\" target=\"_blank\" rel=\"noopener noreferrer\">Parecer dos Recursos Interpostos ao Resultado Preliminar (documento em pdf, abre em nova aba)<\/a><\/p>\n<p align=\"justify\"><a href=\"https:\/\/www.ifbaiano.edu.br\/unidades\/lapa\/files\/2020\/11\/Resultado-Final-Auxilio-Inclusao-Digital.pdf\" target=\"_blank\" rel=\"noopener noreferrer\">Resultado Final (documento em pdf, abre em nova aba)<\/a><\/p>\n<p align=\"justify\"><a href=\"https:\/\/www.ifbaiano.edu.br\/unidades\/lapa\/files\/2020\/11\/Portaria_106-2020.pdf\" target=\"_blank\" rel=\"noopener noreferrer\">Portaria 106\/2020 &#8211; Homologa\u00e7\u00e3o do Resultado Final (documento em pdf, abre em nova aba)<\/a><\/p>\n\n\n\n<hr class=\"wp-block-separator\" \/>\n\n\n\n<div id=\"TituloMenu\"><a href=\"https:\/\/www.ifbaiano.edu.br\/unidades\/lapa\/apnp\/\">  Voltar P\u00e1gina APNP<\/a><\/div>\n\n\n\n<hr class=\"wp-block-separator\" \/>\n\n\n\n<!--nextpage-->\n\n\n\n<div id=\"TituloMenu\">Programa\u00e7\u00e3o das Aulas 2021 &#8211; CURSOS INTEGRADOS<\/div>\n\n\n\n<hr class=\"wp-block-separator\" \/>\n\n\n\n<p>1\u00ba ANOS<\/p>\n\n\n\n<div class=\"wp-block-file\"><a href=\"https:\/\/www.ifbaiano.edu.br\/unidades\/lapa\/files\/2021\/08\/CRONOGRAMA-1\u00b0-ANO-INTEGRADO-DE-AGRICULTURA-2.pdf\">CRONOGRAMA-1\u00b0-ANO-INTEGRADO-DE-AGRICULTURA<\/a><\/div>\n\n\n\n<div class=\"wp-block-file\"><a href=\"https:\/\/www.ifbaiano.edu.br\/unidades\/lapa\/files\/2021\/08\/CRONOGRAMA-1\u00b0-ANO-INTEGRADO-DE-AGROECOLOGIA-2.pdf\">CRONOGRAMA-1\u00b0-ANO-INTEGRADO-DE-AGROECOLOGIA<\/a><\/div>\n\n\n\n<div class=\"wp-block-file\"><a href=\"https:\/\/www.ifbaiano.edu.br\/unidades\/lapa\/files\/2021\/08\/CRONOGRAMA-1\u00b0-ANO-INTEGRADO-DE-INFORMATICA-2.pdf\">CRONOGRAMA-1\u00b0-ANO-INTEGRADO-DE-INFORMATICA<\/a><\/div>\n\n\n\n<hr class=\"wp-block-separator\" \/>\n\n\n\n<p>2\u00ba ANOS<\/p>\n\n\n\n<div class=\"wp-block-file\"><a href=\"https:\/\/www.ifbaiano.edu.br\/unidades\/lapa\/files\/2021\/08\/CRONOGRAMA-2\u00b0-ANO-INTEGRADO-DE-AGRICULTURA-2.pdf\">CRONOGRAMA-2\u00b0-ANO-INTEGRADO-DE-AGRICULTURA<\/a><\/div>\n\n\n\n<div class=\"wp-block-file\"><a href=\"https:\/\/www.ifbaiano.edu.br\/unidades\/lapa\/files\/2021\/08\/CRONOGRAMA-2\u00b0-ANO-INTEGRADO-DE-AGROECOLOGIA-2.pdf\">CRONOGRAMA-2\u00b0-ANO-INTEGRADO-DE-AGROECOLOGIA<\/a><\/div>\n\n\n\n<div class=\"wp-block-file\"><a href=\"https:\/\/www.ifbaiano.edu.br\/unidades\/lapa\/files\/2021\/08\/CRONOGRAMA-2\u00b0-ANO-INTEGRADO-DE-INFORMATICA-2.pdf\">CRONOGRAMA-2\u00b0-ANO-INTEGRADO-DE-INFORMATICA<\/a><\/div>\n\n\n\n<hr class=\"wp-block-separator\" \/>\n\n\n\n<p>3\u00ba ANO<\/p>\n\n\n\n<div class=\"wp-block-file\"><a href=\"https:\/\/www.ifbaiano.edu.br\/unidades\/lapa\/files\/2021\/08\/CRONOGRAMA-3\u00b0-ANO-INTEGRADO-DE-AGRICULTURA-2.pdf\">CRONOGRAMA-3\u00b0-ANO-INTEGRADO-DE-AGRICULTURA<\/a><\/div>\n\n\n\n<div class=\"wp-block-file\"><a href=\"https:\/\/www.ifbaiano.edu.br\/unidades\/lapa\/files\/2021\/08\/CRONOGRAMA-3\u00b0-ANO-INTEGRADO-DE-AGROECOLOGIA-2.pdf\">CRONOGRAMA-3\u00b0-ANO-INTEGRADO-DE-AGROECOLOGIA<\/a><\/div>\n\n\n\n<div class=\"wp-block-file\"><a href=\"https:\/\/www.ifbaiano.edu.br\/unidades\/lapa\/files\/2021\/08\/CRONOGRAMA-3\u00b0-ANO-INTEGRADO-DE-INFORMATICA-2.pdf\">CRONOGRAMA-3\u00b0-ANO-INTEGRADO-DE-INFORMATICA<\/a><\/div>\n\n\n\n<hr class=\"wp-block-separator\" \/>\n\n\n\n<p style=\"text-transform:uppercase\">Programa\u00e7\u00e3o Extraordin\u00e1ria<\/p>\n\n<p align=\"justify\" style=\"text-transform:uppercase\"><a href=\"https:\/\/www.ifbaiano.edu.br\/unidades\/lapa\/files\/2022\/01\/programacao-extraordinaria-01-02-22-a-05-02-22-agricultura-integrado.pdf\">Programa\u00e7\u00e3o Extraordin\u00e1ria &#8211; 31\/01\/2022 a 05\/02\/2022 Agricultura Integrado<\/a><p>\n\n<p align=\"justify\" style=\"text-transform:uppercase\"><a href=\"https:\/\/www.ifbaiano.edu.br\/unidades\/lapa\/files\/2022\/01\/programacao-extraordinaria-01-02-22-a-05-02-22-agroecologia-integrado.pdf\">Programa\u00e7\u00e3o Extraordin\u00e1ria &#8211; 31\/01\/2022 a 05\/02\/2022 Agroecologia Integrado<\/a><p>\n\n<p align=\"justify\" style=\"text-transform:uppercase\"><a href=\"https:\/\/www.ifbaiano.edu.br\/unidades\/lapa\/files\/2022\/01\/programacao-extraordinaria-31-01-22-a-05-02-22-informatica-integrado.pdf\">Programa\u00e7\u00e3o Extraordin\u00e1ria &#8211; 31\/01\/2022 a 05\/02\/2022 Inform\u00e1tica Integrado<\/a><p>\n\n\n\n\n<div id=\"TituloMenu\"><a href=\"https:\/\/www.ifbaiano.edu.br\/unidades\/lapa\/apnp\/\">  Voltar P\u00e1gina APNP<\/a><\/div>\n\n\n\n<hr class=\"wp-block-separator\" \/>\n\n\n\n<!--nextpage-->\n\n\n\n<div id=\"TituloMenu\">Programa\u00e7\u00e3o das Aulas 2020<\/div>\n\n\n\n<hr class=\"wp-block-separator\" \/>\n\n\n\n<p class=\"wp-block-file\"><a href=\"https:\/\/www.ifbaiano.edu.br\/unidades\/lapa\/files\/2021\/01\/cronograma-de-horarios-para-APNP-INTEGRADO.pdf\" target=\"_blank\" rel=\"noreferrer noopener\">Cronograma de hor\u00e1rios para APNP Integrado (documento em pdf, abre em nova aba)<\/a><\/p>\n\n\n\n<hr class=\"wp-block-separator\" \/>\n\n\n\n<figure class=\"wp-block-image size-large\"><img decoding=\"async\" loading=\"lazy\" width=\"904\" height=\"1280\" src=\"https:\/\/www.ifbaiano.edu.br\/unidades\/lapa\/files\/2020\/11\/programacao-retorno-atividades-nao-presenciais.jpeg\" alt=\"Programa\u00e7\u00e3o de Retorno \u00e0s Atividades N\u00e3o Presenciais\" class=\"wp-image-17937\"><figcaption align=\"center\">Programa\u00e7\u00e3o de Retorno \u00e0s Atividades N\u00e3o Presenciais<\/figcaption><\/figure>\n\n\n\n<hr class=\"wp-block-separator\" \/>\n\n\n\n<div id=\"TituloMenu\"><a href=\"https:\/\/www.ifbaiano.edu.br\/unidades\/lapa\/apnp\/\">  Voltar P\u00e1gina APNP<\/a><\/div>\n\n\n\n<hr class=\"wp-block-separator\" \/>\n\n\n\n<!--nextpage-->\n\n\n\n<div id=\"TituloMenu\">Programa\u00e7\u00e3o das Aulas 2021 &#8211; CURSOS SUBSEQUENTES<\/div>\n\n\n\n<hr class=\"wp-block-separator\" \/>\n\n\n\n<p class=\"wp-block-file\"><a href=\"https:\/\/www.ifbaiano.edu.br\/unidades\/lapa\/files\/2021\/01\/APNP_2021_SUB_INFORMATICA.pdf\" target=\"_blank\" rel=\"noopener noreferrer\">Cronograma de hor\u00e1rios para APNP Inform\u00e1tica Subsequente (documento em pdf, abre em nova aba)<\/a><\/p>\n\n\n\n<p class=\"wp-block-file\"><a href=\"https:\/\/www.ifbaiano.edu.br\/unidades\/lapa\/files\/2021\/01\/APNP_2021_SUB_AGRICULTURA.pdf\" target=\"_blank\" rel=\"noreferrer noopener\">Cronograma de hor\u00e1rios para APNP Agricultura Subsequente (documento em pdf, abre em nova aba)<\/a><\/p>\n\n<p>Programa\u00e7\u00e3o Extraordin\u00e1ria<\/p>\n\n<p align=\"justify\"><a href=\"https:\/\/www.ifbaiano.edu.br\/unidades\/lapa\/files\/2022\/01\/programacao-extraordinaria-31-01-22a05-02-22-subsequente-agricultura.pdf\">Programa\u00e7\u00e3o Extraordin\u00e1ria &#8211; 31\/01\/2022 a 05\/02\/2022 Subsequente Agricultura<\/a><p>\n\n<p align=\"justify\"><a href=\"https:\/\/www.ifbaiano.edu.br\/unidades\/lapa\/files\/2022\/01\/programacao-extraordinaria-31-01-22a05-02-22-subsequente-informatica.pdf\">Programa\u00e7\u00e3o Extraordin\u00e1ria &#8211; 31\/01\/2022 a 05\/02\/2022 Subsequente Inform\u00e1tica<\/a><p>\n\n\n\n<hr class=\"wp-block-separator\" \/>\n\n\n\n<div id=\"TituloMenu\"><a href=\"https:\/\/www.ifbaiano.edu.br\/unidades\/lapa\/apnp\/\">  Voltar P\u00e1gina APNP<\/a><\/div>\n\n\n\n<hr class=\"wp-block-separator\" \/>\n\n\n\n<!--nextpage-->\n\n\n\n<div id=\"TituloMenu\">Programa\u00e7\u00e3o das Aulas 2021 &#8211; CURSOS N\u00cdVEL SUPERIOR<\/div>\n\n\n\n<p class=\"wp-block-file\"><a href=\"https:\/\/www.ifbaiano.edu.br\/unidades\/lapa\/files\/2021\/01\/APNP_2021_SUPERIOR_AGRONOMIA.pdf\" target=\"_blank\" rel=\"noreferrer noopener\">Cronograma de hor\u00e1rios para APNP Superior Agronomia (documento em pdf, abre em nova aba)<\/a><\/p>\n\n\n\n<p class=\"wp-block-file\"><a href=\"https:\/\/www.ifbaiano.edu.br\/unidades\/lapa\/files\/2021\/08\/CRONOGRAMA-DAS-APNP\u00b4S-GTI-2021.1.pdf\" target=\"_blank\" rel=\"noreferrer noopener\">Cronograma de hor\u00e1rios para APNP Superior GTI 2021. 1(documento em pdf, abre em nova aba)<\/a><\/p>\n\n<p>Programa\u00e7\u00e3o Extraordin\u00e1ria<\/p>\n\n<p align=\"justify\"><a href=\"https:\/\/www.ifbaiano.edu.br\/unidades\/lapa\/files\/2022\/01\/programacao-extraordinaria-01-02-22-a-05-02-22-agronomia.pdf\">Programa\u00e7\u00e3o Extraordin\u00e1ria &#8211; 31\/01\/2022 a 05\/02\/2022 Agronomia<\/a><p>\n\n<p align=\"justify\"><a href=\"https:\/\/www.ifbaiano.edu.br\/unidades\/lapa\/files\/2022\/01\/programacao-extraordinaria-01-02-22-a-05-02-22-gti.pdf\">Programa\u00e7\u00e3o Extraordin\u00e1ria &#8211; 31\/01\/2022 a 05\/02\/2022 GTI<\/a><p>\n\n\n\n<hr class=\"wp-block-separator\" \/>\n\n\n\n<div id=\"TituloMenu\"><a href=\"https:\/\/www.ifbaiano.edu.br\/unidades\/lapa\/apnp\/\">  Voltar P\u00e1gina APNP<\/a><\/div>\n\n\n\n<hr class=\"wp-block-separator\" \/>\n\n\n\n<!--nextpage-->\n\n\n\n<div id=\"TituloMenu\">Capacita\u00e7\u00e3o Moodle<\/div>\n\n\n\n<p><a href=\"https:\/\/www.youtube.com\/watch?v=mRYI-x4c9Do\" target=\"_blank\" rel=\"noopener noreferrer\">Introdu\u00e7\u00e3o ao Moodle Lapa (p\u00e1gina externa, abre em nova aba)<\/a><\/p>\n\n\n\n<p><a href=\"https:\/\/www.youtube.com\/watch?v=Y_-7GHldd_c\" target=\"_blank\" rel=\"noopener noreferrer\">Aplicativo Moodle Lapa (p\u00e1gina externa, abre em nova aba)<\/a><\/p>\n\n\n\n<hr class=\"wp-block-separator\" \/>\n\n\n\n<div id=\"TituloMenu\"><a href=\"https:\/\/www.ifbaiano.edu.br\/unidades\/lapa\/apnp\/\">  Voltar P\u00e1gina APNP<\/a><\/div>\n\n\n\n<hr class=\"wp-block-separator\" \/>\n\n\n\n<!--nextpage-->\n\n\n\n<div id=\"TituloMenu\">Reuni\u00e3o com pais<\/div>\n\n\n\n<hr class=\"wp-block-separator\" \/>\n\n\n\n<p>2021<\/p>\n\n\n\n<p><a href=\"https:\/\/youtu.be\/eWizlwxsC8k\" target=\"_blank\" rel=\"noopener noreferrer\">Reuni\u00e3o com pais 18\/02\/2021 (p\u00e1gina externa, abre em nova aba)<\/a><\/p>\n\n\n\n<hr class=\"wp-block-separator\" \/>\n\n\n\n<p>2020<\/p>\n\n\n\n<p><a href=\"https:\/\/www.youtube.com\/watch?v=1lXFgrewwfE\" target=\"_blank\" rel=\"noopener noreferrer\">Reuni\u00e3o com pais 12\/11\/2020 (p\u00e1gina externa, abre em nova aba)<\/a><\/p>\n\n\n\n<hr class=\"wp-block-separator\" \/>\n\n\n\n<div id=\"TituloMenu\"><a href=\"https:\/\/www.ifbaiano.edu.br\/unidades\/lapa\/apnp\/\">  Voltar P\u00e1gina APNP<\/a><\/div>\n\n\n\n<hr class=\"wp-block-separator\" \/>\n\n\n\n<!--nextpage-->\n\n\n\n<div id=\"TituloMenu\"> Orienta\u00e7\u00f5es Pedag\u00f3gicas<\/div>\n\n\n\n<p class=\"wp-block-file\"><a href=\"https:\/\/www.ifbaiano.edu.br\/unidades\/lapa\/files\/2021\/01\/Orientacoes-pedagogicas-apnp-DOCENTES.pdf\" target=\"_blank\" rel=\"noreferrer noopener\">Orienta\u00e7\u00f5es Pedag\u00f3gicas APNP &#8211; Docentes (documento em pdf, abre em nova aba)<\/a><\/p>\n\n\n\n<p class=\"wp-block-file\"><a href=\"https:\/\/www.ifbaiano.edu.br\/unidades\/lapa\/files\/2021\/01\/orientacoes-pedagogicas-apnp-ALUNOS.pdf\" target=\"_blank\" rel=\"noreferrer noopener\">Orienta\u00e7\u00f5es Pedag\u00f3gicas APNP &#8211; Alunos (documento em pdf, abre em nova aba)<\/a><\/p>\n\n\n\n<p class=\"wp-block-file\"><a href=\"https:\/\/www.ifbaiano.edu.br\/unidades\/lapa\/files\/2021\/01\/Orientacoes-cadastro-de-Plano-de-Ensino.pdf\" target=\"_blank\" rel=\"noreferrer noopener\">Orienta\u00e7\u00f5es cadastro de Plano de Ensino (documento em pdf, abre em nova aba)<\/a><\/p>\n\n\n\n<p class=\"wp-block-file\"><a href=\"https:\/\/www.ifbaiano.edu.br\/unidades\/lapa\/files\/2021\/01\/Modelo-de-Plano-de-Ciclo.pdf\" target=\"_blank\" rel=\"noreferrer noopener\">Modelo de Plano de Ciclo (documento em pdf, abre em nova aba)<\/a><\/p>\n\n\n\n<p class=\"wp-block-file\"><a href=\"https:\/\/www.ifbaiano.edu.br\/unidades\/lapa\/files\/2021\/03\/manual-de-conduta-if-baiano-aulas-virtuais_CORRIGIDO.pdf\" target=\"_blank\" rel=\"noreferrer noopener\">Manual de Conduta em aulas virtuais (documento em pdf, abre em nova aba)<\/a><\/p>\n\n\n\n<p class=\"wp-block-file\"><a href=\"https:\/\/www.ifbaiano.edu.br\/unidades\/lapa\/files\/2021\/08\/tutorial-moodle-lapa-incorporacao-video-youtube.pdf\" target=\"_blank\" rel=\"noreferrer noopener\">Incorpora\u00e7\u00e3o de v\u00eddeo de Youtube no Moodle (documento em pdf, abre em nova aba)<\/a><\/p>\n\n\n\n<p class=\"wp-block-file\"><a href=\"https:\/\/www.ifbaiano.edu.br\/unidades\/lapa\/files\/2021\/08\/tutorial-moodle-lapa-iconografia.pdf\" target=\"_blank\" rel=\"noreferrer noopener\">Tutorial Iconogr\u00e1fico de recursos do Moodle (documento em pdf, abre em nova aba)<\/a><\/p>\n\n\n\n<div id=\"TituloMenu\"><a href=\"https:\/\/www.ifbaiano.edu.br\/unidades\/lapa\/apnp\/\">  Voltar P\u00e1gina APNP<\/a><\/div>\n\n\n\n<hr class=\"wp-block-separator\" \/>\n\n\n\n<p><\/p>\n","protected":false},"excerpt":{"rendered":"<p>Programa\u00e7\u00e3o das Aulas 2021 &#8211; CURSOS INTEGRADOS Programa\u00e7\u00e3o das Aulas 2021 &#8211; CURSOS INTEGRADOS Programa\u00e7\u00e3o das Aulas 2021 &#8211; CURSOS SUBSEQUENTES Programa\u00e7\u00e3o das Aulas 2021 &#8211; CURSOS SUBSEQUENTES Programa\u00e7\u00e3o das Aulas 2021 &#8211; CURSOS NIVEL SUPERIOR Programa\u00e7\u00e3o das Aulas 2021 &#8211; CURSOS NIVEL SUPERIOR Programa\u00e7\u00e3o das Aulas 2020 Programa\u00e7\u00e3o das Aulas 2020 Resolu\u00e7\u00f5es das APNP [&hellip;]<\/p>\n","protected":false},"author":100,"featured_media":0,"parent":0,"menu_order":0,"comment_status":"closed","ping_status":"closed","template":"","meta":[],"_links":{"self":[{"href":"https:\/\/www.ifbaiano.edu.br\/unidades\/lapa\/wp-json\/wp\/v2\/pages\/17907"}],"collection":[{"href":"https:\/\/www.ifbaiano.edu.br\/unidades\/lapa\/wp-json\/wp\/v2\/pages"}],"about":[{"href":"https:\/\/www.ifbaiano.edu.br\/unidades\/lapa\/wp-json\/wp\/v2\/types\/page"}],"author":[{"embeddable":true,"href":"https:\/\/www.ifbaiano.edu.br\/unidades\/lapa\/wp-json\/wp\/v2\/users\/100"}],"replies":[{"embeddable":true,"href":"https:\/\/www.ifbaiano.edu.br\/unidades\/lapa\/wp-json\/wp\/v2\/comments?post=17907"}],"version-history":[{"count":102,"href":"https:\/\/www.ifbaiano.edu.br\/unidades\/lapa\/wp-json\/wp\/v2\/pages\/17907\/revisions"}],"predecessor-version":[{"id":28878,"href":"https:\/\/www.ifbaiano.edu.br\/unidades\/lapa\/wp-json\/wp\/v2\/pages\/17907\/revisions\/28878"}],"wp:attachment":[{"href":"https:\/\/www.ifbaiano.edu.br\/unidades\/lapa\/wp-json\/wp\/v2\/media?parent=17907"}],"curies":[{"name":"wp","href":"https:\/\/api.w.org\/{rel}","templated":true}]}}