{"id":18417,"date":"2020-11-30T11:42:55","date_gmt":"2020-11-30T14:42:55","guid":{"rendered":"https:\/\/www.ifbaiano.edu.br\/unidades\/lapa\/?page_id=18417"},"modified":"2021-01-12T11:47:31","modified_gmt":"2021-01-12T14:47:31","slug":"dez-anos-if-lapa","status":"publish","type":"page","link":"https:\/\/www.ifbaiano.edu.br\/unidades\/lapa\/dez-anos-if-lapa\/","title":{"rendered":"Dez Anos IF Baiano Campus Bom Jesus da Lapa"},"content":{"rendered":"\n<div class=\"wp-block-image\"><figure class=\"aligncenter size-large\"><img decoding=\"async\" loading=\"lazy\" width=\"600\" height=\"600\" src=\"https:\/\/www.ifbaiano.edu.br\/unidades\/lapa\/files\/2020\/12\/10-anos-800.jpg\" alt=\"\" class=\"wp-image-18609\" \/><\/figure><\/div>\n\n\n\n<p><a href=\"https:\/\/www.ifbaiano.edu.br\/unidades\/lapa\/2020\/11\/23\/campus-bom-jesus-da-lapa-promove-concurso-de-redacao-em-comemoracao-aos-seus-dez-anos-de-funcionamento\/\">Concurso de Reda\u00e7\u00e3o<\/a><\/p>\n<p><a href=\"https:\/\/www.ifbaiano.edu.br\/unidades\/lapa\/2020\/10\/28\/dedin-de-prosa-fala-sobre-os-dez-anos-do-campus-bom-jesus-da-lapa\/\">Dedin de Prosa<\/a><\/p>\n\n\n\n<h2>Prorroga\u00e7\u00e3o do Resultado Final do Concurso de Reda\u00e7\u00e3o&nbsp;<\/h2><p align=\"justify\">A Comiss\u00e3o Organizadora do Concurso de Reda\u00e7\u00e3o \u201cMinha hist\u00f3ria com o IF Baiano &#8211; Campus Lapa\u201d, informa que a divulga\u00e7\u00e3o do Resultado Final, prevista para o dia 07\/12\/2020, foi prorrogada para o dia 11\/12\/2020.<br>As reda\u00e7\u00f5es vencedoras ser\u00e3o apresentadas \u00e0s 15h00, do dia 11\/12, durante a programa\u00e7\u00e3o do Simp\u00f3sio de Ensino, Pesquisa e Extens\u00e3o, deste campus.<\/p>\n\n\n\n<figure class=\"wp-block-embed-youtube wp-block-embed is-type-video is-provider-youtube wp-embed-aspect-16-9 wp-has-aspect-ratio\"><div class=\"wp-block-embed__wrapper\">\n<iframe loading=\"lazy\" title=\"Solenidade Virtual dos 10 (dez) anos de funcionamento do IF Baiano - Campus Bom Jesus da Lapa\" width=\"500\" height=\"281\" src=\"https:\/\/www.youtube.com\/embed\/nGTAphNTeXA?feature=oembed\" frameborder=\"0\" allow=\"accelerometer; autoplay; clipboard-write; encrypted-media; gyroscope; picture-in-picture\" allowfullscreen><\/iframe>\n<\/div><figcaption style=\"text-align:center\">Solenidade Virtual dos 10 (dez) anos de funcionamento do IF Baiano &#8211; <em>Campus<\/em> Bom Jesus da Lapa<\/figcaption><\/figure>\n\n\n\n<h2 class=\"has-text-align-center wp-block-heading\">Depoimentos de Estudantes \/ Egressos<\/h2>\n\n\n\n<div class=\"wp-block-columns is-layout-flex wp-container-3\">\n<div class=\"wp-block-column is-layout-flow\">\n<figure class=\"wp-block-embed-youtube wp-block-embed is-type-video is-provider-youtube wp-embed-aspect-16-9 wp-has-aspect-ratio\"><div class=\"wp-block-embed__wrapper\">\n<iframe loading=\"lazy\" title=\"10 Anos de IF Lapa - Depoimento Anderson Novais\" width=\"500\" height=\"281\" src=\"https:\/\/www.youtube.com\/embed\/Ulrr667QYw8?feature=oembed\" frameborder=\"0\" allow=\"accelerometer; autoplay; clipboard-write; encrypted-media; gyroscope; picture-in-picture\" allowfullscreen><\/iframe>\n<\/div><figcaption>Depoimento de Anderson Novais &#8211; Estudante do Curso de Engenharia Agron\u00f4mica<\/figcaption><\/figure>\n<\/div>\n\n\n\n<div class=\"wp-block-column is-layout-flow\">\n<figure class=\"wp-block-embed-youtube wp-block-embed is-type-video is-provider-youtube wp-embed-aspect-16-9 wp-has-aspect-ratio\"><div class=\"wp-block-embed__wrapper\">\n<iframe loading=\"lazy\" title=\"10 Anos de IF Lapa - Depoimento Osmanderson Celestino\" width=\"500\" height=\"281\" src=\"https:\/\/www.youtube.com\/embed\/FmKPfeDLlPs?feature=oembed\" frameborder=\"0\" allow=\"accelerometer; autoplay; clipboard-write; encrypted-media; gyroscope; picture-in-picture\" allowfullscreen><\/iframe>\n<\/div><figcaption> Depoimento de Osmand\u00e9rson Celestino &#8211; Egresso do Curso T\u00e9cnico em Inform\u00e1tica<\/figcaption><\/figure>\n<\/div>\n<\/div>\n\n\n\n<div class=\"wp-block-columns is-layout-flex wp-container-6\">\n<div class=\"wp-block-column is-layout-flow\">\n<figure class=\"wp-block-embed-youtube wp-block-embed is-type-video is-provider-youtube wp-embed-aspect-16-9 wp-has-aspect-ratio\"><div class=\"wp-block-embed__wrapper\">\n<iframe loading=\"lazy\" title=\"10 Anos IF Lapa - Depoimento Nailda Santos\" width=\"500\" height=\"281\" src=\"https:\/\/www.youtube.com\/embed\/-B3I9c8GRVA?feature=oembed\" frameborder=\"0\" allow=\"accelerometer; autoplay; clipboard-write; encrypted-media; gyroscope; picture-in-picture\" allowfullscreen><\/iframe>\n<\/div><figcaption align=\"center\">Depoimento de Nailda Santos &#8211; Estudante do Curso de Engenharia Agron\u00f4mica<\/figcaption><\/figure>\n<\/div>\n\n\n\n<div class=\"wp-block-column is-layout-flow\">\n<figure class=\"wp-block-embed-youtube wp-block-embed is-type-video is-provider-youtube wp-embed-aspect-16-9 wp-has-aspect-ratio\"><div class=\"wp-block-embed__wrapper\">\n<iframe loading=\"lazy\" title=\"10 Anos de IF Lapa - Depoimento Yone Alves\" width=\"500\" height=\"281\" src=\"https:\/\/www.youtube.com\/embed\/2iPYEtfqn5A?feature=oembed\" frameborder=\"0\" allow=\"accelerometer; autoplay; clipboard-write; encrypted-media; gyroscope; picture-in-picture\" allowfullscreen><\/iframe>\n<\/div><figcaption align=\"center\">Depoimento de Yone Alves &#8211; Egressa do Curso de Especializa\u00e7\u00e3o em Educa\u00e7\u00e3o do Campo<\/figcaption><\/figure>\n<\/div>\n<\/div>\n\n\n\n<div class=\"wp-block-columns is-layout-flex wp-container-9\">\n<div class=\"wp-block-column is-layout-flow\">\n<figure class=\"wp-block-embed-youtube wp-block-embed is-type-video is-provider-youtube wp-embed-aspect-16-9 wp-has-aspect-ratio\"><div class=\"wp-block-embed__wrapper\">\n<iframe loading=\"lazy\" title=\"10 Anos de IF Lapa - Depoimento Divina Michele\" width=\"500\" height=\"281\" src=\"https:\/\/www.youtube.com\/embed\/nXnB9UstaXo?feature=oembed\" frameborder=\"0\" allow=\"accelerometer; autoplay; clipboard-write; encrypted-media; gyroscope; picture-in-picture\" allowfullscreen><\/iframe>\n<\/div><figcaption align=\"center\">Depoimento de Divina Michele &#8211; Egressa do Curso de Especializa\u00e7\u00e3o em Educa\u00e7\u00e3o do Campo<\/figcaption><\/figure>\n<\/div>\n\n\n\n<div class=\"wp-block-column is-layout-flow\">\n<figure class=\"wp-block-embed-youtube wp-block-embed is-type-video is-provider-youtube wp-embed-aspect-16-9 wp-has-aspect-ratio\"><div class=\"wp-block-embed__wrapper\">\n<iframe loading=\"lazy\" title=\"10 Anos de IF Lapa - Depoimento Bruno Vanderley\" width=\"500\" height=\"281\" src=\"https:\/\/www.youtube.com\/embed\/yFYTFqowqqc?feature=oembed\" frameborder=\"0\" allow=\"accelerometer; autoplay; clipboard-write; encrypted-media; gyroscope; picture-in-picture\" allowfullscreen><\/iframe>\n<\/div><figcaption align=\"center\">Depoimento de Bruno Vanderley &#8211; Egresso do Curso T\u00e9cnico em Inform\u00e1tica<\/figcaption><\/figure>\n\n\n\n<p><\/p>\n<\/div>\n<\/div>\n\n\n\n<h2 class=\"has-text-align-center wp-block-heading\">Depoimentos de Servidores<\/h2>\n\n\n\n<div class=\"wp-block-columns is-layout-flex wp-container-12\">\n<div class=\"wp-block-column is-layout-flow\">\n<figure class=\"wp-block-embed-youtube wp-block-embed is-type-video is-provider-youtube wp-embed-aspect-16-9 wp-has-aspect-ratio\"><div class=\"wp-block-embed__wrapper\">\n<iframe loading=\"lazy\" title=\"10 Anos de IF Lapa - Depoimento Professor Est\u00e1cio\" width=\"500\" height=\"281\" src=\"https:\/\/www.youtube.com\/embed\/g2CVkBwRrGs?feature=oembed\" frameborder=\"0\" allow=\"accelerometer; autoplay; clipboard-write; encrypted-media; gyroscope; picture-in-picture\" allowfullscreen><\/iframe>\n<\/div><figcaption align=\"center\">Depoimento do Professor Est\u00e1cio &#8211; Servidor da Pro-Reitoria de Ensino<\/figcaption><\/figure>\n<\/div>\n\n\n\n<div class=\"wp-block-column is-layout-flow\">\n<figure class=\"wp-block-embed-youtube wp-block-embed is-type-video is-provider-youtube wp-embed-aspect-16-9 wp-has-aspect-ratio\"><div class=\"wp-block-embed__wrapper\">\n<iframe loading=\"lazy\" title=\"10 Anos de IF Lapa - Depoimento Luciana Teixeira\" width=\"500\" height=\"281\" src=\"https:\/\/www.youtube.com\/embed\/Bc0fqVMvE1E?feature=oembed\" frameborder=\"0\" allow=\"accelerometer; autoplay; clipboard-write; encrypted-media; gyroscope; picture-in-picture\" allowfullscreen><\/iframe>\n<\/div><figcaption align=\"center\">Depoimento de Luciana Teixeira &#8211; Servidora da <em>campus<\/em><\/figcaption><\/figure>\n<\/div>\n<\/div>\n\n\n\n<div class=\"wp-block-columns is-layout-flex wp-container-15\">\n<div class=\"wp-block-column is-layout-flow\">\n<figure class=\"wp-block-embed-youtube wp-block-embed is-type-video is-provider-youtube wp-embed-aspect-16-9 wp-has-aspect-ratio\"><div class=\"wp-block-embed__wrapper\">\n<iframe loading=\"lazy\" title=\"10 Anos de IF Lapa - Depoimento Professor Ariomar\" width=\"500\" height=\"281\" src=\"https:\/\/www.youtube.com\/embed\/va1xn05twU4?feature=oembed\" frameborder=\"0\" allow=\"accelerometer; autoplay; clipboard-write; encrypted-media; gyroscope; picture-in-picture\" allowfullscreen><\/iframe>\n<\/div><figcaption align=\"center\">Depoimento do Professor Ariomar &#8211; Pro-Reitor de Ensino<\/figcaption><\/figure>\n<\/div>\n\n\n\n<div class=\"wp-block-column is-layout-flow\">\n<figure class=\"wp-block-embed-youtube wp-block-embed is-type-video is-provider-youtube wp-embed-aspect-16-9 wp-has-aspect-ratio\"><div class=\"wp-block-embed__wrapper\">\n<iframe loading=\"lazy\" title=\"10 Anos de IF Lapa - Depoimento Adriane Coelho\" width=\"500\" height=\"281\" src=\"https:\/\/www.youtube.com\/embed\/zEpZQmCxlec?feature=oembed\" frameborder=\"0\" allow=\"accelerometer; autoplay; clipboard-write; encrypted-media; gyroscope; picture-in-picture\" allowfullscreen><\/iframe>\n<\/div><figcaption align=\"center\">Depoimento de Adriane Coelho &#8211; Servidora da <em>campus<\/em><\/figcaption><\/figure>\n<\/div>\n<\/div>\n\n\n\n<figure class=\"wp-block-gallery columns-2 is-cropped wp-block-gallery-16 is-layout-flex\"><ul class=\"blocks-gallery-grid\"><li class=\"blocks-gallery-item\"><figure><img decoding=\"async\" loading=\"lazy\" width=\"591\" height=\"842\" src=\"https:\/\/www.ifbaiano.edu.br\/unidades\/lapa\/files\/2020\/12\/live-a-bofetada.jpeg\" alt=\"\" data-id=\"18641\" data-full-url=\"https:\/\/www.ifbaiano.edu.br\/unidades\/lapa\/files\/2020\/12\/live-a-bofetada.jpeg\" data-link=\"https:\/\/www.ifbaiano.edu.br\/unidades\/lapa\/2020\/12\/08\/live-no-instagram-a-bofetada\/live-a-bofetada\/\" class=\"wp-image-18641\" \/><figcaption class=\"blocks-gallery-item__caption\">Live no Instagram &#8211; A Bofetada<\/figcaption><\/figure><\/li><li class=\"blocks-gallery-item\"><figure><img decoding=\"async\" loading=\"lazy\" width=\"500\" height=\"500\" src=\"https:\/\/www.ifbaiano.edu.br\/unidades\/lapa\/files\/2020\/12\/convite-10-anos-2.jpeg\" alt=\"\" data-id=\"18598\" data-full-url=\"https:\/\/www.ifbaiano.edu.br\/unidades\/lapa\/files\/2020\/12\/convite-10-anos-2.jpeg\" data-link=\"https:\/\/www.ifbaiano.edu.br\/unidades\/lapa\/2020\/12\/04\/convite-10-anos-if-lapa\/convite-10-anos-2\/\" class=\"wp-image-18598\" \/><figcaption class=\"blocks-gallery-item__caption\">Convite Cerim\u00f4nia Dez Anos IF Lapa<\/figcaption><\/figure><\/li><\/ul><\/figure>\n\n\n\n<h2 class=\"has-text-align-center\">Reda\u00e7\u00f5es participantes do Concurso<\/h2>\n\n\n\n<p>1\u00aa Coloca\u00e7\u00e3o: Giovanna Rodrigues Nascimento<\/p>\n\n\n\n<div class=\"wp-block-file\"><a href=\"https:\/\/www.ifbaiano.edu.br\/unidades\/lapa\/files\/2020\/12\/Giovanna_Rodrigues_Nascimento-Um_lugar_milhares_de_historias.pdf\" target=\"_blank\" rel=\"noreferrer noopener\">Um lugar, milhares de hist\u00f3rias (Documento pdf, abre em nova aba)<\/a><\/div>\n\n\n\n<p>2\u00aa Coloca\u00e7\u00e3o: Tarc\u00edsio Gomes Leite<\/p>\n\n\n\n<div class=\"wp-block-file\"><a href=\"https:\/\/www.ifbaiano.edu.br\/unidades\/lapa\/files\/2020\/12\/Tarcisio_Gomes_Leite-Odisseia_academica-.pdf\" target=\"_blank\" rel=\"noreferrer noopener\">Odiss\u00e9ia acad\u00eamica (Documento pdf, abre em nova aba)<\/a><\/div>\n\n\n\n<p>3\u00aa Coloca\u00e7\u00e3o: Eduarda Le\u00e3o Santos<\/p>\n\n\n\n<div class=\"wp-block-file\"><a href=\"https:\/\/www.ifbaiano.edu.br\/unidades\/lapa\/files\/2020\/12\/Eduarda_Leao_Santos-Vivendo_e_Aprendendo.pdf\" target=\"_blank\" rel=\"noreferrer noopener\">Vivendo e Aprendendo(Documento pdf, abre em nova aba)<\/a><\/div>\n\n\n\n<p><strong>Acesse abaixo as demais reda\u00e7\u00f5es participantes do concurso:<\/strong><\/p>\n\n\n\n<div class=\"wp-block-file\">Adelmo de Assis Oliveira <br> <a href=\"https:\/\/www.ifbaiano.edu.br\/unidades\/lapa\/files\/2020\/12\/Adelmo_de_Assis_Oliveira-Uma_feliz_surpresa-1.pdf\" target=\"_blank\" rel=\"noreferrer noopener\">Uma feliz surpresa (Documento pdf, abre em nova aba)<\/a><\/div>\n\n\n\n<div class=\"wp-block-file\">Alessandra Ferreira Neto <br><a href=\"https:\/\/www.ifbaiano.edu.br\/unidades\/lapa\/files\/2020\/12\/Alessandra_Ferreira_Neto-Momentos_no_If_baiano_-_Campus_Lapa.pdf\" target=\"_blank\" rel=\"noreferrer noopener\">Momentos no If baiano &#8211; Campus Lapa (Documento pdf, abre em nova aba)<\/a><\/div>\n\n\n\n<div class=\"wp-block-file\">Arleide Ferreira Neto<br><a href=\"https:\/\/www.ifbaiano.edu.br\/unidades\/lapa\/files\/2020\/12\/Arleide_Ferreira_Neto-Minha_historia_no_IF_Lapa.pdf\" target=\"_blank\" rel=\"noreferrer noopener\">Minha hist\u00f3ria no IF Lapa (Documento pdf, abre em nova aba)<\/a><\/div>\n\n\n\n<div class=\"wp-block-file\">Carolaine Souza Cafe <br><a href=\"https:\/\/www.ifbaiano.edu.br\/unidades\/lapa\/files\/2020\/12\/Carolaine_Souza_Cafe-Meu_amigo_de_longas_datas_IFBA.pdf\" target=\"_blank\" rel=\"noreferrer noopener\">Meu amigo de longas datas (IFBA) (Documento pdf, abre em nova aba)<\/a><\/div>\n\n\n\n<div class=\"wp-block-file\">Carolina Souza Soares<br><a href=\"https:\/\/www.ifbaiano.edu.br\/unidades\/lapa\/files\/2020\/12\/Carolina_Souza_Soares-Minha_trajetoria_com_o_amigo_que_me_prepara_para_o_futuro_IF_Baiano.pdf\" target=\"_blank\" rel=\"noreferrer noopener\">Minha trajet\u00f3ria com o amigo que me prepara para o futuro &#8220;IF Baiano&#8221; (Documento pdf, abre em nova aba)<\/a><\/div>\n\n\n\n<div class=\"wp-block-file\">Emile Harumi Cangussu Chikui<br><a href=\"https:\/\/www.ifbaiano.edu.br\/unidades\/lapa\/files\/2020\/12\/Emile_Harumi_Cangussu_Chikui-Minha_caminhada_no_ensino_medio.pdf\" target=\"_blank\" rel=\"noreferrer noopener\">Minha caminhada no ensino m\u00e9dio (Documento pdf, abre em nova aba)<\/a><\/div>\n\n\n\n<div class=\"wp-block-file\">Graziele de C\u00e1ssia Brito Soares da Silva<br><a href=\"https:\/\/www.ifbaiano.edu.br\/unidades\/lapa\/files\/2020\/12\/Graziele_de_Cassia_Brito_Soares_da_Silva-Minhas_Memorias_nos_IF_Lapa.pdf\" target=\"_blank\" rel=\"noreferrer noopener\">Minhas Mem\u00f3rias nos IF Lapa (Documento pdf, abre em nova aba)<\/a><\/div>\n\n\n\n<div class=\"wp-block-file\">Jo\u00e3o Emanuel Oliveira Bastos<br><a href=\"https:\/\/www.ifbaiano.edu.br\/unidades\/lapa\/files\/2020\/12\/Joao_Emanuel_Oliveira_Bastos-Campus_Lapa_E_Seus_Encantos.pdf\" target=\"_blank\" rel=\"noreferrer noopener\">&#8220;Campus Lapa E Seus Encantos&#8221; (Documento pdf, abre em nova aba)<\/a><\/div>\n\n\n\n<div class=\"wp-block-file\">Leandra Jesus da Silva Oliveira<br><a href=\"https:\/\/www.ifbaiano.edu.br\/unidades\/lapa\/files\/2020\/12\/Leandra_Jesus_da_Silva_Oliveira-Uma_oportunidade_para_sonhar_e_tudo_que_ela_queria.pdf\" target=\"_blank\" rel=\"noreferrer noopener\">Uma oportunidade para sonhar \u00e9 tudo que ela queria. (Documento pdf, abre em nova aba)<\/a><\/div>\n\n\n\n<div class=\"wp-block-file\">Lorrany Ingrid Almeida de Oliveira<br><a href=\"https:\/\/www.ifbaiano.edu.br\/unidades\/lapa\/files\/2020\/12\/Lorrany_Ingrid_Almeida_de_Oliveira-minha_trajetoria_no_if_baiano_-_campus_lapa.pdf\" target=\"_blank\" rel=\"noreferrer noopener\"><span style=\"text-transform:uppercase\">Minha Trajet\u00f3ria no IF Baiano \u2013 Campus Lapa<\/span> (Documento pdf, abre em nova aba)<\/a><\/div>\n\n\n\n<div class=\"wp-block-file\">Mariana Jamile Santiago Cruz<br><a href=\"https:\/\/www.ifbaiano.edu.br\/unidades\/lapa\/files\/2020\/12\/Mariana_Jamile_Santiago_Cruz-Caro_Leitor.pdf\" target=\"_blank\" rel=\"noreferrer noopener\">Caro Leitor (Documento pdf, abre em nova aba)<\/a><\/div>\n\n\n\n<div class=\"wp-block-file\">Mariana Vieira Silva<br><a href=\"https:\/\/www.ifbaiano.edu.br\/unidades\/lapa\/files\/2020\/12\/Mariana_Vieira_Silva-A_transformacoes_que_o_if_baiano_me_proporcionou.pdf\" target=\"_blank\" rel=\"noreferrer noopener\">A transforma\u00e7\u00f5es que o if baiano me proporcionou (Documento pdf, abre em nova aba)<\/a><\/div>\n\n\n\n<div class=\"wp-block-file\">Selma Ana da Costa Ferreira<br><a href=\"https:\/\/www.ifbaiano.edu.br\/unidades\/lapa\/files\/2020\/12\/Selma_Ana_da_Costa_Ferreira-Aprendizado_e_experiencia.pdf\" target=\"_blank\" rel=\"noreferrer noopener\">Aprendizado e experi\u00eancia (Documento pdf, abre em nova aba)<\/a><\/div>\n\n\n\n<div class=\"wp-block-file\">Solange Ferreira dos Anjos<br><a href=\"https:\/\/www.ifbaiano.edu.br\/unidades\/lapa\/files\/2020\/12\/Solange_Ferreira_dos_Anjos-Educacao_de_qualidade_Exercendo_meu_direito.pdf\" target=\"_blank\" rel=\"noreferrer noopener\">Educa\u00e7\u00e3o de qualidade: Exercendo meu direito (Documento pdf, abre em nova aba)<\/a><\/div>\n\n\n\n<div class=\"wp-block-file\">Vanessa Teixeira Paes<br><a href=\"https:\/\/www.ifbaiano.edu.br\/unidades\/lapa\/files\/2020\/12\/Vanessa_Teixeira_Paes-IF_Baiano_Templo_de_Oportunidades.pdf\" target=\"_blank\" rel=\"noreferrer noopener\"><span style=\"text-transform:uppercase\">IF Baiano, Templo de Oportunidades<\/span> (Documento pdf, abre em nova aba)<\/a><\/div>\n\n\n\n<div class=\"wp-block-file\">Vitor Manoel Silva Barbosa<br><a href=\"https:\/\/www.ifbaiano.edu.br\/unidades\/lapa\/files\/2020\/12\/Vitor_Manoel_Silva_Barbosa-IF_Baiano_-_Campus_Bom_Jesus_da_Lapa_um_espaco_que_transforma.pdf\" target=\"_blank\" rel=\"noreferrer noopener\">IF Baiano &#8211; Campus Bom Jesus da Lapa, um espa\u00e7o que transforma (Documento pdf, abre em nova aba)<\/a><\/div>\n","protected":false},"excerpt":{"rendered":"<p>Concurso de Reda\u00e7\u00e3o Dedin de Prosa Prorroga\u00e7\u00e3o do Resultado Final do Concurso de Reda\u00e7\u00e3o&nbsp; A Comiss\u00e3o Organizadora do Concurso de Reda\u00e7\u00e3o \u201cMinha hist\u00f3ria com o IF Baiano &#8211; Campus Lapa\u201d, informa que a divulga\u00e7\u00e3o do Resultado Final, prevista para o dia 07\/12\/2020, foi prorrogada para o dia 11\/12\/2020.As reda\u00e7\u00f5es vencedoras ser\u00e3o apresentadas \u00e0s 15h00, do [&hellip;]<\/p>\n","protected":false},"author":100,"featured_media":0,"parent":0,"menu_order":0,"comment_status":"closed","ping_status":"closed","template":"","meta":[],"_links":{"self":[{"href":"https:\/\/www.ifbaiano.edu.br\/unidades\/lapa\/wp-json\/wp\/v2\/pages\/18417"}],"collection":[{"href":"https:\/\/www.ifbaiano.edu.br\/unidades\/lapa\/wp-json\/wp\/v2\/pages"}],"about":[{"href":"https:\/\/www.ifbaiano.edu.br\/unidades\/lapa\/wp-json\/wp\/v2\/types\/page"}],"author":[{"embeddable":true,"href":"https:\/\/www.ifbaiano.edu.br\/unidades\/lapa\/wp-json\/wp\/v2\/users\/100"}],"replies":[{"embeddable":true,"href":"https:\/\/www.ifbaiano.edu.br\/unidades\/lapa\/wp-json\/wp\/v2\/comments?post=18417"}],"version-history":[{"count":55,"href":"https:\/\/www.ifbaiano.edu.br\/unidades\/lapa\/wp-json\/wp\/v2\/pages\/18417\/revisions"}],"predecessor-version":[{"id":19039,"href":"https:\/\/www.ifbaiano.edu.br\/unidades\/lapa\/wp-json\/wp\/v2\/pages\/18417\/revisions\/19039"}],"wp:attachment":[{"href":"https:\/\/www.ifbaiano.edu.br\/unidades\/lapa\/wp-json\/wp\/v2\/media?parent=18417"}],"curies":[{"name":"wp","href":"https:\/\/api.w.org\/{rel}","templated":true}]}}