{"id":1961,"date":"2014-02-25T00:28:36","date_gmt":"2014-02-25T02:28:36","guid":{"rendered":"http:\/\/www.ifbaiano.edu.br\/unidades\/lapa\/?page_id=1961"},"modified":"2024-05-07T14:28:44","modified_gmt":"2024-05-07T17:28:44","slug":"diretoria-administrativa","status":"publish","type":"page","link":"https:\/\/www.ifbaiano.edu.br\/unidades\/lapa\/diretoria-administrativa\/","title":{"rendered":"Diretoria Administrativa"},"content":{"rendered":"\n<p align=\"justify\"><span style=\"color: #444444;font-family: Times New Roman, serif;font-size: medium\"><b>Diretora:<\/b><\/span><span style=\"color: #444444;font-family: Times New Roman, serif;font-size: medium;text-transform:uppercase\"> Gislane de Oliveira Costa Sim\u00f5es<\/span><\/p>\n<p align=\"justify\"><span style=\"color: #444444;font-family: Times New Roman, serif;font-size: medium\"><b>Email:<\/b><\/span> <span style=\"color: #0000ff\"><u><a href=\"mailto:dadm@lapa.ifbaiano.edu.br\"><span style=\"font-family: Times New Roman, serif;font-size: medium\">dadm@lapa.ifbaiano.edu.br<\/span><\/a><\/u><\/span><\/p>\n<p align=\"justify\"><span style=\"color: #444444\"><span><b>Telefone:<\/b><\/span><span style=\"color: #444444;font-family: Times New Roman, serif;font-size: medium\"> (77) 2102-9545 \/ (77) 2102-9501 \u2013 ramal 204 <p>\n<img decoding=\"async\" loading=\"lazy\" src=\"https:\/\/www.ifbaiano.edu.br\/unidades\/lapa\/files\/2023\/10\/whatsapp.png\" alt=\"Icone WhatsApp\" width=\"30\" height=\"30\" style=\"vertical-align: bottom\">&nbsp;77 9 8106-8492<\/p><\/span><\/p>\n<p align=\"justify\" style=\"color: #444444;font-family: Times New Roman, serif;font-size: medium\">O Departamento de Administra\u00e7\u00e3o \u00e9 a esfera executiva e operacional, integrante da Gest\u00e3o da Campus, que planeja, executa e controla as atividades administrativas e tem como objetivo principal auxiliar a Dire\u00e7\u00e3o Geral da unidade nas tarefas relacionadas \u00e0 \u00e1rea or\u00e7ament\u00e1ria e financeira, com o foco voltado na infraestrutura b\u00e1sica necess\u00e1ria ao pleno desenvolvimento das atividades de Ensino, Pesquisa e Extens\u00e3o. Al\u00e9m de promover o levantamento de demanda de bens patrimoniais, de consumo, aquisi\u00e7\u00f5es e contrata\u00e7\u00e3o de fornecimento de bens e servi\u00e7os. Dentre outras fun\u00e7\u00f5es que, por sua natureza, lhe sejam afins ou lhe tenham sido atribu\u00eddas.<\/p>\n\n<h3><b>COMPET\u00caNCIAS<\/b><\/h3>\n<ol type=\"a\" style=\"color: #444444;font-family: Times New Roman, serif;font-size: medium;text-align: justify\">\n<li> Coordenar e acompanhar a execu\u00e7\u00e3o das a\u00e7\u00f5es administrativas relativas ao Ensino, Pesquisa e Extens\u00e3o, zelando pelo cumprimento e fiel enquadramento dos atos no que tange a legisla\u00e7\u00e3o aplic\u00e1vel.<\/li>\n<li>Propor e acompanhar a execu\u00e7\u00e3o da pol\u00edtica de gest\u00e3o administrativa-financeira do Campus, em conson\u00e2ncia com as diretrizes da Administra\u00e7\u00e3o P\u00fablica.<\/li>\n<li>Executar atividades que sejam designadas pela Dire\u00e7\u00e3o Geral, visando o desenvolvimento do Campus.<\/li>\n<li>Elaborar conjuntamente com o Gabinete e Diretoria Acad\u00eamica&nbsp;o relat\u00f3rio anual de Gest\u00e3o.<\/li>\n<li>Administrar o recurso or\u00e7ament\u00e1rio e financeiro do Campus, monitorando&nbsp;e executando-o, dentro das prerrogativas legais, respeitando fielmente a Lei das Diretrizes Or\u00e7ament\u00e1rias e ainda a Lei de Responsabilidade Fiscal.<\/li>\n<li>Executar o planejamento nos n\u00edveis t\u00e1ticos e operacionais, elaborar os projetos de infraestrutura, executar as licita\u00e7\u00f5es, executar os contratos e atas de registro de pre\u00e7os.<\/li>\n<li>Sistematizar as informa\u00e7\u00f5es administrativas e execu\u00e7\u00e3o das atividades entre as coordena\u00e7\u00f5es que lhe s\u00e3o subordinadas.<\/li>\n<li>Promover a expans\u00e3o do Campus, operacionalizando o planejamento definido pela Dire\u00e7\u00e3o Geral em conjunto com a Reitoria&nbsp;e demais diretorias e Pr\u00f3-reitorias.<\/li>\n<li>Executar e direcionar os recursos da Institui\u00e7\u00e3o de forma transparente.<\/li>\n<li>Controlar verbas or\u00e7ament\u00e1rias e extra or\u00e7ament\u00e1ria dentro dos seus respectivos programas, sub-programas, projetos e atividades.<\/li>\n<li>Auxiliar nas avalia\u00e7\u00f5es t\u00e9cnicas de propostas de conv\u00eanios e documentos assemelhados<\/li>\n<li>Colaborar na elabora\u00e7\u00e3o dos planos de trabalhos para capta\u00e7\u00e3o de recursos, visando atendimento de projetos espec\u00edficos do Campus<\/li>\n<li>Ajudar na elabora\u00e7\u00e3o dos relat\u00f3rios e presta\u00e7\u00f5es de contas para encaminhamento aos \u00f3rg\u00e3os concedentes<\/li>\n<li>Gerir seu departamento em conson\u00e2ncia com as demais diretorias e coordena\u00e7\u00f5es preservando a miss\u00e3o, vis\u00e3o e valores do Campus<\/li>\n<li>Levantar a demanda e incentivar a capacita\u00e7\u00e3o e seu quadro de pessoal.<\/li>\n<\/ol>\n\n\n\n<p><a href=\"https:\/\/www.ifbaiano.edu.br\/unidades\/lapa\/boletim-dadm\/\" target=\"_blank\" rel=\"noopener noreferrer\">Boletim da Diretoria Administrativa (link para p\u00e1gina interna, abre em outra aba)<\/a><\/p>\n","protected":false},"excerpt":{"rendered":"<p>Diretora: Gislane de Oliveira Costa Sim\u00f5es Email: dadm@lapa.ifbaiano.edu.br Telefone: (77) 2102-9545 \/ (77) 2102-9501 \u2013 ramal 204 &nbsp;77 9 8106-8492 O Departamento de Administra\u00e7\u00e3o \u00e9 a esfera executiva e operacional, integrante da Gest\u00e3o da Campus, que planeja, executa e controla as atividades administrativas e tem como objetivo principal auxiliar a Dire\u00e7\u00e3o Geral da unidade nas [&hellip;]<\/p>\n","protected":false},"author":41,"featured_media":0,"parent":0,"menu_order":0,"comment_status":"open","ping_status":"open","template":"","meta":[],"_links":{"self":[{"href":"https:\/\/www.ifbaiano.edu.br\/unidades\/lapa\/wp-json\/wp\/v2\/pages\/1961"}],"collection":[{"href":"https:\/\/www.ifbaiano.edu.br\/unidades\/lapa\/wp-json\/wp\/v2\/pages"}],"about":[{"href":"https:\/\/www.ifbaiano.edu.br\/unidades\/lapa\/wp-json\/wp\/v2\/types\/page"}],"author":[{"embeddable":true,"href":"https:\/\/www.ifbaiano.edu.br\/unidades\/lapa\/wp-json\/wp\/v2\/users\/41"}],"replies":[{"embeddable":true,"href":"https:\/\/www.ifbaiano.edu.br\/unidades\/lapa\/wp-json\/wp\/v2\/comments?post=1961"}],"version-history":[{"count":17,"href":"https:\/\/www.ifbaiano.edu.br\/unidades\/lapa\/wp-json\/wp\/v2\/pages\/1961\/revisions"}],"predecessor-version":[{"id":28028,"href":"https:\/\/www.ifbaiano.edu.br\/unidades\/lapa\/wp-json\/wp\/v2\/pages\/1961\/revisions\/28028"}],"wp:attachment":[{"href":"https:\/\/www.ifbaiano.edu.br\/unidades\/lapa\/wp-json\/wp\/v2\/media?parent=1961"}],"curies":[{"name":"wp","href":"https:\/\/api.w.org\/{rel}","templated":true}]}}