{"id":19868,"date":"2021-04-28T09:15:39","date_gmt":"2021-04-28T12:15:39","guid":{"rendered":"https:\/\/www.ifbaiano.edu.br\/unidades\/lapa\/?page_id=19868"},"modified":"2021-07-01T16:48:15","modified_gmt":"2021-07-01T19:48:15","slug":"calendario-academico-2020","status":"publish","type":"page","link":"https:\/\/www.ifbaiano.edu.br\/unidades\/lapa\/calendario-academico-2020\/","title":{"rendered":"Calend\u00e1rio Acad\u00eamico 2020"},"content":{"rendered":"\n<h2 class=\"has-text-align-center\" style=\"text-transform:uppercase;background-color:#D0FFD0;color:green\">Calend\u00e1rios 2020.1<\/h2>\n\n\n\n<div class=\"wp-block-columns is-layout-flex wp-container-4\">\n<div class=\"wp-block-column is-layout-flow\">\n<figure align=\"center\"><a href=\"https:\/\/www.ifbaiano.edu.br\/unidades\/lapa\/files\/2021\/04\/calendario-Integrados-2020-1.pdf\" target=\"_blank\" rel=\"noopener\"><img decoding=\"async\" loading=\"lazy\" width=\"256\" height=\"256\" src=\"https:\/\/www.ifbaiano.edu.br\/unidades\/lapa\/files\/2014\/02\/horario.png\" alt=\"\" data-id=\"8968\" data-full-url=\"https:\/\/www.ifbaiano.edu.br\/unidades\/lapa\/files\/2014\/02\/horario.png\" data-link=\"https:\/\/www.ifbaiano.edu.br\/unidades\/lapa\/horarios-de-aulas\/horario\/\" class=\"wp-image-8968\"><figcaption class=\"blocks-gallery-item__caption\">Integrados<\/figcaption><\/a><\/figure>\n<\/div>\n\n\n\n<div class=\"wp-block-column is-layout-flow\">\n<figure align=\"center\"><a href=\"https:\/\/www.ifbaiano.edu.br\/unidades\/lapa\/files\/2021\/04\/calendario-subsequente-agricultura-2020-1.pdf\" target=\"_blank\" rel=\"noopener\"><img decoding=\"async\" loading=\"lazy\" width=\"256\" height=\"256\" src=\"https:\/\/www.ifbaiano.edu.br\/unidades\/lapa\/files\/2014\/02\/horario.png\" alt=\"\" data-id=\"8968\" data-full-url=\"https:\/\/www.ifbaiano.edu.br\/unidades\/lapa\/files\/2014\/02\/horario.png\" data-link=\"https:\/\/www.ifbaiano.edu.br\/unidades\/lapa\/horarios-de-aulas\/horario\/\" class=\"wp-image-8968\"><figcaption class=\"blocks-gallery-item__caption\">Subsequente Agricultura<\/figcaption><\/a><\/figure>\n<\/div>\n\n\n\n<div class=\"wp-block-column is-layout-flow\">\n<figure align=\"center\"><a href=\"https:\/\/www.ifbaiano.edu.br\/unidades\/lapa\/files\/2021\/04\/calendario-subsequente-Informatica-2020-1.pdf\" target=\"_blank\" rel=\"noopener\"><img decoding=\"async\" loading=\"lazy\" width=\"256\" height=\"256\" src=\"https:\/\/www.ifbaiano.edu.br\/unidades\/lapa\/files\/2014\/02\/horario.png\" alt=\"\" data-id=\"8968\" data-full-url=\"https:\/\/www.ifbaiano.edu.br\/unidades\/lapa\/files\/2014\/02\/horario.png\" data-link=\"https:\/\/www.ifbaiano.edu.br\/unidades\/lapa\/horarios-de-aulas\/horario\/\" class=\"wp-image-8968\"><figcaption class=\"blocks-gallery-item__caption\">Subsequente Inform\u00e1tica<\/figcaption><\/a><\/figure>\n<\/div>\n<\/div>\n\n\n\n<div class=\"wp-block-columns is-layout-flex wp-container-7\">\n<div class=\"wp-block-column is-layout-flow\">\n<figure align=\"center\"><a href=\"https:\/\/www.ifbaiano.edu.br\/unidades\/lapa\/files\/2021\/04\/calendario-superior-engenharia-agronomica-2020-1.pdf\" target=\"_blank\" rel=\"noopener\"><img decoding=\"async\" loading=\"lazy\" width=\"256\" height=\"256\" src=\"https:\/\/www.ifbaiano.edu.br\/unidades\/lapa\/files\/2014\/02\/horario.png\" alt=\"\" data-id=\"8968\" data-full-url=\"https:\/\/www.ifbaiano.edu.br\/unidades\/lapa\/files\/2014\/02\/horario.png\" data-link=\"https:\/\/www.ifbaiano.edu.br\/unidades\/lapa\/horarios-de-aulas\/horario\/\" class=\"wp-image-8968\"><figcaption class=\"blocks-gallery-item__caption\">Superior Engenharia Agron\u00f4mica<\/figcaption><\/a><\/figure>\n<\/div>\n\n\n\n<div class=\"wp-block-column is-layout-flow\">\n<figure align=\"center\"><a href=\"https:\/\/www.ifbaiano.edu.br\/unidades\/lapa\/files\/2021\/04\/calendario-curso-superior-gestao-tecnologia-informacao-2020-1.pdf\" target=\"_blank\" rel=\"noopener\"><img decoding=\"async\" loading=\"lazy\" width=\"256\" height=\"256\" src=\"https:\/\/www.ifbaiano.edu.br\/unidades\/lapa\/files\/2014\/02\/horario.png\" alt=\"\" data-id=\"8968\" data-full-url=\"https:\/\/www.ifbaiano.edu.br\/unidades\/lapa\/files\/2014\/02\/horario.png\" data-link=\"https:\/\/www.ifbaiano.edu.br\/unidades\/lapa\/horarios-de-aulas\/horario\/\" class=\"wp-image-8968\"><figcaption class=\"blocks-gallery-item__caption\">Superior Gest\u00e3o da Tecnologia da Informa\u00e7\u00e3o<\/figcaption><\/a><\/figure>\n<\/div>\n<\/div>\n\n\n\n<h2 class=\"has-text-align-center\" style=\"text-transform:uppercase;background-color:#D0FFD0;color:green\">Calend\u00e1rios 2020.2<\/h2>\n\n\n\n<div class=\"wp-block-columns is-layout-flex wp-container-10\">\n<div class=\"wp-block-column is-layout-flow\">\n<figure align=\"center\"><a href=\"https:\/\/www.ifbaiano.edu.br\/unidades\/lapa\/files\/2021\/07\/minuta-calendario-subsequente-agricultura-2020-apnp-final.pdf\" target=\"_blank\" rel=\"noopener\"><img decoding=\"async\" loading=\"lazy\" width=\"256\" height=\"256\" src=\"https:\/\/www.ifbaiano.edu.br\/unidades\/lapa\/files\/2014\/02\/horario.png\" alt=\"\" data-id=\"8968\" data-full-url=\"https:\/\/www.ifbaiano.edu.br\/unidades\/lapa\/files\/2014\/02\/horario.png\" data-link=\"https:\/\/www.ifbaiano.edu.br\/unidades\/lapa\/horarios-de-aulas\/horario\/\" class=\"wp-image-8968\"><figcaption class=\"blocks-gallery-item__caption\">Subsequente Agricultura<\/figcaption><\/a><\/figure>\n<\/div>\n\n\n\n<div class=\"wp-block-column is-layout-flow\">\n<figure align=\"center\"><a href=\"https:\/\/www.ifbaiano.edu.br\/unidades\/lapa\/files\/2021\/07\/minuta-calendario-subsequente-informatica-2020-apnp-final.pdf\" target=\"_blank\" rel=\"noopener\"><img decoding=\"async\" loading=\"lazy\" width=\"256\" height=\"256\" src=\"https:\/\/www.ifbaiano.edu.br\/unidades\/lapa\/files\/2014\/02\/horario.png\" alt=\"\" data-id=\"8968\" data-full-url=\"https:\/\/www.ifbaiano.edu.br\/unidades\/lapa\/files\/2014\/02\/horario.png\" data-link=\"https:\/\/www.ifbaiano.edu.br\/unidades\/lapa\/horarios-de-aulas\/horario\/\" class=\"wp-image-8968\"><figcaption class=\"blocks-gallery-item__caption\">Subsequente Inform\u00e1tica<\/figcaption><\/a><\/figure>\n<\/div>\n<\/div>\n\n\n\n<div class=\"wp-block-columns is-layout-flex wp-container-13\">\n<div class=\"wp-block-column is-layout-flow\">\n<figure align=\"center\"><a href=\"https:\/\/www.ifbaiano.edu.br\/unidades\/lapa\/files\/2021\/07\/minuta-calendario-agronomia-2020.pdf\" target=\"_blank\" rel=\"noopener\"><img decoding=\"async\" loading=\"lazy\" width=\"256\" height=\"256\" src=\"https:\/\/www.ifbaiano.edu.br\/unidades\/lapa\/files\/2014\/02\/horario.png\" alt=\"\" data-id=\"8968\" data-full-url=\"https:\/\/www.ifbaiano.edu.br\/unidades\/lapa\/files\/2014\/02\/horario.png\" data-link=\"https:\/\/www.ifbaiano.edu.br\/unidades\/lapa\/horarios-de-aulas\/horario\/\" class=\"wp-image-8968\"><figcaption class=\"blocks-gallery-item__caption\">Superior Engenharia Agron\u00f4mica<\/figcaption><\/a><\/figure>\n<\/div>\n\n\n\n<div class=\"wp-block-column is-layout-flow\">\n<figure align=\"center\"><a href=\"https:\/\/www.ifbaiano.edu.br\/unidades\/lapa\/files\/2021\/07\/minuta-calendario-gti-2020-apnp-final.pdf\" target=\"_blank\" rel=\"noopener\"><img decoding=\"async\" loading=\"lazy\" width=\"256\" height=\"256\" src=\"https:\/\/www.ifbaiano.edu.br\/unidades\/lapa\/files\/2014\/02\/horario.png\" alt=\"\" data-id=\"8968\" data-full-url=\"https:\/\/www.ifbaiano.edu.br\/unidades\/lapa\/files\/2014\/02\/horario.png\" data-link=\"https:\/\/www.ifbaiano.edu.br\/unidades\/lapa\/horarios-de-aulas\/horario\/\" class=\"wp-image-8968\"><figcaption class=\"blocks-gallery-item__caption\">Superior Gest\u00e3o da Tecnologia da Informa\u00e7\u00e3o<\/figcaption><\/a><\/figure>\n<\/div>\n<\/div>\n","protected":false},"excerpt":{"rendered":"<p>Calend\u00e1rios 2020.1 Integrados Subsequente Agricultura Subsequente Inform\u00e1tica Superior Engenharia Agron\u00f4mica Superior Gest\u00e3o da Tecnologia da Informa\u00e7\u00e3o Calend\u00e1rios 2020.2 Subsequente Agricultura Subsequente Inform\u00e1tica Superior Engenharia Agron\u00f4mica Superior Gest\u00e3o da Tecnologia da Informa\u00e7\u00e3o<\/p>\n","protected":false},"author":100,"featured_media":0,"parent":0,"menu_order":0,"comment_status":"closed","ping_status":"closed","template":"","meta":[],"_links":{"self":[{"href":"https:\/\/www.ifbaiano.edu.br\/unidades\/lapa\/wp-json\/wp\/v2\/pages\/19868"}],"collection":[{"href":"https:\/\/www.ifbaiano.edu.br\/unidades\/lapa\/wp-json\/wp\/v2\/pages"}],"about":[{"href":"https:\/\/www.ifbaiano.edu.br\/unidades\/lapa\/wp-json\/wp\/v2\/types\/page"}],"author":[{"embeddable":true,"href":"https:\/\/www.ifbaiano.edu.br\/unidades\/lapa\/wp-json\/wp\/v2\/users\/100"}],"replies":[{"embeddable":true,"href":"https:\/\/www.ifbaiano.edu.br\/unidades\/lapa\/wp-json\/wp\/v2\/comments?post=19868"}],"version-history":[{"count":21,"href":"https:\/\/www.ifbaiano.edu.br\/unidades\/lapa\/wp-json\/wp\/v2\/pages\/19868\/revisions"}],"predecessor-version":[{"id":20308,"href":"https:\/\/www.ifbaiano.edu.br\/unidades\/lapa\/wp-json\/wp\/v2\/pages\/19868\/revisions\/20308"}],"wp:attachment":[{"href":"https:\/\/www.ifbaiano.edu.br\/unidades\/lapa\/wp-json\/wp\/v2\/media?parent=19868"}],"curies":[{"name":"wp","href":"https:\/\/api.w.org\/{rel}","templated":true}]}}