{"id":19910,"date":"2021-04-29T14:09:48","date_gmt":"2021-04-29T17:09:48","guid":{"rendered":"https:\/\/www.ifbaiano.edu.br\/unidades\/lapa\/?page_id=19910"},"modified":"2021-04-29T14:09:58","modified_gmt":"2021-04-29T17:09:58","slug":"calendario-academico-2015","status":"publish","type":"page","link":"https:\/\/www.ifbaiano.edu.br\/unidades\/lapa\/calendario-academico-2015\/","title":{"rendered":"Calend\u00e1rio Acad\u00eamico 2015"},"content":{"rendered":"\n<h2 class=\"has-text-align-center\" style=\"text-transform:uppercase;background-color:#D0FFD0;color:green\">Calend\u00e1rios 2015<\/h2>\n\n\n\n<div class=\"wp-block-columns is-layout-flex wp-container-3\">\n<div class=\"wp-block-column is-layout-flow\">\n<figure align=\"center\">\n<a href=\"https:\/\/www.ifbaiano.edu.br\/unidades\/lapa\/files\/2012\/09\/calendario_2015.pdf\" target=\"_blank\" rel=\"noopener\">\n<img decoding=\"async\" loading=\"lazy\" width=\"256\" height=\"256\" src=\"https:\/\/www.ifbaiano.edu.br\/unidades\/lapa\/files\/2014\/02\/horario.png\" alt=\"Calend\u00e1rio Acad\u00eamico 2015 - pr\u00e9 greve\" data-id=\"8968\" data-full-url=\"https:\/\/www.ifbaiano.edu.br\/unidades\/lapa\/files\/2014\/02\/horario.png\" data-link=\"https:\/\/www.ifbaiano.edu.br\/unidades\/lapa\/horarios-de-aulas\/horario\/\" class=\"wp-image-8968\">\n<figcaption class=\"blocks-gallery-item__caption\">Calend\u00e1rio 2015 (antes da greve)<\/figcaption><\/a><\/figure>\n<\/div>\n\n\n\n<div class=\"wp-block-column is-layout-flow\">\n<figure align=\"center\">\n<a href=\"https:\/\/www.ifbaiano.edu.br\/unidades\/lapa\/files\/2012\/09\/calendario-pos-greve.pdf\" target=\"_blank\" rel=\"noopener\">\n<img decoding=\"async\" loading=\"lazy\" width=\"256\" height=\"256\" src=\"https:\/\/www.ifbaiano.edu.br\/unidades\/lapa\/files\/2014\/02\/horario.png\" alt=\"Calend\u00e1rio Acad\u00eamico 2015 - p\u00f3s greve\" data-id=\"8968\" data-full-url=\"https:\/\/www.ifbaiano.edu.br\/unidades\/lapa\/files\/2014\/02\/horario.png\" data-link=\"https:\/\/www.ifbaiano.edu.br\/unidades\/lapa\/horarios-de-aulas\/horario\/\" class=\"wp-image-8968\">\n<figcaption class=\"blocks-gallery-item__caption\">Calend\u00e1rio 2015.2 (p\u00f3s-greve)<\/figcaption><\/a><\/figure>\n<\/div>\n<\/div>\n","protected":false},"excerpt":{"rendered":"<p>Calend\u00e1rios 2015 Calend\u00e1rio 2015 (antes da greve) Calend\u00e1rio 2015.2 (p\u00f3s-greve)<\/p>\n","protected":false},"author":100,"featured_media":0,"parent":0,"menu_order":0,"comment_status":"closed","ping_status":"closed","template":"","meta":[],"_links":{"self":[{"href":"https:\/\/www.ifbaiano.edu.br\/unidades\/lapa\/wp-json\/wp\/v2\/pages\/19910"}],"collection":[{"href":"https:\/\/www.ifbaiano.edu.br\/unidades\/lapa\/wp-json\/wp\/v2\/pages"}],"about":[{"href":"https:\/\/www.ifbaiano.edu.br\/unidades\/lapa\/wp-json\/wp\/v2\/types\/page"}],"author":[{"embeddable":true,"href":"https:\/\/www.ifbaiano.edu.br\/unidades\/lapa\/wp-json\/wp\/v2\/users\/100"}],"replies":[{"embeddable":true,"href":"https:\/\/www.ifbaiano.edu.br\/unidades\/lapa\/wp-json\/wp\/v2\/comments?post=19910"}],"version-history":[{"count":2,"href":"https:\/\/www.ifbaiano.edu.br\/unidades\/lapa\/wp-json\/wp\/v2\/pages\/19910\/revisions"}],"predecessor-version":[{"id":19912,"href":"https:\/\/www.ifbaiano.edu.br\/unidades\/lapa\/wp-json\/wp\/v2\/pages\/19910\/revisions\/19912"}],"wp:attachment":[{"href":"https:\/\/www.ifbaiano.edu.br\/unidades\/lapa\/wp-json\/wp\/v2\/media?parent=19910"}],"curies":[{"name":"wp","href":"https:\/\/api.w.org\/{rel}","templated":true}]}}