{"id":2079,"date":"2014-03-03T00:08:44","date_gmt":"2014-03-03T02:08:44","guid":{"rendered":"http:\/\/www.ifbaiano.edu.br\/unidades\/lapa\/?page_id=2079"},"modified":"2019-05-23T08:49:14","modified_gmt":"2019-05-23T11:49:14","slug":"legislacao-educacional","status":"publish","type":"page","link":"https:\/\/www.ifbaiano.edu.br\/unidades\/lapa\/legislacao-educacional\/","title":{"rendered":"Legisla\u00e7\u00e3o Educacional"},"content":{"rendered":"\n<p>Com o objetivo de subsidiar nosso trabalho, elencamos a seguir os links para acesso aos principais documentos legais que disp\u00f5em sobre a Educa\u00e7\u00e3o Profissional. Acessem!<\/p>\n<p>&nbsp;<\/p>\n<h2>Legisla\u00e7\u00e3o Educacional<\/h2>\n<p><img decoding=\"async\" src=\"http:\/\/www.ifb.edu.br\/templates\/ifb_template\/images\/trans.gif\" alt=\"Aten\u00e7\u00e3o, abrir em uma nova janela.\"><\/p>\n<p><strong>Legisla\u00e7\u00e3o Federal<\/strong><br><strong><a href=\"http:\/\/www.planalto.gov.br\/ccivil_03\/_ato2007-2010\/2008\/lei\/l11892.htm\" target=\"_blank\" rel=\"noopener noreferrer\">11.892 &#8211; Lei que cria os Institutos Federais&nbsp;<\/a><\/strong><\/p>\n<p><strong><a href=\"http:\/\/www.planalto.gov.br\/ccivil_03\/_ato2007-2010\/2008\/Lei\/L11784.htm\" target=\"_blank\" rel=\"noopener noreferrer\">11.784 &#8211; Lei que disp\u00f5e sobre a carreira do professor do ensino b\u00e1sico t\u00e9cnico e tecnol\u00f3gico<\/a><\/strong><\/p>\n<p><strong><a href=\"http:\/\/www.planalto.gov.br\/ccivil_03\/_ato2004-2006\/2005\/lei\/l11091.htm\" target=\"_blank\" rel=\"noopener noreferrer\">11.091 &#8211;&nbsp; Lei que disp\u00f5e sobre a carreira do servidores t\u00e9cnicos administrativos<\/a><\/strong><\/p>\n<p><strong><a href=\"http:\/\/www.planalto.gov.br\/ccivil_03\/Leis\/L9393.htm\" target=\"_blank\" rel=\"noopener noreferrer\">9.394\/96 &#8211; Lei de diretrizes e bases da educa\u00e7\u00e3o nacional<\/a><\/strong><\/p>\n<p><strong>Portarias<\/strong><\/p>\n<p>Portaria de 7 de janeiro de 2009:&nbsp;<strong><a href=\"http:\/\/portal.mec.gov.br\/setec\/arquivos\/pdf\/sec1.pdf\" target=\"_blank\" rel=\"noopener noreferrer\">Se\u00e7\u00e3o 1<\/a><\/strong>&nbsp;e&nbsp;<strong><a href=\"http:\/\/portal.mec.gov.br\/setec\/arquivos\/pdf\/sec2.pdf\" target=\"_blank\" rel=\"noopener noreferrer\">Se\u00e7\u00e3o 2<\/a><\/strong><br>Portaria que definiu a composi\u00e7\u00e3o dos institutos.<\/p>\n<p><strong><a href=\"http:\/\/portal.mec.gov.br\/arquivos\/pdf\/port_reitores.pdf\" target=\"_blank\" rel=\"noopener noreferrer\">Portarias de 7 de janeiro de 2009<\/a><\/strong><br>Portarias que nomearam os reitores pro tempores das institui\u00e7\u00f5es.<\/p>\n<p><strong><a href=\"http:\/\/portal.mec.gov.br\/setec\/arquivos\/pdf_legislacao\/rede\/legisla_rede_port12.pdf\" target=\"_blank\" rel=\"noopener noreferrer\">Portaria normativa n\u00ba 12, de 14 de agosto de 2006.<\/a><\/strong><br>Disp\u00f5e sobre a adequa\u00e7\u00e3o da denomina\u00e7\u00e3o dos cursos superiores de tecnologia ao Cat\u00e1logo Nacional de Cursos Superiores de Tecnologia, nos termos do art. 71, \u00a7 1\u00ba e 2\u00ba, do Decreto 5.773, de 2006.<\/p>\n<p><strong><a href=\"http:\/\/portal.mec.gov.br\/setec\/arquivos\/pdf_legislacao\/rede\/legisla_rede_port10.pdf\" target=\"_blank\" rel=\"noopener noreferrer\">Portaria n\u00ba 10, de 28 de julho de 2006.<\/a><\/strong><br>Aprova em extrato o Cat\u00e1logo Nacional dos Cursos Superiores de Tecnologia.<\/p>\n<p><strong><a href=\"http:\/\/portal.mec.gov.br\/setec\/arquivos\/pdf_legislacao\/rede\/legisla_rede_port1027.pdf\" target=\"_blank\" rel=\"noopener noreferrer\">Portaria n\u00ba 1.027, de 15 de maio de 2006.<\/a><\/strong><br>Disp\u00f5e sobre banco de avaliadores do Sistema Nacional de Avalia\u00e7\u00e3o da Educa\u00e7\u00e3o Superior &#8211; SINAES, a Comiss\u00e3o T\u00e9cnica de Acompanhamento da Avalia\u00e7\u00e3o &#8211; CTAA, e d\u00e1 outras provid\u00eancias.<\/p>\n<p><strong><a href=\"http:\/\/portal.mec.gov.br\/setec\/arquivos\/pdf_legislacao\/rede\/legisla_rede_port156.pdf\" target=\"_blank\" rel=\"noopener noreferrer\">Portaria n\u00ba 156, de 19 de julho de 2005.<\/a><\/strong><br>Estabelece os procedimentos para a realiza\u00e7\u00e3o, in loco, dos trabalhos de supervis\u00e3o das atividades desenvolvidas pelas Escolas Agrot\u00e9cnicas Federais, Escola T\u00e9cnica Federal e Centros Federais de Educa\u00e7\u00e3o Tecnol\u00f3gica.<\/strong><\/p>\n<p><strong><a href=\"http:\/\/portal.mec.gov.br\/setec\/arquivos\/pdf_legislacao\/rede\/legisla_rede_port4362.pdf\" target=\"_blank\" rel=\"noopener noreferrer\">Portaria n\u00ba 4.362, de 29 de dezembro de 2004.<\/a><\/strong><br>Institui banco \u00fanico de avaliadores da educa\u00e7\u00e3o superior.<\/strong><\/p>\n<p><strong><a href=\"http:\/\/portal.mec.gov.br\/setec\/arquivos\/pdf_legislacao\/rede\/legisla_rede_port107.pdf\" target=\"_blank\" rel=\"noopener noreferrer\">Portaria n\u00ba 107, de 22 de julho de 2004.<\/a><\/strong><br>SINAES e ENADE \u2013 disposi\u00e7\u00f5es diversas.<\/p>\n<p><strong>Pareceres<\/strong><\/p>\n<p><strong><a href=\"http:\/\/portal.mec.gov.br\/setec\/arquivos\/pdf_legislacao\/rede\/legisla_rede_parecer2772006.pdf\" target=\"_blank\" rel=\"noopener noreferrer\">Parecer CES 277\/2006.<\/a><\/strong><br>Na forma de organiza\u00e7\u00e3o da Educa\u00e7\u00e3o Profissional e Tecnol\u00f3gica de gradua\u00e7\u00e3o.<\/p>\n<p><strong><a href=\"http:\/\/portal.mec.gov.br\/setec\/arquivos\/pdf_legislacao\/rede\/legisla_rede_parecer402004.pdf\" target=\"_blank\" rel=\"noopener noreferrer\">Parecer CNE\/CEB n\u00ba 40\/2004.<\/a><\/strong><br>Trata das normas para execu\u00e7\u00e3o de avalia\u00e7\u00e3o,&nbsp; reconhecimento e&nbsp; certifica\u00e7\u00e3o de estudos previstos no Artigo 41 da Lei n\u00ba 9.394\/96 (LDB).<\/p>\n<p><strong><a href=\"http:\/\/portal.mec.gov.br\/setec\/arquivos\/pdf_legislacao\/rede\/legisla_rede_parecer392004.pdf\" target=\"_blank\" rel=\"noopener noreferrer\">Parecer CNE\/CEB n\u00ba 39\/2004.<\/a><\/strong><br>Aplica\u00e7\u00e3o do Decreto n\u00ba 5.154\/2004 na Educa\u00e7\u00e3o Profissional T\u00e9cnica de n\u00edvel m\u00e9dio e no Ensino M\u00e9dio.<br><strong><br><a href=\"http:\/\/portal.mec.gov.br\/setec\/arquivos\/pdf_legislacao\/rede\/legisla_rede_parecer142004.pdf\" target=\"_blank\" rel=\"noopener noreferrer\">Parecer CNE\/CEB n\u00ba 14\/2004.<\/a><\/strong><br>Autoriza as escolas agrot\u00e9cnicas federais a ofertarem cursos superiores de tecnologia, em car\u00e1ter experimental.<br><strong><br><a href=\"http:\/\/portal.mec.gov.br\/setec\/arquivos\/pdf_legislacao\/rede\/legisla_rede_parecer292002.pdf\" target=\"_blank\" rel=\"noopener noreferrer\">Parecer CNE\/CP n\u00ba 29\/2002.<\/a><\/strong><br>Trata das Diretrizes Curriculares Nacionais no N\u00edvel de Tecnol\u00f3logoTrata das Diretrizes Curriculares Nacionais no N\u00edvel de Tecnol\u00f3logo.<br><a href=\"http:\/\/portal.mec.gov.br\/setec\/arquivos\/pdf_legislacao\/rede\/legisla_rede_parecer4362001.pdf\" target=\"_blank\" rel=\"noopener noreferrer\"><br><strong>Parecer CNE\/CES n\u00ba 436\/2001.<\/strong><\/a><br>Trata de Cursos Superiores de Tecnologia \u2013 Forma\u00e7\u00e3o de Tecn\u00f3logos.<\/p>\n<p><strong><a href=\"http:\/\/portal.mec.gov.br\/setec\/arquivos\/pdf_legislacao\/rede\/legisla_rede_parecer1699.pdf\" target=\"_blank\" rel=\"noopener noreferrer\">Parecer CNE\/CEB n\u00ba 16\/99.<\/a><\/strong><br>Trata das Diretrizes Curriculares Nacionais para a Educa\u00e7\u00e3o Profissional de N\u00edvel T\u00e9cnico.<br><a href=\"http:\/\/portal.mec.gov.br\/setec\/arquivos\/pdf_legislacao\/rede\/legisla_rede_parecer1797.pdf\" target=\"_blank\" rel=\"noopener noreferrer\"><br><strong>Parecer CNE\/CEB n\u00ba 17\/97.<\/strong><\/a><br>Estabelece as diretrizes operacionais para a educa\u00e7\u00e3o profissional em n\u00edvel nacional.<br><strong><br><a href=\"http:\/\/portal.mec.gov.br\/setec\/arquivos\/pdf_legislacao\/rede\/legisla_rede_parecer0297.pdf\" target=\"_blank\" rel=\"noopener noreferrer\">Parecer CNE\/CEB n\u00ba 02\/97.<\/a><\/strong><br>Disp\u00f5e sobre os programas especiais de forma\u00e7\u00e3o pedag\u00f3gica de docentes para disciplinas do curr\u00edculo do ensino fundamental, do ensino m\u00e9dio e da educa\u00e7\u00e3o profissional em n\u00edvel m\u00e9dio.<\/p>\n<p><strong>Resolu\u00e7\u00f5es<\/strong><\/p>\n<p><strong><a href=\"http:\/\/portal.mec.gov.br\/setec\/arquivos\/pdf\/rceb001_08.pdf\" target=\"_blank\" rel=\"noopener noreferrer\">Resolu\u00e7\u00e3o CNE\/CEB n\u00ba 1, de 27 de mar\u00e7o de 2008.<\/a><\/strong><br>Define os profissionais do magist\u00e9rio, para efeito da aplica\u00e7\u00e3o do art. 22 da Lei n\u00ba 11.494\/2007, que regulamenta o Fundo de Manuten\u00e7\u00e3o e Desenvolvimento da Educa\u00e7\u00e3o B\u00e1sica e de Valoriza\u00e7\u00e3o dos Profissionais da Educa\u00e7\u00e3o &#8211; FUNDEB.<\/p>\n<p><strong><a href=\"http:\/\/portal.mec.gov.br\/setec\/arquivos\/pdf_legislacao\/rede\/legisla_rede_resol1.pdf\" target=\"_blank\" rel=\"noopener noreferrer\">Resolu\u00e7\u00e3o n\u00ba 1, de 3 de Fevereiro de 2005.<\/a><\/strong><br>Atualiza as Diretrizes Curriculares Nacionais definidas pelo Conselho Nacional de Educa\u00e7\u00e3o para o Ensino M\u00e9dio e para a Educa\u00e7\u00e3o Profissional T\u00e9cnica de n\u00edvel m\u00e9dio \u00e0s disposi\u00e7\u00f5es do Decreto n\u00ba 5.154\/2004.<\/p>\n<p><strong><a href=\"http:\/\/portal.mec.gov.br\/setec\/arquivos\/pdf_legislacao\/rede\/legisla_rede_resol03.pdf\" target=\"_blank\" rel=\"noopener noreferrer\">Resolu\u00e7\u00e3o CNE\/CP 3, de 18 de dezembro de 2002.<\/a><\/strong><br>Institui as Diretrizes Curriculares Nacionais Gerais para a organiza\u00e7\u00e3o e o funcionamento dos cursos superiores de tecnologia.<\/p>\n<p><a href=\"http:\/\/portal.mec.gov.br\/setec\/arquivos\/pdf_legislacao\/rede\/legisla_rede_resol0499.pdf\" target=\"_blank\" rel=\"noopener noreferrer\"><strong>Resolu\u00e7\u00e3o CNE\/CEB n.\u00ba 04\/99.<\/strong><\/a><br>Institui as Diretrizes Curriculares Nacionais para a Educa\u00e7\u00e3o Profissional de N\u00edvel T\u00e9cnico.<\/p>\n<p><a href=\"http:\/\/portal.mec.gov.br\/setec\/arquivos\/pdf_legislacao\/rede\/legisla_rede_resol02.pdf\" target=\"_blank\" rel=\"noopener noreferrer\"><strong>Resolu\u00e7\u00e3o n\u00ba 02, de 26 de junho de 1997.<\/strong><\/a><br>Disp\u00f5e sobre os programas especiais de forma\u00e7\u00e3o pedag\u00f3gica de docentes para as disciplinas do curr\u00edculo do ensino fundamental, do ensino m\u00e9dio e da educa\u00e7\u00e3o profissional em n\u00edvel m\u00e9dio.<\/p>\n<p><strong>Algumas outras Leis e decretos para consulta:<\/strong><\/p>\n<p>1909 &#8211;&nbsp;<a href=\"http:\/\/portal.mec.gov.br\/setec\/arquivos\/pdf3\/decreto_7566_1909.pdf\">Decreto n.\u00b0 7.566 de 23\/09\/1909<\/a>&nbsp;&#8211; Constru\u00e7\u00e3o de escolas para forma\u00e7\u00e3o de art\u00edfices;<\/p>\n<p>1961 \u2013&nbsp;<a href=\"http:\/\/www.planalto.gov.br\/ccivil_03\/leis\/L4024.htm\">Lei n.\u00ba 4.024<\/a>&nbsp;&#8211; Estabelece as Diretrizes e Bases da Educa\u00e7\u00e3o Nacional;<\/p>\n<p>1965 &#8211;&nbsp;<a href=\"http:\/\/www.senado.gov.br\/publicacoes\/diarios\/pdf\/sf\/2002\/08\/01082002\/14707.pdf\">Lei n\u00ba. 4.759<\/a>&nbsp;&#8211; Cria as Escolas T\u00e9cnicas Federais;<\/p>\n<p>1996 &#8211;&nbsp;<a href=\"http:\/\/www.planalto.gov.br\/ccivil_03\/leis\/L9394.htm\">Lei 9.394<\/a>&nbsp;&#8211; Lei de Diretrizes e Bases da Educa\u00e7\u00e3o Nacional\/LDB;<\/p>\n<p>&nbsp;<\/p>\n","protected":false},"excerpt":{"rendered":"<p>Com o objetivo de subsidiar nosso trabalho, elencamos a seguir os links para acesso aos principais documentos legais que disp\u00f5em sobre a Educa\u00e7\u00e3o Profissional. Acessem! &nbsp; Legisla\u00e7\u00e3o Educacional Legisla\u00e7\u00e3o Federal11.892 &#8211; Lei que cria os Institutos Federais&nbsp; 11.784 &#8211; Lei que disp\u00f5e sobre a carreira do professor do ensino b\u00e1sico t\u00e9cnico e tecnol\u00f3gico 11.091 &#8211;&nbsp; [&hellip;]<\/p>\n","protected":false},"author":41,"featured_media":0,"parent":0,"menu_order":0,"comment_status":"open","ping_status":"open","template":"","meta":[],"_links":{"self":[{"href":"https:\/\/www.ifbaiano.edu.br\/unidades\/lapa\/wp-json\/wp\/v2\/pages\/2079"}],"collection":[{"href":"https:\/\/www.ifbaiano.edu.br\/unidades\/lapa\/wp-json\/wp\/v2\/pages"}],"about":[{"href":"https:\/\/www.ifbaiano.edu.br\/unidades\/lapa\/wp-json\/wp\/v2\/types\/page"}],"author":[{"embeddable":true,"href":"https:\/\/www.ifbaiano.edu.br\/unidades\/lapa\/wp-json\/wp\/v2\/users\/41"}],"replies":[{"embeddable":true,"href":"https:\/\/www.ifbaiano.edu.br\/unidades\/lapa\/wp-json\/wp\/v2\/comments?post=2079"}],"version-history":[{"count":9,"href":"https:\/\/www.ifbaiano.edu.br\/unidades\/lapa\/wp-json\/wp\/v2\/pages\/2079\/revisions"}],"predecessor-version":[{"id":13126,"href":"https:\/\/www.ifbaiano.edu.br\/unidades\/lapa\/wp-json\/wp\/v2\/pages\/2079\/revisions\/13126"}],"wp:attachment":[{"href":"https:\/\/www.ifbaiano.edu.br\/unidades\/lapa\/wp-json\/wp\/v2\/media?parent=2079"}],"curies":[{"name":"wp","href":"https:\/\/api.w.org\/{rel}","templated":true}]}}