{"id":22203,"date":"2022-01-10T10:28:55","date_gmt":"2022-01-10T13:28:55","guid":{"rendered":"https:\/\/www.ifbaiano.edu.br\/unidades\/lapa\/?page_id=22203"},"modified":"2022-11-09T17:52:34","modified_gmt":"2022-11-09T20:52:34","slug":"editais-e-selecoes-2022","status":"publish","type":"page","link":"https:\/\/www.ifbaiano.edu.br\/unidades\/lapa\/editais-e-selecoes-2022\/","title":{"rendered":"Editais e Sele\u00e7\u00f5es 2022"},"content":{"rendered":"\n\n\n\n\n<table style=\"width: 100%;border-color: white\" rules=\"rows\" border=\"0\" bgcolor=\"#EEEEEE\">\n\n    <thead>\n        <tr bgcolor=\"#D0FFD0\">\n            <th style=\"text-align: center;height: 30px\" colspan=\"3\"><span style=\"color: green\"><b>Editais 2022<\/b><\/span><\/th>\n        <\/tr>\n        <tr>\n            <th>Edital<\/th>\n            <th>Conte\u00fado<\/th>\n            <th>Publica\u00e7\u00e3o<\/th>\n        <\/tr>\n    <\/thead><tbody>\n        <tr>\n            <td>\n                <p style=\"text-align: justify\"><b><a href=\"https:\/\/www.ifbaiano.edu.br\/unidades\/lapa\/edital-24-2022\/\">24\/2022<\/a><\/b><\/p>\n            <\/td>\n            <td style=\"text-align: justify\">Processo Seletivo para Ingresso de Estudantes nos cursos da Educa\u00e7\u00e3o Profissional T\u00e9cnica de N\u00edvel M\u00e9dio na Forma Subsequente ao Ensino M\u00e9dio<\/td>\n            <td>09\/11\/2022<\/td>\n        <\/tr>\n    <\/tbody>\n\n\n\n<tbody>\n        <tr>\n            <td>\n                <p style=\"text-align: justify\"><b><a href=\"https:\/\/www.ifbaiano.edu.br\/unidades\/lapa\/edital-23-2022\/\">23\/2022<\/a><\/b><\/p>\n            <\/td>\n            <td style=\"text-align: justify\">Sele\u00e7\u00e3o de Candidatos(as) para Preenchimento de vagas no curso Superior de Bacharelado em Engenharia Agron\u00f4mica<\/td>\n            <td>08\/11\/2022<\/td>\n        <\/tr>\n    <\/tbody>\n\n\n\n<tbody>\n        <tr>\n            <td>\n                <p style=\"text-align: justify\"><b><a href=\"https:\/\/www.ifbaiano.edu.br\/unidades\/lapa\/edital-22-2022\/\">22\/2022<\/a><\/b><\/p>\n            <\/td>\n            <td style=\"text-align: justify\">Processo Seletivo para Ingresso de Estudantes nos cursos da Educa\u00e7\u00e3o Profissional T\u00e9cnica de N\u00edvel M\u00e9dio na Forma Integrada ao Ensino M\u00e9dio \u2013 Modalidade Presencial<\/td>\n            <td>08\/11\/2022<\/td>\n        <\/tr>\n    <\/tbody>\n\n    <tbody>\n        <tr>\n            <td>\n                <p style=\"text-align: justify\"><b><a href=\"https:\/\/www.ifbaiano.edu.br\/unidades\/lapa\/monitoria-edital-21-2022\/\">21\/2022<\/a><\/b><\/p>\n            <\/td>\n            <td style=\"text-align: justify\">Sele\u00e7\u00e3o de monitores de ensino para os cursos da Educa\u00e7\u00e3o Profissional T\u00e9cnica de N\u00edvel M\u00e9dio <\/td>\n            <td>10\/10\/2022<\/td>\n        <\/tr>\n    <\/tbody>\n\n    <tbody>\n        <tr>\n            <td>\n                <p style=\"text-align: justify\"><b><a href=\"https:\/\/www.ifbaiano.edu.br\/unidades\/lapa\/paise-edital-20-2022\/\">20\/2022<\/a><\/b><\/p>\n            <\/td>\n            <td style=\"text-align: justify\">Programa de Assist\u00eancia e Inclus\u00e3o Social do Estudante (PAISE) <\/td>\n            <td>22\/08\/2022<\/td>\n        <\/tr>\n    <\/tbody>\n\n    <tbody>\n        <tr>\n            <td>\n                <p style=\"text-align: justify\"><b><a href=\"https:\/\/www.ifbaiano.edu.br\/unidades\/lapa\/edital-19-2022\/\">19\/2022<\/a><\/b><\/p>\n            <\/td>\n            <td style=\"text-align: justify\"> Edital n\u00ba 19, de 28 de julho de 2022 &#8211; Processo Seletivo de Vagas Remanescentes para Ingresso de Estudantes nos Cursos T\u00e9cnicos de N\u00edvel M\u00e9dio, na Forma Integrada ao Ensino M\u00e9dio <\/td>\n            <td>28\/07\/2022<\/td>\n        <\/tr>\n    <\/tbody>\n\n    <tbody>\n        <tr>\n            <td>\n                <p style=\"text-align: justify\"><b><a href=\"https:\/\/www.ifbaiano.edu.br\/unidades\/lapa\/edital-18-2022\/\">18\/2022<\/a><\/b><\/p>\n            <\/td>\n            <td style=\"text-align: justify\"> Edital n\u00ba 18, de 18 de julho de 2022 &#8211; Preenchimento de vagas ociosas no curso de Gradua\u00e7\u00e3o de Engenharia Agron\u00f4mica <\/td>\n            <td>28\/06\/2022<\/td>\n        <\/tr>\n    <\/tbody>\n\n    <tbody>\n        <tr>\n            <td>\n                <p style=\"text-align: justify\"><b><a href=\"https:\/\/www.ifbaiano.edu.br\/unidades\/lapa\/edital-16-2022-vagas-remanes-gti\/\">17\/2022<\/a><\/b><\/p>\n            <\/td>\n            <td style=\"text-align: justify\"> Edital de Retifica\u00e7\u00e3o n\u00ba 17, de 1\u00ba de julho de 2022 &#8211; Retifica o Edital n\u00ba 16\/2022 &#8211; Sele\u00e7\u00e3o de Candidatos(as) para Preenchimento de Vagas Remanescentes do SiSU 2022.1, do Curso de Tecnologia em Gest\u00e3o da Tecnologia da Informa\u00e7\u00e3o <\/td>\n            <td>18\/07\/2022<\/td>\n        <\/tr>\n    <\/tbody>\n    <tbody>\n        <tr>\n            <td>\n                <p style=\"text-align: justify\"><b><a href=\"https:\/\/www.ifbaiano.edu.br\/unidades\/lapa\/edital-16-2022-vagas-remanes-gti\/\">16\/2022<\/a><\/b><\/p>\n            <\/td>\n            <td style=\"text-align: justify\"> Edital n\u00ba 16, de 28 de junho de 2022 &#8211; Sele\u00e7\u00e3o de Candidatos(as) para Preenchimento de Vagas Remanescentes do Curso Superior de Tecnologia em Gest\u00e3o da Tecnologia da Informa\u00e7\u00e3o <\/td>\n            <td>28\/06\/2022<\/td>\n        <\/tr>\n    <\/tbody>\n    <tbody>\n        <tr>\n            <td>\n                <p style=\"text-align: justify\"><b><a href=\"https:\/\/www.ifbaiano.edu.br\/unidades\/lapa\/edital-15-2022-teletrabalho-integral\/\">15\/2022<\/a><\/b><\/p>\n            <\/td>\n            <td style=\"text-align: justify\"> Edital n\u00ba 15, de 27 de junho de 2022 &#8211; Inscri\u00e7\u00e3o para Ades\u00e3o ao Porgrama de Gest\u00e3o do Teletrabalho &#8211; Modalidade Integral <\/td>\n            <td>27\/06\/2022<\/td>\n        <\/tr>\n    <\/tbody>\n    <tbody>\n        <tr>\n            <td>\n                <p style=\"text-align: justify\"><b><a href=\"https:\/\/www.ifbaiano.edu.br\/unidades\/lapa\/edital-13-2022-teletrabalho\/\">14\/2022<\/a><\/b><\/p>\n            <\/td>\n            <td style=\"text-align: justify\"> Edital n\u00ba 14 &#8211; Retifica o Edital N\u00ba 13, de 22 de junho de 2022  <\/td>\n            <td>27\/06\/2022<\/td>\n        <\/tr>\n    <\/tbody>\n    <tbody>\n        <tr>\n            <td>\n                <p style=\"text-align: justify\"><b><a href=\"https:\/\/www.ifbaiano.edu.br\/unidades\/lapa\/edital-13-2022-teletrabalho\/\">13\/2022<\/a><\/b><\/p>\n            <\/td>\n            <td style=\"text-align: justify\"> Edital n\u00ba 13, de 22 de junho de 2022 &#8211; Inscri\u00e7\u00e3o para Ades\u00e3o ao Programa de Gest\u00e3o do Teletrabalho &#8211; Modalidade Parcial  <\/td>\n            <td>22\/06\/2022<\/td>\n        <\/tr>\n    <\/tbody>\n    <tbody>\n        <tr>\n            <td>\n                <p style=\"text-align: justify\"><b><a href=\"https:\/\/www.ifbaiano.edu.br\/unidades\/lapa\/edital-no-12-de-16-de-maio-de-2022-processo-seletivo-simplificado-para-selecao-de-tecnicosas-para-atuacao-em-projeto-de-extensao-no-programa-agroifnordeste\/\">12\/2022<\/a><\/b><\/p>\n            <\/td>\n            <td style=\"text-align: justify\"> Processo Seletivo Simplificado para sele\u00e7\u00e3o de t\u00e9cnicos(as) para atua\u00e7\u00e3o em Projeto de Extens\u00e3o no Programa AgroIFNordeste  <\/td>\n            <td>16\/05\/2022<\/td>\n        <\/tr>\n    <\/tbody>\n    <tbody>\n        <tr>\n            <td>\n                <p style=\"text-align: justify\"><b><a href=\"https:\/\/www.ifbaiano.edu.br\/unidades\/lapa\/edital_09_2022\/\">11\/2022<\/a><\/b><\/p>\n            <\/td>\n            <td style=\"text-align: justify\"> Edital que retifica o edital 09\/2022 Programa de Aux\u00edlios Eventuais (PAE) <\/td>\n            <td>18\/05\/2022<\/td>\n        <\/tr>\n    <\/tbody>\n    <tbody>\n        <tr>\n            <td>\n                <p style=\"text-align: justify\"><b><a href=\"https:\/\/www.ifbaiano.edu.br\/unidades\/lapa\/edital-10-2022\/\">10\/2022<\/a><\/b><\/p>\n            <\/td>\n            <td style=\"text-align: justify\"> Processo Seletivo para Monitores do Semestre Letivo 2021.2 do Curso de Gest\u00e3o de Tecnologia da Informa\u00e7\u00e3o <\/td>\n            <td>10\/05\/2022<\/td>\n        <\/tr>\n    <\/tbody>\n    <tbody>\n        <tr>\n            <td>\n                <p style=\"text-align: justify\"><b><a href=\"https:\/\/www.ifbaiano.edu.br\/unidades\/lapa\/edital_09_2022\/\">09\/2022<\/a><\/b><\/p>\n            <\/td>\n            <td style=\"text-align: justify\"> Programa de Aux\u00edlios Eventuais (PAE) <\/td>\n            <td>02\/05\/2022<\/td>\n        <\/tr>\n    <\/tbody>\n    <tbody>\n        <tr>\n            <td>\n                <p style=\"text-align: justify\"><b><a href=\"https:\/\/www.ifbaiano.edu.br\/unidades\/lapa\/edital-08-2022-bjl\/\">8\/2022<\/a><\/b><\/p>\n            <\/td>\n            <td style=\"text-align: justify\"> Processo Seletivo para Monitores dos curso de Gradua\u00e7\u00e3o  <\/td>\n            <td>26\/04\/2022<\/td>\n        <\/tr>\n    <\/tbody>\n    <tbody>\n        <tr>\n            <td>\n                <p style=\"text-align: justify\"><b><a href=\"https:\/\/www.ifbaiano.edu.br\/unidades\/lapa\/edital-4-2022\/\">4\/2022<\/a><\/b><\/p>\n            <\/td>\n            <td style=\"text-align: justify\"> Chamada Interna para Avalia\u00e7\u00e3o do \u00daltimo Per\u00edodo Regular dos Cursos da Educa\u00e7\u00e3o Profissional T\u00e9cnica Integrada ao Ensino M\u00e9dio, campus Bom Jesus da Lapa, Requisitantes da Certifica\u00e7\u00e3o do Ensino M\u00e9dio <\/td>\n            <td>03\/03\/2022<\/td>\n        <\/tr>\n    <\/tbody>\n    <tbody>\n        <tr>\n            <td>\n                <p style=\"text-align: justify\"><b><a href=\"https:\/\/www.ifbaiano.edu.br\/unidades\/lapa\/edital-1-2021\/\">1\/2022<\/a><\/b><\/p>\n            <\/td>\n            <td style=\"text-align: justify\">Processo Seletivo para Ingresso de Estudantes nos Cursos da Educa\u00e7\u00e3o Profissional T\u00e9cnica de N\u00edvel M\u00e9dio, na Forma Integrada ao Ensino M\u00e9dio &#8211; Modalidade Presencial<\/td>\n            <td>07\/01\/2022<\/td>\n        <\/tr>\n    <\/tbody>\n\n<\/table>\n\n\n\n<p><\/p>\n","protected":false},"excerpt":{"rendered":"<p>Editais 2022 Edital Conte\u00fado Publica\u00e7\u00e3o 24\/2022 Processo Seletivo para Ingresso de Estudantes nos cursos da Educa\u00e7\u00e3o Profissional T\u00e9cnica de N\u00edvel M\u00e9dio na Forma Subsequente ao Ensino M\u00e9dio 09\/11\/2022 23\/2022 Sele\u00e7\u00e3o de Candidatos(as) para Preenchimento de vagas no curso Superior de Bacharelado em Engenharia Agron\u00f4mica 08\/11\/2022 22\/2022 Processo Seletivo para Ingresso de Estudantes nos cursos da [&hellip;]<\/p>\n","protected":false},"author":100,"featured_media":0,"parent":0,"menu_order":0,"comment_status":"closed","ping_status":"closed","template":"","meta":[],"_links":{"self":[{"href":"https:\/\/www.ifbaiano.edu.br\/unidades\/lapa\/wp-json\/wp\/v2\/pages\/22203"}],"collection":[{"href":"https:\/\/www.ifbaiano.edu.br\/unidades\/lapa\/wp-json\/wp\/v2\/pages"}],"about":[{"href":"https:\/\/www.ifbaiano.edu.br\/unidades\/lapa\/wp-json\/wp\/v2\/types\/page"}],"author":[{"embeddable":true,"href":"https:\/\/www.ifbaiano.edu.br\/unidades\/lapa\/wp-json\/wp\/v2\/users\/100"}],"replies":[{"embeddable":true,"href":"https:\/\/www.ifbaiano.edu.br\/unidades\/lapa\/wp-json\/wp\/v2\/comments?post=22203"}],"version-history":[{"count":42,"href":"https:\/\/www.ifbaiano.edu.br\/unidades\/lapa\/wp-json\/wp\/v2\/pages\/22203\/revisions"}],"predecessor-version":[{"id":24060,"href":"https:\/\/www.ifbaiano.edu.br\/unidades\/lapa\/wp-json\/wp\/v2\/pages\/22203\/revisions\/24060"}],"wp:attachment":[{"href":"https:\/\/www.ifbaiano.edu.br\/unidades\/lapa\/wp-json\/wp\/v2\/media?parent=22203"}],"curies":[{"name":"wp","href":"https:\/\/api.w.org\/{rel}","templated":true}]}}