{"id":22276,"date":"2022-01-10T10:46:21","date_gmt":"2022-01-10T13:46:21","guid":{"rendered":"https:\/\/www.ifbaiano.edu.br\/unidades\/lapa\/?page_id=22276"},"modified":"2022-07-06T21:37:41","modified_gmt":"2022-07-07T00:37:41","slug":"edital-1-2021","status":"publish","type":"page","link":"https:\/\/www.ifbaiano.edu.br\/unidades\/lapa\/edital-1-2021\/","title":{"rendered":"Processo Seletivo para Ingresso de Estudantes nos Cursos da Educa\u00e7\u00e3o Profissional T\u00e9cnica de N\u00edvel M\u00e9dio, na Forma Integrada ao Ensino M\u00e9dio &#8211; Modalidade Presencial"},"content":{"rendered":"\n<div class=\"wp-block-columns is-layout-flex wp-container-3\">\n<div class=\"wp-block-column is-layout-flow\" style=\"flex-basis:66.66%\">\n<h2 id=\"ProreitoriaMeioDireitaTitulo\" style=\"color:#00510f;text-transform:uppercase;border-top: 3px solid #00510F\" class=\"has-inline-color\">Apresenta\u00e7\u00e3o<\/h2>\n\n<p><strong style=\"text-transform:uppercase\">O Diretor-Geral do Instituto Federal de Educa\u00e7\u00e3o, Ci\u00eancia e Tecnologia Baiano (IF Baiano)&nbsp;\u2013 <em>Campus<\/em> Bom Jesus da Lapa<\/strong>, nomeado pela Portaria n\u00ba 446 de 19\/03\/2018, publicada no DOU de 20\/03\/2018, Se\u00e7\u00e3o 2, p\u00e1gina 54, e de acordo com as disposi\u00e7\u00f5es contidas na Lei n\u00ba 11.892, de 29\/12\/2008 e na Portaria n\u00ba 2.564\/2018 \u2013 RET-GAB\/IFBAIANO, de 26\/09\/2018, e suas altera\u00e7\u00f5es; de acordo com as disposi\u00e7\u00f5es legais em vigor, torna p\u00fablica a abertura de inscri\u00e7\u00f5es do processo para ingresso de estudantes em 2022, nos cursos da Educa\u00e7\u00e3o Profissional T\u00e9cnica de N\u00edvel M\u00e9dio, na forma Integrada ao Ensino M\u00e9dio &#8211; na modalidade presencial, para o <em>Campus<\/em> Bom Jesus da Lapa.<\/p>\n<\/div>\n\n\n\n<div class=\"wp-block-column is-layout-flow\" style=\"flex-basis:33.33%\">\n<h2 id=\"ProreitoriaMeioDireitaTitulo\" style=\"color:#00510f;text-transform:uppercase;border-top: 3px solid #00510F\" class=\"has-inline-color\">Inscri\u00e7\u00f5es<\/h2>\n<p align=\"justify\"><strong>Per\u00edodo:<\/strong>14\/01\/2022 a 21\/02\/2022 <\/p>\n\n\n\n<p><\/p>\n<\/div>\n<\/div>\n\n\n\n<div class=\"wp-block-columns is-layout-flex wp-container-6\">\n<div class=\"wp-block-column is-layout-flow\" style=\"flex-basis:66.66%\">\n<h2 id=\"ProreitoriaMeioDireitaTitulo\" style=\"color:#00510f;text-transform:uppercase;border-top: 3px solid #00510F\" class=\"has-inline-color\">\n    Editais e Documentos\n<\/h2>\n\n\n<p align=\"justify\">\n    <a href=\"https:\/\/www.ifbaiano.edu.br\/unidades\/lapa\/files\/2022\/07\/9a-CONVOCACAO-PARA-MATRICULA.pdf\" target=\"_blank\" rel=\"noopener noreferrer\">\n       NONA CONVOCA\u00c7\u00c3O PARA MATR\u00cdCULA DOS(AS) CANDIDATOS(AS) APROVADOS(AS) &#8211; Publicado em 06\/07\/2022 (Documento pdf, abre em nova aba)\n    <\/a>\n<\/p>\n\n\n<p align=\"justify\">\n    <a href=\"https:\/\/www.ifbaiano.edu.br\/unidades\/lapa\/files\/2022\/07\/Resultado-do-Recurso-da-Setima-convocacao-para-matricula.pdf\" target=\"_blank\" rel=\"noopener noreferrer\">\n       Resultado do Recurso da S\u00e9tima Convoca\u00e7\u00e3o para Matr\u00edcula &#8211; Publicado em 06\/07\/2022 (Documento pdf, abre em nova aba)\n    <\/a>\n<\/p>\n\n\n<p align=\"justify\">\n    <a href=\"https:\/\/www.ifbaiano.edu.br\/unidades\/lapa\/files\/2022\/07\/Edital-de-Retificacao-no-5.pdf\" target=\"_blank\" rel=\"noopener noreferrer\">\n       Edital de Retifica\u00e7\u00e3o n\u00ba 5 EDITAL N\u00ba 7, DE 12 DE ABRIL DE 2022 &#8211; Publicado em 06\/07\/2022 (Documento pdf, abre em nova aba)\n    <\/a>\n<\/p>\n\n\n<p align=\"justify\">\n    <a href=\"https:\/\/www.ifbaiano.edu.br\/unidades\/lapa\/files\/2022\/06\/8-Convocacao.pdf\" target=\"_blank\" rel=\"noopener noreferrer\">\n       OITAVA CONVOCA\u00c7\u00c3O PARA MATR\u00cdCULA DOS(AS) CANDIDATOS(AS) APROVADOS(AS) &#8211; Publicado em 27\/06\/2022 (Documento pdf, abre em nova aba)\n    <\/a>\n<\/p>\n\n\n\n<p align=\"justify\">\n    <a href=\"https:\/\/www.ifbaiano.edu.br\/unidades\/lapa\/files\/2022\/06\/7a-CONVOCACAO-PARA-MATRICULA.pdf\" target=\"_blank\" rel=\"noopener noreferrer\">\n       S\u00c9TIMA CONVOCA\u00c7\u00c3O PARA MATR\u00cdCULA DOS(AS) CANDIDATOS(AS) APROVADOS(AS) &#8211; Publicado em 20\/06\/2022 (Documento pdf, abre em nova aba)\n    <\/a>\n<\/p>\n\n\n<p align=\"justify\">\n    <a href=\"https:\/\/www.ifbaiano.edu.br\/unidades\/lapa\/files\/2022\/06\/Retificacao-n-4-Edital7_2022.pdf\" target=\"_blank\" rel=\"noopener noreferrer\">\n       Edital de Retifica\u00e7\u00e3o n\u00ba 4 do Edital 7\/2022- Publicado em 20\/06\/2022 (Documento pdf, abre em nova aba)\n    <\/a>\n<\/p>\n\n<p align=\"justify\">\n    <a href=\"https:\/\/www.ifbaiano.edu.br\/unidades\/lapa\/files\/2022\/06\/6-convocacao.pdf\" target=\"_blank\" rel=\"noopener noreferrer\">\n       SEXTA CONVOCA\u00c7\u00c3O PARA MATR\u00cdCULA DOS(AS) CANDIDATOS(AS) APROVADOS(AS) &#8211; Processo Seletivo &#8211; Edital 01\/2022- Publicado em 13\/06\/2022 (Documento pdf, abre em nova aba)\n    <\/a>\n<\/p>\n\n\n<p align=\"justify\">\n    <a href=\"https:\/\/www.ifbaiano.edu.br\/unidades\/lapa\/files\/2022\/06\/5a-Convocacao.pdf\" target=\"_blank\" rel=\"noopener noreferrer\">\n       QUIINTA CONVOCA\u00c7\u00c3O PARA MATR\u00cdCULA DOS(AS) CANDIDATOS(AS) APROVADOS(AS) &#8211; Processo Seletivo &#8211; Edital 01\/2022- Publicado em 6\/06\/2022 (Documento pdf, abre em nova aba)\n    <\/a>\n<\/p>\n\n<p align=\"justify\">\n    <a href=\"https:\/\/www.ifbaiano.edu.br\/unidades\/lapa\/files\/2022\/06\/4a-Chamada.pdf\" target=\"_blank\" rel=\"noopener noreferrer\">\n       QUARTA CONVOCA\u00c7\u00c3O PARA MATR\u00cdCULA DOS(AS) CANDIDATOS(AS) APROVADOS(AS) &#8211; Processo Seletivo &#8211; Edital 01\/2022- Publicado em 1\/06\/2022 (Documento pdf, abre em nova aba)\n    <\/a>\n<\/p>\n\n\n<p align=\"justify\">\n    <a href=\"https:\/\/www.ifbaiano.edu.br\/unidades\/lapa\/files\/2022\/06\/Edital-de-Retificacao-no-3.pdf\" target=\"_blank\" rel=\"noopener noreferrer\">\n        Edital de Retifica\u00e7\u00e3o n\u00ba 3 do Edital 7\/2022  &#8211; Publicado em 1\/06\/2022 (Documento pdf, abre em nova aba)\n    <\/a>\n<\/p>\n\n<p align=\"justify\">\n    <a href=\"https:\/\/www.ifbaiano.edu.br\/unidades\/lapa\/files\/2022\/05\/3a-CONVOCACAO-PARA-MATRICULA.pdf\" target=\"_blank\" rel=\"noopener noreferrer\">\n        TERCEIRA CONVOCA\u00c7\u00c3O PARA MATR\u00cdCULA DOS(AS) CANDIDATOS(AS) APROVADOS(AS) &#8211; Processo Seletivo &#8211; Edital 01\/2022 &#8211; Publicado em 23\/05\/2022 (Documento pdf, abre em nova aba)\n    <\/a>\n<\/p>\n\n<p align=\"justify\">\n    <a href=\"https:\/\/www.ifbaiano.edu.br\/unidades\/lapa\/files\/2022\/05\/Edital-de-Retificacao-n\u00b02.pdf\" target=\"_blank\" rel=\"noopener noreferrer\">\n        Edital de Retifica\u00e7\u00e3o n\u00ba 2 do Edital 7\/2022  &#8211; Publicado em 23\/05\/2022 (Documento pdf, abre em nova aba)\n    <\/a>\n<\/p>\n\n\n<p align=\"justify\">\n    <a href=\"https:\/\/www.ifbaiano.edu.br\/unidades\/lapa\/files\/2022\/05\/2a-CONVOCACAO-PARA-MATRICULA-Edital-1_2022.pdf\" target=\"_blank\" rel=\"noopener noreferrer\">\n        SEGUNDA CONVOCA\u00c7\u00c3O PARA MATR\u00cdCULA DOS(AS) CANDIDATOS(AS) APROVADOS(AS) &#8211; Processo Seletivo &#8211; Edital 01\/2022 &#8211; Publicado em 16\/05\/2022 (Documento pdf, abre em nova aba)\n    <\/a>\n<\/p>\n\n<p align=\"justify\">\n    <a href=\"https:\/\/www.ifbaiano.edu.br\/unidades\/lapa\/files\/2022\/05\/Retificacao-Edital-n1-Edital-7_2022.pdf\" target=\"_blank\" rel=\"noopener noreferrer\">\n        EDITAL DE RETIFICA\u00c7\u00c2O Retifica\u00e7\u00e3o do EDITAL N\u00ba 7, DE 12 DE ABRIL DE 2022 , referente aos procedimentos de matr\u00edcula dos estudantes em 2022, nos cursos da Educa\u00e7\u00e3o Profissional T\u00e9cnica de N\u00edvel M\u00e9dio, na forma Integrada ao Ensino M\u00e9dio &#8211; na modalidade presencial, para o Campus Bom Jesus da Lapa.- Publicado em 16\/05\/2022 (Documento pdf, abre em nova aba)\n    <\/a>\n<\/p>\n\n<p align=\"justify\">\n    <a href=\"https:\/\/www.ifbaiano.edu.br\/unidades\/lapa\/files\/2022\/04\/convocacao.pdf\" target=\"_blank\" rel=\"noopener noreferrer\">\n        CONVOCA\u00c7\u00c3O PARA MATR\u00cdCULA DOS(AS) CANDIDATOS(AS) APROVADOS(AS) &#8211; Processo Seletivo &#8211; Edital 01\/2022 &#8211; Publicado em 28\/04\/2022 (Documento pdf, abre em nova aba)\n    <\/a>\n<\/p>\n\n\n\n\n<p align=\"justify\">\n    <a href=\"https:\/\/www.ifbaiano.edu.br\/unidades\/lapa\/files\/2022\/04\/EDITAL-7-DE-12-DE-ABRIL-DE-2022-Convocacao-para-matricula.pdf\" target=\"_blank\" rel=\"noopener noreferrer\">\n        CONVOCA\u00c7\u00c3O PARA MATR\u00cdCULA DOS(AS) CANDIDATOS(AS) APROVADOS(AS) &#8211; Processo Seletivo &#8211; Edital 01\/2022 &#8211; Publicado em 12\/04\/2022 (Documento pdf, abre em nova aba)\n    <\/a>\n<\/p>\n\n<p align=\"justify\">\n    <a href=\"https:\/\/www.ifbaiano.edu.br\/unidades\/lapa\/files\/2022\/04\/Resultado-Final-Edital-01_2022.pdf\" target=\"_blank\" rel=\"noopener noreferrer\">\n        RESULTADO FINAL &#8211; Processo Seletivo &#8211; Edital 01\/2022 &#8211; Publicado em 07\/04\/2022 (Documento pdf, abre em nova aba)\n    <\/a>\n<\/p>\n\n\n<p align=\"justify\">\n    <a href=\"https:\/\/www.ifbaiano.edu.br\/unidades\/lapa\/files\/2022\/04\/Edital-de-Retificacao-no-06-de-05-de-abril-de-2022.pdf\" target=\"_blank\" rel=\"noopener noreferrer\">\n        Edital de Retifica\u00e7\u00e3o n\u00ba 06, de 05 de abril de 2022 &#8211; Publicado em 05\/04\/2022 (Documento pdf, abre em nova aba)\n    <\/a>\n<\/p>\n\n<p align=\"justify\">\n    <a href=\"https:\/\/www.ifbaiano.edu.br\/unidades\/lapa\/files\/2022\/03\/Resultados-dos-Recursos-de-analise-de-desempenho-escolar.pdf\" target=\"_blank\" rel=\"noopener noreferrer\">\n        RESULTADO DOS RECURSOS DE AN\u00c1LISE DE DESEMPENHO ESCOLAR &#8211; Processo Seletivo &#8211; Edital 01\/2022 &#8211; Publicado em 25\/03\/2022 (Documento pdf, abre em nova aba)\n    <\/a>\n<\/p>\n\n<p align=\"justify\"><a href=\"https:\/\/www.ifbaiano.edu.br\/unidades\/lapa\/files\/2022\/03\/RESULTADO-PRELIMINAR-DE-DESEMPENHO-ESCOLAR.pdf\" target=\"_blank\" rel=\"noopener noreferrer\">RESULTADO PRELIMINAR DE DESEMPENHO ESCOLAR &#8211; Processo Seletivo &#8211; Edital 01\/2022 &#8211; Publicado em 21\/03\/2022 (Documento pdf, abre em nova aba)<\/a><\/p>\n\n\n<p align=\"justify\"><a href=\"https:\/\/www.ifbaiano.edu.br\/unidades\/lapa\/files\/2022\/03\/Inscricoes-Homologadas-1.pdf\" target=\"_blank\" rel=\"noopener noreferrer\">INSCRI\u00c7\u00d5ES HOMOLOGADAS &#8211; Processo Seletivo &#8211; Edital 01\/2022 &#8211; Publicado em 7\/03\/2022 (Documento pdf, abre em nova aba)<\/a><\/p>\n\n<p align=\"justify\"><a href=\"https:\/\/www.ifbaiano.edu.br\/unidades\/lapa\/files\/2022\/03\/FORMULARIO-PARA-INTERPOSICAO-DE-RECURSOS.pdf\" target=\"_blank\" rel=\"noopener noreferrer\">Formul\u00e1rio para Interposi\u00e7\u00e3o de Recursos &#8211; Processo Seletivo &#8211; Edital 01\/2022 &#8211; Publicado em 1\/03\/2022 (Documento pdf, abre em nova aba)<\/a><\/p>\n\n\n<p align=\"justify\"><a href=\"https:\/\/www.ifbaiano.edu.br\/unidades\/lapa\/files\/2022\/02\/Homologacao-Prosel-2022-Assinado.pdf\" target=\"_blank\" rel=\"noopener noreferrer\">Divulga\u00e7\u00e3o Preliminar das Inscri\u00e7\u00f5es Aceitas &#8211; Processo Seletivo &#8211; Edital 01\/2022 &#8211; Publicada em 28\/02\/2022 (Documento pdf, abre em nova aba)<\/a><\/p>\n\n\n\n\n<p align=\"justify\"><a href=\"https:\/\/www.ifbaiano.edu.br\/unidades\/lapa\/files\/2022\/01\/Anexo-V-retificado-Declaracao-de-Historico-Escolar.pdf\" target=\"_blank\" rel=\"noopener noreferrer\">Anexo v &#8211; retificado: Declara\u00e7\u00e3o de Hist\u00f3rico Escolar do Ensino Fundamental II (Documento pdf, abre em nova aba)<\/a><\/p>\n\n<p align=\"justify\"><a href=\"https:\/\/www.ifbaiano.edu.br\/unidades\/lapa\/files\/2022\/01\/Anexo-II-retificado-Consolidacao-de-Renda-Familiar.pdf\" target=\"_blank\" rel=\"noopener noreferrer\">Anexo II &#8211; retificado: Consolida\u00e7\u00e3o de Renda Familiar (Documento pdf, abre em nova aba)<\/a><\/p>\n\n<p align=\"justify\"><a href=\"https:\/\/www.ifbaiano.edu.br\/unidades\/lapa\/files\/2022\/01\/edital-3-2022.pdf\" target=\"_blank\" rel=\"noopener noreferrer\">Edital de Retifica\u00e7\u00e3o 3\/2022 (Documento pdf, abre em nova aba)<\/a><\/p>\n\n\n<p align=\"justify\"><a href=\"https:\/\/www.ifbaiano.edu.br\/unidades\/lapa\/files\/2022\/01\/edital-1-2022.pdf\" target=\"_blank\" rel=\"noopener noreferrer\">Edital 1\/2022 (Documento pdf, abre em nova aba)<\/a><\/p>\n<p align=\"justify\"><a href=\"https:\/\/www.ifbaiano.edu.br\/unidades\/lapa\/files\/2022\/01\/edital-1-2022-anexo-I.pdf\" target=\"_blank\" rel=\"noopener noreferrer\">Anexo I: Tabela 01 &#8211; Equival\u00eancia de Conceitos e Notas (Documento pdf, abre em nova aba)<\/a><\/p>\n\n<p align=\"justify\"><a href=\"https:\/\/www.ifbaiano.edu.br\/unidades\/lapa\/files\/2022\/01\/edital-1-2022-anexo-II.pdf\" target=\"_blank\" rel=\"noopener noreferrer\">Anexo II: Consolida\u00e7\u00e3o de Renda Familiar (Documento pdf, abre em nova aba)<\/a><\/p>\n\n<p align=\"justify\"><a href=\"https:\/\/www.ifbaiano.edu.br\/unidades\/lapa\/files\/2022\/01\/edital-1-2022-anexo-III.pdf\" target=\"_blank\" rel=\"noopener noreferrer\">Anexo III: Autodeclara\u00e7\u00e3o \u00c9tnico-Racial (Documento pdf, abre em nova aba)<\/a><\/p>\n\n<p align=\"justify\"><a href=\"https:\/\/www.ifbaiano.edu.br\/unidades\/lapa\/files\/2022\/01\/edital-1-2022-anexo-IV.pdf\" target=\"_blank\" rel=\"noopener noreferrer\">Anexo IV: Declara\u00e7\u00e3o de Pessoa com Defici\u00eancia (Documento pdf, abre em nova aba)<\/a><\/p>\n\n<p align=\"justify\"><a href=\"https:\/\/www.ifbaiano.edu.br\/unidades\/lapa\/files\/2022\/01\/edital-1-2022-anexo-V.pdf\" target=\"_blank\" rel=\"noopener noreferrer\">Anexo V: Declara\u00e7\u00e3o de Hist\u00f3rico Escolar do Ensino Fundamental II (Documento pdf, abre em nova aba)<\/a><\/p>\n\n<p align=\"justify\"><a href=\"https:\/\/www.ifbaiano.edu.br\/unidades\/lapa\/files\/2022\/01\/edital-1-2022-anexo-VI.pdf\" target=\"_blank\" rel=\"noopener noreferrer\">Anexo VI: Declara\u00e7\u00e3o de Escola P\u00fablica (Documento pdf, abre em nova aba)<\/a><\/p>\n\n<p align=\"justify\"><a href=\"https:\/\/www.ifbaiano.edu.br\/unidades\/lapa\/files\/2022\/01\/edital-1-2022-anexo-VII.pdf\" target=\"_blank\" rel=\"noopener noreferrer\">Anexo VII: Autodeclara\u00e7\u00e3o de Renda (Documento pdf, abre em nova aba)<\/a><\/p>\n<p align=\"justify\"><a href=\"https:\/\/opinanovo.ifbaiano.edu.br\/index.php\/975428\" target=\"_blank\" rel=\"noopener noreferrer\">Formul\u00e1rio de Inscri\u00e7\u00e3o (Site externo, abre em nova aba)<\/a><\/p>\n\n\n\n<p><\/p>\n<\/div>\n\n\n\n<div class=\"wp-block-column is-layout-flow\" style=\"flex-basis:33.33%\">\n<h2 id=\"ProreitoriaMeioDireitaTitulo\" style=\"color:#00510f;text-transform:uppercase;border-top: 3px solid #00510F\" class=\"has-inline-color\">Contato<\/h2>\n<p align=\"justify\">prosel@lapa.ifbaiano.edu.br<\/p>\n<p align=\"justify\">(77) 99987-7963 (Whatsapp)<\/p>\n<\/div>\n<\/div>\n\n\n\n<p><\/p>\n","protected":false},"excerpt":{"rendered":"<p>Apresenta\u00e7\u00e3o O Diretor-Geral do Instituto Federal de Educa\u00e7\u00e3o, Ci\u00eancia e Tecnologia Baiano (IF Baiano)&nbsp;\u2013 Campus Bom Jesus da Lapa, nomeado pela Portaria n\u00ba 446 de 19\/03\/2018, publicada no DOU de 20\/03\/2018, Se\u00e7\u00e3o 2, p\u00e1gina 54, e de acordo com as disposi\u00e7\u00f5es contidas na Lei n\u00ba 11.892, de 29\/12\/2008 e na Portaria n\u00ba 2.564\/2018 \u2013 RET-GAB\/IFBAIANO, [&hellip;]<\/p>\n","protected":false},"author":100,"featured_media":0,"parent":0,"menu_order":0,"comment_status":"closed","ping_status":"closed","template":"","meta":[],"_links":{"self":[{"href":"https:\/\/www.ifbaiano.edu.br\/unidades\/lapa\/wp-json\/wp\/v2\/pages\/22276"}],"collection":[{"href":"https:\/\/www.ifbaiano.edu.br\/unidades\/lapa\/wp-json\/wp\/v2\/pages"}],"about":[{"href":"https:\/\/www.ifbaiano.edu.br\/unidades\/lapa\/wp-json\/wp\/v2\/types\/page"}],"author":[{"embeddable":true,"href":"https:\/\/www.ifbaiano.edu.br\/unidades\/lapa\/wp-json\/wp\/v2\/users\/100"}],"replies":[{"embeddable":true,"href":"https:\/\/www.ifbaiano.edu.br\/unidades\/lapa\/wp-json\/wp\/v2\/comments?post=22276"}],"version-history":[{"count":55,"href":"https:\/\/www.ifbaiano.edu.br\/unidades\/lapa\/wp-json\/wp\/v2\/pages\/22276\/revisions"}],"predecessor-version":[{"id":23355,"href":"https:\/\/www.ifbaiano.edu.br\/unidades\/lapa\/wp-json\/wp\/v2\/pages\/22276\/revisions\/23355"}],"wp:attachment":[{"href":"https:\/\/www.ifbaiano.edu.br\/unidades\/lapa\/wp-json\/wp\/v2\/media?parent=22276"}],"curies":[{"name":"wp","href":"https:\/\/api.w.org\/{rel}","templated":true}]}}