{"id":22747,"date":"2022-03-02T19:54:01","date_gmt":"2022-03-02T22:54:01","guid":{"rendered":"https:\/\/www.ifbaiano.edu.br\/unidades\/lapa\/?page_id=22747"},"modified":"2022-03-24T17:08:31","modified_gmt":"2022-03-24T20:08:31","slug":"edital-4-2022","status":"publish","type":"page","link":"https:\/\/www.ifbaiano.edu.br\/unidades\/lapa\/edital-4-2022\/","title":{"rendered":"CHAMADA INTERNA PARA AVALIA\u00c7\u00c3O DE ALUNOS DO \u00daLTIMO PER\u00cdODO REGULAR DOS CURSOS DA EDUCA\u00c7\u00c3O PROFISSIONAL T\u00c9CNICA INTEGRADA AO ENSINO M\u00c9DIO, CAMPUS BOM JESUS DA LAPA, REQUISITANTES DA CERTIFICA\u00c7\u00c3O DO ENSINO M\u00c9DIO &#8211; EDITAL 04\/2022"},"content":{"rendered":"\n<div class=\"wp-block-columns is-layout-flex wp-container-3\">\n<div class=\"wp-block-column is-layout-flow\">\n<h2 id=\"ProreitoriaMeioDireitaTitulo\" style=\"color:#00510f;text-transform:uppercase;border-top: 3px solid #00510F\" class=\"has-inline-color\">Apresenta\u00e7\u00e3o<\/h2>\n<p><strong style=\"text-transform:uppercase\">O Diretor-Geral do Instituto Federal de Educa\u00e7\u00e3o, Ci\u00eancia e Tecnologia Baiano (IF Baiano)&nbsp;\u2013 <em>Campus<\/em> Bom Jesus da Lapa<\/strong>, nomeado pela Portaria n\u00ba 446 de 19\/03\/2018, publicada no DOU de 20\/03\/2018, Se\u00e7\u00e3o 2, p\u00e1gina 54, e de acordo com as disposi\u00e7\u00f5es contidas na Lei n\u00ba 11.892, de 29\/12\/2008 e na Portaria n\u00ba 2.564\/2018 \u2013 RET-GAB\/IFBAIANO, de 26\/09\/2018, e suas altera\u00e7\u00f5es; de acordo com as disposi\u00e7\u00f5es legais em vigor, torna p\u00fablico o Edital de Chamada Interna para realiza\u00e7\u00e3o da Avalia\u00e7\u00e3o Interna de estudantes matriculados no \u00faltimo per\u00edodo regular dos Cursos da Educa\u00e7\u00e3o Profissional T\u00e9cnica Integrada ao Ensino M\u00e9dio do IF Baiano, requisitantes da Certifica\u00e7\u00e3o do Ensino M\u00e9dio, conforme Portaria Normativa 4\/2021 &#8211; RET- GAB\/RET\/IFBAIANO, de 26 de abril de 2021, alterada pela Portaria Normativa 6\/2021 &#8211; RET-GAB\/RET\/IFBAIANO, de 11 de maio de 2021 para o <em>Campus<\/em> Bom Jesus da Lapa.<\/p>\n<\/div>\n\n\n\n<div class=\"wp-block-column is-layout-flow\">\n<h2 id=\"ProreitoriaMeioDireitaTitulo\" style=\"color:#00510f;text-transform:uppercase;border-top: 3px solid #00510F\" class=\"has-inline-color\">Inscri\u00e7\u00f5es<\/h2>\n<p align=\"justify\"><strong>Per\u00edodo:<\/strong> 03\/03\/2022 at\u00e9 a finaliza\u00e7\u00e3o do ano letivo de 2021, dos Cursos de Educa\u00e7\u00e3o Profissional T\u00e9cnica de n\u00edvel Ensino M\u00e9dio, forma integrada, do IF Baiano &#8211; Campus Bom Jesus da Lapa. <\/p>\n<p align=\"justify\"><strong>Procedimentos:<\/strong>  <\/p>\n\n\n\n<p>O(A) estudante interessado ou seu representante legalmente constitu\u00eddo, dever\u00e1 apresentar Requerimento junto \u00e0 Secretaria de Registros Acad\u00eamicos do campus, por e-mail ou presencialmente, em formul\u00e1rio padr\u00e3o (Anexo II). Para tanto, o(a) requerente dever\u00e1 apresentar as c\u00f3pias dos documentos discriminados no formul\u00e1rio de requerimento, conforme disposto na Portaria Normativa 4\/2021 &#8211; RET-GAB\/RET\/IFBAIANO, de 26 de abril de 2021, e suas altera\u00e7\u00f5es.<\/p>\n<\/div>\n<\/div>\n\n\n\n<div class=\"wp-block-columns is-layout-flex wp-container-6\">\n<div class=\"wp-block-column is-layout-flow\">\n<h2 id=\"ProreitoriaMeioDireitaTitulo\" style=\"color:#00510f;text-transform:uppercase;border-top: 3px solid #00510F\" class=\"has-inline-color\">Editais e Documentos<\/h2>\n\n<p align=\"justify\"><a href=\"https:\/\/www.ifbaiano.edu.br\/unidades\/lapa\/files\/2022\/03\/Publicizacao-Resultado-Final-Chamada-Interna-Edital-05.2022.pdf\" target=\"_blank\" rel=\"noopener noreferrer\">Resultado Final  do Edital de Retifica\u00e7\u00e3o n\u00ba 05, de 23 de mar\u00e7o de 2022 &#8211; Publicado em 24\/03\/2022 (Documento pdf, abre em nova aba)<\/a><\/p>\n\n<p align=\"justify\"><a href=\"https:\/\/www.ifbaiano.edu.br\/unidades\/lapa\/files\/2022\/03\/Convocacao-para-realizacao-das-provas-Edital-05.2022-1.pdf\" target=\"_blank\" rel=\"noopener noreferrer\">Convoca\u00e7\u00e3o para realiza\u00e7\u00e3o das provas &#8211; Edital de Retifica\u00e7\u00e3o n\u00ba 05, de 23 de mar\u00e7o de 2022 &#8211; Publicado em 23\/03\/2022 (Documento pdf, abre em nova aba)<\/a><\/p>\n\n<p align=\"justify\"><a href=\"https:\/\/www.ifbaiano.edu.br\/unidades\/lapa\/files\/2022\/03\/Edital-de-Retificacao-05-2022.-Retifica-o-Edital-04-2022_Chamada-Interna-para-Avaliacao-de-estudantes-requisitantes-da-Certificacao-do-Ensino-Medio.pdf\" target=\"_blank\" rel=\"noopener noreferrer\">EDITAL 05\/2022 &#8211; Retifica o Edital 04\/2022 &#8211; Chamada Interna para Avalia\u00e7\u00e3o do \u00daltimo Per\u00edodo Regular dos Cursos da Educa\u00e7\u00e3o Profissional T\u00e9cnica Integrada ao Ensino M\u00e9dio, campus Bom Jesus da Lapa, Requisitantes da Certifica\u00e7\u00e3o do Ensino M\u00e9dio &#8211; Publicado em 23\/03\/2022 (Documento pdf, abre em nova aba)<\/a><\/p>\n\n<p align=\"justify\"><a href=\"https:\/\/www.ifbaiano.edu.br\/unidades\/lapa\/files\/2022\/03\/Resultado-Final-Chamada-Interna-do-Edital-04.2022-assinado.pdf\" target=\"_blank\" rel=\"noopener noreferrer\">RESULTADO FINAL &#8211; EDITAL 04\/2022 &#8211; Chamada Interna para Avalia\u00e7\u00e3o do \u00daltimo Per\u00edodo Regular dos Cursos da Educa\u00e7\u00e3o Profissional T\u00e9cnica Integrada ao Ensino M\u00e9dio, campus Bom Jesus da Lapa, Requisitantes da Certifica\u00e7\u00e3o do Ensino M\u00e9dio &#8211; Publicado em 7\/03\/2022 (Documento pdf, abre em nova aba)<\/a><\/p>\n\n\n\n<p align=\"justify\"><a href=\"https:\/\/www.ifbaiano.edu.br\/unidades\/lapa\/files\/2022\/03\/Publicizacao-Resultado-Preliminar-Chamada-Interna-04.2022.pdf\" target=\"_blank\" rel=\"noopener noreferrer\">RESULTADO PRELIMINAR &#8211; EDITAL 04\/2022 &#8211; Chamada Interna para Avalia\u00e7\u00e3o do \u00daltimo Per\u00edodo Regular dos Cursos da Educa\u00e7\u00e3o Profissional T\u00e9cnica Integrada ao Ensino M\u00e9dio, campus Bom Jesus da Lapa, Requisitantes da Certifica\u00e7\u00e3o do Ensino M\u00e9dio &#8211; Publicado em 6\/03\/2022 (Documento pdf, abre em nova aba)<\/a><\/p>\n\n\n<p align=\"justify\"><a href=\"https:\/\/www.ifbaiano.edu.br\/unidades\/lapa\/files\/2022\/03\/Lista-dos-inscritos-Chamada-Interna-Edital-04.2022.pdf\" target=\"_blank\" rel=\"noopener noreferrer\">Lista de Inscritos &#8211; EDITAL 04\/2022 &#8211; Chamada Interna para Avalia\u00e7\u00e3o do \u00daltimo Per\u00edodo Regular dos Cursos da Educa\u00e7\u00e3o Profissional T\u00e9cnica Integrada ao Ensino M\u00e9dio, campus Bom Jesus da Lapa, Requisitantes da Certifica\u00e7\u00e3o do Ensino M\u00e9dio &#8211; Publicado em 4\/03\/2022 (Documento pdf, abre em nova aba)<\/a><\/p>\n\n\n<p align=\"justify\"><a href=\"https:\/\/www.ifbaiano.edu.br\/unidades\/lapa\/files\/2022\/03\/Edital-04.2022.pdf\" target=\"_blank\" rel=\"noopener noreferrer\">EDITAL 04\/2022 &#8211; Chamada Interna para Avalia\u00e7\u00e3o do \u00daltimo Per\u00edodo Regular dos Cursos da Educa\u00e7\u00e3o Profissional T\u00e9cnica Integrada ao Ensino M\u00e9dio, campus Bom Jesus da Lapa, Requisitantes da Certifica\u00e7\u00e3o do Ensino M\u00e9dio &#8211; Publicado em 2\/03\/2022 (Documento pdf, abre em nova aba)<\/a><\/p>\n\n<p align=\"justify\"><a href=\"https:\/\/www.ifbaiano.edu.br\/unidades\/lapa\/files\/2022\/03\/Anexo-I-Edital-04-2022.pdf\" target=\"_blank\" rel=\"noopener noreferrer\">ANEXO I &#8211; EDITAL 04\/2022 &#8211; Chamada Interna para Avalia\u00e7\u00e3o do \u00daltimo Per\u00edodo Regular dos Cursos da Educa\u00e7\u00e3o Profissional T\u00e9cnica Integrada ao Ensino M\u00e9dio, campus Bom Jesus da Lapa, Requisitantes da Certifica\u00e7\u00e3o do Ensino M\u00e9dio &#8211; Publicado em 23\/03\/2022 (Documento pdf, abre em nova aba)<\/a><\/p>\n\n<p align=\"justify\"><a href=\"https:\/\/www.ifbaiano.edu.br\/unidades\/lapa\/files\/2022\/03\/Anexo-II-Requerimento-Portaria-4-2021.pdf\" target=\"_blank\" rel=\"noopener noreferrer\">ANEXO II &#8211; EDITAL 04\/2022 &#8211; Chamada Interna para Avalia\u00e7\u00e3o do \u00daltimo Per\u00edodo Regular dos Cursos da Educa\u00e7\u00e3o Profissional T\u00e9cnica Integrada ao Ensino M\u00e9dio, campus Bom Jesus da Lapa, Requisitantes da Certifica\u00e7\u00e3o do Ensino M\u00e9dio &#8211; Publicado em 23\/03\/2022 (Documento pdf, abre em nova aba)<\/a><\/p>\n<\/div>\n\n\n\n<div class=\"wp-block-column is-layout-flow\">\n<h2 id=\"ProreitoriaMeioDireitaTitulo\" style=\"color:#00510f;text-transform:uppercase;border-top: 3px solid #00510F\" class=\"has-inline-color\">Contato<\/h2>\n<p align=\"justify\">da@lapa.ifbaiano.edu.br<\/p>\n<\/div>\n<\/div>\n","protected":false},"excerpt":{"rendered":"<p>Apresenta\u00e7\u00e3o O Diretor-Geral do Instituto Federal de Educa\u00e7\u00e3o, Ci\u00eancia e Tecnologia Baiano (IF Baiano)&nbsp;\u2013 Campus Bom Jesus da Lapa, nomeado pela Portaria n\u00ba 446 de 19\/03\/2018, publicada no DOU de 20\/03\/2018, Se\u00e7\u00e3o 2, p\u00e1gina 54, e de acordo com as disposi\u00e7\u00f5es contidas na Lei n\u00ba 11.892, de 29\/12\/2008 e na Portaria n\u00ba 2.564\/2018 \u2013 RET-GAB\/IFBAIANO, [&hellip;]<\/p>\n","protected":false},"author":58,"featured_media":0,"parent":0,"menu_order":0,"comment_status":"closed","ping_status":"closed","template":"","meta":[],"_links":{"self":[{"href":"https:\/\/www.ifbaiano.edu.br\/unidades\/lapa\/wp-json\/wp\/v2\/pages\/22747"}],"collection":[{"href":"https:\/\/www.ifbaiano.edu.br\/unidades\/lapa\/wp-json\/wp\/v2\/pages"}],"about":[{"href":"https:\/\/www.ifbaiano.edu.br\/unidades\/lapa\/wp-json\/wp\/v2\/types\/page"}],"author":[{"embeddable":true,"href":"https:\/\/www.ifbaiano.edu.br\/unidades\/lapa\/wp-json\/wp\/v2\/users\/58"}],"replies":[{"embeddable":true,"href":"https:\/\/www.ifbaiano.edu.br\/unidades\/lapa\/wp-json\/wp\/v2\/comments?post=22747"}],"version-history":[{"count":24,"href":"https:\/\/www.ifbaiano.edu.br\/unidades\/lapa\/wp-json\/wp\/v2\/pages\/22747\/revisions"}],"predecessor-version":[{"id":23081,"href":"https:\/\/www.ifbaiano.edu.br\/unidades\/lapa\/wp-json\/wp\/v2\/pages\/22747\/revisions\/23081"}],"wp:attachment":[{"href":"https:\/\/www.ifbaiano.edu.br\/unidades\/lapa\/wp-json\/wp\/v2\/media?parent=22747"}],"curies":[{"name":"wp","href":"https:\/\/api.w.org\/{rel}","templated":true}]}}