{"id":23080,"date":"2022-05-10T08:28:25","date_gmt":"2022-05-10T11:28:25","guid":{"rendered":"https:\/\/www.ifbaiano.edu.br\/unidades\/lapa\/?page_id=23080"},"modified":"2022-05-19T20:16:14","modified_gmt":"2022-05-19T23:16:14","slug":"edital-10-2022","status":"publish","type":"page","link":"https:\/\/www.ifbaiano.edu.br\/unidades\/lapa\/edital-10-2022\/","title":{"rendered":"EDITAL N\u00ba 10, DE 09 DE MAIO DE 2022 &#8211; PROCESSO SELETIVO PARA MONITORES DO SEMESTRE LETIVO 2021.2 DO CURSO DE TECNOLOGIA EM GEST\u00c3O DA INFORMA\u00c7\u00c3O"},"content":{"rendered":"\n<p><\/p>\n\n\n\n<div class=\"wp-block-columns is-layout-flex wp-container-3\">\n<div class=\"wp-block-column is-layout-flow\">\n<h2 id=\"ProreitoriaMeioDireitaTitulo\" style=\"color:#00510f;text-transform:uppercase;border-top: 3px solid #00510F\" class=\"has-inline-color\">Apresenta\u00e7\u00e3o<\/h2>\n<p><strong style=\"text-transform:uppercase\">O Diretor-Geral do Instituto Federal de Educa\u00e7\u00e3o, Ci\u00eancia e Tecnologia Baiano (IF Baiano)&nbsp;\u2013 <em>Campus<\/em> Bom Jesus da Lapa<\/strong>, nomeado pela Portaria n\u00ba 446 de 19\/03\/2018, publicada no DOU de 20\/03\/2018, Se\u00e7\u00e3o 2, p\u00e1gina 54, e de acordo com as disposi\u00e7\u00f5es contidas na Lei n\u00ba 11.892, de 29\/12\/2008 e na Portaria n\u00ba 2.564\/2018 \u2013 RET-GAB\/IFBAIANO, de 26\/09\/2018, e suas altera\u00e7\u00f5es; de acordo com as disposi\u00e7\u00f5es legais em vigor, torna p\u00fablico o presente Edital que estabelece as normas para sele\u00e7\u00e3o de monitores volunt\u00e1rios de ensino para o Curso de Gradua\u00e7\u00e3o em Tecnologia em Gest\u00e3o da Tecnologia da Informa\u00e7\u00e3o, para o semestre le&gt;vo 2021.2 (processo 23328.250947.2022-96), em conformidade com a Resolu\u00e7\u00e3o Consup\/IF Baiano n\u00ba 08, de 30 de mar\u00e7o de 2016 e Resolu\u00e7\u00e3o Consup\/IF Baiano n\u00ba 90, de 28 de outubro de 2020.<\/p>\n<\/div>\n\n\n\n<div class=\"wp-block-column is-layout-flow\">\n<h2 id=\"ProreitoriaMeioDireitaTitulo\" style=\"color:#00510f;text-transform:uppercase;border-top: 3px solid #00510F\" class=\"has-inline-color\">Inscri\u00e7\u00f5es<\/h2>\n<p align=\"justify\"><strong>Per\u00edodo:<\/strong> 09\/05\/2022 \u00e0 11\/05\/2022 <\/p>\n<p align=\"justify\"><strong>Procedimentos:<\/strong>  <\/p>\nAs inscri\u00e7\u00f5es ser\u00e3o realizadas de forma EXCLUSIVAMENTE\neletr\u00f4nica por meio do link https:\/\/forms.gle\/Yj9eRwXgesoqg3yQ8 a ser disponibilizado no per\u00edodo informado.\n\n\n\n<p><a href=\"https:\/\/www.youtube.com\/watch?v=UTPX2Cq1nnY\">LINK PARA INSCRI\u00c7\u00d5ES<\/a><\/p>\n<\/div>\n<\/div>\n\n\n\n<div class=\"wp-block-columns is-layout-flex wp-container-6\">\n<div class=\"wp-block-column is-layout-flow\">\n<h2 id=\"ProreitoriaMeioDireitaTitulo\" style=\"color:#00510f;text-transform:uppercase;border-top: 3px solid #00510F\" class=\"has-inline-color\">Editais e Documentos<\/h2>\n\n\n\n\n<p align=\"justify\"><a href=\"https:\/\/www.ifbaiano.edu.br\/unidades\/lapa\/files\/2022\/05\/EDITAL-102022-RESULTADO-FINAL-DEFINITIVO.pdf\" target=\"_blank\" rel=\"noopener noreferrer\">RESULTADO FINAL &#8211; publicado 19\/05\/2022 (Documento pdf, abre em nova aba)<\/a><\/p>\n\n\n<p align=\"justify\"><a href=\"https:\/\/www.ifbaiano.edu.br\/unidades\/lapa\/files\/2022\/05\/RESULTADO-PRELIMINAR.pdf\" target=\"_blank\" rel=\"noopener noreferrer\">RESULTADO PRELIMINAR &#8211; EDITAL N\u00ba 10, DE 09 DE MAIO DE 2022 PROCESSO SELETIVO PARA MONITORES DO SEMESTRE LETIVO 2021.2 DO CURSO DE TECNOLOGIA EM GEST\u00c3O DA INFORMA\u00c7\u00c3O, publicado 16\/05\/2022 (Documento pdf, abre em nova aba)<\/a><\/p>\n\n\n\n<p align=\"justify\"><a href=\"https:\/\/www.ifbaiano.edu.br\/unidades\/lapa\/files\/2022\/05\/Lista-de-Inscritos-edital-10_2022.pdf\" target=\"_blank\" rel=\"noopener noreferrer\">LIsta de Inscritos &#8211; EDITAL N\u00ba 10, DE 09 DE MAIO DE 2022\nPROCESSO SELETIVO PARA MONITORES DO SEMESTRE LETIVO 2021.2 DO CURSO DE TECNOLOGIA EM GEST\u00c3O DA\nINFORMA\u00c7\u00c3O, publicado 13\/05\/2022 (Documento pdf, abre em nova aba)<\/a><\/p>\n\n\n<p align=\"justify\"><a href=\"https:\/\/www.ifbaiano.edu.br\/unidades\/lapa\/files\/2022\/05\/edital_10_2022_IFBaiano_BJL.pdf\" target=\"_blank\" rel=\"noopener noreferrer\">EDITAL N\u00ba 10, DE 09 DE MAIO DE 2022\nPROCESSO SELETIVO PARA MONITORES DO SEMESTRE LETIVO 2021.2 DO CURSO DE TECNOLOGIA EM GEST\u00c3O DA\nINFORMA\u00c7\u00c3O, publicado 09\/05\/2022 (Documento pdf, abre em nova aba)<\/a><\/p>\n\n\n\n<p><\/p>\n<\/div>\n\n\n\n<div class=\"wp-block-column is-layout-flow\">\n<h2 id=\"ProreitoriaMeioDireitaTitulo\" style=\"color:#00510f;text-transform:uppercase;border-top: 3px solid #00510F\" class=\"has-inline-color\">Contato<\/h2>\n<p align=\"justify\">selecao.monitoria@lapa.ifbaiano.edu.br<\/p>\n<\/div>\n<\/div>\n","protected":false},"excerpt":{"rendered":"<p>Apresenta\u00e7\u00e3o O Diretor-Geral do Instituto Federal de Educa\u00e7\u00e3o, Ci\u00eancia e Tecnologia Baiano (IF Baiano)&nbsp;\u2013 Campus Bom Jesus da Lapa, nomeado pela Portaria n\u00ba 446 de 19\/03\/2018, publicada no DOU de 20\/03\/2018, Se\u00e7\u00e3o 2, p\u00e1gina 54, e de acordo com as disposi\u00e7\u00f5es contidas na Lei n\u00ba 11.892, de 29\/12\/2008 e na Portaria n\u00ba 2.564\/2018 \u2013 RET-GAB\/IFBAIANO, [&hellip;]<\/p>\n","protected":false},"author":58,"featured_media":0,"parent":0,"menu_order":0,"comment_status":"closed","ping_status":"closed","template":"","meta":[],"_links":{"self":[{"href":"https:\/\/www.ifbaiano.edu.br\/unidades\/lapa\/wp-json\/wp\/v2\/pages\/23080"}],"collection":[{"href":"https:\/\/www.ifbaiano.edu.br\/unidades\/lapa\/wp-json\/wp\/v2\/pages"}],"about":[{"href":"https:\/\/www.ifbaiano.edu.br\/unidades\/lapa\/wp-json\/wp\/v2\/types\/page"}],"author":[{"embeddable":true,"href":"https:\/\/www.ifbaiano.edu.br\/unidades\/lapa\/wp-json\/wp\/v2\/users\/58"}],"replies":[{"embeddable":true,"href":"https:\/\/www.ifbaiano.edu.br\/unidades\/lapa\/wp-json\/wp\/v2\/comments?post=23080"}],"version-history":[{"count":8,"href":"https:\/\/www.ifbaiano.edu.br\/unidades\/lapa\/wp-json\/wp\/v2\/pages\/23080\/revisions"}],"predecessor-version":[{"id":23144,"href":"https:\/\/www.ifbaiano.edu.br\/unidades\/lapa\/wp-json\/wp\/v2\/pages\/23080\/revisions\/23144"}],"wp:attachment":[{"href":"https:\/\/www.ifbaiano.edu.br\/unidades\/lapa\/wp-json\/wp\/v2\/media?parent=23080"}],"curies":[{"name":"wp","href":"https:\/\/api.w.org\/{rel}","templated":true}]}}