{"id":23310,"date":"2022-06-27T18:11:30","date_gmt":"2022-06-27T21:11:30","guid":{"rendered":"https:\/\/www.ifbaiano.edu.br\/unidades\/lapa\/?page_id=23310"},"modified":"2022-07-23T11:41:02","modified_gmt":"2022-07-23T14:41:02","slug":"edital-15-2022-teletrabalho-integral","status":"publish","type":"page","link":"https:\/\/www.ifbaiano.edu.br\/unidades\/lapa\/edital-15-2022-teletrabalho-integral\/","title":{"rendered":"Edital 15 de 27 de junho de 2022 &#8211; INSCRI\u00c7\u00c3O PARA ADES\u00c3O AO PROGRAMA DE GEST\u00c3O DO TELETRABALHO &#8211; MODALIDADE INTEGRAL"},"content":{"rendered":"\n<div class=\"wp-block-columns is-layout-flex wp-container-3\">\n<div class=\"wp-block-column is-layout-flow\">\n<h2 id=\"ProreitoriaMeioDireitaTitulo\" style=\"color:#00510f;text-transform:uppercase;border-top: 3px solid #00510F\" class=\"has-inline-color\">Apresenta\u00e7\u00e3o<\/h2>\n<p><strong style=\"text-transform:uppercase\">O Diretor-Geral do Instituto Federal de Educa\u00e7\u00e3o, Ci\u00eancia e Tecnologia Baiano (IF Baiano)&nbsp;\u2013 <em>Campus<\/em> Bom Jesus da Lapa<\/strong> no uso de suas atribui\u00e7\u00f5es legais conferidas pela Portaria n\u00ba 275, de 18\/03\/2022, publicada\nno DOU de 21\/03\/2022, Se\u00e7\u00e3o 2, p\u00e1gina 26, e de acordo com as disposi\u00e7\u00f5es con5das na Lei n\u00ba 11.892, de 29\/12\/2008, no Regimento Geral do IF Baiano e na Portaria Norma5va 13\/2022 &#8211; RET-GAB\/RET\/IFBAIANO, de 11 de mar\u00e7o de 2022, tendo em vista a Resolu\u00e7\u00e3o 182\/2022 &#8211; OS-CONSUP\/IFBAIANO, de 1\u00ba de fevereiro de 2022, que aprova o Programa de Gest\u00e3o no \u00e2mbito do IF Baiano, em especial na modalidade teletrabalho, no \u00e2mbito do IF Baiano, e conforme disposi\u00e7\u00f5es contidas na Portaria 2\/2022 &#8211; RET-SCS\/RET-GAB\/RET\/IFBAIANO, de 18 de fevereiro de 2022, e Nota T\u00e9cnica SEI 32923\/2021\/ME, torna p\u00fablica a abertura do Edital de inscri\u00e7\u00e3o de\nservidores para ades\u00e3o ao Programa de Gest\u00e3o do Teletrabalho &#8211; Modalidade Integral, no \u00e2mbito do Campus Bom Jesus da Lapa (Processo SUAP 23328.251439.2022-25)<\/p>\n<\/div>\n\n\n\n<div class=\"wp-block-column is-layout-flow\">\n<h2 id=\"ProreitoriaMeioDireitaTitulo\" style=\"color:#00510f;text-transform:uppercase;border-top: 3px solid #00510F\" class=\"has-inline-color\">Inscri\u00e7\u00f5es<\/h2>\n<p align=\"justify\"><strong>Per\u00edodo:<\/strong><\/p><p> 30 de junho \u00e0 04 de julho de 2022 <\/p>\n<\/div>\n<\/div>\n\n\n\n<div class=\"wp-block-columns is-layout-flex wp-container-6\">\n<div class=\"wp-block-column is-layout-flow\">\n<h2 id=\"ProreitoriaMeioDireitaTitulo\" style=\"color:#00510f;text-transform:uppercase;border-top: 3px solid #00510F\" class=\"has-inline-color\">Editais e Documentos<\/h2>\n\n\n\n<p align=\"justify\"><a href=\"https:\/\/www.ifbaiano.edu.br\/unidades\/lapa\/files\/2022\/07\/Portaria-79_2022-Edital-15_2022.pdf\" target=\"_blank\" rel=\"noopener noreferrer\">Portaria 79\/2022 &#8211; Resultado Final &#8211; Publicado 22\/07\/2022 (Documento pdf, abre em nova aba) <\/a><\/p>\n\n\n<p align=\"justify\"><a href=\"https:\/\/www.ifbaiano.edu.br\/unidades\/lapa\/files\/2022\/07\/Resultado-Final-Edital-15_2022.pdf\" target=\"_blank\" rel=\"noopener noreferrer\">Parecer 9\/2022 &#8211; Resultado Final &#8211; Publicado 22\/07\/2022 (Documento pdf, abre em nova aba) <\/a><\/p>\n\n\n<p align=\"justify\"><a href=\"https:\/\/www.ifbaiano.edu.br\/unidades\/lapa\/files\/2022\/07\/Resultado-Final-EDITAL-No-15-DE-22-DE-JUNHO-DE-2022.pdf\" target=\"_blank\" rel=\"noopener noreferrer\">Resultado Final &#8211; Publicado 18\/07\/2022 (Documento pdf, abre em nova aba) <\/a><\/p>\n\n\n\n<p align=\"justify\"><a href=\"https:\/\/www.ifbaiano.edu.br\/unidades\/lapa\/files\/2022\/07\/Resultado-Preliminar-de-Classificacao-Edital-15-de-22-de-junho-de-2022.pdf\" target=\"_blank\" rel=\"noopener noreferrer\">Resultado Preliminar de Classifica\u00e7\u00e3o &#8211; Publicado 14\/07\/2022 (Documento pdf, abre em nova aba) <\/a><\/p>\n\n<p align=\"justify\"><a href=\"https:\/\/www.ifbaiano.edu.br\/unidades\/lapa\/files\/2022\/07\/Resultado-Preliminar-Edital-numero-15-de-22-de-junho-de-2022.pdf\" target=\"_blank\" rel=\"noopener noreferrer\">Resultado Preliminar &#8211; Publicado 06\/07\/2022 (Documento pdf, abre em nova aba) <\/a><\/p>\n\n<p><\/p><p align=\"justify\"><a href=\"https:\/\/www.ifbaiano.edu.br\/unidades\/lapa\/files\/2022\/06\/Edital-15_2022-Teletrabalho-Integral.pdf\" target=\"_blank\" rel=\"noopener noreferrer\">Edital 15\/2022 &#8211; Gest\u00e3o Teletrabalho Modaliadde Integral, publicado 27\/06\/2022 (Documento pdf, abre em nova aba)<\/a><\/p>\n<\/div>\n\n\n\n<div class=\"wp-block-column is-layout-flow\">\n<h2 id=\"ProreitoriaMeioDireitaTitulo\" style=\"color:#00510f;text-transform:uppercase;border-top: 3px solid #00510F\" class=\"has-inline-color\">Contatos<\/h2>\n<p align=\"justify\">gtteletrabalho@lapa.ifbaiano.edu.br <\/p>\n<p align=\"justify\">Tel: (77) 3481-4513, (77) 3481-2521, ramal 226.<\/p>\n<\/div>\n<\/div>\n","protected":false},"excerpt":{"rendered":"<p>Apresenta\u00e7\u00e3o O Diretor-Geral do Instituto Federal de Educa\u00e7\u00e3o, Ci\u00eancia e Tecnologia Baiano (IF Baiano)&nbsp;\u2013 Campus Bom Jesus da Lapa no uso de suas atribui\u00e7\u00f5es legais conferidas pela Portaria n\u00ba 275, de 18\/03\/2022, publicada no DOU de 21\/03\/2022, Se\u00e7\u00e3o 2, p\u00e1gina 26, e de acordo com as disposi\u00e7\u00f5es con5das na Lei n\u00ba 11.892, de 29\/12\/2008, no [&hellip;]<\/p>\n","protected":false},"author":58,"featured_media":0,"parent":0,"menu_order":0,"comment_status":"closed","ping_status":"closed","template":"","meta":[],"_links":{"self":[{"href":"https:\/\/www.ifbaiano.edu.br\/unidades\/lapa\/wp-json\/wp\/v2\/pages\/23310"}],"collection":[{"href":"https:\/\/www.ifbaiano.edu.br\/unidades\/lapa\/wp-json\/wp\/v2\/pages"}],"about":[{"href":"https:\/\/www.ifbaiano.edu.br\/unidades\/lapa\/wp-json\/wp\/v2\/types\/page"}],"author":[{"embeddable":true,"href":"https:\/\/www.ifbaiano.edu.br\/unidades\/lapa\/wp-json\/wp\/v2\/users\/58"}],"replies":[{"embeddable":true,"href":"https:\/\/www.ifbaiano.edu.br\/unidades\/lapa\/wp-json\/wp\/v2\/comments?post=23310"}],"version-history":[{"count":10,"href":"https:\/\/www.ifbaiano.edu.br\/unidades\/lapa\/wp-json\/wp\/v2\/pages\/23310\/revisions"}],"predecessor-version":[{"id":23434,"href":"https:\/\/www.ifbaiano.edu.br\/unidades\/lapa\/wp-json\/wp\/v2\/pages\/23310\/revisions\/23434"}],"wp:attachment":[{"href":"https:\/\/www.ifbaiano.edu.br\/unidades\/lapa\/wp-json\/wp\/v2\/media?parent=23310"}],"curies":[{"name":"wp","href":"https:\/\/api.w.org\/{rel}","templated":true}]}}