{"id":23711,"date":"2022-10-25T08:17:09","date_gmt":"2022-10-25T11:17:09","guid":{"rendered":"https:\/\/www.ifbaiano.edu.br\/unidades\/lapa\/?page_id=23711"},"modified":"2024-09-02T16:03:36","modified_gmt":"2024-09-02T19:03:36","slug":"iii-siepex-lapa","status":"publish","type":"page","link":"https:\/\/www.ifbaiano.edu.br\/unidades\/lapa\/iii-siepex-lapa\/","title":{"rendered":"III SiEPEx &#8211; III Simp\u00f3sio de Ensino Pesquisa e Extens\u00e3o"},"content":{"rendered":"<div class=\"wp-block-image\">\n<figure class=\"aligncenter size-full is-resized\"><img decoding=\"async\" loading=\"lazy\" src=\"https:\/\/www.ifbaiano.edu.br\/unidades\/lapa\/files\/2022\/10\/SIEPEX-CARD1.png\" alt=\"\" class=\"wp-image-23736\" width=\"450\" height=\"450\" \/><\/figure><\/div>\n\n\n<p class=\"has-text-align-center\"><\/p>\n\n\n\n<hr class=\"wp-block-separator has-css-opacity\" \/>\n\n\n\n<div class=\"wp-block-columns is-layout-flex wp-container-6\">\n<div class=\"wp-block-column is-layout-flow\" style=\"flex-basis:33.33%\">\n<p class=\"has-text-align-center\"><strong>Submiss\u00e3o dos Trabalhos<\/strong>:<\/p>\n\n\n\n<p>27\/10\/2022 &#8211; 20\/11\/2022<\/p>\n\n\n\n<p><\/p>\n\n\n\n<hr class=\"wp-block-separator has-css-opacity\" \/>\n\n\n\n<p class=\"has-text-align-center\"><strong>Per\u00edodo de Inscri\u00e7\u00e3o no evento<\/strong>:<\/p>\n\n\n\n<p>26\/10\/2022 &#8211; 28\/11\/2022<\/p>\n\n\n\n<hr class=\"wp-block-separator has-css-opacity\" \/>\n\n\n\n<p class=\"has-text-align-center\"><strong>Informa\u00e7\u00f5es e D\u00favidas<\/strong><\/p>\n\n\n\n<p>Solicita\u00e7\u00f5es de informa\u00e7\u00f5es adicionais sobre o evento e d\u00favidas sobre o processo de submiss\u00e3o poder\u00e3o ser direcionadas para o e-mail:&nbsp;<a rel=\"noreferrer noopener\" href=\"mailto:eventos@lapa.ifbaiano.edu.br\" target=\"_blank\">eventos@lapa.ifbaiano.edu.br<\/a>.<\/p>\n\n\n\n<hr class=\"wp-block-separator has-css-opacity\" \/>\n<\/div>\n\n\n\n<div class=\"wp-block-column is-layout-flow\"><\/div>\n\n\n\n<div class=\"wp-block-column is-layout-flow\"><\/div>\n\n\n\n<div class=\"wp-block-column is-layout-flow\"><\/div>\n\n\n\n<div class=\"wp-block-column is-layout-flow\" style=\"flex-basis:66.66%\">\n<p class=\"has-text-align-center\"><strong>O QUE \u00c9 O SIMP\u00d3SIO?<\/strong><br><\/p>\n\n\n\n<p class=\"has-text-align-left\"><br>O III Simp\u00f3sio de Ensino, Pesquisa e Extens\u00e3o do IF Baiano Campus Bom Jesus da Lapa (SIEPEX) \u00e9 um evento t\u00e9cnico-cient\u00edfico, que busca proporcionar aos estudantes, professores, pesquisadores, profissionais liberais e o p\u00fablico em geral, uma discuss\u00e3o atualizada sobre Ci\u00eancia e Tecnologia como estrat\u00e9gias para o desenvolvimento do Semi\u00e1rido.<br><br>O III Siepex almeja, ainda, cumprir sua miss\u00e3o de promover junto ao seu p\u00fablico um intenso debate e reflex\u00e3o sobre a Ci\u00eancia e a Tecnologia, com o objetivo de estimular a curiosidade e motivar a comunidade a discutir as implica\u00e7\u00f5es sociais da Ci\u00eancia, al\u00e9m de aprofundarem seus conhecimentos sobre o tema. <\/p>\n\n\n\n<p>O evento possibilitar\u00e1 tamb\u00e9m a socializa\u00e7\u00e3o de produ\u00e7\u00f5es cientificas da comunidade acad\u00eamica interna e externa do IF Baiano, de modo a fortalecer a sua inter-rela\u00e7\u00e3o e promover a indissociabilidade entre o ensino, a pesquisa e a extens\u00e3o. Na oportunidade tamb\u00e9m ser\u00e3o realizadas atividades alusivas ao Novembro Negro, Semana de Agronomia e a Semana de Ci\u00eancia e Tecnologia, al\u00e9m da exposi\u00e7\u00e3o de produtos da agricultura familiar e artefatos did\u00e1tico-pedag\u00f3gicos do Campus (culin\u00e1ria, maquetes, banners, prot\u00f3tipos, rochas e minerais, dentre outros).<\/p>\n<\/div>\n<\/div>\n\n\n\n<hr class=\"wp-block-separator has-css-opacity\" \/>\n\n\n\n<div class=\"wp-block-columns is-layout-flex wp-container-9\">\n<div class=\"wp-block-column is-layout-flow\" style=\"flex-basis:33.33%\">\n<p class=\"has-text-align-center\"><strong>Documentos<\/strong><\/p>\n\n\n\n<hr class=\"wp-block-separator has-css-opacity\" \/>\n\n\n\n<div class=\"wp-block-file\"><a id=\"wp-block-file--media-acb3ba7e-d2c2-44b2-a5a2-645c127dedb0\" href=\"https:\/\/www.ifbaiano.edu.br\/unidades\/lapa\/files\/2022\/11\/RESULTADO-DA-ANALISE-DOS-TRABALHOS-SUBMETIDOS-AO-III-SIEPEx.pdf\">Resultado da An\u00e1lise dos Trabalhos Submetidos ao III SiEPEx &#8211; Publicado 30\/11\/2022<\/a><\/div>\n\n\n\n<div class=\"wp-block-file\"><a id=\"wp-block-file--media-23a323a7-0414-49bd-bb70-e8ae0fb48959\" href=\"https:\/\/www.ifbaiano.edu.br\/unidades\/lapa\/files\/2022\/11\/Monitores-Divulgacao.pdf\">Rela\u00e7\u00e3o de Monitores<\/a><\/div>\n\n\n\n<div class=\"wp-block-file\"><a id=\"wp-block-file--media-d1758e6e-dca7-4dfd-83c5-9040578fdaa3\" href=\"https:\/\/www.ifbaiano.edu.br\/unidades\/lapa\/files\/2022\/11\/PROGRAMACAO-10.pdf\">Programa\u00e7\u00e3o do Evento<\/a><\/div>\n\n\n\n<div class=\"wp-block-file\"><a id=\"wp-block-file--media-ed169a75-8a90-4d90-8164-7981da1b07ff\" href=\"https:\/\/www.ifbaiano.edu.br\/unidades\/lapa\/files\/2022\/10\/NORMAS-GERAIS.pdf\">Normas Gerais<\/a><\/div>\n\n\n\n<div class=\"wp-block-file\"><a id=\"wp-block-file--media-c56bcfdf-9012-49d4-9945-2a004c8817fc\" href=\"https:\/\/www.ifbaiano.edu.br\/unidades\/lapa\/files\/2022\/10\/Modelo-de-Apresentacao-ok.pptx\">Modelo de Apresentac\u00e3o<\/a><\/div>\n\n\n\n<div class=\"wp-block-file\"><a id=\"wp-block-file--media-cc56f50e-5b13-4b93-a845-c401404d379e\" href=\"https:\/\/www.ifbaiano.edu.br\/unidades\/lapa\/files\/2022\/10\/Modelo-Resumo-III-Siepex.docx\">Modelo Resumo III Siepex<\/a><\/div>\n<\/div>\n\n\n\n<div class=\"wp-block-column is-layout-flow\" style=\"flex-basis:66.66%\">\n<p class=\"has-text-align-center\"><strong>INSCRI\u00c7\u00d5ES PARA PARTICIPANTES EM GERAL<\/strong><\/p>\n\n\n\n<p><br><br>Para participar do V SiEPEx, \u00e9 necess\u00e1ria a inscri\u00e7\u00e3o pr\u00e9via no per\u00edodo de 26 de Outubro a 28 de Novembro, pelo link:<\/p>\n\n\n\n<p><br><a href=\"https:\/\/suap.ifbaiano.edu.br\/eventos\/evento\/736\/\">https:\/\/suap.ifbaiano.edu.br\/eventos\/evento\/736\/<\/a><br><\/p>\n\n\n\n<p>A Comiss\u00e3o esclarece que todos os apresentadores de trabalho tamb\u00e9m dever\u00e3o realizar a inscri\u00e7\u00e3o como participante do evento.<\/p>\n<\/div>\n<\/div>\n\n\n\n<hr class=\"wp-block-separator has-css-opacity\" \/>\n\n\n\n<p class=\"has-text-align-center\"><strong>SUBMISS\u00c3O DE TRABALHO NO EVENTO<\/strong><\/p>\n\n\n\n<p>Ser\u00e3o aceitos resumos expandidos resultantes de projetos de pesquisa, extens\u00e3o e ensino conclu\u00eddos ou em desenvolvimento no IF Baiano ou em outras institui\u00e7\u00f5es de educa\u00e7\u00e3o e pesquisa, vinculados a: trabalhos de discentes, docentes e pesquisadores nos n\u00edveis b\u00e1sico, t\u00e9cnico, tecnol\u00f3gico e superior (gradua\u00e7\u00e3o e p\u00f3s-gradua\u00e7\u00e3o).<\/p>\n\n\n\n<p>As submiss\u00f5es dos resumos expandidos devem ser realizadas no per\u00edodo de 27 de outubro a 20 de novembro de 2022. N\u00e3o ser\u00e3o aceitos trabalhos ap\u00f3s esta data.<\/p>\n\n\n\n<p>Ser\u00e3o aceitos resumos expandidos nas seguintes \u00e1reas do conhecimento:<\/p>\n\n\n\n<p>\u25cf Ci\u00eancias Humanas, Sociais, Lingu\u00edstica, Letras e Artes;<\/p>\n\n\n\n<p>\u25cf Ci\u00eancias da Natureza;<\/p>\n\n\n\n<p>\u25cf Ci\u00eancias Exatas, da Terra e Agr\u00e1rias;<\/p>\n\n\n\n<p>\u25cf Gest\u00e3o da Tecnologia da Informa\u00e7\u00e3o e Comunica\u00e7\u00e3o.<\/p>\n\n\n\n<p>O modelo orientador e as normas do evento encontram-se dispon\u00edveis na p\u00e1gina: <a href=\"https:\/\/www.ifbaiano.edu.br\/unidades\/lapa\/iii-siepex-lapa\/\">https:\/\/www.ifbaiano.edu.br\/unidades\/lapa\/iii-siepex-lapa\/<\/a><\/p>\n\n\n\n<p>Depois de elaborado conforme orienta\u00e7\u00f5es constantes do pr\u00f3prio modelo, os resumos dever\u00e3o ser encaminhados exclusivamente em formato edit\u00e1vel (.doc) atrav\u00e9s do link: <\/p>\n\n\n\n<p><a href=\"https:\/\/forms.gle\/jE5UUyyrgvsdUbQL7\">https:\/\/forms.gle\/jE5UUyyrgvsdUbQL7<\/a><\/p>\n\n\n\n<p><\/p>\n","protected":false},"excerpt":{"rendered":"<p>Submiss\u00e3o dos Trabalhos: 27\/10\/2022 &#8211; 20\/11\/2022 Per\u00edodo de Inscri\u00e7\u00e3o no evento: 26\/10\/2022 &#8211; 28\/11\/2022 Informa\u00e7\u00f5es e D\u00favidas Solicita\u00e7\u00f5es de informa\u00e7\u00f5es adicionais sobre o evento e d\u00favidas sobre o processo de submiss\u00e3o poder\u00e3o ser direcionadas para o e-mail:&nbsp;eventos@lapa.ifbaiano.edu.br. O QUE \u00c9 O SIMP\u00d3SIO? O III Simp\u00f3sio de Ensino, Pesquisa e Extens\u00e3o do IF Baiano Campus Bom [&hellip;]<\/p>\n","protected":false},"author":58,"featured_media":0,"parent":0,"menu_order":0,"comment_status":"closed","ping_status":"closed","template":"","meta":[],"_links":{"self":[{"href":"https:\/\/www.ifbaiano.edu.br\/unidades\/lapa\/wp-json\/wp\/v2\/pages\/23711"}],"collection":[{"href":"https:\/\/www.ifbaiano.edu.br\/unidades\/lapa\/wp-json\/wp\/v2\/pages"}],"about":[{"href":"https:\/\/www.ifbaiano.edu.br\/unidades\/lapa\/wp-json\/wp\/v2\/types\/page"}],"author":[{"embeddable":true,"href":"https:\/\/www.ifbaiano.edu.br\/unidades\/lapa\/wp-json\/wp\/v2\/users\/58"}],"replies":[{"embeddable":true,"href":"https:\/\/www.ifbaiano.edu.br\/unidades\/lapa\/wp-json\/wp\/v2\/comments?post=23711"}],"version-history":[{"count":18,"href":"https:\/\/www.ifbaiano.edu.br\/unidades\/lapa\/wp-json\/wp\/v2\/pages\/23711\/revisions"}],"predecessor-version":[{"id":28598,"href":"https:\/\/www.ifbaiano.edu.br\/unidades\/lapa\/wp-json\/wp\/v2\/pages\/23711\/revisions\/28598"}],"wp:attachment":[{"href":"https:\/\/www.ifbaiano.edu.br\/unidades\/lapa\/wp-json\/wp\/v2\/media?parent=23711"}],"curies":[{"name":"wp","href":"https:\/\/api.w.org\/{rel}","templated":true}]}}