{"id":23799,"date":"2022-11-08T18:52:31","date_gmt":"2022-11-08T21:52:31","guid":{"rendered":"https:\/\/www.ifbaiano.edu.br\/unidades\/lapa\/?page_id=23799"},"modified":"2023-03-14T11:13:34","modified_gmt":"2023-03-14T14:13:34","slug":"edital-22-2022","status":"publish","type":"page","link":"https:\/\/www.ifbaiano.edu.br\/unidades\/lapa\/edital-22-2022\/","title":{"rendered":"Edital 22\/2022 &#8211; Processo Seletivo para Ingresso de Estudantes nos cursos da Educa\u00e7\u00e3o Profissional T\u00e9cnica de N\u00edvel M\u00e9dio na Forma Integrada ao Ensino M\u00e9dio &#8211; Modalidade Presencial"},"content":{"rendered":"\n<div class=\"wp-block-columns is-layout-flex wp-container-3\">\n<div class=\"wp-block-column is-layout-flow\">\n<h2 class=\"wp-block-heading\">Apresenta\u00e7\u00e3o<\/h2>\n\n\n\n<p>Inscri\u00e7\u00f5es do processo para ingresso de estudantes em 2023, nos cursos da Educa\u00e7\u00e3o Profissional T\u00e9cnica de N\u00edvel M\u00e9dio, na forma Integrada ao Ensino M\u00e9dio &#8211; modalidade presencial &#8211; para o Campus Bom Jesus da Lapa, por meio de An\u00e1lise de Hist\u00f3rico Escolar conforme o n\u00famero de vagas e cursos relacionados no Quadro &#8211; 2 do subitem 2.3 do Edital e seguindo as demais condi\u00e7\u00f5es e as etapas definidas nesse Edital.<\/p>\n<\/div>\n\n\n\n<div class=\"wp-block-column is-layout-flow\">\n<h2 class=\"wp-block-heading\">Inscri\u00e7\u00f5es<\/h2>\n\n\n\n<p>11\/11\/2022 a 16\/12\/2022<\/p>\n\n\n\n<p><strong>PRORROGADAS AT\u00c9 21\/12\/2022<\/strong><br><br>INSCRI\u00c7\u00d5ES ENCERRADAS<\/p>\n<\/div>\n<\/div>\n\n\n\n<div class=\"wp-block-columns is-layout-flex wp-container-6\">\n<div class=\"wp-block-column is-layout-flow\">\n<h2 class=\"wp-block-heading\">Editais e Documentos<\/h2>\n\n\n\n<div class=\"wp-block-file\"><a href=\"https:\/\/www.ifbaiano.edu.br\/unidades\/lapa\/files\/2023\/03\/TERCEIRA-CHAMADA-14-03-ATUALIZADA.pdf\">TERCEIRA CHAMADA DE MATR\u00cdCULA_LISTA DE ESPERA INTEGRADO &#8211; Publicado em 14\/03\/2023<\/a><\/div>\n\n\n\n<div class=\"wp-block-file\"><a href=\"https:\/\/www.ifbaiano.edu.br\/unidades\/lapa\/files\/2023\/03\/SEGUNDA-CHAMADA-DE-MATRICULA_LISTA-DE-ESPERA-INTEGRADO.pdf\">SEGUNDA CHAMADA DE MATR\u00cdCULA_LISTA DE ESPERA INTEGRADO &#8211; Publicado em 08\/03\/2023<\/a><\/div>\n\n\n\n<div class=\"wp-block-file\"><a href=\"https:\/\/www.ifbaiano.edu.br\/unidades\/lapa\/files\/2023\/03\/Lista-de-Convocados-em-1a-Chamada-de-Lista-de-Espera-assinado.pdf\">Lista de Convocados em 1\u00aa Chamada de Lista de Espera &#8211; Publicado em 01\/03\/2023<\/a><\/div>\n\n\n\n<div class=\"wp-block-file\"><a href=\"https:\/\/www.ifbaiano.edu.br\/unidades\/lapa\/files\/2023\/02\/RELACAO-DE-CONVOCADOS-PARA-MATRICULA-EM-PRIMEIRA-CHAMADA_Cursos-Integrados.pdf\">Rela\u00e7\u00e3o de convocados para matr\u00edcula &#8211; Publicado em 17\/02\/2023<\/a><\/div>\n\n\n\n<div class=\"wp-block-file\"><a href=\"https:\/\/www.ifbaiano.edu.br\/unidades\/lapa\/files\/2023\/02\/Edital-de-Matricula-no-06-2023_Cursos-Integrados.pdf\">Edital de Matr\u00edcula &#8211; 06\/2023 &#8211; Publicado em 17\/02\/2023 <\/a><\/div>\n\n\n\n<div class=\"wp-block-file\"><a href=\"https:\/\/www.ifbaiano.edu.br\/unidades\/lapa\/files\/2023\/02\/Resultado_Final__Cursos_Integrados__assinado-1.pdf\">RESULTADO FINAL DO PROCESSO SELETIVO (CURSOS INTEGRADOS)- Publicado em 15\/02\/2023<\/a><\/div>\n\n\n\n<div class=\"wp-block-file\"><a href=\"https:\/\/www.ifbaiano.edu.br\/unidades\/lapa\/files\/2023\/02\/RESULTADO-FINAL-DA-ANALISE-DA-BANCA-DE-VERIFICACAO-DE-AUTODECLARACAO-ETNICO-RACIAL-CURSOS-INTEGRADOS-POS-RECURSO-.pdf\">RESULTADO FINAL DA AN\u00c1LISE DA BANCA DE VERIFICA\u00c7\u00c3O DE AUTODECLARA\u00c7\u00c3O \u00c9TNICO-RACIAL (CURSOS INTEGRADOS P\u00d3S RECURSO)- Publicado em 15\/02\/2023<\/a><\/div>\n\n\n\n<div class=\"wp-block-file\"><a href=\"https:\/\/www.ifbaiano.edu.br\/unidades\/lapa\/files\/2023\/02\/PARECER-DOS-RECURSOS-A-BANCA-DE-HETEROIDENTIFICACAO-CURSOS-INTEGRADOS.pdf\">PARECER DOS RECURSOS \u00c0 BANCA DE HETEROIDENTIFICA\u00c7\u00c3O (CURSOS INTEGRADOS)- Publicado em 15\/02\/2023<\/a><\/div>\n\n\n\n<div class=\"wp-block-file\"><a href=\"https:\/\/www.ifbaiano.edu.br\/unidades\/lapa\/files\/2023\/02\/Edital-de-Retificacao-no-04-2023.-Retifica-o-subitem-3.5-do-Edital-22-2022.-Retificacao-no-05.pdf\">Edital de Retifica\u00e7\u00e3o n\u00ba 04-2023. Retifica o subitem 3.5 do Edital 22-2022. Retifica\u00e7\u00e3o n\u00ba 05. &#8211; Publicado em 15\/02\/2023<\/a><\/div>\n\n\n\n<div class=\"wp-block-file\"><a href=\"https:\/\/www.ifbaiano.edu.br\/unidades\/lapa\/files\/2023\/02\/Banca-Recursal-de-Heteroidentificacao.pdf\">Banca Recursal de Heteroidentifica\u00e7\u00e3o &#8211; Publicado em 13\/02\/2023<\/a><\/div>\n\n\n\n<div class=\"wp-block-file\"><a href=\"https:\/\/www.ifbaiano.edu.br\/unidades\/lapa\/files\/2023\/02\/RESULTADO-PRELIMINAR-BANCA-HETEROIDENTIFICACAO-INTEGRADO.pdf\">RESULTADO PRELIMINAR  BANCA HETEROIDENTIFICA\u00c7\u00c3O INTEGRADO &#8211; Publicado em 10\/02\/2023<\/a><\/div>\n\n\n\n<div class=\"wp-block-file\"><a href=\"https:\/\/www.ifbaiano.edu.br\/unidades\/lapa\/files\/2023\/02\/INSTRUCOES_BANCA_HETEROIDENTIFICACAO_TELEPRESENCIAL-INTEGRADO_.pdf\">Instru\u00e7\u00f5es banca heteroidentifica\u00e7\u00e3o telepresencial &#8211; Publicado em 06\/02\/2023<\/a><\/div>\n\n\n\n<div class=\"wp-block-file\"><a href=\"https:\/\/www.ifbaiano.edu.br\/unidades\/lapa\/files\/2023\/02\/Publicizacao-da-Banca-de-Heteroidentificacao.pdf\">Publiciza\u00e7\u00e3o da Banca de Heteroidentifica\u00e7\u00e3o &#8211; Publicado em 02\/02\/2023<\/a><\/div>\n\n\n\n<div class=\"wp-block-file\"><a href=\"https:\/\/www.ifbaiano.edu.br\/unidades\/lapa\/files\/2023\/01\/CONVOCACAO_PARA_BANCA_DE_VERIFICACAO_DE_AUTODECLARACAO_ETNICO-RACIAL_INTEGRADOS_assinado.pdf\">Lista de convocados para avalia\u00e7\u00e3o da Banca de Heteroidentifica\u00e7\u00e3o &#8211; Publicado em 30\/01\/2023<\/a><\/div>\n\n\n\n<div class=\"wp-block-file\"><a href=\"https:\/\/www.ifbaiano.edu.br\/unidades\/lapa\/files\/2023\/01\/RESULTADO-PRELIMINAR-DA-ANALISE-DO-HISTORICO-ESCOLAR-APOS-RECURSOS.pdf\"> Resultado Preliminar da An\u00e1lise do Hist\u00f3rico Escolar Ap\u00f3s Recursos Publicado em 26\/01\/2023<\/a><\/div>\n\n\n\n<div class=\"wp-block-file\"><a href=\"https:\/\/www.ifbaiano.edu.br\/unidades\/lapa\/files\/2023\/01\/RESULTADO-DOS-RECURSOS-CONTRA-ANALISE-DO-HISTORICO-ESCOLAR.pdf\"> RESULTADO DOS Recursos contra An\u00e1lise de Hist\u00f3rico Escolar.\nPublicado em 26\/01\/2023<\/a><\/div>\n\n\n\n<div class=\"wp-block-file\"><a href=\"https:\/\/www.ifbaiano.edu.br\/unidades\/lapa\/files\/2023\/01\/Resultado-Preliminar-da-Analise-do-Historico-Escolar-Edital-22-2022-Cursos-Integrados.pdf\"> Resultado Preliminar da An\u00e1lise do Hist\u00f3rico Escolar.\nPublicado em 20\/01\/2023<\/a><\/div>\n\n\n\n<div class=\"wp-block-file\"><a href=\"https:\/\/www.ifbaiano.edu.br\/unidades\/lapa\/files\/2023\/01\/Homologacao-Final-dos-CandidatosasInscritosas-Retificado-Edital-22-2022-Cursos-Integrados.pdf\"> Homologa\u00e7\u00e3o Final dos Candidatos(as) Inscritos(as) Retificado.\nPublicado em 20\/01\/2023<\/a><\/div>\n\n\n\n<div class=\"wp-block-file\"><a href=\"https:\/\/www.ifbaiano.edu.br\/unidades\/lapa\/files\/2023\/01\/Homologacao-Final-de-Inscricoes-Edital-22-2022-integrado.pdf\"> Homologa\u00e7\u00e3o Final dos Candidatos(as) Inscritos(as).\nPublicado em 19\/01\/2023<\/a><\/div>\n\n\n\n<div class=\"wp-block-file\"><a href=\"https:\/\/www.ifbaiano.edu.br\/unidades\/lapa\/files\/2023\/01\/Resultado-dos-Recursos-Edital-22-2022-Integrado.pdf\">Resultado dos Recursos. Publicado em 19\/01\/2023<\/a><\/div>\n\n\n\n<div class=\"wp-block-file\"><a href=\"https:\/\/www.ifbaiano.edu.br\/unidades\/lapa\/files\/2023\/01\/Edital-.22.22-RESULTADO-PRELIMINAR-INTEGRADO-HOMOLOGACAO-2023-assinado.pdf\">Homologa\u00e7\u00e3o Preliminar das Inscri\u00e7\u00f5es Cursos Integrados. Publicado em 16\/01\/2023<\/a><\/div>\n\n\n\n<div class=\"wp-block-file\"><a href=\"https:\/\/www.ifbaiano.edu.br\/unidades\/lapa\/files\/2022\/12\/Edital-de-Retificacao-32_2022.pdf\">Edital de Retifica\u00e7\u00e3o 32\/2022, Retifica o Edital 22\/2022. Retifica\u00e7\u00e3o n\u00ba 4. Publicado em 22\/12\/2022<\/a><\/div>\n\n\n\n<div class=\"wp-block-file\"><a href=\"https:\/\/www.ifbaiano.edu.br\/unidades\/lapa\/files\/2022\/12\/Edital-de-Retificacao-29-2022.-Retifica-o-Edital-22-2022.-Retificacao-no-03.-1.pdf\">Edital de Retifica\u00e7\u00e3o 29\/2022. Retifica o Edital 22\/2022. Retificacao no 03, Publicado em 19\/12\/2022<\/a><\/div>\n\n\n\n<div class=\"wp-block-file\"><a href=\"https:\/\/www.ifbaiano.edu.br\/unidades\/lapa\/files\/2022\/12\/Nota-Informativa-02-22-Edital-22-2022.-1.pdf\"> Nota Informativa &#8211; 02-22 &#8211; Prorroga\u00e7\u00e3o das inscri\u00e7\u00f5es Edital-22-2022 &#8211; Publicada em 19\/12\/2022 <\/a><\/div>\n\n\n\n<div class=\"wp-block-file\"><a href=\"https:\/\/www.ifbaiano.edu.br\/unidades\/lapa\/files\/2022\/12\/Edital-de-Retificacao-no-27-2022_Retifica-o-Edital-22-2022.pdf\"> Edital de Retifica\u00e7\u00e3o n\u00ba 28, de 14 de dezembro de 2022 que Retifica o Edital 22\/2022 &#8211; Publicado em 14\/12\/2022 <\/a><\/div>\n\n\n\n<div class=\"wp-block-file\"><a href=\"https:\/\/www.ifbaiano.edu.br\/unidades\/lapa\/files\/2022\/12\/Deliberac\u0327a\u0303o-1_2022_OA_CGGRC_IFBAIANO_DE-5-DE-DEZEMBRO-DE-2022-1.pdf\">Deliberac\u0327a\u0303o 1\/2022_OA_CGGRC_IFBAIANO_DE-5-DE-DEZEMBRO-DE-2022-1- publicado em 5\/12\/2022<\/a><\/div>\n\n\n\n<div class=\"wp-block-file\"><a href=\"https:\/\/www.ifbaiano.edu.br\/unidades\/lapa\/files\/2022\/11\/RETIFICACAO-No-1-DO-EDITAL-22_2022.pdf\">Edital de Retifica\u00e7\u00e3o n\u00ba 27, de 22 de novembro de 2022 que Retifica o Edital 22\/2022 &#8211; Publicado em 28\/11\/2022<\/a><\/div>\n\n\n\n<div class=\"wp-block-file\"><a href=\"https:\/\/www.ifbaiano.edu.br\/unidades\/lapa\/files\/2022\/11\/EDITAL-No-22-DE-07-DE-NOVEMBRO-DE-2022.pdf\">Edital N\u00ba 22 de 7 de Novembro de 2022 &#8211; Publicado em 8\/11\/2022<\/a><\/div>\n\n\n\n<div class=\"wp-block-file\"><a href=\"https:\/\/www.ifbaiano.edu.br\/unidades\/lapa\/files\/2022\/11\/ANEXO-I-_TABELA-02.-EQUIVALENCIA-DE-CONCEITOS-E-NOTAS.pdf\">Anexo I &#8211; Tabela 02 &#8211; Equival\u00eancia de Conceitos e Notas &#8212; Publicado em 8\/11\/2022<br><\/a><\/div>\n\n\n\n<div class=\"wp-block-file\"><a href=\"https:\/\/www.ifbaiano.edu.br\/unidades\/lapa\/files\/2022\/11\/ANEXO-II-CONSOLIDACAO-DE-RENDA-FAMILIAR.pdf\">Anexo II &#8211; Consolida\u00e7\u00e3o de Renda Familiar &#8211; publicada em 8\/11\/2022<\/a><\/div>\n\n\n\n<div class=\"wp-block-file\"><a href=\"https:\/\/www.ifbaiano.edu.br\/unidades\/lapa\/files\/2022\/11\/ANEXO-III-AUTODECLARACAO-ETNICO-RACIAL.pdf\">Anexo III &#8211; Autodeclara\u00e7\u00e3o \u00c9tnico-Racial  &#8211; publicada em 8\/11\/2022<\/a><\/div>\n\n\n\n<div class=\"wp-block-file\"><a href=\"https:\/\/www.ifbaiano.edu.br\/unidades\/lapa\/files\/2022\/11\/ANEXO-IV-DECLARACAO-DE-PESSOA-COM-DEFICIENCIA-EDITAL-22_2022.pdf\">Anexo IV &#8211; Declara\u00e7\u00e3o de Pessoa com Defici\u00eancia  &#8211; publicada em 8\/11\/2022<\/a><\/div>\n\n\n\n<div class=\"wp-block-file\"><a href=\"https:\/\/www.ifbaiano.edu.br\/unidades\/lapa\/files\/2022\/11\/ANEXO-V-DECLARACAO-ESCOLAR-1.pdf\">Anexo V &#8211; Declara\u00e7\u00e3o Escolar &#8211; publicada em 8\/11\/2022<\/a><\/div>\n\n\n\n<div class=\"wp-block-file\"><a href=\"https:\/\/www.ifbaiano.edu.br\/unidades\/lapa\/files\/2022\/11\/ANEXO-VI-DECLARACAO-DE-ESCOLA-PUBLICA.pdf\">Anexo VI &#8211; Declara\u00e7\u00e3o de Escola P\u00fablica  &#8211; publicada em 8\/11\/2022<\/a><\/div>\n\n\n\n<div class=\"wp-block-file\"><a href=\"https:\/\/www.ifbaiano.edu.br\/unidades\/lapa\/files\/2022\/11\/ANEXO-VII-AUTODECLARACAO-DE-RENDA.pdf\">ANexo VII &#8211; Autodeclara\u00e7\u00e3o de Renda  &#8211; publicada em 8\/11\/2022 <\/a><\/div>\n\n\n\n<div class=\"wp-block-file\"><a href=\"https:\/\/www.ifbaiano.edu.br\/unidades\/lapa\/files\/2022\/11\/ANEXO-VIII-FORMULARIO-PARA-RECURSO.pdf\">Anexo VIII &#8211; Formul\u00e1rio para Recursos  &#8211; publicada em 8\/11\/2022 <\/a><\/div>\n<\/div>\n\n\n\n<div class=\"wp-block-column is-layout-flow\">\n<h2 class=\"wp-block-heading\">Contato<\/h2>\n\n\n\n<p>prosel.lapa@ifbaiano.edu.br<\/p>\n<\/div>\n<\/div>\n","protected":false},"excerpt":{"rendered":"<p>Apresenta\u00e7\u00e3o Inscri\u00e7\u00f5es do processo para ingresso de estudantes em 2023, nos cursos da Educa\u00e7\u00e3o Profissional T\u00e9cnica de N\u00edvel M\u00e9dio, na forma Integrada ao Ensino M\u00e9dio &#8211; modalidade presencial &#8211; para o Campus Bom Jesus da Lapa, por meio de An\u00e1lise de Hist\u00f3rico Escolar conforme o n\u00famero de vagas e cursos relacionados no Quadro &#8211; 2 [&hellip;]<\/p>\n","protected":false},"author":58,"featured_media":0,"parent":0,"menu_order":0,"comment_status":"closed","ping_status":"closed","template":"","meta":[],"_links":{"self":[{"href":"https:\/\/www.ifbaiano.edu.br\/unidades\/lapa\/wp-json\/wp\/v2\/pages\/23799"}],"collection":[{"href":"https:\/\/www.ifbaiano.edu.br\/unidades\/lapa\/wp-json\/wp\/v2\/pages"}],"about":[{"href":"https:\/\/www.ifbaiano.edu.br\/unidades\/lapa\/wp-json\/wp\/v2\/types\/page"}],"author":[{"embeddable":true,"href":"https:\/\/www.ifbaiano.edu.br\/unidades\/lapa\/wp-json\/wp\/v2\/users\/58"}],"replies":[{"embeddable":true,"href":"https:\/\/www.ifbaiano.edu.br\/unidades\/lapa\/wp-json\/wp\/v2\/comments?post=23799"}],"version-history":[{"count":43,"href":"https:\/\/www.ifbaiano.edu.br\/unidades\/lapa\/wp-json\/wp\/v2\/pages\/23799\/revisions"}],"predecessor-version":[{"id":26326,"href":"https:\/\/www.ifbaiano.edu.br\/unidades\/lapa\/wp-json\/wp\/v2\/pages\/23799\/revisions\/26326"}],"wp:attachment":[{"href":"https:\/\/www.ifbaiano.edu.br\/unidades\/lapa\/wp-json\/wp\/v2\/media?parent=23799"}],"curies":[{"name":"wp","href":"https:\/\/api.w.org\/{rel}","templated":true}]}}