{"id":24317,"date":"2023-01-18T16:45:26","date_gmt":"2023-01-18T19:45:26","guid":{"rendered":"https:\/\/www.ifbaiano.edu.br\/unidades\/lapa\/?page_id=24317"},"modified":"2024-03-21T08:45:58","modified_gmt":"2024-03-21T11:45:58","slug":"editais-e-selecoes-2023","status":"publish","type":"page","link":"https:\/\/www.ifbaiano.edu.br\/unidades\/lapa\/editais-e-selecoes-2023\/","title":{"rendered":"Editais e Sele\u00e7\u00f5es 2023"},"content":{"rendered":"\n<table style=\"width: 100%;border-color: white\" rules=\"rows\" border=\"0\" bgcolor=\"#EEEEEE\">\n\n    <thead>\n        <tr bgcolor=\"#D0FFD0\">\n            <th style=\"text-align: center;height: 30px\" colspan=\"3\"><span style=\"color: green\"><b>Editais 2023<\/b><\/span><\/th>\n        <\/tr>\n        <tr>\n            <th>Edital<\/th>\n            <th>Conte\u00fado<\/th>\n            <th>Publica\u00e7\u00e3o<\/th>\n        <\/tr>\n    <\/thead>\n\n<tbody><tr>\n            <td>\n                 <p style=\"text-align: justify\"><b><a href=\"https:\/\/www.ifbaiano.edu.br\/unidades\/lapa\/edital-27-2023\/\">35\/2023<\/a><\/b><\/p>\n            <\/td>\n            <td style=\"text-align: justify\">Edital de convoca\u00e7\u00e3o para matr\u00edcula dos aprovados no PROSEL regido pelo Edital 27\/2023 &#8211; Processo Seletivo 2023 &#8211; Cursos T\u00e9cnicos em Agricultura, Agroecologia e Inform\u00e1tica Integrado ao Ensino M\u00e9dio.<\/td>\n            <td>29\/12\/2023<\/td>\n        <\/tr>\n<\/tbody>\n\n<tbody><tr>\n            <td>\n                 <p style=\"text-align: justify\"><b><a href=\"https:\/\/www.ifbaiano.edu.br\/unidades\/lapa\/edital-29-2023\/\">34\/2023<\/a><\/b><\/p>\n            <\/td>\n            <td style=\"text-align: justify\">Edital de convoca\u00e7\u00e3o para matr\u00edcula dos aprovados no PROSEL regido pelo Edital 29\/2023 &#8211; Curso Superior Bacharelado em Engenharia Agron\u00f4mica.<\/td>\n            <td>29\/12\/2023<\/td>\n        <\/tr>\n<\/tbody>\n\n\n<tbody><tr>\n            <td>\n                 <p style=\"text-align: justify\"><b><a href=\"https:\/\/www.ifbaiano.edu.br\/unidades\/lapa\/edital-29-2023\/\">29\/2023<\/a><\/b><\/p>\n            <\/td>\n            <td style=\"text-align: justify\">Sele\u00e7\u00e3o de candidatos(as) para preenchimento de vagas no curso superior de Bacharelado em Engenharia Agron\u00f4mica.<\/td>\n            <td>20\/10\/2023<\/td>\n        <\/tr>\n<\/tbody>\n\n\n\n<tbody><tr>\n            <td>\n                 <p style=\"text-align: justify\"><b><a href=\"https:\/\/www.ifbaiano.edu.br\/unidades\/lapa\/edital-27-2023\/\">27\/2023<\/a><\/b><\/p>\n            <\/td>\n            <td style=\"text-align: justify\">Processo Seletivo para Ingresso de Estudantes 2024 nos cursos da Educa\u00e7\u00e3o Profissional T\u00e9cnica de N\u00edvel M\u00e9dio na Forma Integrada ao Ensino M\u00e9dio \u2013 Modalidade Presencial.<\/td>\n            <td>04\/10\/2023<\/td>\n        <\/tr>\n<\/tbody>\n\n<tbody><tr>\n            <td>\n                 <p style=\"text-align: justify\"><b><a href=\"https:\/\/www.ifbaiano.edu.br\/unidades\/lapa\/edital-no-26-de-14-de-setembro-de-2023processo-seletivo-de-monitores-de-ensino-dos-cursos-tecnicos-de-nivel-medio\/\">26\/2023<\/a><\/b><\/p>\n            <\/td>\n            <td style=\"text-align: justify\">Processo seletivo de monitores de ensino dos cursos t\u00e9cnicos de n\u00edvel m\u00e9dio.<\/td>\n            <td>14\/09\/2023<\/td>\n        <\/tr>\n<\/tbody>\n\n\n<tbody><tr>\n            <td>\n                 <p style=\"text-align: justify\"><b><a href=\"https:\/\/www.ifbaiano.edu.br\/unidades\/lapa\/edital-no-25-de-04-de-setembro-de-2023-selecao-de-monitores-voluntarios-para-o-ii-congresso-de-ensino-pesquisa-e-extensao-do-if-baiano\/\">25\/2023<\/a><\/b><\/p>\n            <\/td>\n            <td style=\"text-align: justify\">Sele\u00e7\u00e3o de monitores volunt\u00e1rios para o II Congresso de Ensino Pesquisa e Extens\u00e3o do IF Baiano.<\/td>\n            <td>05\/09\/2023<\/td>\n        <\/tr>\n<\/tbody>\n\n\n<tbody><tr>\n            <td>\n                 <p style=\"text-align: justify\"><b><a href=\"https:\/\/www.ifbaiano.edu.br\/unidades\/lapa\/paise-edital-24-2023\/\">24\/2023<\/a><\/b><\/p>\n            <\/td>\n            <td style=\"text-align: justify\">Programa de Assist\u00eancia e Inclus\u00e3o Social do Estudante (PAISE).<\/td>\n            <td>07\/08\/2023<\/td>\n        <\/tr>\n<\/tbody>\n\n\n<tbody><tr>\n            <td>\n                 <p style=\"text-align: justify\"><b><a href=\"https:\/\/www.ifbaiano.edu.br\/unidades\/lapa\/edital-no-23-de-21-de-julho-de-2023\/\">23\/2023<\/a><\/b><\/p>\n            <\/td>\n            <td style=\"text-align: justify\">Edital n\u00ba 23, de 21 de julho de 2023, divulga\u00e7\u00e3o da rela\u00e7\u00e3o de inscritos e do cronograma de convoca\u00e7\u00f5es de candidatos(as)em lista de espera para ingresso no 2\u00ba semestre de 2023 por meio do sistema de sele\u00e7\u00e3o unificada (SISU) \u2013 Curso de Engenharia Agron\u00f4mica.<\/td>\n            <td>21\/07\/2023<\/td>\n        <\/tr>\n<\/tbody>\n\n\n\n<tbody><tr>\n            <td>\n                 <p style=\"text-align: justify\"><b><a href=\"https:\/\/www.ifbaiano.edu.br\/unidades\/lapa\/edital-21-de-19-de-junho-de-2023\/\">22\/2023<\/a><\/b><\/p>\n            <\/td>\n            <td style=\"text-align: justify\">Retifica o edital 21\/2023 referente \u00e0 sele\u00e7\u00e3o de candidatos(as) para preenchimento de vagas remanescentes do Curso Superior de Tecnologia em Gest\u00e3o da Tecnologia da Informa\u00e7\u00e3o  &#8211; IF Baiano &#8211; Campus Bom Jesus da Lapa.<\/td>\n            <td>27\/06\/2023<\/td>\n        <\/tr>\n<\/tbody>\n\n\n<tbody><tr>\n            <td>\n                 <p style=\"text-align: justify\"><b><a href=\"https:\/\/www.ifbaiano.edu.br\/unidades\/lapa\/edital-21-de-19-de-junho-de-2023\/\">21\/2023<\/a><\/b><\/p>\n            <\/td>\n            <td style=\"text-align: justify\">Sele\u00e7\u00e3o de candidatos(as) para preenchimento de vagas remanescentes do curso Superior de Tecnologia em Gest\u00e3o da Tecnologia da Informa\u00e7\u00e3o &#8211; IF Baiano &#8211; Campus Bom Jesus da Lapa<\/td>\n            <td>19\/06\/2023<\/td>\n        <\/tr>\n<\/tbody>\n\n\n<tbody><tr>\n            <td>\n                 <p style=\"text-align: justify\"><b><a href=\"https:\/\/www.ifbaiano.edu.br\/unidades\/lapa\/edital-no-20-de-19-junho-de-2023\/\">20\/2023<\/a><\/b><\/p>\n            <\/td>\n            <td style=\"text-align: justify\">Ades\u00e3o ao programa de gest\u00e3o, modalidade teletrabalho &#8211; fluxo cont\u00ednuo ( regime de execu\u00e7\u00e3o integral)<\/td>\n            <td>20\/06\/2023<\/td>\n        <\/tr>\n<\/tbody>\n\n\n<tbody><tr>\n            <td>\n                 <p style=\"text-align: justify\"><b><a href=\"https:\/\/www.ifbaiano.edu.br\/unidades\/lapa\/edital-no-18-2023\/\">19\/2023<\/a><\/b><\/p>\n            <\/td>\n            <td style=\"text-align: justify\">Retifica o Edital n\u00ba 18\/2023 referente ao processo seletivo de ades\u00e3o ao programa de gest\u00e3o, modalidade teletrabalho \u2013 fluxo cont\u00ednuo (regime de execu\u00e7\u00e3o parcial), para servidores lotados no Campus Bom Jesus da Lapa<\/td>\n            <td>29\/05\/2023<\/td>\n        <\/tr>\n<\/tbody>\n\n<tbody><tr>\n      \n            <td>\n                 <p style=\"text-align: justify\"><b><a href=\"https:\/\/www.ifbaiano.edu.br\/unidades\/lapa\/edital-no-18-2023\/\">18\/2023<\/a><\/b><\/p>\n            <\/td>\n            <td style=\"text-align: justify\">Ades\u00e3o ao programa de gest\u00e3o, modalidade teletrabalho, de fluxo cont\u00ednuo, regime parcial<\/td>\n            <td>25\/05\/2023<\/td>\n        <\/tr>\n<\/tbody>\n\n\n\n<tbody><tr>\n            <td>\n                 <p style=\"text-align: justify\"><b><a href=\"https:\/\/www.ifbaiano.edu.br\/unidades\/lapa\/paise-edital-17-2023\/\">17\/2023<\/a><\/b><\/p>\n            <\/td>\n            <td style=\"text-align: justify\"> Programa de Assist\u00eancia e Inclus\u00e3o Social do Estudante (PAISE)<\/td>\n            <td>23\/03\/2023<\/td>\n        <\/tr>\n<\/tbody>\n\n\n\n<tbody><tr>\n            <td>\n                 <p style=\"text-align: justify\"><b><a href=\"https:\/\/www.ifbaiano.edu.br\/unidades\/lapa\/edital-3-2023\/\">15\/2023<\/a><\/b><\/p>\n            <\/td>\n            <td style=\"text-align: justify\">Retifica o Edital 03\/2023 referente \u00e0 convoca\u00e7\u00e3o para matr\u00edcula dos aprovados no Processo Seletivo regido pelo Edital 23\/2022 para preenchimento de vagas no curso de Engenharia Agron\u00f4mica para ingresso no semestre 2022.2<\/td>\n            <td>17\/03\/2023<\/td>\n        <\/tr>\n\n<\/tbody>\n\n\n<tbody><tr>\n            <td>\n                <p style=\"text-align: justify\"><b><a href=\"https:\/\/www.ifbaiano.edu.br\/unidades\/lapa\/edital-no-13-2023\/\">14\/2023<\/a><\/b><\/p>\n            <\/td>\n            <td style=\"text-align: justify\">Retifica o edital n\u00ba 13\/2023 referente ao processo seletivo de vagas remanescentes para ingresso de estudantes nos cursos da educa\u00e7\u00e3o profissional t\u00e9cnica de n\u00edvel m\u00e9dio, na forma subsequente ao ensino m\u00e9dio &#8211; modalidade presencial<\/td>\n            <td>13\/03\/2023<\/td>\n        <\/tr>\n\n<\/tbody>\n\n\n<tbody><tr>\n            <td>\n                <p style=\"text-align: justify\"><b><a href=\"https:\/\/www.ifbaiano.edu.br\/unidades\/lapa\/edital-no-13-2023\/\">13\/2023<\/a><\/b><\/p>\n            <\/td>\n            <td style=\"text-align: justify\">Processo seletivo de Vagas Remanescentes para Ingresso de Estudantes nos Cursos da Educa\u00e7\u00e3o Profissional T\u00e9cnica de N\u00edvel M\u00e9dio, na Forma Subsequente ao Ensino M\u00e9dio &#8211; Modalidade Presencial<\/td>\n            <td>10\/03\/2023<\/td>\n        <\/tr>\n\n<\/tbody>\n\n\n<tbody><tr>\n            <td>\n                <p style=\"text-align: justify\"><b><a href=\"https:\/\/www.ifbaiano.edu.br\/unidades\/lapa\/edital-10-2023\/\">10\/2023<\/a><\/b><\/p>\n            <\/td>\n            <td style=\"text-align: justify\">Processo seletivo para monitores do curso superior de Tecnologia em Gest\u00e3o da Tecnologia da Informa\u00e7\u00e3o &#8211; semestre letivo 2022.2.<\/td>\n            <td>01\/03\/2023<\/td>\n        <\/tr>\n\n<\/tbody>\n\n\n<tbody><tr>\n            <td>\n                <p style=\"text-align: justify\"><b><a href=\"https:\/\/www.ifbaiano.edu.br\/unidades\/lapa\/edital-08-2023\/\">09\/2023<\/a><\/b><\/p>\n            <\/td>\n            <td style=\"text-align: justify\">Retifica o edital n\u00ba 08\/2023 referente ao processo seletivo para monitores do curso de gradua\u00e7\u00e3o em engenharia agron\u00f4mica  semestre letivo 2022.2.<\/td>\n            <td>23\/02\/2023<\/td>\n        <\/tr>\n\n<\/tbody>\n\n<tbody><tr>\n            <td>\n                <p style=\"text-align: justify\"><b><a href=\"https:\/\/www.ifbaiano.edu.br\/unidades\/lapa\/edital-08-2023\/\">08\/2023<\/a><\/b><\/p>\n            <\/td>\n            <td style=\"text-align: justify\">Processo Seletivo para Monitores do curso de Gradua\u00e7\u00e3o em Engenharia Agron\u00f4mica  semestre letivo 2022.2.<\/td>\n            <td>17\/02\/2023<\/td>\n        <\/tr>\n\n<\/tbody>\n\n\n<tbody><tr>\n            <td>\n                <p style=\"text-align: justify\"><b><a href=\"https:\/\/www.ifbaiano.edu.br\/unidades\/lapa\/edital-24-2022\/\">07\/2023<\/a><\/b><\/p>\n            <\/td>\n            <td style=\"text-align: justify\">Edital de matr\u00edcula dos cursos da educa\u00e7\u00e3o profissional t\u00e9cnica de n\u00edvel m\u00e9dio, na forma subsequente ao ensino m\u00e9dio  modalidade presencial  ingresso no semestre letivo 2022.2. Edital 24\/2022<\/td>\n            <td>17\/02\/2023<\/td>\n        <\/tr>\n\n<\/tbody>\n\n<tbody><tr>\n            <td>\n                <p style=\"text-align: justify\"><b><a href=\"https:\/\/www.ifbaiano.edu.br\/unidades\/lapa\/edital-22-2022\/\">06\/2023<\/a><\/b><\/p>\n            <\/td>\n            <td style=\"text-align: justify\">Edital de matr\u00edcula dos cursos da educa\u00e7\u00e3o profissional t\u00e9cnica de n\u00edvel m\u00e9dio, na forma integrado ao ensino m\u00e9dio modalidade presencial ano letivo 2023. Edital 22\/2022<\/td>\n            <td>17\/02\/2023<\/td>\n        <\/tr>\n\n<\/tbody>\n\n\n<tbody><tr>\n            <td>\n                <p style=\"text-align: justify\"><b><a href=\"https:\/\/www.ifbaiano.edu.br\/unidades\/lapa\/edital-24-2022\/\">05\/2023<\/a><\/b><\/p>\n            <\/td>\n            <td style=\"text-align: justify\">Retifica o subitem 3.5 do edital n\u00ba 24\/2022 referente ao processo seletivo para ingresso de estudantes em 2023 nos cursos da educa\u00e7\u00e3o profissional t\u00e9cnica de n\u00edvel m\u00e9dio, na forma subsequente ao ensino m\u00e9dio  modalidade presencial Campus Bom Jesus da Lapa.<\/td>\n            <td>15\/02\/2023<\/td>\n        <\/tr>\n\n<\/tbody>\n\n\n<tbody><tr>\n            <td>\n                <p style=\"text-align: justify\"><b><a href=\"https:\/\/www.ifbaiano.edu.br\/unidades\/lapa\/edital-22-2022\/\">04\/2023<\/a><\/b><\/p>\n            <\/td>\n            <td style=\"text-align: justify\">Retifica o subitem 3.5 do edital n\u00ba 22\/2022 referente ao processo seletivo para ingresso de estudantes em 2023 nos cursos da educa\u00e7\u00e3o profissional t\u00e9cnica de n\u00edvel m\u00e9dio, na forma integrada ao ensino m\u00e9dio modalidade presencial Campus Bom Jesus da Lapa. <\/td>\n            <td>15\/02\/2023<\/td>\n        <\/tr>\n\n<\/tbody>\n\n\n<tbody><tr>\n            <td>\n                <p style=\"text-align: justify\"><b><a href=\"https:\/\/www.ifbaiano.edu.br\/unidades\/lapa\/edital-3-2023\/\">03\/2023<\/a><\/b><\/p>\n            <\/td>\n            <td style=\"text-align: justify\">Edital de convoca\u00e7\u00e3o para matr\u00edcula dos aprovados no processo seletivo regido pelo edital 23\/2022, para o preenchimento de vagas no curso de engenharia agron\u00f4mica, com ingresso no semestre letivo 2022.2.<\/td>\n            <td>24\/01\/2023<\/td>\n        <\/tr>\n\n<\/tbody>\n\n\n        <tbody><tr>\n            <td>\n                <p style=\"text-align: justify\"><b><a href=\"https:\/\/www.ifbaiano.edu.br\/unidades\/lapa\/?page_id=24452\">02\/2023<\/a><\/b><\/p>\n            <\/td>\n            <td style=\"text-align: justify\">Processo Seletivo para preenchimento de Vagas ociosas dos Cursos: Gradua\u00e7\u00e3o Bacharelado em Engenharia Agron\u00f4mica e Gest\u00e3o da Tecnologia da Informa\u00e7\u00e3o (2022.2)\u2013 Campus Bom Jesus da Lapa.<\/td>\n            <td>20\/01\/2023<\/td>\n        <\/tr>\n\n<\/tbody>\n\n\n        <tbody><tr>\n            <td>\n                <p style=\"text-align: justify\"><b><a href=\"https:\/\/www.ifbaiano.edu.br\/unidades\/lapa\/edital-23-2022\/\">01\/2023<\/a><\/b><\/p>\n            <\/td>\n            <td style=\"text-align: justify\">Retifica o edital n\u00ba 23\/2022 referente ao processo seletivo para preenchimento de vagas no curso superior de bacharelado em engenharia agron\u00f4mica &#8211; IF Baiano &#8211; Campus Bom Jesus da Lapa.<\/td>\n            <td>02\/01\/2023<\/td>\n        <\/tr>\n\n <\/tbody>\n\n  \n\n\n<\/table>\n\n\n\n<p><\/p>\n","protected":false},"excerpt":{"rendered":"<p>Editais 2023 Edital Conte\u00fado Publica\u00e7\u00e3o 35\/2023 Edital de convoca\u00e7\u00e3o para matr\u00edcula dos aprovados no PROSEL regido pelo Edital 27\/2023 &#8211; Processo Seletivo 2023 &#8211; Cursos T\u00e9cnicos em Agricultura, Agroecologia e Inform\u00e1tica Integrado ao Ensino M\u00e9dio. 29\/12\/2023 34\/2023 Edital de convoca\u00e7\u00e3o para matr\u00edcula dos aprovados no PROSEL regido pelo Edital 29\/2023 &#8211; Curso Superior Bacharelado em [&hellip;]<\/p>\n","protected":false},"author":165,"featured_media":0,"parent":0,"menu_order":0,"comment_status":"closed","ping_status":"closed","template":"","meta":[],"_links":{"self":[{"href":"https:\/\/www.ifbaiano.edu.br\/unidades\/lapa\/wp-json\/wp\/v2\/pages\/24317"}],"collection":[{"href":"https:\/\/www.ifbaiano.edu.br\/unidades\/lapa\/wp-json\/wp\/v2\/pages"}],"about":[{"href":"https:\/\/www.ifbaiano.edu.br\/unidades\/lapa\/wp-json\/wp\/v2\/types\/page"}],"author":[{"embeddable":true,"href":"https:\/\/www.ifbaiano.edu.br\/unidades\/lapa\/wp-json\/wp\/v2\/users\/165"}],"replies":[{"embeddable":true,"href":"https:\/\/www.ifbaiano.edu.br\/unidades\/lapa\/wp-json\/wp\/v2\/comments?post=24317"}],"version-history":[{"count":84,"href":"https:\/\/www.ifbaiano.edu.br\/unidades\/lapa\/wp-json\/wp\/v2\/pages\/24317\/revisions"}],"predecessor-version":[{"id":27667,"href":"https:\/\/www.ifbaiano.edu.br\/unidades\/lapa\/wp-json\/wp\/v2\/pages\/24317\/revisions\/27667"}],"wp:attachment":[{"href":"https:\/\/www.ifbaiano.edu.br\/unidades\/lapa\/wp-json\/wp\/v2\/media?parent=24317"}],"curies":[{"name":"wp","href":"https:\/\/api.w.org\/{rel}","templated":true}]}}