{"id":24465,"date":"2023-01-25T16:42:45","date_gmt":"2023-01-25T19:42:45","guid":{"rendered":"https:\/\/www.ifbaiano.edu.br\/unidades\/lapa\/?page_id=24465"},"modified":"2023-03-22T13:33:33","modified_gmt":"2023-03-22T16:33:33","slug":"edital-3-2023","status":"publish","type":"page","link":"https:\/\/www.ifbaiano.edu.br\/unidades\/lapa\/edital-3-2023\/","title":{"rendered":"Edital 3\/2023 &#8211; Edital de convoca\u00e7\u00e3o para matr\u00edcula dos aprovados no processo seletivo regido pelo edital 23\/2022, para o preenchimento de vagas no curso de Engenharia Agron\u00f4mica, com ingresso no semestre letivo 2022.2."},"content":{"rendered":"\n<div class=\"wp-block-columns is-layout-flex wp-container-3\">\n<div class=\"wp-block-column is-layout-flow\">\n<p class=\"has-medium-font-size\"><strong>Apresenta\u00e7\u00e3o<\/strong><\/p>\n\n\n\n<p>O DIRETOR-GERAL SUBSTITUTO DO INSTITUTO FEDERAL DE EDUCA\u00c7\u00c3O, CI\u00caNCIA E TECNOLOGIA BAIANO (IFBAIANO) &#8211; CAMPUS BOM JESUS DA LAPA, no uso de suas atribui\u00e7\u00f5es legais conferidas pela Portaria n\u00ba 1158\/2020 -RET-GAB\/RET\/IFBAIANO, de 04\/11\/2020, publicada no Boletim de Servi\u00e7o Interno n\u00ba 11, de 30\/11\/2020, p\u00e1gina<br>298, e de acordo com as disposi\u00e7\u00f5es conferidas na Lei n\u00ba 11.892, de 29\/12\/2008, na Lei n\u00ba 8.112\/1990, no Regimento Geral do IF Baiano e na Portaria Normativa 13\/2022 &#8211; RET-GAB\/RET\/IFBAIANO, de 11 de mar\u00e7o de 2022, CONVOCApara MATR\u00cdCULA os(as) candidatos(as) aprovados (as) no Processo Seletivo regido pelo Edital n\u00ba 23, de 07 de novembro de 2022, para o preenchimento de vagas no curso de gradua\u00e7\u00e3o em Engenharia Agron\u00f4mica, ofertado pelo IF Baiano &#8211; Campus Bom Jesus da Lapa, para ingresso no semestre letivo 2022.2<\/p>\n<\/div>\n\n\n\n<div class=\"wp-block-column is-layout-flow\">\n<p class=\"has-text-align-center has-medium-font-size\"><a href=\"https:\/\/www.ifbaiano.edu.br\/unidades\/lapa\/edital-23-2022\/\">Acesse Aqui<\/a><\/p>\n\n\n\n<p class=\"has-text-align-center has-medium-font-size\"><a href=\"https:\/\/www.ifbaiano.edu.br\/unidades\/lapa\/edital-23-2022\/\"> Edital 23\/2022<\/a><\/p>\n\n\n\n\n\n<p><\/p>\n\n\n\n<p><a href=\"https:\/\/www.ifbaiano.edu.br\/unidades\/lapa\/edital-23-2022\/\" target=\"_blank\" rel=\"noreferrer noopener\"><\/a><\/p>\n<\/div>\n<\/div>\n\n\n\n<div class=\"wp-block-columns is-layout-flex wp-container-6\">\n<div class=\"wp-block-column is-layout-flow\">\n<p class=\"has-medium-font-size\"><strong>Editais e Documentos<\/strong><\/p>\n\n\n\n<div class=\"wp-block-file\"><a href=\"https:\/\/www.ifbaiano.edu.br\/unidades\/lapa\/files\/2023\/03\/Edital-de-Retificacao-15-2023.-Retifica-o-Edital-03-2023-Engenharia-Agronomica-para-ingresso-no-semestre-2022.2.pdf\">Edital de Retifica\u00e7\u00e3o 15-2023. Retifica o Edital 03-2023 Engenharia Agron\u00f4mica para ingresso no semestre 2022.2.- publicado em 17\/03\/2023<\/a><\/div>\n\n\n\n<div class=\"wp-block-file\"><a href=\"https:\/\/www.ifbaiano.edu.br\/unidades\/lapa\/files\/2023\/01\/Edital-03-2023-Convocacao-para-Matricula.-Engenharia-Agronomica.-Ingresso-2022.2.pdf\">Edital 03-2023 &#8211; Convoca\u00e7\u00e3o para Matr\u00edcula. Engenharia Agron\u00f4mica. Ingresso 2022.2 &#8211; publicado em 24\/01\/2023<\/a><\/div>\n\n\n\n\n\n\n<\/div>\n\n\n\n<div class=\"wp-block-column is-layout-flow\">\n<p class=\"has-text-align-center has-medium-font-size\"><strong>Contato<\/strong><\/p>\n\n\n\n<p class=\"has-text-align-center\">prosel.sisu@lapa.ifbaiano.edu.br<\/p>\n<\/div>\n<\/div>\n","protected":false},"excerpt":{"rendered":"<p>Apresenta\u00e7\u00e3o O DIRETOR-GERAL SUBSTITUTO DO INSTITUTO FEDERAL DE EDUCA\u00c7\u00c3O, CI\u00caNCIA E TECNOLOGIA BAIANO (IFBAIANO) &#8211; CAMPUS BOM JESUS DA LAPA, no uso de suas atribui\u00e7\u00f5es legais conferidas pela Portaria n\u00ba 1158\/2020 -RET-GAB\/RET\/IFBAIANO, de 04\/11\/2020, publicada no Boletim de Servi\u00e7o Interno n\u00ba 11, de 30\/11\/2020, p\u00e1gina298, e de acordo com as disposi\u00e7\u00f5es conferidas na Lei n\u00ba [&hellip;]<\/p>\n","protected":false},"author":165,"featured_media":0,"parent":0,"menu_order":0,"comment_status":"closed","ping_status":"closed","template":"","meta":[],"_links":{"self":[{"href":"https:\/\/www.ifbaiano.edu.br\/unidades\/lapa\/wp-json\/wp\/v2\/pages\/24465"}],"collection":[{"href":"https:\/\/www.ifbaiano.edu.br\/unidades\/lapa\/wp-json\/wp\/v2\/pages"}],"about":[{"href":"https:\/\/www.ifbaiano.edu.br\/unidades\/lapa\/wp-json\/wp\/v2\/types\/page"}],"author":[{"embeddable":true,"href":"https:\/\/www.ifbaiano.edu.br\/unidades\/lapa\/wp-json\/wp\/v2\/users\/165"}],"replies":[{"embeddable":true,"href":"https:\/\/www.ifbaiano.edu.br\/unidades\/lapa\/wp-json\/wp\/v2\/comments?post=24465"}],"version-history":[{"count":24,"href":"https:\/\/www.ifbaiano.edu.br\/unidades\/lapa\/wp-json\/wp\/v2\/pages\/24465\/revisions"}],"predecessor-version":[{"id":25001,"href":"https:\/\/www.ifbaiano.edu.br\/unidades\/lapa\/wp-json\/wp\/v2\/pages\/24465\/revisions\/25001"}],"wp:attachment":[{"href":"https:\/\/www.ifbaiano.edu.br\/unidades\/lapa\/wp-json\/wp\/v2\/media?parent=24465"}],"curies":[{"name":"wp","href":"https:\/\/api.w.org\/{rel}","templated":true}]}}