{"id":25506,"date":"2023-05-25T08:36:28","date_gmt":"2023-05-25T11:36:28","guid":{"rendered":"https:\/\/www.ifbaiano.edu.br\/unidades\/lapa\/?page_id=25506"},"modified":"2024-08-01T07:43:55","modified_gmt":"2024-08-01T10:43:55","slug":"edital-no-18-2023","status":"publish","type":"page","link":"https:\/\/www.ifbaiano.edu.br\/unidades\/lapa\/edital-no-18-2023\/","title":{"rendered":"EDITAL N\u00ba 18, DE 24 MAIO DE 2023 &#8211; ADES\u00c3O AO PROGRAMA DE GEST\u00c3O, MODALIDADE TELETRABALHO \u2013 FLUXO CONT\u00cdNUO (REGIME DE EXECU\u00c7\u00c3O PARCIAL)"},"content":{"rendered":"\n<p><\/p>\n\n\n\n<p><\/p>\n\n\n\n<div class=\"wp-block-columns is-layout-flex wp-container-3\">\n<div class=\"wp-block-column is-layout-flow\">\n<h2 id=\"ProreitoriaMeioDireitaTitulo\" style=\"color:#00510f;text-transform:uppercase;border-top: 3px solid #00510F\" class=\"has-inline-color\">\n    Apresenta\u00e7\u00e3o\n<\/h2>\n\n<p align=\"justify\">\n    O DIRETOR-GERAL DO INSTITUTO FEDERAL DE EDUCA\u00c7\u00c3O, CI\u00caNCIA E TECNOLOGIA BAIANO (IF BAIANO) \u2013 CAMPUS BOM JESUS DA LAPA, no uso de suas atribui\u00e7\u00f5es legais conferidas pela Portaria n\u00ba 275, de 18\/03\/2022, publicada no DOU de 21\/03\/2022, Se\u00e7\u00e3o 2, p\u00e1gina 26, e de acordo com as disposi\u00e7\u00f5es contidas na Lei n\u00ba 11.892, de 29\/12\/2008, e  tendo em vista a Resolu\u00e7\u00e3o CONSUP 182\/2022 &#8211; OS-CONSUP\/IF BAIANO, de 1\u00ba de fevereiro de 2022, que aprova o Programa de Gest\u00e3o do Teletrabalho no \u00e2mbito do IF Baiano, em especial na modalidade Teletrabalho, Resolu\u00e7\u00e3o 225\/2022 &#8211; OS-CONSUP\/IFBAIANO, de 3 de agosto de 2022, que aprova a altera\u00e7\u00e3o do Programa de Gest\u00e3o do Teletrabalho, e conforme disposi\u00e7\u00f5es contidas na Portaria 02\/2022\/RET-SCS\/RET-GA, de 18 de fevereiro de 2022 e Nota T\u00e9cnica SEI 32923\/2021\/ME, torna p\u00fablico o EDITAL PARA ADES\u00c3O AO PROGRAMA DE GEST\u00c3O DO TELETRABALHO \u2013 FLUXO CONT\u00cdNUO &#8211; REGIME DE EXECU\u00c7\u00c3O PARCIAL  para os servidores lotados no Campus Bom Jesus da Lapa.\n<\/p>\n<\/div>\n\n\n\n<div class=\"wp-block-column is-layout-flow\">\n<h2 id=\"ProreitoriaMeioDireitaTitulo\" style=\"color:#00510f;text-transform:uppercase;border-top: 3px solid #00510F\" class=\"has-inline-color\">\n\tInscri\u00e7\u00f5es\n<\/h2>\n<p align=\"justify\">As inscri\u00e7\u00f5es ser\u00e3o realizadas conforme o prazo estabelecido no cronograma das Chamadas P\u00fablicas que ocorrer\u00e3o a partir da homologa\u00e7\u00e3o deste edital, exclusivamente por meio do Sistema Unificado de Administra\u00e7\u00e3o P\u00fablica (SUAP).\n\n<\/p>\n<h3 id=\"ProreitoriaMeioDireitaTitulo\" style=\"color:#00510f;text-transform:uppercase;border-top: 3px solid #00510F\" class=\"has-inline-color\">\n\tCHAMADAS P\u00daBLICAS 2024\n<\/h3>\n<p><\/p>\n\n<div class=\"wp-block-file\"><a href=\"https:\/\/www.ifbaiano.edu.br\/unidades\/lapa\/files\/2024\/08\/Portaria-47-2024-Homologa-o-Resultado-Final-da-Chamada-Publica-3-2024.pdf\">Portaria 47-2024 &#8211; Homologa o Resultado Final da Chamada P\u00fablica 3-2024- publicado em 31\/07\/2024<\/a><\/div>\n\n<div class=\"wp-block-file\"><a href=\"https:\/\/www.ifbaiano.edu.br\/unidades\/lapa\/files\/2024\/07\/RESULTADO-FINAL-CHAMADA-PUBLICA-3-2024-EDITAL-18-2023.pdf\">RESULTADO FINAL &#8211; Chamada 03-2024 &#8211; Edital 18-2023- publicado em 25\/07\/2024<\/a><\/div>\n\n<div class=\"wp-block-file\"><a href=\"https:\/\/www.ifbaiano.edu.br\/unidades\/lapa\/files\/2024\/07\/HOMOLOGACAO-DAS-INSCRICOES-Chamada-03-2024-Edital-18-2023.pdf\">HOMOLOGA\u00c7\u00c3O DAS INSCRI\u00c7\u00d5ES &#8211; Chamada 03-2024 &#8211; Edital 18-2023- publicado em 23\/07\/2024<\/a><\/div>\n\n<div class=\"wp-block-file\"><a href=\"https:\/\/www.ifbaiano.edu.br\/unidades\/lapa\/files\/2024\/07\/RESULTADO-PRELIMINAR-CHAMADA-PUBLICA-No-3-RETIFICACAO.pdf\">RESULTADO PRELIMINAR CHAMADA P\u00daBLICA N\u00ba 3 RETIFICA\u00c7\u00c3O- publicado em 22\/07\/2024<\/a><\/div>\n\n<div class=\"wp-block-file\"><a href=\"https:\/\/www.ifbaiano.edu.br\/unidades\/lapa\/files\/2024\/07\/RESULTADO-PRELIMINAR-CHAMADA-PUBLICA-03-2024.pdf\">RESULTADO PRELIMINAR &#8211; CHAMADA P\u00daBLICA 03-2024- publicado em 19\/07\/2024<\/a><\/div>\n\n<div class=\"wp-block-file\"><a href=\"https:\/\/www.ifbaiano.edu.br\/unidades\/lapa\/files\/2024\/07\/Chamada-Publica-3-2024-referente-ao-Edital-18-2023-Inscricao-para-Adesao-ao-Programa-de-Gestao-do-Teletrabalho-em-Regime-de-Execucao-Parcial-Campus-Bom-Jesus-da-Lapa.pdf\">CHAMADA P\u00daBLICA N\u00ba 03\/2024- publicado em 16\/07\/2024<\/a><\/div>\n\n\n<br>\n<h3 id=\"ProreitoriaMeioDireitaTitulo\" style=\"color:#00510f;text-transform:uppercase;border-top: 3px solid #00510F\" class=\"has-inline-color\">\n\tCHAMADAS P\u00daBLICAS 2023\n<\/h3>\n<br><p><\/p>\n\n<div class=\"wp-block-file\"><a href=\"https:\/\/www.ifbaiano.edu.br\/unidades\/lapa\/files\/2023\/12\/PORTARIA-126_2023-BJL-GAB.pdf\">Portaira n\u00ba 126 &#8211; Homologa o Resultado Final da Chamada P\u00fablica 05\/2023 regida pelo Edital n\u00b0 18\/2023, &#8211; publicado em 29\/12\/2023<\/a><\/div>\n\n<div class=\"wp-block-file\"><a href=\"https:\/\/www.ifbaiano.edu.br\/unidades\/lapa\/files\/2023\/12\/HOMOLOGACAO-DAS-INSCRICOES-CHAMADA-PUBLICA-5_2023.pdf\">HOMOLOGA\u00c7\u00c3O DAS INSCRI\u00c7\u00d5ES &#8211; CHAMADA P\u00daBLICA 5_2023 &#8211; publicado em 05\/12\/2023<\/a><\/div>\n\n\n<div class=\"wp-block-file\"><a href=\"https:\/\/www.ifbaiano.edu.br\/unidades\/lapa\/files\/2023\/12\/RESULTADO-PRELIMINAR-CHAMADA-PUBLICA-05_2023-TELETRABALHO.pdf\">RESULTADO PRELIMINAR CHAMADA P\u00daBLICA 05_2023 TELETRABALHO &#8211; publicado em 04\/12\/2023<\/a><\/div>\n\n<div class=\"wp-block-file\"><a href=\"https:\/\/www.ifbaiano.edu.br\/unidades\/lapa\/files\/2023\/11\/Chamada-Publica-no-05-Edital-no-18-Portaria-5_2023-Inscricao-para-Adesao-ao-Programa-de-Gestao-do-Teletrabalho-fluxo-Continuo-Regime-de-Execucao-Parcial.pdf\">Chamada P\u00fablica n\u00ba 05 Edital n\u00ba 18 Portaria 51_2023 Inscri\u00e7\u00e3o para Ades\u00e3o ao Programa de Gest\u00e3o do Teletrabalho fluxo Cont\u00ednuo (Regime de Execu\u00e7\u00e3o Parcial) &#8211; publicado em 28\/11\/2023<\/a><\/div>\n\n<div class=\"wp-block-file\"><a href=\"https:\/\/www.ifbaiano.edu.br\/unidades\/lapa\/files\/2023\/07\/HOMOLOGACAO-DO-RESULTADO-FINAL-CHAMADA-PUBLICA-02-2023.pdf\">HOMOLOGA\u00c7\u00c3O DO RESULTADO FINAL &#8211; CHAMADA P\u00daBLICA 02\/2023 &#8211; publicado em 24\/07\/2023<\/a><\/div>\n\n<div class=\"wp-block-file\"><a href=\"https:\/\/www.ifbaiano.edu.br\/unidades\/lapa\/files\/2023\/07\/RESULTADO-FINAL-CHAMADA-PUBLICA-02-2023.pdf\">RESULTADO FINAL &#8211; CHAMADA P\u00daBLICA 02\/2023 &#8211; publicado em 17\/07\/2023<\/a><\/div>\n\n\n<div class=\"wp-block-file\"><a href=\"https:\/\/www.ifbaiano.edu.br\/unidades\/lapa\/files\/2023\/07\/HOMOLOGACAO-DAS-INSCRICOES-E-CLASSIFICACAO-DOS-CANDITADOS-CHAMADA-PUBLICA-2-2023.pdf\">HOMOLOGA\u00c7\u00c3O DAS INSCRI\u00c7\u00d5ES E CLASSIFICA\u00c7\u00c3O DOS CANDITADOS &#8211; CHAMADA P\u00daBLICA 02\/2023 &#8211; publicado em 14\/07\/2023<\/a><\/div>\n\n\n<div class=\"wp-block-file\"><a href=\"https:\/\/www.ifbaiano.edu.br\/unidades\/lapa\/files\/2023\/07\/Resultado-Preliminar-do-Edital-18-2023-\u2013-Gestao-Teletrabalho-PARCIAL-CHAMADA-PUBLICA-2-2023.pdf\">RESULTADO PRELIMINAR &#8211; CHAMADA P\u00daBLICA 02\/2023 &#8211; publicado em 11\/07\/2023<\/a><\/div>\n\n<div class=\"wp-block-file\"><a href=\"https:\/\/www.ifbaiano.edu.br\/unidades\/lapa\/files\/2023\/07\/RETIFICACAO-No-01-DA-CHAMADA-PUBLICA-No-02-2023.pdf\">RETIFICA\u00c7\u00c3O N\u00ba 01 DA CHAMADA P\u00daBLICA N\u00ba 02-2023- publicado em 07\/07\/2023<\/a><\/div>\n\n<div class=\"wp-block-file\"><a href=\"https:\/\/www.ifbaiano.edu.br\/unidades\/lapa\/files\/2023\/07\/Chamada-Publica-02-2023-referente-ao-Edital-18-2023-Inscricao-para-Adesao-ao-Programa-de-Gestao-do-Teletrabalho-em-Regime-de-Execucao-Parcial-Campus-Bom-Jesus-da-Lapa.pdf\">CHAMADA P\u00daBLICA N\u00ba 02\/2023- publicado em 05\/07\/2023<\/a><\/div>\n\n<div class=\"wp-block-file\"><a href=\"https:\/\/www.ifbaiano.edu.br\/unidades\/lapa\/files\/2023\/06\/HOMOLOGACAO-RESULTADO-FINAL-CHAMADA-PUBLICA-1-2023.pdf\">HOMOLOGA\u00c7\u00c3O RESULTADO FINAL &#8211; CHAMADA P\u00daBLICA 1-2023- publicado em 19\/06\/2023<\/a><\/div>\n\n<div class=\"wp-block-file\"><a href=\"https:\/\/www.ifbaiano.edu.br\/unidades\/lapa\/files\/2023\/06\/RESULTADO-FINAL-CHAMADA-PUBLICA-01-2023.pdf\">RESULTADO FINAL CHAMADA P\u00daBLICA 01-2023- publicado em 16\/06\/2023<\/a><\/div>\n\n<div class=\"wp-block-file\"><a href=\"https:\/\/www.ifbaiano.edu.br\/unidades\/lapa\/files\/2023\/06\/HOMOLOGACAO-E-CLASSIFICACAO-DOS-CANDIDATOS-CHAMADA-PUBLICA-01_2023.pdf\">HOMOLOGA\u00c7\u00c3O E CLASSIFICA\u00c7\u00c3O DOS CANDIDATOS- publicado em 13\/06\/2023<\/a><\/div>\n\n<div class=\"wp-block-file\"><a href=\"https:\/\/www.ifbaiano.edu.br\/unidades\/lapa\/files\/2023\/06\/RESULTADO-PRELIMINAR-CHAMADA-PUBLICA-01_2023.pdf\">  Resultado Preliminar Chamada P\u00fablica 01\/2023- publicado em 07\/06\/2023<\/a><\/div>\n\n<div class=\"wp-block-file\"><a href=\"https:\/\/www.ifbaiano.edu.br\/unidades\/lapa\/files\/2023\/06\/Chamada-Publica-01-2023.pdf\">CHAMADA P\u00daBLICA N\u00ba 01\/2023- publicado em 05\/06\/2023<\/a><\/div>\n<\/div>\n<\/div>\n\n\n\n<div class=\"wp-block-columns is-layout-flex wp-container-6\">\n<div class=\"wp-block-column is-layout-flow\">\n<h2 id=\"ProreitoriaMeioDireitaTitulo\" style=\"color:#00510f;text-transform:uppercase;border-top: 3px solid #00510F\" class=\"has-inline-color\">\n\n        Editais e Documentos\n<\/h2>\n\n<div class=\"wp-block-file\"><a href=\"https:\/\/www.ifbaiano.edu.br\/unidades\/lapa\/files\/2024\/07\/Edital-no-18-2023-Versao-atualizada-com-as-retificacoes-no-1-e-2.pdf\">Edital n\u00ba 18-2023 &#8211; Vers\u00e3o atualizada com as retifica\u00e7\u00f5es n\u00ba 1 e 2.- publicado em 11\/07\/2024<\/a><\/div>\n\n<div class=\"wp-block-file\"><a href=\"https:\/\/www.ifbaiano.edu.br\/unidades\/lapa\/files\/2024\/07\/Edital-de-Retificacao-27-2024-Retifica-o-Edital-18-2023.-Retificacao-no-2.pdf\">Edital de Retifica\u00e7\u00e3o 27-2024 &#8211; Retifica o Edital 18-2023. Retifica\u00e7\u00e3o n\u00ba 2.- publicado em 11\/07\/2024<\/a><\/div>\n\n<div class=\"wp-block-file\"><a href=\"https:\/\/www.ifbaiano.edu.br\/unidades\/lapa\/files\/2023\/06\/PORTARIA-51_2023-Homologacao-do-Edital-18_2023-1.pdf\">PORTARIA 51\/2023 Homologa\u00e7\u00e3o do Edital 18\/2023- publicado em 01\/06\/2023<\/a><\/div>\n\n<div class=\"wp-block-file\"><a href=\"https:\/\/www.ifbaiano.edu.br\/unidades\/lapa\/files\/2023\/05\/Edital-de-Retificacao-19-2023.-Retifica-o-Edital-18-2023-1.pdf\">RETIFICA\u00c7\u00c3O N\u00ba 01 DO EDITAL 18\/2023- publicado em 29\/05\/2023<\/a><\/div>\n\n<div class=\"wp-block-file\"><a href=\"https:\/\/www.ifbaiano.edu.br\/unidades\/lapa\/files\/2023\/05\/EDITAL-18-2023.pdf\">EDITAL 18\/2023 &#8211; ADES\u00c3O AO PROGRAMA DE GEST\u00c3O TELETRABALHO DE FLUXO CONT\u00cdNUO &#8211; REGIME PARCIAL- publicado em 25\/05\/2023<\/a><\/div>\n<\/div>\n\n\n\n<div class=\"wp-block-column is-layout-flow\">\n<h2 id=\"ProreitoriaMeioDireitaTitulo\" style=\"color:#00510f;text-transform:uppercase;border-top: 3px solid #00510F\" class=\"has-inline-color\">\n\tContato\n<\/h2>\n\n<p align=\"justify\">gtteletrabalho@lapa.ifbaiano.edu.br<\/p>\n<\/div>\n<\/div>\n\n\n\n<div class=\"wp-block-columns is-layout-flex wp-container-10\">\n<div class=\"wp-block-column is-layout-flow\"><\/div>\n\n\n\n<div class=\"wp-block-column is-layout-flow\">\n<div class=\"wp-block-group is-layout-constrained\"><div class=\"wp-block-group__inner-container\">\n<h2 id=\"ProreitoriaMeioDireitaTitulo\" style=\"color:#00510f;text-transform:uppercase;border-top: 3px solid #00510F\" class=\"has-inline-color\">\n\tLEGISLA\u00c7\u00c3O\n<\/h2>\n<p><\/p>\n<p><div class=\"wp-block-file\"><a href=\"https:\/\/www.ifbaiano.edu.br\/unidades\/lapa\/files\/2024\/07\/INSTRUCAO-NORMATIVA-CONJUNTA-SEGES-SGP-SRT-MGI-No-21-DE-16-DE-JULHO-DE-2024.pdf\"><p style=\"font-family:verdana\">INSTRU\u00c7\u00c3O NORMATIVA CONJUNTA SEGES-SGP-SRT MGI N\u00ba 21 DE 16 DE JULHO DE 2024<\/p><\/a><\/div><\/p>\n\n\n<p><div class=\"wp-block-file\"><a href=\"https:\/\/www.ifbaiano.edu.br\/unidades\/lapa\/files\/2024\/07\/INSTRUCAO-NORMATIVA-CONJUNTA-SEGES-SGPRT-_MGI-No-24-DE-28-DE-JULHO-DE-2023-INSTRUCAO-NORMATIVA-CONJUNTA-SEGES-SGPRT-_MGI-No-24-DE-28-DE-JULHO-DE-2023-DOU-Imprensa-Nacional.pdf\"><p style=\"font-family:verdana\">INSTRU\u00c7\u00c3O NORMATIVA CONJUNTA SEGES-SGPRT _MGI N\u00ba 24, DE 28 DE JULHO DE 2023 &#8211; INSTRU\u00c7\u00c3O NORMATIVA CONJUNTA SEGES-SGPRT _MGI N\u00ba 24, DE 28 DE JULHO DE 2023 &#8211; DOU &#8211; Imprensa Nacional<\/p><\/a><\/div><\/p>\n\n<p><div class=\"wp-block-file\"><a href=\"https:\/\/www.ifbaiano.edu.br\/unidades\/lapa\/files\/2023\/06\/Resolucao-182-2022.pdf\"><p style=\"font-family:verdana\">Resolu\u00e7\u00e3o 182\/2022 \u2013 OS-CONSUP\/IFBAIANO, DE 1 DE FEVEREIRO DE 2022<\/p><\/a><\/div><\/p>\n\n<div class=\"wp-block-file\"><a href=\"https:\/\/www.ifbaiano.edu.br\/unidades\/lapa\/files\/2023\/06\/Portaria-02-2022-RET-SCS.pdf\n\"><p style=\"font-family:verdana\">PORTARIA 2\/2022 \u2013 RET-SCS\/RET-GAB\/RET\/IFBAIANO, de 18 de fevereiro de 2022<\/p><\/a><\/div>\n<\/div><\/div>\n<\/div>\n<\/div>\n","protected":false},"excerpt":{"rendered":"<p>Apresenta\u00e7\u00e3o O DIRETOR-GERAL DO INSTITUTO FEDERAL DE EDUCA\u00c7\u00c3O, CI\u00caNCIA E TECNOLOGIA BAIANO (IF BAIANO) \u2013 CAMPUS BOM JESUS DA LAPA, no uso de suas atribui\u00e7\u00f5es legais conferidas pela Portaria n\u00ba 275, de 18\/03\/2022, publicada no DOU de 21\/03\/2022, Se\u00e7\u00e3o 2, p\u00e1gina 26, e de acordo com as disposi\u00e7\u00f5es contidas na Lei n\u00ba 11.892, de 29\/12\/2008, [&hellip;]<\/p>\n","protected":false},"author":58,"featured_media":0,"parent":0,"menu_order":0,"comment_status":"closed","ping_status":"closed","template":"","meta":[],"_links":{"self":[{"href":"https:\/\/www.ifbaiano.edu.br\/unidades\/lapa\/wp-json\/wp\/v2\/pages\/25506"}],"collection":[{"href":"https:\/\/www.ifbaiano.edu.br\/unidades\/lapa\/wp-json\/wp\/v2\/pages"}],"about":[{"href":"https:\/\/www.ifbaiano.edu.br\/unidades\/lapa\/wp-json\/wp\/v2\/types\/page"}],"author":[{"embeddable":true,"href":"https:\/\/www.ifbaiano.edu.br\/unidades\/lapa\/wp-json\/wp\/v2\/users\/58"}],"replies":[{"embeddable":true,"href":"https:\/\/www.ifbaiano.edu.br\/unidades\/lapa\/wp-json\/wp\/v2\/comments?post=25506"}],"version-history":[{"count":58,"href":"https:\/\/www.ifbaiano.edu.br\/unidades\/lapa\/wp-json\/wp\/v2\/pages\/25506\/revisions"}],"predecessor-version":[{"id":28376,"href":"https:\/\/www.ifbaiano.edu.br\/unidades\/lapa\/wp-json\/wp\/v2\/pages\/25506\/revisions\/28376"}],"wp:attachment":[{"href":"https:\/\/www.ifbaiano.edu.br\/unidades\/lapa\/wp-json\/wp\/v2\/media?parent=25506"}],"curies":[{"name":"wp","href":"https:\/\/api.w.org\/{rel}","templated":true}]}}