{"id":25582,"date":"2023-06-02T15:00:12","date_gmt":"2023-06-02T18:00:12","guid":{"rendered":"https:\/\/www.ifbaiano.edu.br\/unidades\/lapa\/?page_id=25582"},"modified":"2023-07-18T11:00:30","modified_gmt":"2023-07-18T14:00:30","slug":"acoes-internas-e-externas-do-napne","status":"publish","type":"page","link":"https:\/\/www.ifbaiano.edu.br\/unidades\/lapa\/acoes-internas-e-externas-do-napne\/","title":{"rendered":"A\u00e7\u00f5es do NAPNE"},"content":{"rendered":"\n<h2 id=\"ProreitoriaMeioDireitaTitulo\" style=\"color:#00510f;text-transform:uppercase;border-top: 3px solid #00510F\" class=\"has-inline-color\">\n    IF Olhos Abertos 2023\n<\/h2>\n\n\n\n<figure class=\"wp-block-gallery has-nested-images columns-default is-cropped wp-block-gallery-1 is-layout-flex\">\n<figure class=\"wp-block-image size-large\"><img decoding=\"async\" loading=\"lazy\" width=\"1200\" height=\"1600\" data-id=\"25592\"  src=\"https:\/\/www.ifbaiano.edu.br\/unidades\/lapa\/files\/2023\/06\/1.jpg\" alt=\"\" class=\"wp-image-25592\" \/><\/figure>\n<\/figure>\n\n\n\n<Br>\n\n\n\n<h2 id=\"ProreitoriaMeioDireitaTitulo\" style=\"color:#00510f;text-transform:uppercase;border-top: 3px solid #00510F\" class=\"has-inline-color\">\n   Oficina de Libras\n<\/h2>\n\n\n\n<figure class=\"wp-block-gallery has-nested-images columns-default is-cropped wp-block-gallery-3 is-layout-flex\">\n<figure class=\"wp-block-image size-large\"><img decoding=\"async\" loading=\"lazy\" width=\"1280\" height=\"960\" data-id=\"25596\"  src=\"https:\/\/www.ifbaiano.edu.br\/unidades\/lapa\/files\/2023\/06\/3.jpg\" alt=\"\" class=\"wp-image-25596\" \/><\/figure>\n\n\n\n<figure class=\"wp-block-image size-large\"><img decoding=\"async\" loading=\"lazy\" width=\"1600\" height=\"1200\" data-id=\"25597\"  src=\"https:\/\/www.ifbaiano.edu.br\/unidades\/lapa\/files\/2023\/06\/4.jpg\" alt=\"\" class=\"wp-image-25597\" \/><\/figure>\n<\/figure>\n\n\n\n<Br>\n\n\n\n<h2 id=\"ProreitoriaMeioDireitaTitulo\" style=\"color:#00510f;text-transform:uppercase;border-top: 3px solid #00510F\" class=\"has-inline-color\">\n   Momento Formativo com Docentes\n<\/h2>\n\n\n\n<figure class=\"wp-block-gallery has-nested-images columns-default is-cropped wp-block-gallery-5 is-layout-flex\">\n<figure class=\"wp-block-image size-large\"><img decoding=\"async\" loading=\"lazy\" width=\"876\" height=\"657\" data-id=\"25600\"  src=\"https:\/\/www.ifbaiano.edu.br\/unidades\/lapa\/files\/2023\/06\/5.jpg\" alt=\"\" class=\"wp-image-25600\" \/><\/figure>\n\n\n\n<figure class=\"wp-block-image size-large\"><img decoding=\"async\" loading=\"lazy\" width=\"960\" height=\"1280\" data-id=\"25601\"  src=\"https:\/\/www.ifbaiano.edu.br\/unidades\/lapa\/files\/2023\/06\/6.jpg\" alt=\"\" class=\"wp-image-25601\" \/><\/figure>\n<\/figure>\n\n\n\n<Br>\n\n\n\n<h2 id=\"ProreitoriaMeioDireitaTitulo\" style=\"color:#00510f;text-transform:uppercase;border-top: 3px solid #00510F\" class=\"has-inline-color\">\n   Atividades com P\u00fablico Externo\n<\/h2>\n\n\n\n<figure class=\"wp-block-gallery has-nested-images columns-default is-cropped wp-block-gallery-7 is-layout-flex\">\n<figure class=\"wp-block-image size-large\"><img decoding=\"async\" loading=\"lazy\" width=\"1200\" height=\"1600\" data-id=\"25607\"  src=\"https:\/\/www.ifbaiano.edu.br\/unidades\/lapa\/files\/2023\/06\/7.jpg\" alt=\"\" class=\"wp-image-25607\" \/><\/figure>\n\n\n\n<figure class=\"wp-block-image size-large\"><img decoding=\"async\" loading=\"lazy\" width=\"1200\" height=\"1600\" data-id=\"25608\"  src=\"https:\/\/www.ifbaiano.edu.br\/unidades\/lapa\/files\/2023\/06\/8.jpg\" alt=\"\" class=\"wp-image-25608\" \/><\/figure>\n<\/figure>\n\n\n\n<Br>\n\n\n\n<h2 id=\"ProreitoriaMeioDireitaTitulo\" style=\"color:#00510f;text-transform:uppercase;border-top: 3px solid #00510F\" class=\"has-inline-color\">\n   Atividades com P\u00fablico Interno\n<\/h2>\n\n\n\n<figure class=\"wp-block-gallery has-nested-images columns-default is-cropped wp-block-gallery-9 is-layout-flex\">\n<figure class=\"wp-block-image size-large\"><img decoding=\"async\" loading=\"lazy\" width=\"768\" height=\"1024\" data-id=\"25609\"  src=\"https:\/\/www.ifbaiano.edu.br\/unidades\/lapa\/files\/2023\/06\/9.jpg\" alt=\"\" class=\"wp-image-25609\" \/><\/figure>\n\n\n\n<figure class=\"wp-block-image size-large\"><img decoding=\"async\" loading=\"lazy\" width=\"1599\" height=\"899\" data-id=\"25610\"  src=\"https:\/\/www.ifbaiano.edu.br\/unidades\/lapa\/files\/2023\/06\/10.jpg\" alt=\"\" class=\"wp-image-25610\" \/><\/figure>\n<\/figure>\n\n\n\n<Br>\n\n\n\n<h2 id=\"ProreitoriaMeioDireitaTitulo\" style=\"color:#00510f;text-transform:uppercase;border-top: 3px solid #00510F\" class=\"has-inline-color\">\n   Simp\u00f3sio sobre Educa\u00e7\u00e3o Inclusiva 2022\n<\/h2>\n\n\n\n<figure class=\"wp-block-gallery has-nested-images columns-default is-cropped wp-block-gallery-11 is-layout-flex\">\n<figure class=\"wp-block-image size-large\"><img decoding=\"async\" loading=\"lazy\" width=\"1156\" height=\"534\" data-id=\"25621\"  src=\"https:\/\/www.ifbaiano.edu.br\/unidades\/lapa\/files\/2023\/06\/11.png\" alt=\"\" class=\"wp-image-25621\" \/><\/figure>\n\n\n\n<figure class=\"wp-block-image size-large\"><img decoding=\"async\" loading=\"lazy\" width=\"876\" height=\"657\" data-id=\"25622\"  src=\"https:\/\/www.ifbaiano.edu.br\/unidades\/lapa\/files\/2023\/06\/12.jpg\" alt=\"\" class=\"wp-image-25622\" \/><\/figure>\n<\/figure>\n\n\n\n<Br>\n\n\n\n<h2 id=\"ProreitoriaMeioDireitaTitulo\" style=\"color:#00510f;text-transform:uppercase;border-top: 3px solid #00510F\" class=\"has-inline-color\">\n  Oficina Braille e Oficina de Primeiros Socorros\n<\/h2>\n\n\n\n<figure class=\"wp-block-gallery has-nested-images columns-default is-cropped wp-block-gallery-13 is-layout-flex\">\n<figure class=\"wp-block-image size-large\"><img decoding=\"async\" loading=\"lazy\" width=\"1599\" height=\"1200\" data-id=\"25623\"  src=\"https:\/\/www.ifbaiano.edu.br\/unidades\/lapa\/files\/2023\/06\/13.png\" alt=\"\" class=\"wp-image-25623\" \/><\/figure>\n\n\n\n<figure class=\"wp-block-image size-large\"><img decoding=\"async\" loading=\"lazy\" width=\"1200\" height=\"1600\" data-id=\"25624\"  src=\"https:\/\/www.ifbaiano.edu.br\/unidades\/lapa\/files\/2023\/06\/14.png\" alt=\"\" class=\"wp-image-25624\" \/><\/figure>\n<\/figure>\n\n\n\n<Br>\n\n\n\n<h2 id=\"ProreitoriaMeioDireitaTitulo\" style=\"color:#00510f;text-transform:uppercase;border-top: 3px solid #00510F\" class=\"has-inline-color\">\n   Projeto de Extens\u00e3o Libras na Inform\u00e1tica\n<\/h2>\n\n\n\n<figure class=\"wp-block-gallery has-nested-images columns-default is-cropped wp-block-gallery-15 is-layout-flex\">\n<figure class=\"wp-block-image size-large\"><img decoding=\"async\" loading=\"lazy\" width=\"1200\" height=\"1600\" data-id=\"25625\"  src=\"https:\/\/www.ifbaiano.edu.br\/unidades\/lapa\/files\/2023\/06\/15.jpg\" alt=\"\" class=\"wp-image-25625\" \/><\/figure>\n<\/figure>\n\n\n\n<Br>\n\n\n\n<h2 id=\"ProreitoriaMeioDireitaTitulo\" style=\"color:#00510f;text-transform:uppercase;border-top: 3px solid #00510F\" class=\"has-inline-color\">\n   Palestra nos Munic\u00edpios de Samavi e Igapor\u00e3\n<\/h2>\n\n\n\n<figure class=\"wp-block-gallery has-nested-images columns-default is-cropped wp-block-gallery-17 is-layout-flex\">\n<figure class=\"wp-block-image size-large\"><img decoding=\"async\" loading=\"lazy\" width=\"1232\" height=\"816\" data-id=\"25626\"  src=\"https:\/\/www.ifbaiano.edu.br\/unidades\/lapa\/files\/2023\/06\/16.jpg\" alt=\"\" class=\"wp-image-25626\" \/><\/figure>\n<\/figure>\n\n\n\n<figure class=\"wp-block-image size-full\"><img decoding=\"async\" loading=\"lazy\" width=\"1200\" height=\"1600\" src=\"https:\/\/www.ifbaiano.edu.br\/unidades\/lapa\/files\/2023\/06\/17.jpg\" alt=\"\" class=\"wp-image-25627\" \/><\/figure>\n","protected":false},"excerpt":{"rendered":"<p>IF Olhos Abertos 2023 Oficina de Libras Momento Formativo com Docentes Atividades com P\u00fablico Externo Atividades com P\u00fablico Interno Simp\u00f3sio sobre Educa\u00e7\u00e3o Inclusiva 2022 Oficina Braille e Oficina de Primeiros Socorros Projeto de Extens\u00e3o Libras na Inform\u00e1tica Palestra nos Munic\u00edpios de Samavi e Igapor\u00e3<\/p>\n","protected":false},"author":165,"featured_media":0,"parent":0,"menu_order":0,"comment_status":"closed","ping_status":"closed","template":"","meta":[],"_links":{"self":[{"href":"https:\/\/www.ifbaiano.edu.br\/unidades\/lapa\/wp-json\/wp\/v2\/pages\/25582"}],"collection":[{"href":"https:\/\/www.ifbaiano.edu.br\/unidades\/lapa\/wp-json\/wp\/v2\/pages"}],"about":[{"href":"https:\/\/www.ifbaiano.edu.br\/unidades\/lapa\/wp-json\/wp\/v2\/types\/page"}],"author":[{"embeddable":true,"href":"https:\/\/www.ifbaiano.edu.br\/unidades\/lapa\/wp-json\/wp\/v2\/users\/165"}],"replies":[{"embeddable":true,"href":"https:\/\/www.ifbaiano.edu.br\/unidades\/lapa\/wp-json\/wp\/v2\/comments?post=25582"}],"version-history":[{"count":19,"href":"https:\/\/www.ifbaiano.edu.br\/unidades\/lapa\/wp-json\/wp\/v2\/pages\/25582\/revisions"}],"predecessor-version":[{"id":25965,"href":"https:\/\/www.ifbaiano.edu.br\/unidades\/lapa\/wp-json\/wp\/v2\/pages\/25582\/revisions\/25965"}],"wp:attachment":[{"href":"https:\/\/www.ifbaiano.edu.br\/unidades\/lapa\/wp-json\/wp\/v2\/media?parent=25582"}],"curies":[{"name":"wp","href":"https:\/\/api.w.org\/{rel}","templated":true}]}}