{"id":25733,"date":"2023-06-20T07:35:52","date_gmt":"2023-06-20T10:35:52","guid":{"rendered":"https:\/\/www.ifbaiano.edu.br\/unidades\/lapa\/?page_id=25733"},"modified":"2024-08-01T07:46:01","modified_gmt":"2024-08-01T10:46:01","slug":"edital-no-20-de-19-junho-de-2023","status":"publish","type":"page","link":"https:\/\/www.ifbaiano.edu.br\/unidades\/lapa\/edital-no-20-de-19-junho-de-2023\/","title":{"rendered":"EDITAL N\u00ba 20, DE 19 JUNHO DE 2023 ADES\u00c3O AO PROGRAMA DE GEST\u00c3O, MODALIDADE TELETRABALHO \u2013 FLUXO CONT\u00cdNUO (REGIME DE EXECU\u00c7\u00c3O INTEGRAL)"},"content":{"rendered":"\n<p><\/p>\n\n\n\n<div class=\"wp-block-columns is-layout-flex wp-container-3\">\n<div class=\"wp-block-column is-layout-flow\">\n<h2 id=\"ProreitoriaMeioDireitaTitulo\" style=\"color:#00510f;text-transform:uppercase;border-top: 3px solid #00510F\" class=\"has-inline-color\">\n    Apresenta\u00e7\u00e3o\n<\/h2>\n\n<p align=\"justify\">\nO DIRETOR-GERAL DO INSTITUTO FEDERAL DE EDUCA\u00c7\u00c3O, CI\u00caNCIA E TECNOLOGIA\nBAIANO (IF BAIANO) \u2013 CAMPUS BOM JESUS DA LAPA, no uso de suas atribui\u00e7\u00f5es legais\nconferidas pela Portaria n\u00ba 275, de 18\/03\/2022, publicada no DOU de 21\/03\/2022, Se\u00e7\u00e3o 2,\np\u00e1gina 26, e de acordo com as disposi\u00e7\u00f5es contidas na Lei n\u00ba 11.892, de 29\/12\/2008, e\n tendo em vista a Resolu\u00e7\u00e3o CONSUP 182\/2022 &#8211; OS-CONSUP\/IF BAIANO, de 1\u00ba de fevereiro\nde 2022, que aprova o Programa de Gest\u00e3o do Teletrabalho no \u00e2mbito do IF Baiano, em\nespecial na modalidade Teletrabalho, Resolu\u00e7\u00e3o 225\/2022 &#8211; OS-CONSUP\/IFBAIANO, de 3 de\nagosto de 2022, que aprova a altera\u00e7\u00e3o do Programa de Gest\u00e3o do Teletrabalho, e conforme\ndisposi\u00e7\u00f5es contidas na Portaria 02\/2022\/RET-SCS\/RET-GAB, de 18 de fevereiro de 2022 e\nNota T\u00e9cnica SEI 32923\/2021\/ME, torna p\u00fablico o EDITAL PARA ADES\u00c3O AO PROGRAMA DE\nGEST\u00c3O DO TELETRABALHO \u2013 FLUXO CONT\u00cdNUO &#8211; REGIME DE EXECU\u00c7\u00c3O\nINTEGRAL, para os servidores lotados no Campus Bom Jesus da Lapa.\n<\/p>\n<\/div>\n\n\n\n<div class=\"wp-block-column is-layout-flow\">\n<h2 id=\"ProreitoriaMeioDireitaTitulo\" style=\"color:#00510f;text-transform:uppercase;border-top: 3px solid #00510F\" class=\"has-inline-color\">\n\tInscri\u00e7\u00f5es\n<\/h2>\n<p align=\"justify\"> As inscri\u00e7\u00f5es ser\u00e3o realizadas conforme o prazo estabelecido no cronograma deste\nedital e em chamadas p\u00fablicas que poder\u00e3o ocorrer, exclusivamente por meio do Sistema\nUnificado de Administra\u00e7\u00e3o P\u00fablica (SUAP).<\/p>\n\n<h3 id=\"ProreitoriaMeioDireitaTitulo\" style=\"color:#00510f;text-transform:uppercase;border-top: 3px solid #00510F\" class=\"has-inline-color\">\n\tCHAMADAS P\u00daBLICAS 2024\n<\/h3>\n\n<p><\/p>\n<div class=\"wp-block-file\"><a href=\"https:\/\/www.ifbaiano.edu.br\/unidades\/lapa\/files\/2024\/08\/Portaria-46-2024-Homologa-o-Resultado-Final-da-Chamada-Publica-2-2024.pdf\">Portaria 46-2024 &#8211; Homologa o Resultado Final da Chamada P\u00fablica 2-2024- publicado em 31\/07\/2024<\/a><\/div>\n\n\n\n<div class=\"wp-block-file\"><a href=\"https:\/\/www.ifbaiano.edu.br\/unidades\/lapa\/files\/2024\/07\/RESULTADO-FINAL-CHAMADA-PUBLICA-2-2024-EDITAL-20-2023.pdf\">RESULTADO FINAL &#8211; CHAMADA P\u00daBLICA 02\/2024- publicado em 25\/07\/2024<\/a><\/div>\n\n\n<div class=\"wp-block-file\"><a href=\"https:\/\/www.ifbaiano.edu.br\/unidades\/lapa\/files\/2024\/07\/HOMOLOGACAO-DAS-INSCRICOES-Chamada-02-2024-Edital-20-2023.pdf\">HOMOLOGA\u00c7\u00c3O DAS INCRI\u00c7\u00d5ES\/CLASSIFICA\u00c7\u00c3O DOS CANDIDATOS &#8211; CHAMADA P\u00daBLICA 02\/2024- publicado em 23\/07\/2024<\/a><\/div>\n\n\n\n<div class=\"wp-block-file\"><a href=\"https:\/\/www.ifbaiano.edu.br\/unidades\/lapa\/files\/2024\/07\/RESULTADO-PRELIMINAR-CHAMADA-PUBLICA-02-2024.pdf\">RESULTADO PRELIMINAR &#8211; CHAMADA P\u00daBLICA 02\/2024- publicado em 19\/07\/2024<\/a><\/div>\n\n\n<div class=\"wp-block-file\"><a href=\"https:\/\/www.ifbaiano.edu.br\/unidades\/lapa\/files\/2024\/07\/Chamada-Publica-2-2024-referente-ao-Edital-20-2023-Adesao-ao-Programa-de-Gestao-modalidade-Teletrabalho-\u2013-Fluxo-Continuo-Regime-de-execucao-integral.pdf\"> CHAMADA P\u00daBLICA N\u00ba 02\/2024- publicado em 16\/07\/2024<\/a><\/div>\n\n\n<br>\n<h3 id=\"ProreitoriaMeioDireitaTitulo\" style=\"color:#00510f;text-transform:uppercase;border-top: 3px solid #00510F\" class=\"has-inline-color\">\n\tCHAMADAS P\u00daBLICAS 2023\n<\/h3>\n\n<br><p><\/p>\n\n<div class=\"wp-block-file\"><a href=\"https:\/\/www.ifbaiano.edu.br\/unidades\/lapa\/files\/2024\/03\/RESULTADO-FINAL-CHAMADA-PUBLICA-01_2024.pdf\">RESULTADO FINAL &#8211; CHAMADA P\u00daBLICA 01_2024- publicado em 18\/03\/2024<\/a><\/div>\n\n\n<div class=\"wp-block-file\"><a href=\"https:\/\/www.ifbaiano.edu.br\/unidades\/lapa\/files\/2024\/03\/HOMOLOGACAO-DAS-INSCRICOES-CLASSIFICACAO-DOS-CANDITADOS-CHAMADA-PUBLICA-01_2024.pdf\">HOMOLOGA\u00c7\u00c3O DAS INSCRI\u00c7\u00d5ES CLASSIFICA\u00c7\u00c3O DOS CANDITADOS &#8211; CHAMADA P\u00daBLICA 01_2024 &#8211; publicado em 15\/03\/2024<\/a><\/div>\n\n\n<div class=\"wp-block-file\"><a href=\"https:\/\/www.ifbaiano.edu.br\/unidades\/lapa\/files\/2024\/03\/RESULTADO-PRELIMINAR-CHAMADA-01-2024.pdf\">RESULTADO PRELIMINAR &#8211; CHAMADA 01-2024 &#8211; publicado em 11\/03\/2024<\/a><\/div>\n\n<div class=\"wp-block-file\"><a href=\"https:\/\/www.ifbaiano.edu.br\/unidades\/lapa\/files\/2024\/03\/CHAMADA-PUBLICA-01_2024.pdf\">CHAMADA P\u00daBLICA 01\/2024 &#8211; publicado em 05\/03\/2024<\/a><\/div>\n\n<div class=\"wp-block-file\"><a href=\"https:\/\/www.ifbaiano.edu.br\/unidades\/lapa\/files\/2023\/07\/HOMOLOGACAO-DO-RESULTADO-FINAL-CHAMADA-PUBLICA-03-2023.pdf\">HOMOLOGA\u00c7\u00c3O DO RESULTADO FINAL &#8211; CHAMADA P\u00daBLICA 03\/2023 &#8211; publicado em 24\/07\/2023<\/a><\/div>\n\n<div class=\"wp-block-file\"><a href=\"https:\/\/www.ifbaiano.edu.br\/unidades\/lapa\/files\/2023\/07\/RESULTADO-FINAL-CHAMADA-PUBLICA-03-2023.pdf\">RESULTADO FINAL &#8211; CHAMADA P\u00daBLICA 03\/2023 &#8211; publicado em 17\/07\/2023<\/a><\/div>\n\n<div class=\"wp-block-file\"><a href=\"https:\/\/www.ifbaiano.edu.br\/unidades\/lapa\/files\/2023\/07\/HOMOLOGACAO-DAS-INSCRICOES-E-CLASSIFICACAO-DOS-CANDIDATOS-CHAMADA-PUBLICA-3-2023.pdf\">HOMOLOGA\u00c7\u00c3O DAS INSCRI\u00c7\u00d5ES E CLASSIFICA\u00c7\u00c3O DOS CANDIDATOS &#8211; CHAMADA P\u00daBLICA 03\/2023 &#8211; publicado em 14\/07\/2023<\/a><\/div>\n\n<div class=\"wp-block-file\"><a href=\"https:\/\/www.ifbaiano.edu.br\/unidades\/lapa\/files\/2023\/07\/Resultado-Preliminar-do-Edital-20-2023-\u2013-Gestao-Teletrabalho-INTEGRAL-CHAMADA-PUBLICA-3-2023.pdf\">RESULTADO PRELIMINAR &#8211; CHAMADA P\u00daBLICA 03\/2023 &#8211; publicado em 11\/07\/2023<\/a><\/div>\n\n<div class=\"wp-block-file\"><a href=\"https:\/\/www.ifbaiano.edu.br\/unidades\/lapa\/files\/2023\/07\/Chamada-Publica-03-2023.pdf\">CHAMADA P\u00daBLICA N\u00ba 03\/2023- publicado em 05\/07\/2023<\/a><\/div>\n<\/div>\n<\/div>\n\n\n\n<div class=\"wp-block-columns is-layout-flex wp-container-6\">\n<div class=\"wp-block-column is-layout-flow\">\n<h2 id=\"ProreitoriaMeioDireitaTitulo\" style=\"color:#00510f;text-transform:uppercase;border-top: 3px solid #00510F\" class=\"has-inline-color\">\n\n        Editais e Documentos\n<\/h2>\n<div class=\"wp-block-file\"><a href=\"https:\/\/www.ifbaiano.edu.br\/unidades\/lapa\/files\/2024\/07\/Versao-consolidada-do-Edital-20-2023.pdf\">Vers\u00e3o consolidada do Edital 20\/2023.- publicado em 12\/07\/2024<\/a><\/div>\n\n<div class=\"wp-block-file\"><a href=\"https:\/\/www.ifbaiano.edu.br\/unidades\/lapa\/files\/2024\/07\/Edital-de-Retificacao-28-2024-Retifica-o-Edital-20-2023.-Retificacao-no-1.pdf\">Edital de Retifica\u00e7\u00e3o 28\/2024 &#8211; Retifica o Edital 20\/2023. Retifica\u00e7\u00e3o n\u00ba 1.- publicado em 12\/07\/2024<\/a><\/div>\n\n\n<div class=\"wp-block-file\"><a href=\"https:\/\/www.ifbaiano.edu.br\/unidades\/lapa\/files\/2023\/06\/Edital-20-2023-Adesao-ao-Programa-de-Gestao-modalidade-Teletrabalho-\u2013-Fluxo-Continuo-Regime-de-execucao-integral.pdf\">Edital 20-2023 &#8211; Ades\u00e3o ao Programa de Gest\u00e3o, modalidade Teletrabalho \u2013 Fluxo Cont\u00ednuo (Regime de execu\u00e7\u00e3o integral).- publicado em 20\/06\/2023<\/a><\/div>\n<\/div>\n\n\n\n<div class=\"wp-block-column is-layout-flow\">\n<h2 id=\"ProreitoriaMeioDireitaTitulo\" style=\"color:#00510f;text-transform:uppercase;border-top: 3px solid #00510F\" class=\"has-inline-color\">\n\tContato\n<\/h2>\n\n<p align=\"justify\">gtteletrabalho@lapa.ifbaiano.edu.br<\/p>\n<\/div>\n<\/div>\n\n\n\n<div class=\"wp-block-columns is-layout-flex wp-container-9\">\n<div class=\"wp-block-column is-layout-flow\"><\/div>\n\n\n\n<div class=\"wp-block-column is-layout-flow\">\n<h2 id=\"ProreitoriaMeioDireitaTitulo\" style=\"color:#00510f;text-transform:uppercase;border-top: 3px solid #00510F\" class=\"has-inline-color\">\n\tLEGISLA\u00c7\u00c3O\n<\/h2>\n<p><\/p>\n<p><div class=\"wp-block-file\"><a href=\"https:\/\/www.ifbaiano.edu.br\/unidades\/lapa\/files\/2024\/07\/INSTRUCAO-NORMATIVA-CONJUNTA-SEGES-SGP-SRT-MGI-No-21-DE-16-DE-JULHO-DE-2024.pdf\"><p style=\"font-family:verdana\">INSTRU\u00c7\u00c3O NORMATIVA CONJUNTA SEGES-SGP-SRT MGI N\u00ba 21 DE 16 DE JULHO DE 2024<\/p><\/a><\/div><\/p>\n\n\n\n<p><div class=\"wp-block-file\"><a href=\"https:\/\/www.ifbaiano.edu.br\/unidades\/lapa\/files\/2024\/07\/INSTRUCAO-NORMATIVA-CONJUNTA-SEGES-SGPRT-_MGI-No-24-DE-28-DE-JULHO-DE-2023-INSTRUCAO-NORMATIVA-CONJUNTA-SEGES-SGPRT-_MGI-No-24-DE-28-DE-JULHO-DE-2023-DOU-Imprensa-Nacional.pdf\"><p style=\"font-family:verdana\">INSTRU\u00c7\u00c3O NORMATIVA CONJUNTA SEGES-SGPRT _MGI N\u00ba 24, DE 28 DE JULHO DE 2023 &#8211; INSTRU\u00c7\u00c3O NORMATIVA CONJUNTA SEGES-SGPRT _MGI N\u00ba 24, DE 28 DE JULHO DE 2023 &#8211; DOU &#8211; Imprensa Nacional<\/p><\/a><\/div><\/p>\n\n<p><div class=\"wp-block-file\"><a href=\"https:\/\/www.ifbaiano.edu.br\/unidades\/lapa\/files\/2023\/06\/Resolucao-182-2022.pdf\"><p style=\"font-family:verdana\">Resolu\u00e7\u00e3o 182\/2022 \u2013 OS-CONSUP\/IFBAIANO, DE 1 DE FEVEREIRO DE 2022<\/p><\/a><\/div><\/p>\n\n<div class=\"wp-block-file\"><a href=\"https:\/\/www.ifbaiano.edu.br\/unidades\/lapa\/files\/2023\/06\/Portaria-02-2022-RET-SCS.pdf\n\"><p style=\"font-family:verdana\">PORTARIA 2\/2022 \u2013 RET-SCS\/RET-GAB\/RET\/IFBAIANO, de 18 de fevereiro de 2022<\/p><\/a><\/div>\n<\/div>\n<\/div>\n","protected":false},"excerpt":{"rendered":"<p>Apresenta\u00e7\u00e3o O DIRETOR-GERAL DO INSTITUTO FEDERAL DE EDUCA\u00c7\u00c3O, CI\u00caNCIA E TECNOLOGIA BAIANO (IF BAIANO) \u2013 CAMPUS BOM JESUS DA LAPA, no uso de suas atribui\u00e7\u00f5es legais conferidas pela Portaria n\u00ba 275, de 18\/03\/2022, publicada no DOU de 21\/03\/2022, Se\u00e7\u00e3o 2, p\u00e1gina 26, e de acordo com as disposi\u00e7\u00f5es contidas na Lei n\u00ba 11.892, de 29\/12\/2008, [&hellip;]<\/p>\n","protected":false},"author":165,"featured_media":0,"parent":0,"menu_order":0,"comment_status":"closed","ping_status":"closed","template":"","meta":[],"_links":{"self":[{"href":"https:\/\/www.ifbaiano.edu.br\/unidades\/lapa\/wp-json\/wp\/v2\/pages\/25733"}],"collection":[{"href":"https:\/\/www.ifbaiano.edu.br\/unidades\/lapa\/wp-json\/wp\/v2\/pages"}],"about":[{"href":"https:\/\/www.ifbaiano.edu.br\/unidades\/lapa\/wp-json\/wp\/v2\/types\/page"}],"author":[{"embeddable":true,"href":"https:\/\/www.ifbaiano.edu.br\/unidades\/lapa\/wp-json\/wp\/v2\/users\/165"}],"replies":[{"embeddable":true,"href":"https:\/\/www.ifbaiano.edu.br\/unidades\/lapa\/wp-json\/wp\/v2\/comments?post=25733"}],"version-history":[{"count":36,"href":"https:\/\/www.ifbaiano.edu.br\/unidades\/lapa\/wp-json\/wp\/v2\/pages\/25733\/revisions"}],"predecessor-version":[{"id":28379,"href":"https:\/\/www.ifbaiano.edu.br\/unidades\/lapa\/wp-json\/wp\/v2\/pages\/25733\/revisions\/28379"}],"wp:attachment":[{"href":"https:\/\/www.ifbaiano.edu.br\/unidades\/lapa\/wp-json\/wp\/v2\/media?parent=25733"}],"curies":[{"name":"wp","href":"https:\/\/api.w.org\/{rel}","templated":true}]}}