{"id":25738,"date":"2023-06-19T18:57:05","date_gmt":"2023-06-19T21:57:05","guid":{"rendered":"https:\/\/www.ifbaiano.edu.br\/unidades\/lapa\/?page_id=25738"},"modified":"2023-07-19T11:30:26","modified_gmt":"2023-07-19T14:30:26","slug":"edital-21-de-19-de-junho-de-2023","status":"publish","type":"page","link":"https:\/\/www.ifbaiano.edu.br\/unidades\/lapa\/edital-21-de-19-de-junho-de-2023\/","title":{"rendered":"EDITAL N\u00ba 21, DE 19 DE JUNHO DE 2023 &#8211; SELE\u00c7\u00c3O DE CANDIDATOS(AS) PARA PREENCHIMENTO DE VAGAS REMANESCENTES DO CURSO SUPERIOR DE TECNOLOGIA EM GEST\u00c3O DA TECNOLOGIA DA INFORMA\u00c7\u00c3O- IF BAIANO &#8211; CAMPUS BOM JESUS DA LAPA"},"content":{"rendered":"\n<div class=\"wp-block-columns is-layout-flex wp-container-3\">\n<div class=\"wp-block-column is-layout-flow\">\n<h2 id=\"ProreitoriaMeioDireitaTitulo\" style=\"color:#00510f;text-transform:uppercase;border-top: 3px solid #00510F\" class=\"has-inline-color\">\n    Apresenta\u00e7\u00e3o\n<\/h2>\n\n<p align=\"justify\">\nO DIRETOR-GERAL DO INSTITUTO FEDERAL DE EDUCA\u00c7\u00c3O, CI\u00caNCIA E TECNOLOGIA BAIANO (IF\nBAIANO) &#8211; CAMPUS BOM JESUS DA LAPA, no uso de suas atribui\u00e7\u00f5es legais conferidas pela Portaria n\u00ba 275, de\n18\/03\/2022, publicada no D.O.U. de 21\/03\/2022, Se\u00e7\u00e3o 2, p\u00e1gina 26, e de acordo com as disposi\u00e7\u00f5es contidas na\nLei n\u00ba 11.892, de 29\/12\/2008, no Regimento Geral do IF Baiano e na Portaria Normativa 13\/2022 &#8211; RET-\nGAB\/RET\/IFBAIANO, de 11 de mar\u00e7o de 2022, em conformidade com a Lei n\u00ba 9.394, de 20 de dezembro de 1996,\nalterada pela Lei n\u00ba 12.796, de 04 de abril de 2013 e ainda considerando a Portaria MEC n\u00ba 18, de 11 de outubro\nde 2012, torna p\u00fablico o presente Edital, para preenchimento de vagas remanescentes do SiSU 2023.1, no\ncurso de gradua\u00e7\u00e3o Gest\u00e3o da Tecnologia da Informa\u00e7\u00e3o ofertado pelo IF Baiano &#8211; Campus Bom Jesus da\nLapa, para ingresso em 2023.1, por meio das notas de uma das edi\u00e7\u00f5es do ENEM, de 2015 a 2022\n<\/p>\n<\/div>\n\n\n\n<div class=\"wp-block-column is-layout-flow\">\n<h2 id=\"ProreitoriaMeioDireitaTitulo\" style=\"color:#00510f;text-transform:uppercase;border-top: 3px solid #00510F\" class=\"has-inline-color\">\n\tInscri\u00e7\u00f5es\n<\/h2>\n<p align=\"justify\">\nAs inscri\u00e7\u00f5es ser\u00e3o realizadas mediante envio da documenta\u00e7\u00e3o do item 3.4 digitalizada (preferencialmente em formato pdf) para o endere\u00e7o de e-mail<strong> prosel.sisu@lapa.ifbaiano.edu.br<\/strong>, dentro do per\u00edodo de inscri\u00e7\u00f5es estabelecido no cronograma disposto no item 7 deste edital. No campo \u201cassunto\u201d do e-mail, dever\u00e1 constar o nome\ndo(a) candidato(a) seguido de \u2013 \u201cVagas Remanescentes Gradua\u00e7\u00e3o\u201d (ex: NOME \u2013 VAGAS REMANESCENTES\nGRADUA\u00c7\u00c3O).\n<\/p>\n\n\n\n<p><\/p>\n<\/div>\n<\/div>\n\n\n\n<div class=\"wp-block-columns is-layout-flex wp-container-6\">\n<div class=\"wp-block-column is-layout-flow\">\n<h2 id=\"ProreitoriaMeioDireitaTitulo\" style=\"color:#00510f;text-transform:uppercase;border-top: 3px solid #00510F\" class=\"has-inline-color\">\n\n        Editais e Documentos\n<\/h2>\n<div class=\"wp-block-file\"><a href=\"https:\/\/www.ifbaiano.edu.br\/unidades\/lapa\/files\/2023\/07\/Convocacao-de-Matricula-do-Edital-no-21-2023-de-vagas-remanescentes-GTI.pdf\">Convoca\u00e7\u00e3o de Matr\u00edcula do Edital n\u00ba 21\/2023 de vagas remanescentes &#8211; GTI &#8211; Publicado em 19\/07\/2023<\/a><\/div>\n\n<div class=\"wp-block-file\"><a href=\"https:\/\/www.ifbaiano.edu.br\/unidades\/lapa\/files\/2023\/07\/Resultado-final-do-Edital-no-21-2023-de-vagas-remanescentes-GTI.pdf\">Resultado final do Edital n\u00ba 21\/2023 de vagas remanescentes &#8211; GTI &#8211; Publicado em 19\/07\/2023<\/a><\/div>\n\n<div class=\"wp-block-file\"><a href=\"https:\/\/www.ifbaiano.edu.br\/unidades\/lapa\/files\/2023\/07\/CLASSIFICACAO-PRELIMINAR-VAGAS-REMANESCENTES-GTI-EDITAL-21-2023.pdf\">CLASSIFICA\u00c7\u00c3O PRELIMINAR VAGAS REMANESCENTES GTI EDITAL 21\/2023 &#8211; Publicado em 14\/07\/2023<\/a><\/div>\n\n<div class=\"wp-block-file\"><a href=\"https:\/\/www.ifbaiano.edu.br\/unidades\/lapa\/files\/2023\/07\/RESULTADO-FINAL-DA-BANCA-DE-HETEROIDENTIFICACAO-GTI-\u2013-EDITAL-21-2023.pdf\">RESULTADO FINAL DA BANCA DE HETEROIDENTIFICA\u00c7\u00c3O  GTI \u2013 EDITAL 21\/2023 &#8211; Publicado em 13\/07\/2023<\/a><\/div>\n\n<div class=\"wp-block-file\"><a href=\"https:\/\/www.ifbaiano.edu.br\/unidades\/lapa\/files\/2023\/07\/CONVOCACAO-PARA-BANCA-DE-HETEROIDENTIFICACAO.pdf\">CONVOCA\u00c7\u00c3O PARA BANCA DE HETEROIDENTIFICA\u00c7\u00c3O EDITAL 21\/2023 &#8211; Publicado em 07\/07\/2023<\/a><\/div>\n\n<div class=\"wp-block-file\"><a href=\"https:\/\/www.ifbaiano.edu.br\/unidades\/lapa\/files\/2023\/07\/RESULTADO-FINAL-DAS-INSCRICOES-HOMOLOGADAS-\u2013-EDITAL-21-DE-19-DE-JUNHO-DE-2023.pdf\">RESULTADO FINAL DAS INSCRI\u00c7\u00d5ES HOMOLOGADAS \u2013 EDITAL 21\/2023 &#8211; Publicado em 07\/07\/2023<\/a><\/div>\n\n<div class=\"wp-block-file\"><a href=\"https:\/\/www.ifbaiano.edu.br\/unidades\/lapa\/files\/2023\/07\/Inscricoes-Homologadas-Vagas-Remanescentes-Gestao-da-Tecnologia-da-Informacao.pdf\">Inscri\u00e7\u00f5es Homologadas Vagas Remanescentes Gest\u00e3o da Tecnologia da Informa\u00e7\u00e3o &#8211; Publicado em 04\/07\/2023<\/a><\/div>\n\n\n<div class=\"wp-block-file\"><a href=\"https:\/\/www.ifbaiano.edu.br\/unidades\/lapa\/files\/2023\/06\/EDITAL-DE-RETIFICACAO-No-22-DE-27-DE-JUNHO-DE-2023.pdf\">RETIFICA\u00c7\u00c3O N\u00ba 01 DO EDITAL 21\/2023 &#8211; Publicado em 27\/06\/2023<\/a><\/div>\n\n<div class=\"wp-block-file\"><a href=\"https:\/\/www.ifbaiano.edu.br\/unidades\/lapa\/files\/2023\/06\/Edital-de-vagas-remanescentes-do-curso-Gestao-da-Tecnologia-da-Informacao.pdf\">Edital de vagas remanescentes do curso Gest\u00e3o da Tecnologia da Informa\u00e7\u00e3o &#8211; Publicado em 19\/06\/2023<\/a><\/div>\n\n<div class=\"wp-block-file\"><a href=\"https:\/\/www.ifbaiano.edu.br\/unidades\/lapa\/files\/2023\/06\/ANEXO-I.pdf\">ANEXO I &#8211; QUADRO DE VAGAS &#8211; Publicado em 28\/06\/2023<\/a><\/div>\n\n<div class=\"wp-block-file\"><a href=\"https:\/\/www.ifbaiano.edu.br\/unidades\/lapa\/files\/2023\/06\/ANEXO-II.pdf\">ANEXO II &#8211; FICHA DE INSCRI\u00c7\u00c3O &#8211; Publicado em 28\/06\/2023<\/a><\/div>\n\n<div class=\"wp-block-file\"><a href=\"https:\/\/www.ifbaiano.edu.br\/unidades\/lapa\/files\/2023\/06\/ANEXO-III.pdf\">ANEXO III &#8211; INTERPOSI\u00c7\u00c3O DE RECURSO &#8211; Publicado em 28\/06\/2023<\/a><\/div>\n\n<div class=\"wp-block-file\"><a href=\"https:\/\/www.ifbaiano.edu.br\/unidades\/lapa\/files\/2023\/06\/ANEXO-IV.pdf\">ANEXO IV &#8211; DECLARA\u00c7\u00c3O DE QUE N\u00c3O MANT\u00c9M MATR\u00cdCULA EM OUTRO CURSO SUPERIOR &#8211; Publicado em 28\/06\/2023<\/a><\/div>\n\n<div class=\"wp-block-file\"><a href=\"https:\/\/www.ifbaiano.edu.br\/unidades\/lapa\/files\/2023\/06\/ANEXO-V.pdf\">ANEXO V &#8211; AUTODECLARA\u00c7\u00c3O \u00c9TNICO-RACIAL &#8211; Publicado em 28\/06\/2023<\/a><\/div>\n\n<div class=\"wp-block-file\"><a href=\"https:\/\/www.ifbaiano.edu.br\/unidades\/lapa\/files\/2023\/06\/ANEXO-VI.pdf\">ANEXO VI &#8211; AUTODECLARA\u00c7\u00c3O DE RENDA &#8211; Publicado em 28\/06\/2023<\/a><\/div>\n\n<div class=\"wp-block-file\"><a href=\"https:\/\/www.ifbaiano.edu.br\/unidades\/lapa\/files\/2023\/06\/ANEXO-VII.pdf\">ANEXO VII &#8211; AUTODECLARA\u00c7\u00c3O DE RENDA &#8211; Publicado em 28\/06\/2023<\/a><\/div>\n<\/div>\n\n\n\n<div class=\"wp-block-column is-layout-flow\"><\/div>\n<\/div>\n","protected":false},"excerpt":{"rendered":"<p>Apresenta\u00e7\u00e3o O DIRETOR-GERAL DO INSTITUTO FEDERAL DE EDUCA\u00c7\u00c3O, CI\u00caNCIA E TECNOLOGIA BAIANO (IF BAIANO) &#8211; CAMPUS BOM JESUS DA LAPA, no uso de suas atribui\u00e7\u00f5es legais conferidas pela Portaria n\u00ba 275, de 18\/03\/2022, publicada no D.O.U. de 21\/03\/2022, Se\u00e7\u00e3o 2, p\u00e1gina 26, e de acordo com as disposi\u00e7\u00f5es contidas na Lei n\u00ba 11.892, de 29\/12\/2008, [&hellip;]<\/p>\n","protected":false},"author":165,"featured_media":0,"parent":0,"menu_order":0,"comment_status":"closed","ping_status":"closed","template":"","meta":[],"_links":{"self":[{"href":"https:\/\/www.ifbaiano.edu.br\/unidades\/lapa\/wp-json\/wp\/v2\/pages\/25738"}],"collection":[{"href":"https:\/\/www.ifbaiano.edu.br\/unidades\/lapa\/wp-json\/wp\/v2\/pages"}],"about":[{"href":"https:\/\/www.ifbaiano.edu.br\/unidades\/lapa\/wp-json\/wp\/v2\/types\/page"}],"author":[{"embeddable":true,"href":"https:\/\/www.ifbaiano.edu.br\/unidades\/lapa\/wp-json\/wp\/v2\/users\/165"}],"replies":[{"embeddable":true,"href":"https:\/\/www.ifbaiano.edu.br\/unidades\/lapa\/wp-json\/wp\/v2\/comments?post=25738"}],"version-history":[{"count":25,"href":"https:\/\/www.ifbaiano.edu.br\/unidades\/lapa\/wp-json\/wp\/v2\/pages\/25738\/revisions"}],"predecessor-version":[{"id":25975,"href":"https:\/\/www.ifbaiano.edu.br\/unidades\/lapa\/wp-json\/wp\/v2\/pages\/25738\/revisions\/25975"}],"wp:attachment":[{"href":"https:\/\/www.ifbaiano.edu.br\/unidades\/lapa\/wp-json\/wp\/v2\/media?parent=25738"}],"curies":[{"name":"wp","href":"https:\/\/api.w.org\/{rel}","templated":true}]}}