{"id":26178,"date":"2023-09-05T10:33:28","date_gmt":"2023-09-05T13:33:28","guid":{"rendered":"https:\/\/www.ifbaiano.edu.br\/unidades\/lapa\/?page_id=26178"},"modified":"2023-09-21T10:24:15","modified_gmt":"2023-09-21T13:24:15","slug":"edital-no-25-de-04-de-setembro-de-2023-selecao-de-monitores-voluntarios-para-o-ii-congresso-de-ensino-pesquisa-e-extensao-do-if-baiano","status":"publish","type":"page","link":"https:\/\/www.ifbaiano.edu.br\/unidades\/lapa\/edital-no-25-de-04-de-setembro-de-2023-selecao-de-monitores-voluntarios-para-o-ii-congresso-de-ensino-pesquisa-e-extensao-do-if-baiano\/","title":{"rendered":"EDITAL N\u00ba 25, DE 04 DE SETEMBRO DE 2023 &#8211; SELE\u00c7\u00c3O DE MONITORES VOLUNT\u00c1RIOS PARA O II CONGRESSO DE ENSINO, PESQUISA E EXTENS\u00c3O DO IF BAIANO"},"content":{"rendered":"\n<p><\/p>\n\n\n\n<div class=\"wp-block-columns is-layout-flex wp-container-3\">\n<div class=\"wp-block-column is-layout-flow\">\n<h2 id=\"ProreitoriaMeioDireitaTitulo\" style=\"color:#00510f;text-transform:uppercase;border-top: 3px solid #00510F\" class=\"has-inline-color\">\n    Apresenta\u00e7\u00e3o\n<\/h2>\n\n<p align=\"justify\">\n    O DIRETOR-GERAL DO INSTITUTO FEDERAL DE EDUCA\u00c7\u00c3O, CI\u00caNCIA E TECNOLOGIA BAIANO (IF\nBAIANO) \u2013 CAMPUS BOM JESUS DA LAPA, no uso de suas atribui\u00e7\u00f5es legais conferidas pela Portaria n\u00ba 275, de 18\/03\/2022, publicada no DOU de 21\/03\/2022, Se\u00e7\u00e3o 2, p\u00e1gina 26, e de acordo com as disposi\u00e7\u00f5es contidas na Lei n\u00ba 11.892, de 29\/12\/2008, no Regimento Geral do IF Baiano e na Portaria Normativa 13\/2022 &#8211; RETGAB\/RET\/IFBAIANO, de 11 de mar\u00e7o de 2022, torna p\u00fablica a Sele\u00e7\u00e3o de Monitores Volunt\u00e1rios para o II Congresso de Ensino, Pesquisa e Extens\u00e3o do IF Baiano (CEPEX) e do IV Festival de Arte e M\u00fasica do IF Baiano (FAMIF) a serem realizados no per\u00edodo de 02 a 05 de outubro de 2023, no IF Baiano &#8211; Campus Bom Jesus da Lapa.\n<\/p>\n<\/div>\n\n\n\n<div class=\"wp-block-column is-layout-flow\">\n<h2 id=\"ProreitoriaMeioDireitaTitulo\" style=\"color:#00510f;text-transform:uppercase;border-top: 3px solid #00510F\" class=\"has-inline-color\">\n\tInscri\u00e7\u00f5es\n<\/h2>\n\n<p align=\"justify\">\n\t<strong>Per\u00edodo:<\/strong> 11\/09\/2023 a 15\/09\/2023, no formul\u00e1rio eletr\u00f4nico dispon\u00edvel no link  <a href=\"https:\/\/acesse.one\/jpBss\">https:\/\/acesse.one\/jpBss<\/a>\n\n<\/p>\n<\/div>\n<\/div>\n\n\n\n<div class=\"wp-block-columns is-layout-flex wp-container-6\">\n<div class=\"wp-block-column is-layout-flow\">\n<h2 id=\"ProreitoriaMeioDireitaTitulo\" style=\"color:#00510f;text-transform:uppercase;border-top: 3px solid #00510F\" class=\"has-inline-color\">\n\tEditais e Documentos\n<\/h2>\n<div class=\"wp-block-file\"><a href=\"https:\/\/www.ifbaiano.edu.br\/unidades\/lapa\/files\/2023\/09\/Homologacao-do-Resultado-Final-da-Selecao-de-Voluntarios-para-o-CEPEX-2023.pdf\">Homologa\u00e7\u00e3o do Resultado Final da Sele\u00e7\u00e3o de Volunt\u00e1rios para o CEPEX 2023. <\/a><\/div>\n\n<div class=\"wp-block-file\"><a href=\"https:\/\/www.ifbaiano.edu.br\/unidades\/lapa\/files\/2023\/09\/Resultado-Final-Selecao-de-Voluntarios-para-o-CEPEX-2023.pdf\">Resultado Final Sele\u00e7\u00e3o de Volunt\u00e1rios para o CEPEX 2023. <\/a><\/div>\n\n<div class=\"wp-block-file\"><a href=\"https:\/\/www.ifbaiano.edu.br\/unidades\/lapa\/files\/2023\/09\/Edital-25-2023-Selecao-de-Monitores-Voluntarios-para-o-II-Congresso-de-Ensino-Pesquisa-e-Extensao-do-IF-Baiano.pdf\">Edital 25\/2023-Selecao-de-Monitores-Voluntarios-para-o-II-Congresso-de-Ensino-Pesquisa-e-Extensao-do-IF-Baiano. <\/a><\/div>\n<\/div>\n\n\n\n<div class=\"wp-block-column is-layout-flow\">\n<h2 id=\"ProreitoriaMeioDireitaTitulo\" style=\"color:#00510f;text-transform:uppercase;border-top: 3px solid #00510F\" class=\"has-inline-color\">\n\tContato\n<\/h2>\n\n<p align=\"justify\">eventos@lapa.ifbaiano.edu.br.<\/p>\n<\/div>\n<\/div>\n","protected":false},"excerpt":{"rendered":"<p>Apresenta\u00e7\u00e3o O DIRETOR-GERAL DO INSTITUTO FEDERAL DE EDUCA\u00c7\u00c3O, CI\u00caNCIA E TECNOLOGIA BAIANO (IF BAIANO) \u2013 CAMPUS BOM JESUS DA LAPA, no uso de suas atribui\u00e7\u00f5es legais conferidas pela Portaria n\u00ba 275, de 18\/03\/2022, publicada no DOU de 21\/03\/2022, Se\u00e7\u00e3o 2, p\u00e1gina 26, e de acordo com as disposi\u00e7\u00f5es contidas na Lei n\u00ba 11.892, de 29\/12\/2008, [&hellip;]<\/p>\n","protected":false},"author":165,"featured_media":0,"parent":0,"menu_order":0,"comment_status":"closed","ping_status":"closed","template":"","meta":[],"_links":{"self":[{"href":"https:\/\/www.ifbaiano.edu.br\/unidades\/lapa\/wp-json\/wp\/v2\/pages\/26178"}],"collection":[{"href":"https:\/\/www.ifbaiano.edu.br\/unidades\/lapa\/wp-json\/wp\/v2\/pages"}],"about":[{"href":"https:\/\/www.ifbaiano.edu.br\/unidades\/lapa\/wp-json\/wp\/v2\/types\/page"}],"author":[{"embeddable":true,"href":"https:\/\/www.ifbaiano.edu.br\/unidades\/lapa\/wp-json\/wp\/v2\/users\/165"}],"replies":[{"embeddable":true,"href":"https:\/\/www.ifbaiano.edu.br\/unidades\/lapa\/wp-json\/wp\/v2\/comments?post=26178"}],"version-history":[{"count":9,"href":"https:\/\/www.ifbaiano.edu.br\/unidades\/lapa\/wp-json\/wp\/v2\/pages\/26178\/revisions"}],"predecessor-version":[{"id":26275,"href":"https:\/\/www.ifbaiano.edu.br\/unidades\/lapa\/wp-json\/wp\/v2\/pages\/26178\/revisions\/26275"}],"wp:attachment":[{"href":"https:\/\/www.ifbaiano.edu.br\/unidades\/lapa\/wp-json\/wp\/v2\/media?parent=26178"}],"curies":[{"name":"wp","href":"https:\/\/api.w.org\/{rel}","templated":true}]}}