{"id":26457,"date":"2023-10-24T15:51:58","date_gmt":"2023-10-24T18:51:58","guid":{"rendered":"https:\/\/www.ifbaiano.edu.br\/unidades\/lapa\/?page_id=26457"},"modified":"2025-11-10T09:38:14","modified_gmt":"2025-11-10T12:38:14","slug":"nucleo-de-relacoes-institucionais","status":"publish","type":"page","link":"https:\/\/www.ifbaiano.edu.br\/unidades\/lapa\/nucleo-de-relacoes-institucionais\/","title":{"rendered":"N\u00facleo de Rela\u00e7\u00f5es Institucionais"},"content":{"rendered":"\n     <div id=\"ProreitoriaTopoTitulo\">EQUIPE<\/div>\n<p style=\"font-weight: 400\"><strong>Coordenadora de Est\u00e1gio<\/strong>: Hania Gracielle Brito Soares<\/p>\n<p style=\"font-weight: 400\"><strong>Contato:<\/strong>&nbsp;estagio@lapa.ifbaiano.edu.br<\/p>\n<p style=\"font-weight: 400\"><strong>Telefones:<\/strong>&nbsp;(77) 2102-9501 whatsApp: (77) 998632933 <\/p><\/p>\n<p style=\"font-weight: 400\"><strong>Coordenadora de Est\u00e1gio Substituta:<\/strong>: Luciana Silva Amorim<\/p>\n<p style=\"font-weight: 400\"><strong>Contato<\/strong>: luciana.amorim@ifbaiano.edu.br<\/p>\n<p style=\"font-weight: 400\"><strong>Telefones:<\/strong>&nbsp;(77) 2102-9501 <\/p><\/p>\n\n\n\n<div id=\"ProreitoriaTopoTitulo\">O que \u00e9 Est\u00e1gio?<\/div>\n<p style=\"font-weight: 400;text-align: justify\">Est\u00e1gio \u00e9 ato educativo escolar supervisionado, desenvolvido no ambiente de trabalho, que visa \u00e0 prepara\u00e7\u00e3o para o trabalho produtivo de educandos que estejam frequentando o ensino regular em institui\u00e7\u00f5es de educa\u00e7\u00e3o superior, de educa\u00e7\u00e3o profissional, de ensino m\u00e9dio, da educa\u00e7\u00e3o especial e dos anos finais do ensino fundamental, na modalidade profissional da educa\u00e7\u00e3o de jovens e adultos. O est\u00e1gio curricular supervisionado caracteriza-se por ser ato educativo escolar, que possui acompanhamento efetivo de professor(a) orientador(a) do IF Baiano e de supervisor(a) da unidade concedente, desenvolvido no ambiente de trabalho e visando \u00e0 forma\u00e7\u00e3o \u00e9tica e cidad\u00e3 dos(as) estagi\u00e1rios(as) para o trabalho.<\/p>\n\n<h2 class=\"wp-block-heading\"><strong>Est\u00e1gio curricular obrigat\u00f3rio<\/strong><\/h2>\n<p>O est\u00e1gio obrigat\u00f3rio ser\u00e1 aquele definido como tal no PPC, sendo requisito para a conclus\u00e3o dos cursos, no \u00e2mbito do IF Baiano.<\/p>\n\n<h2 class=\"wp-block-heading\"><strong>Est\u00e1gio n\u00e3o obrigat\u00f3rio<\/strong><\/h2>\n<p>O est\u00e1gio n\u00e3o obrigat\u00f3rio ser\u00e1 aquele desenvolvido como atividade opcional, acrescida \u00e0 carga hor\u00e1ria regular e obrigat\u00f3ria do curso.<\/p><br>\n\n\n\n<div class=\"wp-block-columns is-layout-flex wp-container-2\">\n<div class=\"wp-block-column is-layout-flow\">\n<div id=\"ProreitoriaTopoTitulo\">Fluxo para Iniciar o Est\u00e1gio no IF Baiano<\/div>\n\n<figure class=\"wp-block-image size-large\"><img decoding=\"async\" loading=\"lazy\" width=\"1300\" height=\"600\" data-id=\"28963\" src=\"https:\/\/www.ifbaiano.edu.br\/unidades\/lapa\/files\/2024\/09\/fluxo.estagio.site-2.png\" alt=\"\" class=\"wp-image-2012\"><\/figure>\n<p><a href=\"https:\/\/www.ifbaiano.edu.br\/unidades\/lapa\/files\/2024\/09\/MODULO-ESTAGIOS-NO-SISTEMA-UNIFICADO-DE-ADMINISTRACAO-PUBLICA-SUAP.pdf\">Clique aqui&nbsp;<\/a> para ter acesso ao tutorial sobre o M\u00f3dulo Est\u00e1gio no SUAP.<\/p>\n<\/div>\n<\/div>\n\n\n\n<div id=\"ProreitoriaTopoTitulo\">Legisla\u00e7\u00f5es e Normas do IF Baiano<\/div>\n<ul style=\"list-style-type: disc;padding: 10px 40px 20px\">\n\n    <li><a href=\"https:\/\/www.ifbaiano.edu.br\/unidades\/lapa\/files\/2024\/09\/lei11788_25_09_08.pdf\" target=\"_blank\" rel=\"noopener noreferrer\">Lei n\u00ba 11.788 de 25 de setembro de 2008<\/a><\/li>\n\n    <li><a href=\"https:\/\/www.ifbaiano.edu.br\/unidades\/lapa\/files\/2024\/09\/Resolucao-84.2020-OS-CONSUP.IFBAIANO-DE-22-DE-SETEMBRO-DE-2020.pdf\" target=\"_blank\" rel=\"noopener noreferrer\">Resolu\u00e7\u00e3o 84\/2020 \u2013 OS-CONSUP\/IFBAIANO, DE 22 DE SETEMBRO DE\n            2020<\/a><\/li>\n\n    <li><a href=\"https:\/\/www.ifbaiano.edu.br\/unidades\/lapa\/files\/2024\/09\/Resolucao-136.2021-OS-CONSUP.IFBAIANO-DE-11-DE-JUNHO-DE-2021.pdf\" target=\"_blank\" rel=\"noopener noreferrer\">Resolu\u00e7\u00e3o 136\/2021 \u2013 OS-CONSUP\/IFBAIANO, DE 11 DE JUNHO DE\n            2021<\/a><\/li>\n\n    <li><a href=\"https:\/\/www.ifbaiano.edu.br\/unidades\/lapa\/files\/2025\/05\/instrucao-normativa-73-2024.pdf\" target=\"_blank\" rel=\"noopener noreferrer\">Instru\u00e7\u00e3o Normativa 73\/2024 &#8211; RET-GAB\/RET\/IFBAIANO, Regulamenta\n            procedimentos para assinatura de pessoas externas\n            em documentos eletr\u00f4nicos do Sistema Unificado de Administra\u00e7\u00e3o\n            P\u00fablica (SUAP), no \u00e2mbito do IF Baiano.<\/a><\/li>\n<\/ul>\n\n\n\n<div class=\"wp-block-columns is-layout-flex wp-container-4\">\n<div class=\"wp-block-column is-layout-flow\">\n<div id=\"ProreitoriaTopoTitulo\">Formul\u00e1rios para Est\u00e1gios<\/div>\n<ul style=\"list-style-type: disc;padding: 10px 40px 20px\">\n\n<li><a href=\"https:\/\/www.ifbaiano.edu.br\/unidades\/lapa\/files\/2024\/10\/AVALIACAO-DE-APRESENTACAO-ORAL-DE-ESTAGIO.pdf\" target=\"_blank\" rel=\"noopener noreferrer\">Avalia\u00e7\u00e3o de apresenta\u00e7\u00e3o oral de est\u00e1gio;<\/a><\/li>\n\n<li><a href=\"https:\/\/www.ifbaiano.edu.br\/unidades\/lapa\/files\/2024\/10\/AVALIACAO-DE-RELATORIO-DE-ESTAGIO.pdf\" target=\"_blank\" rel=\"noopener noreferrer\">Avalia\u00e7\u00e3o de relat\u00f3rio de est\u00e1gio;<\/a><\/li>\n\n<li><a href=\"https:\/\/www.ifbaiano.edu.br\/unidades\/lapa\/files\/2024\/10\/FOLHA-DE-FREQUENCIA-ESTAGIO.pdf\" target=\"_blank\" rel=\"noopener noreferrer\">Controle de frequ\u00eancia em est\u00e1gio curricular obrigat\u00f3rio;<\/a><\/li>\n\n<li><a href=\"https:\/\/www.ifbaiano.edu.br\/unidades\/lapa\/files\/2024\/10\/DECLARACAO-DE-CONCLUSAO-DE-ESTAGIO.pdf\" target=\"_blank\" rel=\"noopener noreferrer\">Declara\u00e7\u00e3o de conclus\u00e3o de est\u00e1gio;<\/a><\/li>\n\n<li><a href=\"https:\/\/www.ifbaiano.edu.br\/unidades\/lapa\/files\/2024\/10\/DECLARACAO-PARA-ESTAGIO-DO-COORDENADOR-DO-CURSO.pdf\" target=\"_blank\" rel=\"noopener noreferrer\">Declara\u00e7\u00e3o para est\u00e1gio do coordenador do curso;<\/a><\/li>\n\n<li><a href=\"https:\/\/www.ifbaiano.edu.br\/unidades\/lapa\/files\/2024\/10\/DECLARACAO-PARA-ESTAGIOS-DA-SRA.pdf\" target=\"_blank\" rel=\"noopener noreferrer\">Declara\u00e7\u00e3o para est\u00e1gio da SRA;<\/a><\/li>\n\n<li><a href=\"https:\/\/www.ifbaiano.edu.br\/unidades\/lapa\/files\/2024\/10\/DECLARACAO-DE-EXPERIENCIA-PROFISSIONAL.pdf\" target=\"_blank\" rel=\"noopener noreferrer\">Declara\u00e7\u00e3o de experi\u00eancia profissional;<\/a><\/li>\n\n<li><a href=\"https:\/\/www.ifbaiano.edu.br\/unidades\/lapa\/files\/2024\/10\/FICHA-DE-AVALIACAO-DO-SUPERVISOR.pdf\" target=\"_blank\" rel=\"noopener noreferrer\">Ficha de avalia\u00e7\u00e3o do supervisor;<\/a><\/li>\n\n<li><a href=\"https:\/\/www.ifbaiano.edu.br\/unidades\/lapa\/files\/2024\/10\/PLANO-DE-ATIVIDADES-DE-ESTAGIO-CURRICULAR.pdf\" target=\"_blank\" rel=\"noopener noreferrer\">Plano de atividades de est\u00e1gio curricular;<\/a><\/li>\n\n<li><a href=\"https:\/\/www.ifbaiano.edu.br\/unidades\/lapa\/files\/2024\/10\/REQUERIMENTO-DE-ESTAGIO-MODELO-SUAP.pdf\" target=\"_blank\" rel=\"noopener noreferrer\">Requerimento de Est\u00e1gio;<\/a><\/li>\n\n<li><a href=\"https:\/\/www.ifbaiano.edu.br\/unidades\/lapa\/files\/2024\/10\/7-RELATORIO-DE-ATIVIDADES-DE-ESTAGIO.pdf\" target=\"_blank\" rel=\"noopener noreferrer\">Relat\u00f3rio de atividades de est\u00e1gio;<\/a><\/li>\n\n<li><a href=\"https:\/\/www.ifbaiano.edu.br\/unidades\/lapa\/files\/2024\/10\/REQUERIMENTO-PARA-APROVEITAMENTO-DE-CARGA-HORARIA-COMO-ESTAGIO-CURRICULAR-OBRIGATORIO.pdf\" target=\"_blank\" rel=\"noopener noreferrer\">Requerimento para aproveitamento de carga hor\u00e1ria como est\u00e1gio curricular obrigat\u00f3rio;<\/a><\/li>\n\n<li><a href=\"https:\/\/www.ifbaiano.edu.br\/unidades\/lapa\/files\/2024\/10\/3_REQUERIMENTO-DE-APROVEITAMENTO-DE-CARGA-HORARIA-PARA-ESTAGIO-CURRICULAR-OBRIGATORIO-1.pdf\" target=\"_blank\" rel=\"noopener noreferrer\">Requerimento para prorroga\u00e7\u00e3o do prazo de entrega do relat\u00f3rio final de est\u00e1gio curricular obrigat\u00f3rio;<\/a><\/li>\n\n<li><a href=\"https:\/\/www.ifbaiano.edu.br\/unidades\/lapa\/files\/2024\/10\/16-REQUERIMENTO-PARA-SUBSTITUICAO-DE-DOCENTE-PARA-ORIENTACAO.pdf\" target=\"_blank\" rel=\"noopener noreferrer\">Requerimento para substitui\u00e7\u00e3o de docente orientador(a) de est\u00e1gio;<\/a><\/li>\n\n<li><a href=\"https:\/\/www.ifbaiano.edu.br\/unidades\/lapa\/files\/2024\/10\/RESCISAO-DO-TERMO-DE-COMPROMISSO-DE-ESTAGIO.pdf\" target=\"_blank\" rel=\"noopener noreferrer\">Rescis\u00e3o do termo de compromisso de est\u00e1gio;<\/a><\/li>\n\n<li><a href=\"https:\/\/www.ifbaiano.edu.br\/unidades\/lapa\/files\/2024\/10\/TERMO-ADITIVO-DE-ESTAGIO.pdf\" target=\"_blank\" rel=\"noopener noreferrer\">Termo aditivo de est\u00e1gio;<\/a><\/li>\n\n<li><a href=\"https:\/\/www.ifbaiano.edu.br\/unidades\/lapa\/files\/2024\/10\/TERMO-DE-REALIZACAO-DE-ESTAGIO-SUPERVISOR.pdf\" target=\"_blank\" rel=\"noopener noreferrer\">Termo de realiza\u00e7\u00e3o de est\u00e1gio dos cursos EPTNM;<\/a><\/li>\n\n<li><a href=\"https:\/\/www.ifbaiano.edu.br\/unidades\/lapa\/files\/2024\/10\/TERMO-DE-REALIZACAO-DO-ESTAGIO-CURSOS-DE-GRADUACAO.pdf\" target=\"_blank\" rel=\"noopener noreferrer\">Termo de realiza\u00e7\u00e3o do est\u00e1gio cursos de gradua\u00e7\u00e3o;\n<\/a><\/li>\n\n<li><a href=\"https:\/\/www.ifbaiano.edu.br\/unidades\/lapa\/files\/2024\/10\/Modelo-de-relatorio.docx\" target=\"_blank\" rel=\"noopener noreferrer\">Relat\u00f3rio de Est\u00e1gio;\n<\/a><\/li>\n<\/ul>\n<\/div>\n<\/div>\n\n\n\n<div class=\"wp-block-columns is-layout-flex wp-container-6\">\n<div class=\"wp-block-column is-layout-flow\">\n<div id=\"ProreitoriaTopoTitulo\">Manuais para Est\u00e1gios<\/div>\n<ul style=\"list-style-type: disc;padding: 10px 40px 20px\">\n\n<li><a href=\"https:\/\/www.ifbaiano.edu.br\/unidades\/lapa\/files\/2024\/10\/MODULO-ESTAGIOS-NO-SISTEMA-UNIFICADO-DE-ADMINISTRACAO-PUBLICA-SUAP.pdf\" target=\"_blank\" rel=\"noopener noreferrer\">Tutorial M\u00f3dulo Est\u00e1gio no SUAP;<\/a><\/li>\n\n<li><a href=\"https:\/\/www.ifbaiano.edu.br\/unidades\/lapa\/files\/2025\/05\/Manual-de-estagio-para-DOCENTES.pdf\" target=\"_blank\" rel=\"noopener noreferrer\">Manual do est\u00e1gio para docente;<\/a><\/li>\n\n<li><a href=\"https:\/\/www.ifbaiano.edu.br\/unidades\/lapa\/files\/2025\/05\/Manual-de-estagio-para-ESTUDANTES.pdf\" target=\"_blank\" rel=\"noopener noreferrer\">Manual do est\u00e1gio para estudantes;<\/a><\/li>\n\n<li><a href=\"https:\/\/www.ifbaiano.edu.br\/unidades\/lapa\/files\/2025\/05\/Manual-de-estagio-para-SUPERVISORES.pdf\" target=\"_blank\" rel=\"noopener noreferrer\">Manual do est\u00e1gio para supervisor de est\u00e1gio;<\/a><\/li>\n<\/ul>\n<\/div>\n<\/div>\n\n\n\n<div class=\"wp-block-columns is-layout-flex wp-container-8\">\n<div class=\"wp-block-column is-layout-flow\">\n<div id=\"ProreitoriaTopoTitulo\">Empresas e Institui\u00e7\u00f5es Parceiras<\/div>\n<ul style=\"list-style-type: disc;padding: 10px 40px 20px\">\n\n<li><a href=\"https:\/\/www.ifbaiano.edu.br\/unidades\/lapa\/files\/2024\/10\/Empresas-Parceiras-para-Estagio-1-1.pdf\" target=\"_blank\" rel=\"noopener noreferrer\">Parceiras de Est\u00e1gio;<\/a><\/li>\n<\/div>\n<\/div>\n\n\n\n<div class=\"wp-block-columns is-layout-flex wp-container-10\">\n<div class=\"wp-block-column is-layout-flow\">\n<div id=\"ProreitoriaTopoTitulo\">Fale Conosco<\/div>\n<p> Contatos dos Setores de Est\u00e1gio do IF Baiano <\/p>\n\n<div class=\"wp-block-group is-layout-constrained\"><div class=\"wp-block-group__inner-container\"><figure class=\"wp-block-table is-style-stripes has-small-font-size\">\n\n<table>\n<thead>\n<tr>\n<th><\/th>\n<th><\/th>\n<th><\/th>\n<\/tr>\n<\/thead>\n\n<tbody>\n\n<tr>\n<td><strong>Unidade<\/strong><\/td>\n<td><strong>E-mail<\/strong><\/td>\n<td><strong>P\u00e1gina na web<\/strong><\/td>\n<\/tr>\n\n<tr><td>Reitoria<\/td>\n<td><a href=\"mailto:estagio@reitoria.ifbaiano.edu.br\">estagio@reitoria.ifbaiano.edu.br<\/a><\/td>\n<td><a href=\"https:\/\/www.ifbaiano.edu.br\/portal\/ensino\/estagios\" target=\"_blank\" rel=\"noreferrer noopener\">https:\/\/www.ifbaiano.edu.br\/portal\/ensino\/estagios<\/a><\/td><\/tr>\n\n<tr><td>Bom Jesus da Lapa<\/td>\n<td><a href=\"mailto:estagio@lapa.ifbaiano.edu.br\" target=\"_blank\" rel=\"noreferrer noopener\">estagio@lapa.ifbaiano.edu.br<\/a><\/td>\n<td><a href=\"https:\/\/www.ifbaiano.edu.br\/unidades\/lapa\/nucleo-de-relacoes institucionais\/\">https:\/\/www.ifbaiano.edu.br\/unidades\/lapa\/nucleo-de-relacoes-institucionais\/<\/a><\/td><\/tr>\n\n<\/tbody>\n\n<tfoot>\n<tr>\n<td><\/td>\n<td><\/td>\n<td><\/td>\n<\/tr>\n<\/tfoot>\n\n<\/table>\n<\/figure>\n<\/div><\/div>\n<\/div>\n<\/div>\n","protected":false},"excerpt":{"rendered":"<p>EQUIPE Coordenadora de Est\u00e1gio: Hania Gracielle Brito Soares Contato:&nbsp;estagio@lapa.ifbaiano.edu.br Telefones:&nbsp;(77) 2102-9501 whatsApp: (77) 998632933 Coordenadora de Est\u00e1gio Substituta:: Luciana Silva Amorim Contato: luciana.amorim@ifbaiano.edu.br Telefones:&nbsp;(77) 2102-9501 O que \u00e9 Est\u00e1gio? Est\u00e1gio \u00e9 ato educativo escolar supervisionado, desenvolvido no ambiente de trabalho, que visa \u00e0 prepara\u00e7\u00e3o para o trabalho produtivo de educandos que estejam frequentando o ensino [&hellip;]<\/p>\n","protected":false},"author":165,"featured_media":0,"parent":0,"menu_order":0,"comment_status":"closed","ping_status":"closed","template":"","meta":[],"_links":{"self":[{"href":"https:\/\/www.ifbaiano.edu.br\/unidades\/lapa\/wp-json\/wp\/v2\/pages\/26457"}],"collection":[{"href":"https:\/\/www.ifbaiano.edu.br\/unidades\/lapa\/wp-json\/wp\/v2\/pages"}],"about":[{"href":"https:\/\/www.ifbaiano.edu.br\/unidades\/lapa\/wp-json\/wp\/v2\/types\/page"}],"author":[{"embeddable":true,"href":"https:\/\/www.ifbaiano.edu.br\/unidades\/lapa\/wp-json\/wp\/v2\/users\/165"}],"replies":[{"embeddable":true,"href":"https:\/\/www.ifbaiano.edu.br\/unidades\/lapa\/wp-json\/wp\/v2\/comments?post=26457"}],"version-history":[{"count":47,"href":"https:\/\/www.ifbaiano.edu.br\/unidades\/lapa\/wp-json\/wp\/v2\/pages\/26457\/revisions"}],"predecessor-version":[{"id":30173,"href":"https:\/\/www.ifbaiano.edu.br\/unidades\/lapa\/wp-json\/wp\/v2\/pages\/26457\/revisions\/30173"}],"wp:attachment":[{"href":"https:\/\/www.ifbaiano.edu.br\/unidades\/lapa\/wp-json\/wp\/v2\/media?parent=26457"}],"curies":[{"name":"wp","href":"https:\/\/api.w.org\/{rel}","templated":true}]}}