{"id":26912,"date":"2024-01-15T20:13:43","date_gmt":"2024-01-15T23:13:43","guid":{"rendered":"https:\/\/www.ifbaiano.edu.br\/unidades\/lapa\/?page_id=26912"},"modified":"2024-12-30T17:23:54","modified_gmt":"2024-12-30T20:23:54","slug":"editais-e-selecoes-2024","status":"publish","type":"page","link":"https:\/\/www.ifbaiano.edu.br\/unidades\/lapa\/editais-e-selecoes-2024\/","title":{"rendered":"Editais e Sele\u00e7\u00f5es 2024"},"content":{"rendered":"\n<table style=\"width: 100%;border-color: white\" rules=\"rows\" border=\"0\" bgcolor=\"#EEEEEE\">\n\n    <thead>\n        <tr bgcolor=\"#D0FFD0\">\n            <th style=\"text-align: center;height: 30px\" colspan=\"3\"><span style=\"color: green\"><b>Editais 2024<\/b><\/span><\/th>\n        <\/tr>\n        <tr>\n            <th>Edital<\/th>\n            <th>Conte\u00fado<\/th>\n            <th>Publica\u00e7\u00e3o<\/th>\n        <\/tr>\n    <\/thead>\n<tbody><tr>\n            <td>\n                 <p style=\"text-align: justify\"><b><a href=\"https:\/\/www.ifbaiano.edu.br\/unidades\/lapa\/edital-no\/\">44\/2024<\/a><\/b><\/p>\n            <\/td>\n            <td style=\"text-align: justify\"> Edital de Retifica\u00e7\u00e3o 1 do Edital de Matr\u00edcula 43\/2024 &#8211; Processo seletivo para ingresso de estudantes nos cursos da Educa\u00e7\u00e3o Profissional T\u00e9cnica de N\u00edvel M\u00e9dio, na forma Integrada ao Ensino M\u00e9dio, modalidade Presencial ano letivo 2025<\/td>\n            <td>30\/12\/2024<\/td>\n        <\/tr>\n<\/tbody>\n<tbody><tr>\n            <td>\n                 <p style=\"text-align: justify\"><b><a href=\"https:\/\/www.ifbaiano.edu.br\/unidades\/lapa\/edital-no\/\">43\/2024<\/a><\/b><\/p>\n            <\/td>\n            <td style=\"text-align: justify\"> Edital de Matr\u00edcula 43\/2024 (Atualizado) &#8211; Processo seletivo para ingresso de estudantes nos cursos da Educa\u00e7\u00e3o Profissional T\u00e9cnica de N\u00edvel M\u00e9dio, na forma Integrada ao Ensino M\u00e9dio, modalidade Presencial ano letivo 2025<\/td>\n            <td>30\/12\/2024<\/td>\n        <\/tr>\n        <\/tr>\n<\/tbody>\n\n\n\n<tbody><tr>\n            <td>\n                 <p style=\"text-align: justify\"><b><a href=\"https:\/\/www.ifbaiano.edu.br\/unidades\/lapa\/edital-no-42\">42\/2024<\/a><\/b><\/p>\n            <\/td>\n            <td style=\"text-align: justify\"> Processo seletivo para ingresso de estudantes nos cursos da Educa\u00e7\u00e3o Profissional T\u00e9cnica de N\u00edvel M\u00e9dio, na forma subsequente ao ensino m\u00e9dio, modalidade EaD ano letivo 2025<\/td>\n            <td>11\/12\/2024<\/td>\n        <\/tr>\n<\/tbody>\n\n<tbody><tr>\n            <td>\n                 <p style=\"text-align: justify\"><b><a href=\"https:\/\/www.ifbaiano.edu.br\/unidades\/lapa\/edital-no-41-2024-processo-seletivo-para-concessao-de-bolsas-de-monitoria-de-ensino\/\">41\/2024<\/a><\/b><\/p>\n            <\/td>\n            <td style=\"text-align: justify\"> Processo Seletivo para concess\u00e3o de Bolsas de Monitoria de Ensino<\/td>\n            <td>01\/11\/2024<\/td>\n        <\/tr>\n<\/tbody>\n\n<tbody><tr>\n            <td>\n                 <p style=\"text-align: justify\"><b><a href=\"https:\/\/www.ifbaiano.edu.br\/unidades\/lapa\/edital-no-40\/\">40\/2024<\/a><\/b><\/p>\n            <\/td>\n            <td style=\"text-align: justify\"> Processo Seletivo para Monitores dos cursos de Gradua\u00e7\u00e3o &#8211; Semestre Letivo 2024.1.<\/td>\n            <td>30\/10\/2024<\/td>\n        <\/tr>\n<\/tbody>\n<tbody><tr>\n            <td>\n                 <p style=\"text-align: justify\"><b><a href=\"https:\/\/www.ifbaiano.edu.br\/unidades\/lapa\/edital-no\/\">39\/2024<\/a><\/b><\/p>\n            <\/td>\n            <td style=\"text-align: justify\"> Retifica\u00e7\u00e3o 1 do Edital 38\/2024 &#8211; Processo Seletivo para ingresso de estudantes nos cursos da Educa\u00e7\u00e3o Profissional T\u00e9cnica de N\u00edvel M\u00e9dio, na forma integrada ao Ensino M\u00e9dio &#8211; modalidade presencial \u2013 Ingresso no ano letivo 2025.<\/td>\n            <td>15\/10\/2024<\/td>\n        <\/tr>\n<\/tbody>\n\n\n\n<tbody><tr>\n            <td>\n                 <p style=\"text-align: justify\"><b><a href=\"https:\/\/www.ifbaiano.edu.br\/unidades\/lapa\/edital-no\/\">38\/2024<\/a><\/b><\/p>\n            <\/td>\n            <td style=\"text-align: justify\"> Processo seletivo para ingresso de estudantes nos cursos da Educa\u00e7\u00e3o Profissional T\u00e9cnica de N\u00edvel M\u00e9dio, na forma integrada ao ensino m\u00e9dio &#8211; modalidade presencial &#8211; ingresso no ano letivo 2025.<\/td>\n            <td>03\/10\/2024<\/td>\n        <\/tr>\n<\/tbody>\n\n\n\n<tbody><tr>\n            <td>\n                 <p style=\"text-align: justify\"><b><a href=\"https:\/\/www.ifbaiano.edu.br\/unidades\/lapa\/edital-no-37\/\">37\/2024<\/a><\/b><\/p>\n            <\/td>\n            <td style=\"text-align: justify\">Processo seletivo de vagas remanescentes para ingresso de estudantes nos cursos da educa\u00e7\u00e3o profissional t\u00e9cnica de n\u00edvel m\u00e9dio, na forma subsequente ao ensino m\u00e9dio &#8211; modalidade presencial &#8211; ano letivo 2024.<\/td>\n            <td>23\/09\/2024<\/td>\n        <\/tr>\n<\/tbody>\n\n\n<tbody><tr>\n            <td>\n                 <p style=\"text-align: justify\"><b><a href=\"https:\/\/www.ifbaiano.edu.br\/unidades\/lapa\/edital-no-33\/\">36\/2024<\/a><\/b><\/p>\n            <\/td>\n            <td style=\"text-align: justify\">Convoca\u00e7\u00e3o para matr\u00edcula dos aprovados no processo seletivo de ingresso de estudantes no cursos Gest\u00e3o da Tecnologia da Informa\u00e7\u00e3o &#8211; ano letivo 2024.1.<\/td>\n            <td>13\/09\/2024<\/td>\n        <\/tr>\n<\/tbody>\n\n\n<tbody><tr>\n            <td>\n                 <p style=\"text-align: justify\"><b><a href=\"https:\/\/www.ifbaiano.edu.br\/unidades\/lapa\/edital-no-35\/\">35\/2024<\/a><\/b><\/p>\n            <\/td>\n            <td style=\"text-align: justify\">Ades\u00e3o ao Programa de Gest\u00e3o, modalidade teletrabalho \u2013 fluxo cont\u00ednuo regimes de execu\u00e7\u00e3o parcial e integral.<\/td>\n            <td>09\/09\/2024<\/td>\n        <\/tr>\n<\/tbody>\n\n\n\n<tbody><tr>\n            <td>\n                 <p style=\"text-align: justify\"><b><a href=\"https:\/\/www.ifbaiano.edu.br\/unidades\/lapa\/edital-no-33\/\">34\/2024<\/a><\/b><\/p>\n            <\/td>\n            <td style=\"text-align: justify\"> Refica o Edital n\u00ba 33\/2024, de 16 de agosto de 2024, referente \u00e0 sele\u00e7\u00e3o de candidatos(as) para o preenchimento de vagas remanescentes no curso de gradua\u00e7\u00e3o em Gest\u00e3o da Tecnologia da Informa\u00e7\u00e3o.<\/td>\n            <td>27\/08\/2024<\/td>\n        <\/tr>\n<\/tbody>\n\n\n<tbody><tr>\n            <td>\n                 <p style=\"text-align: justify\"><b><a href=\"https:\/\/www.ifbaiano.edu.br\/unidades\/lapa\/edital-no-33\/\">33\/2024<\/a><\/b><\/p>\n            <\/td>\n            <td style=\"text-align: justify\"> Sele\u00e7\u00e3o de estudantes para o preenchimento de vagas remanescentes do SISU 2024.1 para o curso de gradua\u00e7\u00e3o em Gest\u00e3o da Tecnologia da Informa\u00e7\u00e3o.<\/td>\n            <td>16\/08\/2024<\/td>\n        <\/tr>\n<\/tbody>\n\n\n<tbody><tr>\n            <td>\n                 <p style=\"text-align: justify\"><b><a href=\"https:\/\/www.ifbaiano.edu.br\/unidades\/lapa\/edital-no-32\/\">32\/2024<\/a><\/b><\/p>\n            <\/td>\n            <td style=\"text-align: justify\">Sele\u00e7\u00e3o de estudantes de n\u00edvel m\u00e9dio para realiza\u00e7\u00e3o de est\u00e1gio curricular obrigat\u00f3rio no Instituto Federal Baiano Campus Bom Jesus da Lapa.<\/td>\n            <td>14\/08\/2024<\/td>\n        <\/tr>\n<\/tbody>\n\n\n<tbody><tr>\n            <td>\n                 <p style=\"text-align: justify\"><b><a href=\"https:\/\/www.ifbaiano.edu.br\/unidades\/lapa\/edital-no29-2024\/\">31\/2024<\/a><\/b><\/p>\n            <\/td>\n            <td style=\"text-align: justify\">Retifica\u00e7\u00e3o n\u00ba 1 do Edital 29\/2024 &#8211; Processo eleitoral para escolha de integrantes do N\u00facleo Permanente de Pessoal Docente do IF Baiano &#8211; Campus Bom Jesus da Lapa, bi\u00eanio 2024-2026.<\/td>\n            <td>31\/07\/2024<\/td>\n        <\/tr>\n<\/tbody>\n\n\n<tbody><tr>\n            <td>\n                 <p style=\"text-align: justify\"><b><a href=\"https:\/\/www.ifbaiano.edu.br\/unidades\/lapa\/edital-no-30\/\">30\/2024<\/a><\/b><\/p>\n            <\/td>\n            <td style=\"text-align: justify\">Processo seletivo para ingresso de estudantes nos cursos da educa\u00e7\u00e3o profissional t\u00e9cnica de n\u00edvel m\u00e9dio, na forma subsequente ao ensino m\u00e9dio, modalidade presencial &#8211;  ano letivo 2024.<\/td>\n            <td>30\/07\/2024<\/td>\n        <\/tr>\n<\/tbody>\n\n\n<tbody><tr>\n            <td>\n                 <p style=\"text-align: justify\"><b><a href=\"https:\/\/www.ifbaiano.edu.br\/unidades\/lapa\/edital-no29-2024\/\">29\/2024<\/a><\/b><\/p>\n            <\/td>\n            <td style=\"text-align: justify\">Processo eleitoral para escolha de integrantes do N\u00facleo Permanente de Pessoal Docente do Instituto Federal de Educa\u00e7\u00e3o, Ci\u00eancia e Tecnologia Baiano &#8211; campus Bom Jesus da Lapa.<\/td>\n            <td>17\/07\/2024<\/td>\n        <\/tr>\n<\/tbody>\n\n<tbody><tr>\n            <td>\n                 <p style=\"text-align: justify\"><b><a href=\"https:\/\/www.ifbaiano.edu.br\/unidades\/lapa\/edital-no-20-de-19-junho-de-2023\/\">28\/2024<\/a><\/b><\/p>\n            <\/td>\n            <td style=\"text-align: justify\"> Retifica\u00e7\u00e3o n\u00ba 1 do Edital 20\/2023 &#8211; Ades\u00e3o ao programa de gest\u00e3o, modalidade teletrabalho \u2013 fluxo cont\u00ednuo regime de execu\u00e7\u00e3o integral.<\/td>\n            <td>12\/07\/2024<\/td>\n        <\/tr>\n<\/tbody>\n\n\n\n<tbody><tr>\n            <td>\n                 <p style=\"text-align: justify\"><b><a href=\"https:\/\/www.ifbaiano.edu.br\/unidades\/lapa\/edital-no-18-2023\/\">27\/2024<\/a><\/b><\/p>\n            <\/td>\n            <td style=\"text-align: justify\"> Retifica\u00e7\u00e3o n\u00ba 2 do Edital 18\/2023 &#8211; Ades\u00e3o ao programa de gest\u00e3o, modalidade teletrabalho, de fluxo cont\u00ednuo, regime parcial.<\/td>\n            <td>11\/07\/2024<\/td>\n        <\/tr>\n<\/tbody>\n\n\n<tbody><tr>\n            <td>\n                 <p style=\"text-align: justify\"><b><a href=\"https:\/\/www.ifbaiano.edu.br\/unidades\/lapa\/edital-19-2024\/\">26\/2024<\/a><\/b><\/p>\n            <\/td>\n            <td style=\"text-align: justify\"> Retifica\u00e7\u00e3o n\u00ba 1 do Edital 19\/2024 &#8211; Edital de fluxo cont\u00ednuo do Programa de Assist\u00eancia e Inclus\u00e3o Social do Estudante (PAISE), ano letivo 2024, Campus Bom Jesus da Lapa.<\/td>\n            <td>11\/07\/2024<\/td>\n        <\/tr>\n<\/tbody>\n\n\n\n<tbody><tr>\n            <td>\n                 <p style=\"text-align: justify\"><b><a href=\"https:\/\/www.ifbaiano.edu.br\/unidades\/lapa\/edital-no-25-2024\/\">25\/2024<\/a><\/b><\/p>\n            <\/td>\n            <td style=\"text-align: justify\">Processo seletivo para contrata\u00e7\u00e3o de estagi\u00e1rios de n\u00edvel superior.<\/td>\n            <td>09\/04\/2024<\/td>\n        <\/tr>\n<\/tbody>\n\n\n<tbody><tr>\n            <td>\n                 <p style=\"text-align: justify\"><b><a href=\"https:\/\/www.ifbaiano.edu.br\/unidades\/lapa\/edital-no-24-2024\/\">24\/2024<\/a><\/b><\/p>\n            <\/td>\n            <td style=\"text-align: justify\">Processo seletivo para contrata\u00e7\u00e3o de estagi\u00e1rios de n\u00edvel m\u00e9dio.<\/td>\n            <td>04\/04\/2024<\/td>\n        <\/tr>\n<\/tbody>\n\n\n\n<tbody><tr>\n            <td>\n                 <p style=\"text-align: justify\"><b><a href=\"https:\/\/www.ifbaiano.edu.br\/unidades\/lapa\/edital-21-2024\/\">23\/2024<\/a><\/b><\/p>\n            <\/td>\n            <td style=\"text-align: justify\">Retifica\u00e7\u00e3o n\u00ba 2 do Edital 21\/2024 &#8211; Processo seletivo de monitoria remunerada para discentes do curso de tecnologia em Gest\u00e3o da Tecnologia da Informa\u00e7\u00e3o &#8211; semestre letivo 2023.2.<\/td>\n            <td>03\/04\/2024<\/td>\n        <\/tr>\n<\/tbody>\n\n\n<tbody><tr>\n            <td>\n                 <p style=\"text-align: justify\"><b><a href=\"https:\/\/www.ifbaiano.edu.br\/unidades\/lapa\/edital-21-2024\/\">22\/2024<\/a><\/b><\/p>\n            <\/td>\n            <td style=\"text-align: justify\">Retifica\u00e7\u00e3o n\u00ba 1 do Edital 21\/2024 &#8211; Processo seletivo de monitoria remunerada para discentes do curso de tecnologia em Gest\u00e3o da Tecnologia da Informa\u00e7\u00e3o &#8211; semestre letivo 2023.2.<\/td>\n            <td>28\/03\/2024<\/td>\n        <\/tr>\n<\/tbody>\n\n\n\n<tbody><tr>\n            <td>\n                 <p style=\"text-align: justify\"><b><a href=\"https:\/\/www.ifbaiano.edu.br\/unidades\/lapa\/edital-21-2024\/\">21\/2024<\/a><\/b><\/p>\n            <\/td>\n            <td style=\"text-align: justify\">Processo seletivo de monitoria remunerada para discentes do curso de tecnologia em Gest\u00e3o da Tecnologia da Informa\u00e7\u00e3o &#8211; semestre letivo 2023.2. <\/td>\n            <td>26\/03\/2024<\/td>\n        <\/tr>\n<\/tbody>\n\n\n<tbody><tr>\n            <td>\n                 <p style=\"text-align: justify\"><b><a href=\"https:\/\/www.ifbaiano.edu.br\/unidades\/lapa\/edital-no-3-2024\/\">20\/2024<\/a><\/b><\/p>\n            <\/td>\n            <td style=\"text-align: justify\">Retifica\u00e7\u00e3o n\u00ba1 do Edital n\u00ba 18\/2024 &#8211; Convoca\u00e7\u00e3o de candidatos da lista de espera e p\u00fablico geral para o preenchimento de vagas remanescentes dos cursos t\u00e9cnicos subsequentes, modalidade EaD. <\/td>\n            <td>26\/03\/2024<\/td>\n        <\/tr>\n<\/tbody>\n\n\n\n\n<tbody><tr>\n            <td>\n                 <p style=\"text-align: justify\"><b><a href=\"https:\/\/www.ifbaiano.edu.br\/unidades\/lapa\/edital-19-2024\/\">19\/2024<\/a><\/b><\/p>\n            <\/td>\n            <td style=\"text-align: justify\">Edital de fluxo cont\u00ednuo do Programa de Assist\u00eancia e Inclus\u00e3o Social do Estudante (PAISE), ano letivo 2024, Campus Bom Jesus da Lapa. <\/td>\n            <td>25\/03\/2024<\/td>\n        <\/tr>\n<\/tbody>\n\n\n<tbody><tr>\n            <td>\n                 <p style=\"text-align: justify\"><b><a href=\"https:\/\/www.ifbaiano.edu.br\/unidades\/lapa\/edital-no-3-2024\/\">18\/2024<\/a><\/b><\/p>\n            <\/td>\n            <td style=\"text-align: justify\">Convoca\u00e7\u00e3o de candidatos da lista de espera e p\u00fablico geral para o preenchimento de vagas remanescentes dos cursos t\u00e9cnicos subsequentes, modalidade EaD. <\/td>\n            <td>21\/03\/2024<\/td>\n        <\/tr>\n<\/tbody>\n\n\n<tbody><tr>\n            <td>\n                 <p style=\"text-align: justify\"><b><a href=\"https:\/\/www.ifbaiano.edu.br\/unidades\/lapa\/edital-no-3-2024\/\">17\/2024<\/a><\/b><\/p>\n            <\/td>\n            <td style=\"text-align: justify\">Retifica\u00e7\u00e3o n\u00ba 3 ao Edital 13\/2024 &#8211; Convoca\u00e7\u00e3o para matr\u00edcula dos aprovados nos cursos da Educa\u00e7\u00e3o Profissional T\u00e9cnica de N\u00edvel M\u00e9dio, na forma subsequente, modalidade EaD, Polo Campus BJL e Polo Santa Maria da Vit\u00f3ria. <\/td>\n            <td>08\/03\/2024<\/td>\n        <\/tr>\n<\/tbody>\n\n\n<tbody><tr>\n            <td>\n                 <p style=\"text-align: justify\"><b><a href=\"https:\/\/www.ifbaiano.edu.br\/unidades\/lapa\/edital-no-3-2024\/\">16\/2024<\/a><\/b><\/p>\n            <\/td>\n            <td style=\"text-align: justify\">Retifica\u00e7\u00e3o n\u00ba 2 ao Edital 13\/2024 &#8211; Convoca\u00e7\u00e3o para matr\u00edcula dos aprovados nos cursos da Educa\u00e7\u00e3o Profissional T\u00e9cnica de N\u00edvel M\u00e9dio, na forma subsequente, modalidade EaD, Polo Campus BJL e Polo Santa Maria da Vit\u00f3ria. <\/td>\n            <td>07\/03\/2024<\/td>\n        <\/tr>\n<\/tbody>\n\n\n<tbody><tr>\n            <td>\n                 <p style=\"text-align: justify\"><b><a href=\"https:\/\/www.ifbaiano.edu.br\/unidades\/lapa\/edital-no-3-2024\/\">15\/2024<\/a><\/b><\/p>\n            <\/td>\n            <td style=\"text-align: justify\">Retifica\u00e7\u00e3o n\u00ba 1 ao Edital 13\/2024 &#8211; Convoca\u00e7\u00e3o para matr\u00edcula dos aprovados no Processo Seletivo para Ingresso de Estudantes 2024 nos cursos da Educa\u00e7\u00e3o Profissional T\u00e9cnica de N\u00edvel M\u00e9dio, na forma subsequente, modalidade EaD, Polo Campus BJL. <\/td>\n            <td>05\/03\/2024<\/td>\n        <\/tr>\n<\/tbody>\n\n\n<tbody><tr>\n            <td>\n                 <p style=\"text-align: justify\"><b><a href=\"https:\/\/www.ifbaiano.edu.br\/unidades\/lapa\/edital-no-11-2024\/\">14\/2024<\/a><\/b><\/p>\n            <\/td>\n            <td style=\"text-align: justify\">Retifica\u00e7\u00e3o n\u00ba 1 do Edital 11\/2024 &#8211; Processo seletivo de monitoria remunerada para discentes do curso de bacharelado em Engenharia Agron\u00f4mica &#8211; semestre letivo 2023.2. <\/td>\n            <td>01\/03\/2024<\/td>\n        <\/tr>\n<\/tbody>\n\n\n<tbody><tr>\n            <td>\n                 <p style=\"text-align: justify\"><b><a href=\"https:\/\/www.ifbaiano.edu.br\/unidades\/lapa\/edital-no-3-2024\/\">13\/2024<\/a><\/b><\/p>\n            <\/td>\n            <td style=\"text-align: justify\">Convoca\u00e7\u00e3o para matr\u00edcula dos aprovados no Processo Seletivo para Ingresso de Estudantes 2024 nos cursos da Educa\u00e7\u00e3o Profissional T\u00e9cnica de N\u00edvel M\u00e9dio, na forma subsequente, modalidade EaD, Polo Campus Bom Jesus da Lapa e Polo Samavi. <\/td>\n            <td>27\/02\/2024<\/td>\n        <\/tr>\n<\/tbody>\n\n\n<tbody><tr>\n            <td>\n                 <p style=\"text-align: justify\"><b><a href=\"https:\/\/www.ifbaiano.edu.br\/unidades\/lapa\/edital-no-12-2024\/\">12\/2024<\/a><\/b><\/p>\n            <\/td>\n            <td style=\"text-align: justify\">Processo seletivo para integrantes para o grupo teatral IF em Cena <\/td>\n            <td>26\/02\/2024<\/td>\n        <\/tr>\n<\/tbody>\n\n\n<tbody><tr>\n            <td>\n                 <p style=\"text-align: justify\"><b><a href=\"https:\/\/www.ifbaiano.edu.br\/unidades\/lapa\/edital-no-11-2024\/\">11\/2024<\/a><\/b><\/p>\n            <\/td>\n            <td style=\"text-align: justify\">Processo seletivo para monitores do cursos de gradua\u00e7\u00e3o em Engenharia Agron\u00f4mica &#8211; Semestre letivo 2023.2 <\/td>\n            <td>26\/02\/2024<\/td>\n        <\/tr>\n<\/tbody>\n\n\n<tbody><tr>\n            <td>\n                 <p style=\"text-align: justify\"><b><a href=\"https:\/\/www.ifbaiano.edu.br\/unidades\/lapa\/edital-no-3-2024\/\">10\/2024<\/a><\/b><\/p>\n            <\/td>\n            <td style=\"text-align: justify\">Resultado Preliminar da Banca de Heteroidentifica\u00e7\u00e3o \u00c9tnico-racial (Lista de Espera &#8211; SISU 2024).<\/td>\n            <td>21\/01\/2024<\/td>\n        <\/tr>\n<\/tbody>\n\n\n<tbody><tr>\n            <td>\n                 <p style=\"text-align: justify\"><b><a href=\"https:\/\/concurso.ifbaiano.edu.br\/portal\/sisu2024-bom-jesus-da-lapa\/\">9\/2024<\/a><\/b><\/p>\n            <\/td>\n            <td style=\"text-align: justify\">Retifica\u00e7\u00e3o n\u00ba 2 do Edital 3\/2024 &#8211; Processo seletivo para ingresso de estudantes nos cursos subsequentes EaD, Polo IF Baiano &#8211; Campus Bom Jesus da Lapa e Santa Maria da Vit\u00f3ria (Samavi).<\/td>\n            <td>09\/02\/2024<\/td>\n        <\/tr>\n<\/tbody>\n\n\n<tbody><tr>\n            <td>\n                 <p style=\"text-align: justify\"><b><a href=\"https:\/\/concurso.ifbaiano.edu.br\/portal\/sisu2024-bom-jesus-da-lapa\/\">8\/2024<\/a><\/b><\/p>\n            <\/td>\n            <td style=\"text-align: justify\">Retifica\u00e7\u00e3o n\u00ba 2 do Edital de Matr\u00edcula e Lista de Espera do SiSU 2024 &#8211; Campus Bom Jesus da Lapa.<\/td>\n            <td>05\/02\/2024<\/td>\n        <\/tr>\n<\/tbody>\n\n\n<tbody><tr>\n            <td>\n                 <p style=\"text-align: justify\"><b><a href=\"https:\/\/concurso.ifbaiano.edu.br\/portal\/sisu2024-bom-jesus-da-lapa\/\">7\/2024<\/a><\/b><\/p>\n            <\/td>\n            <td style=\"text-align: justify\">Retifica\u00e7\u00e3o n\u00ba 1 do Edital de Matr\u00edcula e Lista de Espera do SiSU 2024 &#8211; Campus Bom Jesus da Lapa.<\/td>\n            <td>01\/02\/2024<\/td>\n        <\/tr>\n<\/tbody>\n\n\n<tbody><tr>\n            <td>\n                 <p style=\"text-align: justify\"><b><a href=\"https:\/\/www.ifbaiano.edu.br\/unidades\/lapa\/edital-27-2023\/\">6\/2024<\/a><\/b><\/p>\n            <\/td>\n            <td style=\"text-align: justify\">Retifica\u00e7\u00e3o n\u00ba 1 do Edital de Matr\u00edcula n\u00ba 35\/2023, de 29 de dezembro de 2023.<\/td>\n            <td>30\/01\/2024<\/td>\n        <\/tr>\n<\/tbody>\n\n\n<tbody><tr>\n            <td>\n                 <p style=\"text-align: justify\"><b><a href=\"https:\/\/www.ifbaiano.edu.br\/unidades\/lapa\/edital-no-3-2024\/\">5\/2024<\/a><\/b><\/p>\n            <\/td>\n            <td style=\"text-align: justify\">Retifica\u00e7\u00e3o n\u00ba 1 do Edital 3\/2024 &#8211; Processo seletivo para ingresso de estudantes nos cursos subsequentes EaD, Polo IF Baiano &#8211; Campus Bom Jesus da Lapa e Santa Maria da Vit\u00f3ria (Samavi).<\/td>\n            <td>26\/01\/2024<\/td>\n        <\/tr>\n<\/tbody>\n\n\n<tbody><tr>\n            <td>\n                 <p style=\"text-align: justify\"><b><a href=\"https:\/\/concurso.ifbaiano.edu.br\/portal\/sisu2024-bom-jesus-da-lapa\/\">4\/2024<\/a><\/b><\/p>\n            <\/td>\n            <td style=\"text-align: justify\">Edital de Matr\u00edcula e Lista de Espera do SiSU 2024 &#8211; Campus Bom Jesus da Lapa.<\/td>\n            <td>26\/01\/2024<\/td>\n        <\/tr>\n<\/tbody>\n\n\n\n<tbody><tr>\n            <td>\n                 <p style=\"text-align: justify\"><b><a href=\"https:\/\/www.ifbaiano.edu.br\/unidades\/lapa\/edital-no-3-2024\/\">3\/2024<\/a><\/b><\/p>\n            <\/td>\n            <td style=\"text-align: justify\">Processo seletivo para ingresso de estudantes nos cursos da educa\u00e7\u00e3o profissional t\u00e9cnica de n\u00edvel m\u00e9dio na forma subsequente ao ensino m\u00e9dio &#8211; modalidade de educa\u00e7\u00e3o a dist\u00e2ncia (EAD).<\/td>\n            <td>24\/01\/2024<\/td>\n        <\/tr>\n<\/tbody>\n\n\n<tbody><tr>\n            <td>\n                 <p style=\"text-align: justify\"><b><a href=\"https:\/\/www.ifbaiano.edu.br\/unidades\/lapa\/edital-no-2-2024\/\">2\/2024<\/a><\/b><\/p>\n            <\/td>\n            <td style=\"text-align: justify\">Preenchimento de vagas ociosas no curso bacharelado em Engenharia Agron\u00f4mica e no curso superior de Tecnologia em Gest\u00e3o da Tecnologia da Informa\u00e7\u00e3o.<\/td>\n            <td>15\/01\/2024<\/td>\n        <\/tr>\n<\/tbody>\n\n\n<tbody><tr>\n            <td>\n                 <p style=\"text-align: justify\"><b><a href=\"https:\/\/www.ifbaiano.edu.br\/unidades\/lapa\/edital-29-2023\/\">1\/2024<\/a><\/b><\/p>\n            <\/td>\n            <td style=\"text-align: justify\">Retifica\u00e7\u00e3o 01 do Edital de Matr\u00edcula n\u00ba 34\/2023 &#8211; Convoca\u00e7\u00e3o para matr\u00edcula dos aprovados no curso bacharelado em Engenharia Agron\u00f4mica.<\/td>\n            <td>09\/01\/2024<\/td>\n        <\/tr>\n<\/tbody>\n\n\n\n<\/table>\n\n\n\n<table style=\"width: 100%;border-color: white\" rules=\"rows\" border=\"0\" bgcolor=\"#EEEEEE\">\n\n    <thead>\n        <tr bgcolor=\"#D0FFD0\">\n            <th style=\"text-align: center;height: 30px\" colspan=\"3\"><span style=\"color: green\"><b>Chamadas Internas 2024<\/b><\/span><\/th>\n        <\/tr>\n        <tr>\n            <th>Edital<\/th>\n            <th>Conte\u00fado<\/th>\n            <th>Publica\u00e7\u00e3o<\/th>\n        <\/tr>\n    <\/thead>\n\n\n<tbody><tr>\n            <td>\n                 <p style=\"text-align: justify\"><b><a href=\"https:\/\/www.ifbaiano.edu.br\/unidades\/lapa\/edital-no-18-2023\/\">3\/2024<\/a><\/b><\/p>\n            <\/td>\n            <td style=\"text-align: justify\">Ades\u00e3o ao Programa de Gest\u00e3o do Teletrabalho em Regime de Execu\u00e7\u00e3o Parcial.<\/td>\n            <td>16\/07\/2024<\/td>\n        <\/tr>\n<\/tbody>\n\n<tbody><tr>\n            <td>\n                 <p style=\"text-align: justify\"><b><a href=\"https:\/\/www.ifbaiano.edu.br\/unidades\/lapa\/edital-no-20-de-19-junho-de-2023\/\">2\/2024<\/a><\/b><\/p>\n            <\/td>\n            <td style=\"text-align: justify\">Ades\u00e3o ao Programa de Gest\u00e3o, modalidade Teletrabalho \u2013 Fluxo Cont\u00ednuo Regime de execu\u00e7\u00e3o integral.<\/td>\n            <td>16\/07\/2024<\/td>\n        <\/tr>\n<\/tbody>\n\n\n\n<tbody><tr>\n            <td>\n                 <p style=\"text-align: justify\"><b><a href=\"https:\/\/www.ifbaiano.edu.br\/unidades\/lapa\/chamada-publica-interna-01-2024-processo-seletivo-simplificado\/\">1\/2024<\/a><\/b><\/p>\n            <\/td>\n            <td style=\"text-align: justify\">Sele\u00e7\u00e3o de Coordenador Adjunto Local do Programa Ecosol: Ciranda Formativa Manoel Querino Norte e Nordeste \/ Curso Gest\u00e3o de Empreendimentos Econ\u00f4micos Solid\u00e1rios \u2013 Campus Bom Jesus da Lapa.<\/td>\n            <td>21\/06\/2024<\/td>\n        <\/tr>\n<\/tbody>\n\n\n\n\n\n\n<\/table>\n\n\n\n<table style=\"width: 100%;border-color: white\" rules=\"rows\" border=\"0\" bgcolor=\"#EEEEEE\">\n\n    <thead>\n        <tr bgcolor=\"#D0FFD0\">\n            <th style=\"text-align: center;height: 30px\" colspan=\"3\"><span style=\"color: green\"><b>Sele\u00e7\u00f5es Vinculadas a Programas e Projetos Especiais<\/b><\/span><\/th>\n        <\/tr>\n        <tr>\n            <th>Edital<\/th>\n            <th>Conte\u00fado<\/th>\n            <th>Publica\u00e7\u00e3o<\/th>\n        <\/tr>\n    <\/thead>\n\n<tbody><tr>\n            <td>\n                 <p style=\"text-align: justify\"><b><a href=\"https:\/\/www.ifbaiano.edu.br\/unidades\/lapa\/selecao-do-programa-de-qualificacao-social-e-profissional-em-economia-popular-solidaria\/\">119\/2024 PROEX<\/a><\/b><\/p>\n            <\/td>\n            <td style=\"text-align: justify\">Sele\u00e7\u00e3o do Programa de Qualifica\u00e7\u00e3o Social e Profissional em Economia Popular Solid\u00e1ria .<\/td>\n            <td>03\/07\/2024<\/td>\n        <\/tr>\n<\/tbody>\n\n\n\n\n\n\n\n<\/table>\n","protected":false},"excerpt":{"rendered":"<p>Editais 2024 Edital Conte\u00fado Publica\u00e7\u00e3o 44\/2024 Edital de Retifica\u00e7\u00e3o 1 do Edital de Matr\u00edcula 43\/2024 &#8211; Processo seletivo para ingresso de estudantes nos cursos da Educa\u00e7\u00e3o Profissional T\u00e9cnica de N\u00edvel M\u00e9dio, na forma Integrada ao Ensino M\u00e9dio, modalidade Presencial ano letivo 2025 30\/12\/2024 43\/2024 Edital de Matr\u00edcula 43\/2024 (Atualizado) &#8211; Processo seletivo para ingresso de [&hellip;]<\/p>\n","protected":false},"author":165,"featured_media":0,"parent":0,"menu_order":0,"comment_status":"closed","ping_status":"closed","template":"","meta":[],"_links":{"self":[{"href":"https:\/\/www.ifbaiano.edu.br\/unidades\/lapa\/wp-json\/wp\/v2\/pages\/26912"}],"collection":[{"href":"https:\/\/www.ifbaiano.edu.br\/unidades\/lapa\/wp-json\/wp\/v2\/pages"}],"about":[{"href":"https:\/\/www.ifbaiano.edu.br\/unidades\/lapa\/wp-json\/wp\/v2\/types\/page"}],"author":[{"embeddable":true,"href":"https:\/\/www.ifbaiano.edu.br\/unidades\/lapa\/wp-json\/wp\/v2\/users\/165"}],"replies":[{"embeddable":true,"href":"https:\/\/www.ifbaiano.edu.br\/unidades\/lapa\/wp-json\/wp\/v2\/comments?post=26912"}],"version-history":[{"count":64,"href":"https:\/\/www.ifbaiano.edu.br\/unidades\/lapa\/wp-json\/wp\/v2\/pages\/26912\/revisions"}],"predecessor-version":[{"id":29316,"href":"https:\/\/www.ifbaiano.edu.br\/unidades\/lapa\/wp-json\/wp\/v2\/pages\/26912\/revisions\/29316"}],"wp:attachment":[{"href":"https:\/\/www.ifbaiano.edu.br\/unidades\/lapa\/wp-json\/wp\/v2\/media?parent=26912"}],"curies":[{"name":"wp","href":"https:\/\/api.w.org\/{rel}","templated":true}]}}