{"id":26919,"date":"2024-01-15T20:54:47","date_gmt":"2024-01-15T23:54:47","guid":{"rendered":"https:\/\/www.ifbaiano.edu.br\/unidades\/lapa\/?page_id=26919"},"modified":"2024-01-30T17:02:24","modified_gmt":"2024-01-30T20:02:24","slug":"edital-no-2-2024","status":"publish","type":"page","link":"https:\/\/www.ifbaiano.edu.br\/unidades\/lapa\/edital-no-2-2024\/","title":{"rendered":"Edital n\u00ba 2\/2024, para preenchimento de vagas ociosas no curso bacharelado em Engenharia Agron\u00f4mica e no curso superior de Tecnologia em Gest\u00e3o da Tecnologia da Informa\u00e7\u00e3o"},"content":{"rendered":"\n<div class=\"wp-block-columns is-layout-flex wp-container-3\">\n<div class=\"wp-block-column is-layout-flow\">\n<h2>Apresenta\u00e7\u00e3o<\/h2>\n<\/div>\n\n\n\n<div class=\"wp-block-column is-layout-flow\">\n<h2>Inscri\u00e7\u00f5es<\/h2>\n<\/div>\n<\/div>\n\n\n\n<div class=\"wp-block-columns is-layout-flex wp-container-6\">\n<div class=\"wp-block-column is-layout-flow\">\n<p>O DIRETOR-GERAL DO INSTITUTO FEDERAL DE EDUCA\u00c7\u00c3O, CI\u00caNCIA E TECNOLOGIA BAIANO (IF BAIANO) &#8211; CAMPUS BOM JESUS DA LAPA, no uso de suas atribui\u00e7\u00f5es legais conferidas pela Portaria de Pessoal n\u00b0 275, de 18\/03\/2022 publicada no DOU de 21\/03\/2022, e de acordo com as disposi\u00e7\u00f5es con2das na Lei n\u00ba 11.892, de 29\/12\/2008, em conformidade com a Lei N\u00b0. 9.394, de 20 de dezembro de 1996, alterada pela Lei n\u00ba 12.796, de 04 de abril de 2013 e ainda considerando a Portaria MEC n\u00ba 18, de 11 de outubro de 2012, torna p\u00fablico o presente Edital, para preenchimento de vagas ociosas no curso bacharelado em Engenharia Agron\u00f4mica e no curso superior de Tecnologia em Gest\u00e3o da Tecnologia da Informa\u00e7\u00e3o ofertados pelo Campus Bom Jesus da Lapa, para ingresso no semestre 2023.2. As vagas poder\u00e3o ser preenchidas por Transfer\u00eancia Interna ou Externa, por Reop\u00e7\u00e3o de Curso, por Portador de Diploma de Educa\u00e7\u00e3o Superior em \u00e1reas afins, oriundos de Ins2tui\u00e7\u00f5es de Ensino Superior, de acordo com a Organiza\u00e7\u00e3o Did\u00e12ca dos Cursos da Educa\u00e7\u00e3o Superior do Ins2tuto Federal de Educa\u00e7\u00e3o, Ci\u00eancia e Tecnologia Baiano (IF Baiano), conforme Resolu\u00e7\u00e3o n\u00b0 64 do Conselho Superior\/IF Baiano, de 31 de mar\u00e7o de 2020.<\/p>\n<\/div>\n\n\n\n<div class=\"wp-block-column is-layout-flow\">\n<p>O per\u00edodo de inscri\u00e7\u00f5es ser\u00e1 de 18 a 23 de janeiro de 2024 , exclusivamente de forma online.<\/p>\n<\/div>\n<\/div>\n\n\n\n<div class=\"wp-block-columns is-layout-flex wp-container-9\">\n<div class=\"wp-block-column is-layout-flow\">\n<h2>Editais e Documentos<\/h2>\n<\/div>\n\n\n\n<div class=\"wp-block-column is-layout-flow\">\n<h2>Contato<\/h2>\n<\/div>\n<\/div>\n\n\n\n<div class=\"wp-block-columns is-layout-flex wp-container-12\">\n<div class=\"wp-block-column is-layout-flow\">\n<div class=\"wp-block-file\"><a href=\"https:\/\/www.ifbaiano.edu.br\/unidades\/lapa\/files\/2024\/01\/Resultado-Final-Vagas-Ociosas-GTI-e-Engenharia-Agronomica.pdf\">Resultado Final Vagas Ociosas GTI e Engenharia Agron\u00f4mica &#8211; Publicado em 30\/01\/2024<\/a><\/div>\n\n<div class=\"wp-block-file\"><a href=\"https:\/\/www.ifbaiano.edu.br\/unidades\/lapa\/files\/2024\/01\/Resultado-Preliminar-Vagas-Ociosas-GTI-e-Engenharia-Agronomica.pdf\">Resultado Preliminar Vagas Ociosas GTI e Engenharia Agron\u00f4mica &#8211; Publicado em 25\/01\/2024<\/a><\/div>\n\n<div class=\"wp-block-file\"><a href=\"https:\/\/www.ifbaiano.edu.br\/unidades\/lapa\/files\/2024\/01\/EDITAL-No-2_2024-Vagas-Ociosas-Eng.-Agronomica-e-GTI.pdf\">EDITAL N\u00ba 2_2024 Vagas Ociosas Agron\u00f4mica e GTI &#8211; Publicado em 15\/01\/2024<\/a><\/div>\n<\/div>\n\n\n\n<div class=\"wp-block-column is-layout-flow\">\n<p>prosel.sisu@lapa.ifbaiano.edu.br<\/p>\n<\/div>\n<\/div>\n","protected":false},"excerpt":{"rendered":"<p>Apresenta\u00e7\u00e3o Inscri\u00e7\u00f5es O DIRETOR-GERAL DO INSTITUTO FEDERAL DE EDUCA\u00c7\u00c3O, CI\u00caNCIA E TECNOLOGIA BAIANO (IF BAIANO) &#8211; CAMPUS BOM JESUS DA LAPA, no uso de suas atribui\u00e7\u00f5es legais conferidas pela Portaria de Pessoal n\u00b0 275, de 18\/03\/2022 publicada no DOU de 21\/03\/2022, e de acordo com as disposi\u00e7\u00f5es con2das na Lei n\u00ba 11.892, de 29\/12\/2008, em [&hellip;]<\/p>\n","protected":false},"author":165,"featured_media":0,"parent":0,"menu_order":0,"comment_status":"closed","ping_status":"closed","template":"","meta":[],"_links":{"self":[{"href":"https:\/\/www.ifbaiano.edu.br\/unidades\/lapa\/wp-json\/wp\/v2\/pages\/26919"}],"collection":[{"href":"https:\/\/www.ifbaiano.edu.br\/unidades\/lapa\/wp-json\/wp\/v2\/pages"}],"about":[{"href":"https:\/\/www.ifbaiano.edu.br\/unidades\/lapa\/wp-json\/wp\/v2\/types\/page"}],"author":[{"embeddable":true,"href":"https:\/\/www.ifbaiano.edu.br\/unidades\/lapa\/wp-json\/wp\/v2\/users\/165"}],"replies":[{"embeddable":true,"href":"https:\/\/www.ifbaiano.edu.br\/unidades\/lapa\/wp-json\/wp\/v2\/comments?post=26919"}],"version-history":[{"count":3,"href":"https:\/\/www.ifbaiano.edu.br\/unidades\/lapa\/wp-json\/wp\/v2\/pages\/26919\/revisions"}],"predecessor-version":[{"id":27012,"href":"https:\/\/www.ifbaiano.edu.br\/unidades\/lapa\/wp-json\/wp\/v2\/pages\/26919\/revisions\/27012"}],"wp:attachment":[{"href":"https:\/\/www.ifbaiano.edu.br\/unidades\/lapa\/wp-json\/wp\/v2\/media?parent=26919"}],"curies":[{"name":"wp","href":"https:\/\/api.w.org\/{rel}","templated":true}]}}