{"id":27385,"date":"2024-02-26T18:41:06","date_gmt":"2024-02-26T21:41:06","guid":{"rendered":"https:\/\/www.ifbaiano.edu.br\/unidades\/lapa\/?page_id=27385"},"modified":"2024-03-19T15:57:57","modified_gmt":"2024-03-19T18:57:57","slug":"edital-no-11-2024","status":"publish","type":"page","link":"https:\/\/www.ifbaiano.edu.br\/unidades\/lapa\/edital-no-11-2024\/","title":{"rendered":"EDITAL N\u00ba 11\/2024, PROCESSO SELETIVO PARA MONITORES DO CURSOS DE GRADUA\u00c7\u00c3O EM ENGENHARIA AGRON\u00d4MICA &#8211; SEMESTRE LETIVO 2023.2"},"content":{"rendered":"\n<div class=\"wp-block-columns is-layout-flex wp-container-3\">\n<div class=\"wp-block-column is-layout-flow\">\n<h2 id=\"ProreitoriaMeioDireitaTitulo\" style=\"color:#00510f;text-transform:uppercase;border-top: 3px solid #00510F\" class=\"has-inline-color\">\n    Apresenta\u00e7\u00e3o\n<\/h2>\n<\/div>\n\n\n\n<div class=\"wp-block-column is-layout-flow\">\n<h2 id=\"ProreitoriaMeioDireitaTitulo\" style=\"color:#00510f;text-transform:uppercase;border-top: 3px solid #00510F\" class=\"has-inline-color\">\n\tInscri\u00e7\u00f5es\n<\/h2>\n<\/div>\n<\/div>\n\n\n\n<div class=\"wp-block-columns is-layout-flex wp-container-6\">\n<div class=\"wp-block-column is-layout-flow\">\n<p>O DIRETOR-GERAL DO INSTITUTO FEDERAL DE EDUCA\u00c7\u00c3O, CI\u00caNCIA E TECNOLOGIA BAIANO (IF BAIANO) &#8211; CAMPUS BOM JESUS DA LAPA , no uso de suas atribui\u00e7\u00f5es delegadas pela Portaria n\u00ba 275, de 18\/03\/2022, publicada no DOU de 21\/03\/2022, Se\u00e7\u00e3o 2, p\u00e1gina 26, de acordo com as disposi\u00e7\u00f5es legais em vigor, torna p\u00fablico o presente Edital que estabelece as normas para sele\u00e7\u00e3o de monitores de ensino para o curso de gradua\u00e7\u00e3o em Engenharia Agron\u00f4mica, para o semestre letivo 2023.2, em conformidade com a Resolu\u00e7\u00e3o CONSUP\/IF Baiano n\u00ba 8\/2016, de 30 de mar\u00e7o de 2016.\n<\/p>\n<\/div>\n\n\n\n<div class=\"wp-block-column is-layout-flow\">\n<p>O per\u00edodo de inscri\u00e7\u00f5es ser\u00e1 de <strong> 28\/02 a 01\/03 de 2024, at\u00e9 \u00e0s 23:59h do \u00faltimo dia<\/strong> , exclusivamente de forma online:<br><br>\n<strong>P\u00c1GINA DE ACOMPANHAMENTO<\/strong> <br>\n<a href=\"https:\/\/www.ifbaiano.edu.br\/unidades\/lapa\/ingresso\/\" target=\"_blank\" rel=\"noopener noreferrer\">https:\/\/www.ifbaiano.edu.br\/unidades\/lapa\/ingresso\/<\/a> <\/p>\n\n<p><strong>INSCRI\u00c7\u00d5ES<\/strong><br> \n<br>\n<a href=\"https:\/\/forms.gle\/vLHx1pke9w8BsVGc8\" target=\"_blank\" rel=\"noopener noreferrer\">INSCREVA-SE AQUI<\/a> <\/p>\n<\/div>\n<\/div>\n\n\n\n<div class=\"wp-block-columns is-layout-flex wp-container-9\">\n<div class=\"wp-block-column is-layout-flow\">\n<h2 id=\"ProreitoriaMeioDireitaTitulo\" style=\"color:#00510f;text-transform:uppercase;border-top: 3px solid #00510F\" class=\"has-inline-color\">\n\tEditais e Documentos\n<\/h2>\n<\/div>\n\n\n\n<div class=\"wp-block-column is-layout-flow\">\n<h2 id=\"ProreitoriaMeioDireitaTitulo\" style=\"color:#00510f;text-transform:uppercase;border-top: 3px solid #00510F\" class=\"has-inline-color\">\n\tContato\n<\/h2>\n<\/div>\n<\/div>\n\n\n\n<div class=\"wp-block-columns is-layout-flex wp-container-12\">\n<div class=\"wp-block-column is-layout-flow\">\n<div class=\"wp-block-file\"><a href=\"https:\/\/www.ifbaiano.edu.br\/unidades\/lapa\/files\/2024\/03\/RESULTADO-FINAL-MONITORIA-DE-ENSINO-ENGENHARIA-AGRONOMICA.pdf\">RESULTADO FINAL &#8211; MONITORIA DE ENSINO ENGENHARIA AGRON\u00d4MICA. &#8211; Publicado em 19\/03\/2024\n<\/a><\/div>\n\n<div class=\"wp-block-file\"><a href=\"https:\/\/www.ifbaiano.edu.br\/unidades\/lapa\/files\/2024\/03\/RESULTADO-PRELIMINAR-SELECAO-DE-MONITORIA-2023.2.pdf\">RESULTADO PRELIMINAR &#8211; SELE\u00c7\u00c3O DE MONITORIA 2023.2. &#8211; Publicado em 07\/03\/2024\n<\/a><\/div>\n\n<div class=\"wp-block-file\"><a href=\"https:\/\/www.ifbaiano.edu.br\/unidades\/lapa\/files\/2024\/03\/Cronograma-de-Entrevistas-Monitoria.pdf\">Cronograma de Entrevistas &#8211; Monitoria. &#8211; Publicado em 04\/03\/2024\n<\/a><\/div>\n\n\n<div class=\"wp-block-file\"><a href=\"https:\/\/www.ifbaiano.edu.br\/unidades\/lapa\/files\/2024\/03\/Edital-11-2024-Atualizado-com-a-Retificacao-no-1-de-1.3.2024.pdf\">Edital 11-2024 -Atualizado com a Retifica\u00e7\u00e3o n\u00ba 1 de 1-3-2024. &#8211; Publicado em 01\/03\/2024\n<\/a><\/div>\n\n\n\n<div class=\"wp-block-file\"><a href=\"https:\/\/www.ifbaiano.edu.br\/unidades\/lapa\/files\/2024\/03\/Retificacao-no-1-do-Edital-11-2024-Processo-seletivo-de-monitoria-remunerada-para-discentes-do-curso-de-bacharelado-em-Engenharia-Agronomica-semestre-letivo-2023.2.pdf\">Retifica\u00e7\u00e3o n\u00ba 1 do Edital 11-2024 &#8211; Processo seletivo de monitoria remunerada para discentes do curso de bacharelado em Engenharia Agron\u00f4mica &#8211; semestre letivo 2023.2. &#8211; Publicado em 01\/03\/2024\n<\/a><\/div>\n\n<div class=\"wp-block-file\"><a href=\"https:\/\/www.ifbaiano.edu.br\/unidades\/lapa\/files\/2024\/02\/Edital-11-2024-Processo-seletivo-de-monitoria-remunerada-para-discentes-do-curso-de-bacharelado-em-Engenharia-Agronomica-semestre-letivo-2023.2.pdf\">Edital 11-2024 &#8211; Processo seletivo de monitoria remunerada para discentes do curso de bacharelado em Engenharia Agron\u00f4mica &#8211; semestre letivo 2023.2. &#8211; Publicado em 26\/02\/2024\n<\/a><\/div>\n<\/div>\n\n\n\n<div class=\"wp-block-column is-layout-flow\">\n<p><strong>selecao.monitoria@lapa.ifbaiano.edu.br<\/strong><\/p>\n<\/div>\n<\/div>\n","protected":false},"excerpt":{"rendered":"<p>Apresenta\u00e7\u00e3o Inscri\u00e7\u00f5es O DIRETOR-GERAL DO INSTITUTO FEDERAL DE EDUCA\u00c7\u00c3O, CI\u00caNCIA E TECNOLOGIA BAIANO (IF BAIANO) &#8211; CAMPUS BOM JESUS DA LAPA , no uso de suas atribui\u00e7\u00f5es delegadas pela Portaria n\u00ba 275, de 18\/03\/2022, publicada no DOU de 21\/03\/2022, Se\u00e7\u00e3o 2, p\u00e1gina 26, de acordo com as disposi\u00e7\u00f5es legais em vigor, torna p\u00fablico o presente [&hellip;]<\/p>\n","protected":false},"author":165,"featured_media":0,"parent":0,"menu_order":0,"comment_status":"closed","ping_status":"closed","template":"","meta":[],"_links":{"self":[{"href":"https:\/\/www.ifbaiano.edu.br\/unidades\/lapa\/wp-json\/wp\/v2\/pages\/27385"}],"collection":[{"href":"https:\/\/www.ifbaiano.edu.br\/unidades\/lapa\/wp-json\/wp\/v2\/pages"}],"about":[{"href":"https:\/\/www.ifbaiano.edu.br\/unidades\/lapa\/wp-json\/wp\/v2\/types\/page"}],"author":[{"embeddable":true,"href":"https:\/\/www.ifbaiano.edu.br\/unidades\/lapa\/wp-json\/wp\/v2\/users\/165"}],"replies":[{"embeddable":true,"href":"https:\/\/www.ifbaiano.edu.br\/unidades\/lapa\/wp-json\/wp\/v2\/comments?post=27385"}],"version-history":[{"count":15,"href":"https:\/\/www.ifbaiano.edu.br\/unidades\/lapa\/wp-json\/wp\/v2\/pages\/27385\/revisions"}],"predecessor-version":[{"id":27655,"href":"https:\/\/www.ifbaiano.edu.br\/unidades\/lapa\/wp-json\/wp\/v2\/pages\/27385\/revisions\/27655"}],"wp:attachment":[{"href":"https:\/\/www.ifbaiano.edu.br\/unidades\/lapa\/wp-json\/wp\/v2\/media?parent=27385"}],"curies":[{"name":"wp","href":"https:\/\/api.w.org\/{rel}","templated":true}]}}