{"id":27749,"date":"2024-03-26T19:41:08","date_gmt":"2024-03-26T22:41:08","guid":{"rendered":"https:\/\/www.ifbaiano.edu.br\/unidades\/lapa\/?page_id=27749"},"modified":"2024-04-09T19:22:28","modified_gmt":"2024-04-09T22:22:28","slug":"edital-21-2024","status":"publish","type":"page","link":"https:\/\/www.ifbaiano.edu.br\/unidades\/lapa\/edital-21-2024\/","title":{"rendered":"Edital 21\/2024 &#8211; PROCESSO SELETIVO PARA MONITORES DO CURSO SUPERIOR DE TECNOLOGIA EM GEST\u00c3O DA TECNOLOGIA DA INFORMA\u00c7\u00c3O &#8211; SEMESTRE LETIVO 2023.2"},"content":{"rendered":"\n<div class=\"wp-block-columns is-layout-flex wp-container-3\">\n<div class=\"wp-block-column is-layout-flow\">\n<h2 id=\"ProreitoriaMeioDireitaTitulo\" style=\"color:#00510f;text-transform:uppercase;border-top: 3px solid #00510F\" class=\"has-inline-color\">\n    Apresenta\u00e7\u00e3o\n<\/h2>\n\n<p> O DIRETOR-GERAL DO INSTITUTO FEDERAL DE EDUCA\u00c7\u00c3O, CI\u00caNCIA E TECNOLOGIA BAIANO (IF BAIANO) &#8211; CAMPUS BOM JESUS DA LAPA, no uso de suas atribui\u00e7\u00f5es delegadas pela Portaria n\u00ba 275, de 18\/03\/2022, publicada no DOU de 21\/03\/2022, Se\u00e7\u00e3o 2, p\u00e1gina 26, de acordo com as disposi\u00e7\u00f5es legais em vigor, torna p\u00fablico o presente Edital que estabelece as normas para sele\u00e7\u00e3o de monitores de ensino para o curso superior de tecnologia em Gest\u00e3o da Tecnologia da Informa\u00e7\u00e3o, para o semestre letivo 2023.2, em conformidade com a Resolu\u00e7\u00e3o CONSUP\/IF Baiano n\u00ba 8\/2016, de 30 de mar\u00e7o de 2016.<\/p>\n<\/div>\n\n\n\n<div class=\"wp-block-column is-layout-flow\">\n<h2 id=\"ProreitoriaMeioDireitaTitulo\" style=\"color:#00510f;text-transform:uppercase;border-top: 3px solid #00510F\" class=\"has-inline-color\">\n\tInscri\u00e7\u00f5es\n<\/h2>\n\n<p align=\"justify\">\n\tAs inscri\u00e7\u00f5es ser\u00e3o realizadas de forma EXCLUSIVAMENTE eletr\u00f4nica por meio do site<b> https:\/\/www.ifbaiano.edu.br\/unidades\/lapa\/editais-e-selecoes-2024\/<\/b>, no per\u00edodo de <b>28\/03 a 01\/04\/2024, at\u00e9 \u00e0s 23:59h do \u00faltimo dia.<\/p><br>\n\n<a href=\"https:\/\/forms.gle\/CZx3t1KVqvCJshNH7\" target=\"_blank\" rel=\"noopener noreferrer\">INSCREVA-SE AQUI<\/a> <\/p>\n<\/div>\n<\/div>\n\n\n\n<div class=\"wp-block-columns is-layout-flex wp-container-6\">\n<div class=\"wp-block-column is-layout-flow\">\n<h2 id=\"ProreitoriaMeioDireitaTitulo\" style=\"color:#00510f;text-transform:uppercase;border-top: 3px solid #00510F\" class=\"has-inline-color\">\n\tEditais e Documentos\n<\/h2>\n<div class=\"wp-block-file\"><a href=\"https:\/\/www.ifbaiano.edu.br\/unidades\/lapa\/files\/2024\/04\/Resultado-final-da-monitoria-GTI-edital-21-2024.pdf\">Resultado final processo seletivo monitores Gest\u00e3o da Tecnologia da Informa\u00e7\u00e3o.- publicado em 09\/04\/2023<\/a><\/div>\n\n\n<div class=\"wp-block-file\"><a href=\"https:\/\/www.ifbaiano.edu.br\/unidades\/lapa\/files\/2024\/04\/Resultado-preliminar-processo-seletivo-monitores-Gestao-da-Tecnologia-da-Informacao.pdf\">Resultado Preliminar Processo seletivo monitores Gest\u00e3o da Tecnologia da Informa\u00e7\u00e3o.- publicado em 08\/04\/2023<\/a><\/div>\n\n\n\n<div class=\"wp-block-file\"><a href=\"https:\/\/www.ifbaiano.edu.br\/unidades\/lapa\/files\/2024\/04\/Edital-23_2024-Retificacao-no-2-do-Edital-21_2024-Processo-seletivo-de-monitoria-remunerada-para-discentes-do-curso-de-tecnologia-em-Gestao-da-Tecnologia-da-Informacao-semestre-letivo-2023.2.pdf\">Edital 23\/2024 &#8211; Retifica\u00e7\u00e3o n\u00ba 2 do Edital 21\/2024 &#8211; Processo seletivo de monitoria remunerada para discentes do curso de tecnologia em Gest\u00e3o da Tecnologia da Informa\u00e7\u00e3o &#8211; semestre letivo 2023.2.- publicado em 03\/04\/2023<\/a><\/div>\n\n\n<div class=\"wp-block-file\"><a href=\"https:\/\/www.ifbaiano.edu.br\/unidades\/lapa\/files\/2024\/03\/Edital-22_2024-Retificacao-no-1-do-Edital-21_2024-Processo-seletivo-de-monitoria-remunerada-para-discentes-do-curso-de-tecnologia-em-Gestao-da-Tecnologia-da-Informacao-semestre-letivo-2023_2.pdf\">Edital 22\/2024 &#8211; Retifica\u00e7\u00e3o n\u00ba 1 do Edital 21\/2024 &#8211; Processo seletivo de monitoria remunerada para discentes do curso de tecnologia em Gest\u00e3o da Tecnologia da Informa\u00e7\u00e3o &#8211; semestre letivo 2023_2.- publicado em 28\/03\/2023<\/a><\/div>\n\n<div class=\"wp-block-file\"><a href=\"https:\/\/www.ifbaiano.edu.br\/unidades\/lapa\/files\/2024\/03\/Edital-21_2024-Processo-seletivo-de-monitoria-remunerada-para-discentes-do-curso-de-tecnologia-em-Gestao-da-Tecnologia-da-Informacao-semestre-letivo-2023.2.pdf\">Edital 21\/2024 &#8211; Processo seletivo de monitoria remunerada para discentes do curso de tecnologia em Gest\u00e3o da Tecnologia da Informa\u00e7\u00e3o &#8211; semestre letivo 2023.2.- publicado em 26\/03\/2023<\/a><\/div>\n<\/div>\n\n\n\n<div class=\"wp-block-column is-layout-flow\">\n<h2 id=\"ProreitoriaMeioDireitaTitulo\" style=\"color:#00510f;text-transform:uppercase;border-top: 3px solid #00510F\" class=\"has-inline-color\">\n\tContato\n<\/h2>\n\n<p align=\"justify\">\nselecao.monitoria@lapa.ifbaiano.edu.br<\/p>\n<\/div>\n<\/div>\n","protected":false},"excerpt":{"rendered":"<p>Apresenta\u00e7\u00e3o O DIRETOR-GERAL DO INSTITUTO FEDERAL DE EDUCA\u00c7\u00c3O, CI\u00caNCIA E TECNOLOGIA BAIANO (IF BAIANO) &#8211; CAMPUS BOM JESUS DA LAPA, no uso de suas atribui\u00e7\u00f5es delegadas pela Portaria n\u00ba 275, de 18\/03\/2022, publicada no DOU de 21\/03\/2022, Se\u00e7\u00e3o 2, p\u00e1gina 26, de acordo com as disposi\u00e7\u00f5es legais em vigor, torna p\u00fablico o presente Edital que [&hellip;]<\/p>\n","protected":false},"author":165,"featured_media":0,"parent":0,"menu_order":0,"comment_status":"closed","ping_status":"closed","template":"","meta":[],"_links":{"self":[{"href":"https:\/\/www.ifbaiano.edu.br\/unidades\/lapa\/wp-json\/wp\/v2\/pages\/27749"}],"collection":[{"href":"https:\/\/www.ifbaiano.edu.br\/unidades\/lapa\/wp-json\/wp\/v2\/pages"}],"about":[{"href":"https:\/\/www.ifbaiano.edu.br\/unidades\/lapa\/wp-json\/wp\/v2\/types\/page"}],"author":[{"embeddable":true,"href":"https:\/\/www.ifbaiano.edu.br\/unidades\/lapa\/wp-json\/wp\/v2\/users\/165"}],"replies":[{"embeddable":true,"href":"https:\/\/www.ifbaiano.edu.br\/unidades\/lapa\/wp-json\/wp\/v2\/comments?post=27749"}],"version-history":[{"count":17,"href":"https:\/\/www.ifbaiano.edu.br\/unidades\/lapa\/wp-json\/wp\/v2\/pages\/27749\/revisions"}],"predecessor-version":[{"id":27851,"href":"https:\/\/www.ifbaiano.edu.br\/unidades\/lapa\/wp-json\/wp\/v2\/pages\/27749\/revisions\/27851"}],"wp:attachment":[{"href":"https:\/\/www.ifbaiano.edu.br\/unidades\/lapa\/wp-json\/wp\/v2\/media?parent=27749"}],"curies":[{"name":"wp","href":"https:\/\/api.w.org\/{rel}","templated":true}]}}