{"id":27839,"date":"2024-04-09T17:00:04","date_gmt":"2024-04-09T20:00:04","guid":{"rendered":"https:\/\/www.ifbaiano.edu.br\/unidades\/lapa\/?page_id=27839"},"modified":"2024-05-15T08:25:59","modified_gmt":"2024-05-15T11:25:59","slug":"edital-no-25-2024","status":"publish","type":"page","link":"https:\/\/www.ifbaiano.edu.br\/unidades\/lapa\/edital-no-25-2024\/","title":{"rendered":"EDITAL N\u00ba 25\/2024, PROCESSO SELETIVO PARA CONTRATA\u00c7\u00c3O DE ESTAGI\u00c1RIOS DE N\u00cdVEL SUPERIOR"},"content":{"rendered":"\n<div class=\"wp-block-columns is-layout-flex wp-container-3\">\n<div class=\"wp-block-column is-layout-flow\">\n<h2 id=\"ProreitoriaMeioDireitaTitulo\" style=\"color:#00510f;text-transform:uppercase;border-top: 3px solid #00510F\" class=\"has-inline-color\">\n    Apresenta\u00e7\u00e3o\n<\/h2>\n<\/div>\n\n\n\n<div class=\"wp-block-column is-layout-flow\">\n<h2 id=\"ProreitoriaMeioDireitaTitulo\" style=\"color:#00510f;text-transform:uppercase;border-top: 3px solid #00510F\" class=\"has-inline-color\">\n\tInscri\u00e7\u00f5es\n<\/h2>\n<\/div>\n<\/div>\n\n\n\n<div class=\"wp-block-columns is-layout-flex wp-container-6\">\n<div class=\"wp-block-column is-layout-flow\">\n<p>O DIRETOR-GERAL DO INSTITUTO FEDERAL DE EDUCA\u00c7\u00c3O, CI\u00caNCIA E TECNOLOGIA BAIANO (IF BAIANO) &#8211; CAMPUS BOM JESUS DA LAPA, no uso de suas atribui\u00e7\u00f5es delegadas pela Portaria n\u00ba 275, de 18\/03\/2022, publicada no DOU de 21\/03\/2022, Se\u00e7\u00e3o 2, p\u00e1gina 26, e de acordo com as disposi\u00e7\u00f5es contidas na Lei n\u00ba 11.892, de 29\/12\/2008, no Regimento Geral do IF Baiano, na Portaria Normativa 13\/2022 &#8211; RET-GAB\/RET\/IFBAIANO, de 11 de mar\u00e7o de 2022, e suas altera\u00e7\u00f5es, e na Instru\u00e7\u00e3o Normativa n\u00ba 213, de 17 de dezembro de 2019, da Secretaria Especial de Desburocratiza\u00e7\u00e3o, Gest\u00e3o e Governo Digital do Minist\u00e9rio da Economia, torna p\u00fablico o presente edital que estabelece os procedimentos para a sele\u00e7\u00e3o de estagi\u00e1rios de n\u00edvel superior para atua\u00e7\u00e3o no Campus Bom Jesus da Lapa, nos termos da Lei 11.788, de 25 de setembro de 2008, conforme as disposi\u00e7\u00f5es a seguir.<p \/>\n<\/div>\n\n\n\n<div class=\"wp-block-column is-layout-flow\">\n<p><strong>16\/04\/2024 a 19\/04\/2024<\/strong> <br><br>\n\n\n<p><strong><\/strong><br> \n<br>\n<a href=\"\" target=\"_blank\" rel=\"noopener noreferrer\"><\/a> <\/p>\n\n<p><div class=\"wp-block-file\"><a href=\"http:\/\/opinanovo.ifbaiano.edu.br\/index.php\/135958?lang=pt-BR\">ACESSE AQUI O FORMUL\u00c1RIO DE INSCRI\u00c7\u00d4ES<\/a><\/div>\n<\/p>\n<\/div>\n<\/div>\n\n\n\n<div class=\"wp-block-columns is-layout-flex wp-container-9\">\n<div class=\"wp-block-column is-layout-flow\">\n<h2 id=\"ProreitoriaMeioDireitaTitulo\" style=\"color:#00510f;text-transform:uppercase;border-top: 3px solid #00510F\" class=\"has-inline-color\">\n\tEditais e Documentos\n<\/h2>\n<\/div>\n\n\n\n<div class=\"wp-block-column is-layout-flow\">\n<h2 id=\"ProreitoriaMeioDireitaTitulo\" style=\"color:#00510f;text-transform:uppercase;border-top: 3px solid #00510F\" class=\"has-inline-color\">\n\tContato\n<\/h2>\n<\/div>\n<\/div>\n\n\n\n<div class=\"wp-block-columns is-layout-flex wp-container-12\">\n<div class=\"wp-block-column is-layout-flow\">\n<div class=\"wp-block-file\"><a href=\"https:\/\/www.ifbaiano.edu.br\/unidades\/lapa\/files\/2024\/05\/RESULTADO-FINAL-ESTAGIARIOS-NIVEL-SUPERIOR.pdf\">RESULTADO FINAL ESTAGI\u00c1RIOS N\u00cdVEL SUPERIOR. &#8211; Publicado em 14\/05\/2024<\/a><\/div>\n\n<div class=\"wp-block-file\"><a href=\"https:\/\/www.ifbaiano.edu.br\/unidades\/lapa\/files\/2024\/05\/MENSAGEM-ESTAGIARIOS-NIVEL-SUPERIOR.pdf\">MENSAGEM ESTAGI\u00c1RIOS N\u00cdVEL SUPERIOR. &#8211; Publicado em 14\/05\/2024<\/a><\/div>\n\n<div class=\"wp-block-file\"><a href=\"https:\/\/www.ifbaiano.edu.br\/unidades\/lapa\/files\/2024\/05\/RESULTADO-PRELIMINAR-CLASSIFICACAO-ESTAGIARIOS-NIVEL-SUPERIOR.pdf\">RESULTADO PRELIMINAR &#8211; CLASSIFICA\u00c7\u00c3O ESTAGI\u00c1RIOS N\u00cdVEL SUPERIOR. &#8211; Publicado em 08\/05\/2024<\/a><\/div>\n\n\n<div class=\"wp-block-file\"><a href=\"https:\/\/www.ifbaiano.edu.br\/unidades\/lapa\/files\/2024\/05\/RESULTADO-PRELIMINAR-CURRICULO-E-ENTREVISTA-ESTAGIARIOS-NIVEL-SUPERIOR.pdf\">RESULTADO PRELIMINAR &#8211; CURR\u00cdCULO E ENTREVISTA ESTAGI\u00c1RIOS N\u00cdVEL SUPERIOR. &#8211; Publicado em 08\/05\/2024<\/a><\/div>\n\n\n<div class=\"wp-block-file\"><a href=\"https:\/\/www.ifbaiano.edu.br\/unidades\/lapa\/files\/2024\/04\/CONVOCACAO-PARA-ENTREVISTA-ESTAGIARIOS-NIVEL-SUPERIOR.pdf\">CONVOCA\u00c7\u00c3O PARA ENTREVISTA ESTAGI\u00c1RIOS N\u00cdVEL SUPERIOR. &#8211; Publicado em 29\/04\/2024<\/a><\/div>\n\n\n<div class=\"wp-block-file\"><a href=\"https:\/\/www.ifbaiano.edu.br\/unidades\/lapa\/files\/2024\/04\/HOMOLOGACAO-DAS-INSCRICOES-ESTAGIARIOS-NIVEL-SUPERIOR.pdf\">HOMOLOGA\u00c7\u00c3O DAS INSCRI\u00c7\u00d5ES ESTAGI\u00c1RIOS N\u00cdVEL SUPERIOR. &#8211; Publicado em 24\/04\/2024<\/a><\/div>\n\n\n<div class=\"wp-block-file\"><a href=\"https:\/\/www.ifbaiano.edu.br\/unidades\/lapa\/files\/2024\/04\/Edital-no-25_2024-de-9-de-abril-de-2024-PROCESSO-SELETIVO-PARA-CONTRATACAO-DE-ESTAGIARIOS-DE-NIVEL-SUPERIOR-2.pdf\">Edital n\u00ba 25_2024, de 9 de abril de 2024 PROCESSO SELETIVO PARA CONTRATA\u00c7\u00c3O DE ESTAGI\u00c1RIOS DE N\u00cdVEL SUPERIOR. &#8211; Publicado em 09\/04\/2024<\/a><\/div>\n\n\n<div class=\"wp-block-file\"><a href=\"https:\/\/www.ifbaiano.edu.br\/unidades\/lapa\/files\/2024\/04\/ANEXO-IV-Edital-25_2024.pdf\">ANEXO IV &#8211; Formul\u00e1rio de Inscri\u00e7\u00f5es do Edital n\u00ba 25_2024, de 9 de abril de 2024 &#8211; Publicado em 09\/04\/2024<\/a><\/div>\n<\/div>\n\n\n\n<div class=\"wp-block-column is-layout-flow\">\n<p><strong>nagp@lapa.ifbaiano.edu.br<\/strong><\/p>\n<\/div>\n<\/div>\n","protected":false},"excerpt":{"rendered":"<p>Apresenta\u00e7\u00e3o Inscri\u00e7\u00f5es O DIRETOR-GERAL DO INSTITUTO FEDERAL DE EDUCA\u00c7\u00c3O, CI\u00caNCIA E TECNOLOGIA BAIANO (IF BAIANO) &#8211; CAMPUS BOM JESUS DA LAPA, no uso de suas atribui\u00e7\u00f5es delegadas pela Portaria n\u00ba 275, de 18\/03\/2022, publicada no DOU de 21\/03\/2022, Se\u00e7\u00e3o 2, p\u00e1gina 26, e de acordo com as disposi\u00e7\u00f5es contidas na Lei n\u00ba 11.892, de 29\/12\/2008, [&hellip;]<\/p>\n","protected":false},"author":165,"featured_media":0,"parent":0,"menu_order":0,"comment_status":"closed","ping_status":"closed","template":"","meta":[],"_links":{"self":[{"href":"https:\/\/www.ifbaiano.edu.br\/unidades\/lapa\/wp-json\/wp\/v2\/pages\/27839"}],"collection":[{"href":"https:\/\/www.ifbaiano.edu.br\/unidades\/lapa\/wp-json\/wp\/v2\/pages"}],"about":[{"href":"https:\/\/www.ifbaiano.edu.br\/unidades\/lapa\/wp-json\/wp\/v2\/types\/page"}],"author":[{"embeddable":true,"href":"https:\/\/www.ifbaiano.edu.br\/unidades\/lapa\/wp-json\/wp\/v2\/users\/165"}],"replies":[{"embeddable":true,"href":"https:\/\/www.ifbaiano.edu.br\/unidades\/lapa\/wp-json\/wp\/v2\/comments?post=27839"}],"version-history":[{"count":10,"href":"https:\/\/www.ifbaiano.edu.br\/unidades\/lapa\/wp-json\/wp\/v2\/pages\/27839\/revisions"}],"predecessor-version":[{"id":28102,"href":"https:\/\/www.ifbaiano.edu.br\/unidades\/lapa\/wp-json\/wp\/v2\/pages\/27839\/revisions\/28102"}],"wp:attachment":[{"href":"https:\/\/www.ifbaiano.edu.br\/unidades\/lapa\/wp-json\/wp\/v2\/media?parent=27839"}],"curies":[{"name":"wp","href":"https:\/\/api.w.org\/{rel}","templated":true}]}}