{"id":27882,"date":"2024-04-16T15:46:27","date_gmt":"2024-04-16T18:46:27","guid":{"rendered":"https:\/\/www.ifbaiano.edu.br\/unidades\/lapa\/?page_id=27882"},"modified":"2025-04-08T10:44:55","modified_gmt":"2025-04-08T13:44:55","slug":"noticias","status":"publish","type":"page","link":"https:\/\/www.ifbaiano.edu.br\/unidades\/lapa\/noticias\/","title":{"rendered":"Not\u00edcias"},"content":{"rendered":"\n<table>\n \n <tr>\n <td style=\"width: 30%\">\n  <a href=\"https:\/\/www.ifbaiano.edu.br\/unidades\/lapa\/files\/2025\/04\/9531-Biblioteca-Abril.webp\" target=\"_blank\" rel=\"noopener\">\n    <img decoding=\"async\" src=\"https:\/\/www.ifbaiano.edu.br\/unidades\/lapa\/files\/2025\/04\/9531-Biblioteca-Abril.webp\" alt=\"Imagem\"><\/a><\/td>\n   \n      <td>\n      <p>Abril: O M\u00eas das Bibliotecas e a P\u00e1scoa! \ud83d\udcda\u2728\ud83d\udc30.<br><br>\nAl\u00e9m de ser o m\u00eas da P\u00e1scoa, uma celebra\u00e7\u00e3o que nos fala de renova\u00e7\u00e3o, esperan\u00e7a e novos come\u00e7os, tamb\u00e9m \u00e9 o M\u00eas das Bibliotecas, um momento perfeito para refletirmos sobre o poder dos livros e da leitura em nossas vidas.<br>\nA P\u00e1scoa nos lembra da import\u00e2ncia da transforma\u00e7\u00e3o, da ressurrei\u00e7\u00e3o e da supera\u00e7\u00e3o, algo que tamb\u00e9m pode ser encontrado no mundo dos livros. Cada hist\u00f3ria que lemos tem o poder de nos transformar, de nos levar a novos mundos, fazer-nos ver as coisas sob diferentes perspectivas, assim como a P\u00e1scoa nos convida a renovar nossas cren\u00e7as e sentimentos.<br>\nEm abril, comemoramos duas datas que celebram o universo dos livros e da leitura. No dia 2 de abril, temos o Dia Internacional do Livro Infantil, uma data que, assim como a P\u00e1scoa, faz brilhar a imagina\u00e7\u00e3o e a curiosidade das crian\u00e7as. Hist\u00f3rias como &#8220;O Patinho Feio&#8221; e &#8220;A Pequena Sereia&#8221;, de Hans Christian Andersen, nos mostram como a leitura pode nos ensinar valiosas li\u00e7\u00f5es de vida e transformar nosso entendimento do mundo.<br>\nEste juramento reflete os princ\u00edpios \u00e9ticos e os valores fundamentais que guiam a atua\u00e7\u00e3o profissional dessa \u00e1rea. Ele estabelece um compromisso com a preserva\u00e7\u00e3o da liberdade de investiga\u00e7\u00e3o cient\u00edfica, a busca pelo conhecimento e a promo\u00e7\u00e3o da dignidade humana, assegurando que o bibliotec\u00e1rio atue com responsabilidade, imparcialidade e respeito aos direitos dos indiv\u00edduos.<br>\nE no Dia Mundial do Livro e do Direito do Autor, celebrado no dia 23 de abril, tamb\u00e9m celebramos a import\u00e2ncia dos livros e a contribui\u00e7\u00e3o dos escritores que, como &#8220;coelhos da P\u00e1scoa&#8221;, nos levam a descobrir novas aventuras, ideias e reflex\u00f5es. Eles nos ajudam a abrir nossos cora\u00e7\u00f5es e mentes para o conhecimento, assim como a P\u00e1scoa nos convida a renovar nossas esperan\u00e7as e cren\u00e7as em algo maior.<br>\nAs bibliotecas, assim como os ovos de P\u00e1scoa escondidos, s\u00e3o verdadeiros tesouros de conhecimento, esperando para serem descobertos. Em seus corredores, podemos encontrar livros que nos transportam para universos de fic\u00e7\u00e3o, ci\u00eancia, hist\u00f3ria e muito mais, nos ajudando a crescer e a transformar nossa vis\u00e3o de mundo.<br>\nQue tal aproveitar o m\u00eas de abril para visitar a nossa biblioteca, mergulhar em um bom livro e, quem sabe, vivenciar uma jornada de renova\u00e7\u00e3o e descoberta, como a P\u00e1scoa nos ensina? A leitura \u00e9 uma aventura sem fim, assim como a busca pelos ovos de P\u00e1scoa! \ud83d\udcd6\ud83d\udc23\ud83d\ude80.<br>\nBoa leitura e uma P\u00e1scoa cheia de novas descobertas! \ud83d\ude0a<br><\/p>\n\n <\/td>\n  <\/tr>\n\n\n\n\n\n\n\n <tr>\n <td style=\"width: 30%\">\n  <a href=\"https:\/\/www.ifbaiano.edu.br\/unidades\/lapa\/files\/2025\/03\/6633-Dia-do-Bibliotecario.webp\" target=\"_blank\" rel=\"noopener\">\n    <img decoding=\"async\" src=\"https:\/\/www.ifbaiano.edu.br\/unidades\/lapa\/files\/2025\/03\/6633-Dia-do-Bibliotecario.webp\" alt=\"Imagem\"><\/a><\/td>\n   \n      <td>\n      <p>No dia 12 de mar\u00e7o, a Biblioteca do IF Baiano \u2013 Campus Bom Jesus da Lapa realizou uma atividade especial em comemora\u00e7\u00e3o ao Dia do Bibliotec\u00e1rio. A a\u00e7\u00e3o consistiu na distribui\u00e7\u00e3o de revistas de passatempo COQUETEL, incluindo ca\u00e7a palavras, c\u00f3digos secretos e jogos dos erros, com o tema &#8220;Bibliotec\u00e1rio \u2013 O profissional de ontem, hoje e amanh\u00e3&#8221;.<br>\nO momento contou com a participa\u00e7\u00e3o de alunos do Curso Superior de Tecnologia em Gest\u00e3o da Tecnologia da Informa\u00e7\u00e3o noturno, servidores e colaboradores, e teve como objetivo destacar a import\u00e2ncia e valoriza\u00e7\u00e3o do profissional bibliotec\u00e1rio.<br>\nO juramento do bibliotec\u00e1rio \u00e9: &#8220;Prometo tudo fazer para preservar o cunho liberal e humanista da profiss\u00e3o de Bibliotec\u00e1rio, fundamentado na liberdade de investiga\u00e7\u00e3o cient\u00edfica e na dignidade da pessoa humana.&#8221; Este juramento foi aprovado pela Resolu\u00e7\u00e3o n\u00ba 006, de 13 de julho de 1966, e publicado no Di\u00e1rio Oficial da Uni\u00e3o de 17\/08\/1966 \u2013 Se\u00e7\u00e3o I \u2013 p. 2361.<br>\nEste juramento reflete os princ\u00edpios \u00e9ticos e os valores fundamentais que guiam a atua\u00e7\u00e3o profissional dessa \u00e1rea. Ele estabelece um compromisso com a preserva\u00e7\u00e3o da liberdade de investiga\u00e7\u00e3o cient\u00edfica, a busca pelo conhecimento e a promo\u00e7\u00e3o da dignidade humana, assegurando que o bibliotec\u00e1rio atue com responsabilidade, imparcialidade e respeito aos direitos dos indiv\u00edduos.<br>\nEsses valores s\u00e3o essenciais para a atua\u00e7\u00e3o do bibliotec\u00e1rio, pois sua fun\u00e7\u00e3o vai al\u00e9m de organizar e disponibilizar informa\u00e7\u00f5es. Ele tamb\u00e9m deve garantir que a informa\u00e7\u00e3o seja acess\u00edvel a todos de maneira equitativa e justa, respeitando os direitos de privacidade e a liberdade de express\u00e3o. O juramento refor\u00e7a a import\u00e2ncia do papel deste profissional como guardi\u00e3o do conhecimento, defensor da \u00e9tica no tratamento da informa\u00e7\u00e3o e promotor de uma sociedade mais justa e inclusiva.<br><br>\n\n\nParab\u00e9ns a todos os bibliotec\u00e1rios e bibliotec\u00e1rias.<br><br>\n\n\nOrganiza\u00e7\u00e3o: Catarina Assis \u2013 Bibliotec\u00e1ria \u2013 CRB 5\/2011.<br>\nSuporte e colabora\u00e7\u00e3o: Isaac Silva, Jo\u00e3o Bastos e Ludgero Neto.<\/p>\n <\/td>\n  <\/tr>\n\n\n\n\n <tr>\n <td style=\"width: 30%\">\n  <a href=\"https:\/\/www.ifbaiano.edu.br\/unidades\/lapa\/files\/2025\/03\/0157-Mural.webp\" target=\"_blank\" rel=\"noopener\">\n    <img decoding=\"async\" src=\"https:\/\/www.ifbaiano.edu.br\/unidades\/lapa\/files\/2025\/03\/0157-Mural.webp\" alt=\"Imagem\"><\/a><\/td>\n   \n      <td>\n      <p>Prezados(as),<br>\nPara a solicita\u00e7\u00e3o de elabora\u00e7\u00e3o da ficha catalogr\u00e1fica, solicitamos que o Trabalho de Conclus\u00e3o de Curso (TCC) seja enviado em<b> formato PDF<\/b> para o e-mail da biblioteca: <b>biblioteca@lapa.ifbaiano.edu.br<\/b>.<br>\nA ficha ser\u00e1 elaborada, lembrando que o prazo para entrega das fichas prontas \u00e9 de at\u00e9 10 dias \u00fateis, obedecendo \u00e0 ordem de chegada dos pedidos via e-mail.<br>\nAl\u00e9m disso, para os alunos que desejarem realizar o dep\u00f3sito do TCC, ser\u00e1 necess\u00e1rio entregar a seguinte documenta\u00e7\u00e3o:<br>\n<b>1.<\/b> Trabalho de Conclus\u00e3o de Curso na vers\u00e3o final em formato PDF;<br>\n\n<b>2.<\/b> Autoriza\u00e7\u00e3o de Divulga\u00e7\u00e3o do Trabalho de Conclus\u00e3o de Curso;<br>\n\n<b>3.<\/b> Termo de Dep\u00f3sito Definitivo do Trabalho de Conclus\u00e3o de Curso (TCC).<br>\nOs documentos <b>2 e 3<\/b> est\u00e3o dispon\u00edveis no final da p\u00e1gina da biblioteca do IF Baiano, <b>na se\u00e7\u00e3o &#8220;Documentos&#8221;.<\/b><br>\n\nO link de acesso \u00e9: <a href=\"https:\/\/www.ifbaiano.edu.br\/unidades\/lapa\/biblio-sobre\/\">https:\/\/www.ifbaiano.edu.br\/unidades\/lapa\/biblio-sobre\/.<\/a><\/p>\n <\/td>\n  <\/tr>\n\n\n\n <tr>\n <td style=\"width: 30%\">\n  <a href=\"https:\/\/www.ifbaiano.edu.br\/unidades\/lapa\/files\/2025\/03\/7746-Marcador-de-pagina-minimalista-branco-A4-horizontal.webp\" target=\"_blank\" rel=\"noopener\">\n    <img decoding=\"async\" src=\"https:\/\/www.ifbaiano.edu.br\/unidades\/lapa\/files\/2025\/03\/7746-Marcador-de-pagina-minimalista-branco-A4-horizontal.webp\" alt=\"Imagem\"><\/a><\/td>\n   \n      <td>\n      <p>No dia 07 de mar\u00e7o, a Biblioteca do IF Baiano &#8211; Campus Bom Jesus da Lapa promoveu um evento especial em comemora\u00e7\u00e3o ao Dia Internacional da Mulher, com o tema &#8220;Os Livros Nos Empoderam&#8221;. A atividade contou com a participa\u00e7\u00e3o de alunas, servidoras e colaboradoras, que se reuniram para celebrar a for\u00e7a feminina por meio da literatura. A obra escolhida para o momento foi &#8220;A Bruxa N\u00e3o Vai Para a Fogueira Neste Livro&#8221;, de Amanda Lovelace \u2014 uma obra que prop\u00f5e reflex\u00f5es sobre a mulher e a resist\u00eancia ao longo da hist\u00f3ria. Durante o encontro, as participantes receberam um mimo especial: um separador de p\u00e1ginas personalizado, simbolizando o poder que a leitura e o conhecimento podem oferecer para o empoderamento feminino, al\u00e9m, \u00e9 claro, dos desenhos para pintura, sempre solicitados pelo nosso p\u00fablico. O evento foi uma verdadeira troca de saberes e experi\u00eancias, mostrando que, mais do que nunca, a literatura tem o poder de transformar e fortalecer as mulheres.<\/p>\nOrganiza\u00e7\u00e3o e curadoria: Catarina Assis &#8211; Bibliotec\u00e1ria &#8211; CRB 5\/2011.<br>\nSuporte e colabora\u00e7\u00e3o: Ludgero Neto e Isaac Silva.<br><br>\n <\/td>\n  <\/tr>\n\n\n <td style=\"width: 30%\">\n  <a href=\"https:\/\/www.ifbaiano.edu.br\/unidades\/lapa\/files\/2024\/04\/Biblioteca.png\" target=\"_blank\" rel=\"noopener\">\n    <img decoding=\"async\" src=\"https:\/\/www.ifbaiano.edu.br\/unidades\/lapa\/files\/2024\/04\/Biblioteca.png\" alt=\"Imagem\"><\/a><\/td>\n   \n\n      <td>\n      <p>Informativo aos Alunos &#8211; Acesso ao Nada Consta da Biblioteca<br>\n\nPrezados alunos,<br>\n\nInformamos que para solicitar o Nada Consta da Biblioteca do IF Baiano campus Bom Jesus da Lapa, \u00e9 necess\u00e1rio seguir os passos do link abaixo:<br>\n\n<a href=\"https:\/\/www.ifbaiano.edu.br\/unidades\/lapa\/files\/2024\/08\/ORIENTACOES-PARA-SOLICITACAO-DE-NADA-CONSTA-NA-BIBLIOTECA-.pdf\" target=\"_blank\" rel=\"noopener noreferrer\">Orienta\u00e7\u00f5es para solicita\u00e7\u00e3o de nada consta na Biblioteca <\/a> <br>\n\nConfira se est\u00e1 tudo correto em seu documento e voc\u00ea poder\u00e1 baixar o Nada Consta diretamente pelo portal baixar em PDF ou imprimir no conforto de sua casa.<br>\n\nLembramos que o Nada Consta \u00e9 um documento essencial para a realiza\u00e7\u00e3o de algumas atividades acad\u00eamicas, como matr\u00edcula em novos semestres ou cola\u00e7\u00e3o de grau.<br>\n\nEm caso de d\u00favidas ou dificuldades no processo, entre em contato com a biblioteca atrav\u00e9s do e-mail <b>biblioteca@lapa.ifbaiano.edu.br<\/b> ou pelo telefone  <b>(77) 3481-2521 \/ 3481-4513<\/b>.<br>\n\nAtenciosamente,<br>\nEquipe da Biblioteca IF Baiano campus Bom Jesus da Lapa.<br>\n <\/td>\n  <\/tr>\n\n\n<td style=\"width: 30%\">\n  <a href=\"https:\/\/www.ifbaiano.edu.br\/unidades\/lapa\/files\/2024\/07\/Post-Instagram-Consciencia-Negra-Moderno-Simples-Delicado-Marrom-Bege-Verde-Story.png\" target=\"_blank\" rel=\"noopener\">\n    <img decoding=\"async\" src=\"https:\/\/www.ifbaiano.edu.br\/unidades\/lapa\/files\/2024\/07\/Post-Instagram-Consciencia-Negra-Moderno-Simples-Delicado-Marrom-Bege-Verde-Story.png\" alt=\"Imagem\"><\/a><\/td>\n    \n\n     <td>\n      <p>Convite para a Exposi\u00e7\u00e3o:<br>\n\n\nDo Conto ao Canto: Folclore Brasileiro e o Ativismo da Mulher Negra Latino-Americana e Caribenha.<br>\n\nLocal: Biblioteca IF Baiano Campus Bom Jesus da Lapa.\nData: 25\/07 a 30\/08\/2024.<br>\n\nCuradoria:\n\nCatarina Assis &#8211; Bibliotec\u00e1ria<br>\nFlorencio Cassiano T. Filho &#8211; Estagi\u00e1rio de Biblioteconomia da UFPA.<br>\n\nTemos o prazer de convid\u00e1-lo(a) para a exposi\u00e7\u00e3o &#8220;Do Conto ao Canto: Folclore Brasileiro e o Ativismo da Mulher Negra Latino-Americana e Caribenha&#8221;, que ocorrer\u00e1 na Biblioteca do IF Baiano, Campus Bom Jesus da Lapa, de 25 de julho a 30 de agosto de 2024.<br>\nEste evento celebra a rica heran\u00e7a cultural do folclore brasileiro e destaca o papel fundamental das mulheres negras latino-americanas e caribenhas no ativismo social. A exposi\u00e7\u00e3o \u00e9 fruto de um trabalho coletivo e colaborativo entre os usu\u00e1rios da biblioteca, que contribu\u00edram ativamente para a produ\u00e7\u00e3o do material exposto.\nEsperamos contar com a sua presen\u00e7a para prestigiar e valorizar este importante evento cultural.<\/p>\n      <p><a href=\"https:\/\/www.ifbaiano.edu.br\/unidades\/lapa\/files\/2024\/07\/Post-Instagram-Consciencia-Negra-Moderno-Simples-Delicado-Marrom-Bege-Verde-Story.png\" target=\"_blank\" rel=\"noopener\">Convite<\/a><\/p>\n    <\/td>\n  <\/tr>\n\n\n<td style=\"width: 30%\">\n  <a href=\"https:\/\/www.ifbaiano.edu.br\/unidades\/lapa\/files\/2024\/07\/Dia-Nacional-da-Biblioteca-9-de-abril.png\" target=\"_blank\" rel=\"noopener\">\n    <img decoding=\"async\" src=\"https:\/\/www.ifbaiano.edu.br\/unidades\/lapa\/files\/2024\/07\/Dia-Nacional-da-Biblioteca-9-de-abril.png\" alt=\"Imagem\"><\/a><\/td>\n    \n     <td>\n      <p>Devido ao fim da greve dos servidores categorias Docente e T\u00e9cnicos Administrativo em Educa\u00e7\u00e3o e com retorno das aulas no dia 3 de julho, aqueles que estiverem com livros emprestados dever\u00e3o devolver impreterivelmente at\u00e9 o dia 19 de julho de 2024.\nAt\u00e9 19 de julho todos ser\u00e3o abonados, n\u00e3o haver\u00e1 san\u00e7\u00f5es. <\/p>\n      <p><a href=\"https:\/\/www.ifbaiano.edu.br\/unidades\/lapa\/files\/2024\/07\/Dia-Nacional-da-Biblioteca-9-de-abril.png\" target=\"_blank\" rel=\"noopener\">Aten\u00e7\u00e3o! Biblioteca Informa <\/a><\/p>\n    <\/td>\n  <\/tr>\n\n\n  <td style=\"width: 30%\">\n  <a href=\"https:\/\/www.ifbaiano.edu.br\/unidades\/lapa\/files\/2024\/04\/Biblioteca.png\" target=\"_blank\" rel=\"noopener\">\n    <img decoding=\"async\" src=\"https:\/\/www.ifbaiano.edu.br\/unidades\/lapa\/files\/2024\/04\/Biblioteca.png\" alt=\"Imagem\"><\/a><\/td>\n\n\n      <td>\n      <p> A Biblioteca Virtual Universit\u00e1ria da Pearson \u00e9 um amplo sistema que agrega milhares de t\u00edtulos em diversas \u00e1reas do conhecimento de diversas editoras parceiras e est\u00e1 dispon\u00edvel para desktop, tablets e smartphones. Sua plataforma possui diversas funcionalidades que permitem navega\u00e7\u00e3o \u00e1gil e intuitiva, al\u00e9m de oferecer aos leitores diversos recursos de controle e customiza\u00e7\u00e3o de sua leitura, incluindo acessibilidade, busca avan\u00e7ada, cart\u00f5es de estudo e downloads de obras para estudo off-line. No IFBAIANO, a comunidade acad\u00eamica pode localizar seus e-books a partir da p\u00e1gina de busca do Sistema Pergamum e acess\u00e1-los utilizando o login e senha que usam para realizar empr\u00e9stimos de livros em suas respectivas bibliotecas. Fique por dentro do novo Plano de atualiza\u00e7\u00e3o de acervo BV no link: <\/p>\n      <p><a href=\"https:\/\/www.ifbaiano.edu.br\/unidades\/lapa\/files\/2024\/04\/Plano-de-contingencia-e-Plano-de-atualizacao-da-Biblioteca-Virtual-Person-01.2024.pdf\" target=\"_blank\" rel=\"noopener\">Plano de atualiza\u00e7\u00e3o de acervo BV <\/a><\/p>\n    <\/td>\n  <\/tr>\n\n\n<\/table>\n","protected":false},"excerpt":{"rendered":"<p>Abril: O M\u00eas das Bibliotecas e a P\u00e1scoa! \ud83d\udcda\u2728\ud83d\udc30. Al\u00e9m de ser o m\u00eas da P\u00e1scoa, uma celebra\u00e7\u00e3o que nos fala de renova\u00e7\u00e3o, esperan\u00e7a e novos come\u00e7os, tamb\u00e9m \u00e9 o M\u00eas das Bibliotecas, um momento perfeito para refletirmos sobre o poder dos livros e da leitura em nossas vidas. A P\u00e1scoa nos lembra da import\u00e2ncia [&hellip;]<\/p>\n","protected":false},"author":165,"featured_media":0,"parent":0,"menu_order":0,"comment_status":"closed","ping_status":"closed","template":"","meta":[],"_links":{"self":[{"href":"https:\/\/www.ifbaiano.edu.br\/unidades\/lapa\/wp-json\/wp\/v2\/pages\/27882"}],"collection":[{"href":"https:\/\/www.ifbaiano.edu.br\/unidades\/lapa\/wp-json\/wp\/v2\/pages"}],"about":[{"href":"https:\/\/www.ifbaiano.edu.br\/unidades\/lapa\/wp-json\/wp\/v2\/types\/page"}],"author":[{"embeddable":true,"href":"https:\/\/www.ifbaiano.edu.br\/unidades\/lapa\/wp-json\/wp\/v2\/users\/165"}],"replies":[{"embeddable":true,"href":"https:\/\/www.ifbaiano.edu.br\/unidades\/lapa\/wp-json\/wp\/v2\/comments?post=27882"}],"version-history":[{"count":25,"href":"https:\/\/www.ifbaiano.edu.br\/unidades\/lapa\/wp-json\/wp\/v2\/pages\/27882\/revisions"}],"predecessor-version":[{"id":29813,"href":"https:\/\/www.ifbaiano.edu.br\/unidades\/lapa\/wp-json\/wp\/v2\/pages\/27882\/revisions\/29813"}],"wp:attachment":[{"href":"https:\/\/www.ifbaiano.edu.br\/unidades\/lapa\/wp-json\/wp\/v2\/media?parent=27882"}],"curies":[{"name":"wp","href":"https:\/\/api.w.org\/{rel}","templated":true}]}}