{"id":28127,"date":"2024-06-17T09:50:02","date_gmt":"2024-06-17T12:50:02","guid":{"rendered":"https:\/\/www.ifbaiano.edu.br\/unidades\/lapa\/?page_id=28127"},"modified":"2024-07-10T07:50:26","modified_gmt":"2024-07-10T10:50:26","slug":"chamada-publica-interna-01-2024-processo-seletivo-simplificado","status":"publish","type":"page","link":"https:\/\/www.ifbaiano.edu.br\/unidades\/lapa\/chamada-publica-interna-01-2024-processo-seletivo-simplificado\/","title":{"rendered":"Chamada P\u00fablica Interna 1\/2024 \u2013 Sele\u00e7\u00e3o de Coordenador Adjunto Local do Programa Ecosol: Ciranda Formativa Manoel Querino Norte e Nordeste \/ Curso Gest\u00e3o de Empreendimentos Econ\u00f4micos Solid\u00e1rios \u2013 Campus Bom Jesus da Lapa"},"content":{"rendered":"\n<div class=\"wp-block-columns is-layout-flex wp-container-3\">\n<div class=\"wp-block-column is-layout-flow\">\n<h2 id=\"ProreitoriaMeioDireitaTitulo\" style=\"color:#00510f;text-transform:uppercase;border-top: 3px solid #00510F\" class=\"has-inline-color\">\n    Apresenta\u00e7\u00e3o\n<\/h2>\n<\/div>\n\n\n\n<div class=\"wp-block-column is-layout-flow\">\n<h2 id=\"ProreitoriaMeioDireitaTitulo\" style=\"color:#00510f;text-transform:uppercase;border-top: 3px solid #00510F\" class=\"has-inline-color\">\n\tInscri\u00e7\u00f5es\n<\/h2>\n<\/div>\n<\/div>\n\n\n\n<div class=\"wp-block-columns is-layout-flex wp-container-6\">\n<div class=\"wp-block-column is-layout-flow\">\n<p>O DIRETOR-GERAL DO INSTITUTO FEDERAL DE EDUCA\u00c7\u00c3O, CI\u00caNCIA E TECNOLOGIA BAIANO &#8211; CAMPUS BOM JESUS DA LAPA, no uso de suas atribui\u00e7\u00f5es legais conferidas pela Portaria n\u00ba 275, de 18\/03\/2022, publicada no DOU de 21\/03\/2022, Se\u00e7\u00e3o 2, p\u00e1gina 26, e de acordo com as disposi\u00e7\u00f5es contidas na Lei n\u00ba 11.892, de 29\/12\/2008, na Lei n\u00ba 8.112\/1990, no Regimento Geral do IF Baiano e na Portaria Normativa 13\/2022 &#8211; RET-GAB\/RET\/IFBAIANO, de 11 de mar\u00e7o de 2022, e suas altera\u00e7\u00f5es, torna p\u00fablica a presente Chamada Interna contendo as normas e os procedimentos para a sele\u00e7\u00e3o de Coordenador Adjunto Local do curso em Gest\u00e3o de Empreendimentos Econ\u00f4micos Solid\u00e1rios, vinculado ao Programa de Qualifica\u00e7\u00e3o Social e Profissional em Economia Popular e Solid\u00e1ria nos Institutos Federais do Norte e Nordeste ECOSOL: Ciranda Formativa Manoel Querino Norte\/Nordeste, em conformidade com o Edital n\u00ba 02\/2024\/PROEX\/IFBA do Instituto Federal de Educa\u00e7\u00e3o, Ci\u00eancia e Tecnologia da Bahia.<p \/>\n<\/div>\n\n\n\n<div class=\"wp-block-column is-layout-flow\">\n<p><strong><\/strong>26\/06 a 28\/06\/2024<br><br>\n\n\n<p><strong><\/strong><br> \n<br>\n<a href=\"\" target=\"_blank\" rel=\"noopener noreferrer\"><\/a> <\/p>\n\n<p><div class=\"wp-block-file\"><a href=\"https:\/\/forms.gle\/Rb3Gs1PL2zQTR58LA\">ACESSE AQUI O FORMUL\u00c1RIO DE INSCRI\u00c7\u00d4ES<\/a><\/div>\n<\/p>\n<\/div>\n<\/div>\n\n\n\n<div class=\"wp-block-columns is-layout-flex wp-container-9\">\n<div class=\"wp-block-column is-layout-flow\">\n<h2 id=\"ProreitoriaMeioDireitaTitulo\" style=\"color:#00510f;text-transform:uppercase;border-top: 3px solid #00510F\" class=\"has-inline-color\">\n\tEditais e Documentos\n<\/h2>\n<\/div>\n\n\n\n<div class=\"wp-block-column is-layout-flow\">\n<h2 id=\"ProreitoriaMeioDireitaTitulo\" style=\"color:#00510f;text-transform:uppercase;border-top: 3px solid #00510F\" class=\"has-inline-color\">\n\tContato\n<\/h2>\n<\/div>\n<\/div>\n\n\n\n<div class=\"wp-block-columns is-layout-flex wp-container-12\">\n<div class=\"wp-block-column is-layout-flow\">\n<div class=\"wp-block-file\"><a href=\"https:\/\/www.ifbaiano.edu.br\/unidades\/lapa\/files\/2024\/07\/RESULTADO-FINAL-CHAMADA-INTERNA-01_2024.pdf\">RESULTADO FINAL &#8211; CHAMADA INTERNA 01_2024.- Publicado em 10\/07\/24<\/a><\/div>\n\n<div class=\"wp-block-file\"><a href=\"https:\/\/www.ifbaiano.edu.br\/unidades\/lapa\/files\/2024\/07\/HOMOLOGACAO-DAS-INSCRICOES-E-RESULTADO-PRELIMINAR-CHAMADA-INTERNA-01_2024.pdf\">CHAMADA INTERNA 01-2024 &#8211; HOMOLOGA\u00c7\u00c3O DAS INSCRI\u00c7\u00d5ES E RESULTADO PRELIMINAR.- Publicado em 05\/07\/24<\/a><\/div>\n\n\n<div class=\"wp-block-file\"><a href=\"https:\/\/www.ifbaiano.edu.br\/unidades\/lapa\/files\/2024\/06\/Chamada-Interna-1-2024-para-selecao-de-Coordenador-Adjunto-Local-do-curso-em-Gestao-de-Empreendimentos-Economicos-Solidarios.pdf\">CHAMADA INTERNA PARA SELE\u00c7\u00c3O DE COORDENADOR ADJUNTO LOCAL DO CURSO EM GEST\u00c3O DE EMPREENDIMENTOS ECON\u00d4MICOS SOLID\u00c1RIOS.- Publicado em 21\/06\/24<\/a><\/div>\n\n<div class=\"wp-block-file\"><a href=\"https:\/\/www.ifbaiano.edu.br\/unidades\/lapa\/files\/2024\/06\/Edital-no-02_2024_PROEX_IFBA.pdf\">Edital n\u00ba 02\/2024\/PROEX\/IFBA.- Publicado em 17\/06\/24<\/a><\/div>\n<\/div>\n\n\n\n<div class=\"wp-block-column is-layout-flow\">\n<p><strong>extensao@lapa.ifbaiano.edu.br<\/strong><\/p>\n<\/div>\n<\/div>\n","protected":false},"excerpt":{"rendered":"<p>Apresenta\u00e7\u00e3o Inscri\u00e7\u00f5es O DIRETOR-GERAL DO INSTITUTO FEDERAL DE EDUCA\u00c7\u00c3O, CI\u00caNCIA E TECNOLOGIA BAIANO &#8211; CAMPUS BOM JESUS DA LAPA, no uso de suas atribui\u00e7\u00f5es legais conferidas pela Portaria n\u00ba 275, de 18\/03\/2022, publicada no DOU de 21\/03\/2022, Se\u00e7\u00e3o 2, p\u00e1gina 26, e de acordo com as disposi\u00e7\u00f5es contidas na Lei n\u00ba 11.892, de 29\/12\/2008, na [&hellip;]<\/p>\n","protected":false},"author":165,"featured_media":0,"parent":0,"menu_order":0,"comment_status":"closed","ping_status":"closed","template":"","meta":[],"_links":{"self":[{"href":"https:\/\/www.ifbaiano.edu.br\/unidades\/lapa\/wp-json\/wp\/v2\/pages\/28127"}],"collection":[{"href":"https:\/\/www.ifbaiano.edu.br\/unidades\/lapa\/wp-json\/wp\/v2\/pages"}],"about":[{"href":"https:\/\/www.ifbaiano.edu.br\/unidades\/lapa\/wp-json\/wp\/v2\/types\/page"}],"author":[{"embeddable":true,"href":"https:\/\/www.ifbaiano.edu.br\/unidades\/lapa\/wp-json\/wp\/v2\/users\/165"}],"replies":[{"embeddable":true,"href":"https:\/\/www.ifbaiano.edu.br\/unidades\/lapa\/wp-json\/wp\/v2\/comments?post=28127"}],"version-history":[{"count":17,"href":"https:\/\/www.ifbaiano.edu.br\/unidades\/lapa\/wp-json\/wp\/v2\/pages\/28127\/revisions"}],"predecessor-version":[{"id":28200,"href":"https:\/\/www.ifbaiano.edu.br\/unidades\/lapa\/wp-json\/wp\/v2\/pages\/28127\/revisions\/28200"}],"wp:attachment":[{"href":"https:\/\/www.ifbaiano.edu.br\/unidades\/lapa\/wp-json\/wp\/v2\/media?parent=28127"}],"curies":[{"name":"wp","href":"https:\/\/api.w.org\/{rel}","templated":true}]}}