{"id":28683,"date":"2024-09-09T07:40:26","date_gmt":"2024-09-09T10:40:26","guid":{"rendered":"https:\/\/www.ifbaiano.edu.br\/unidades\/lapa\/?page_id=28683"},"modified":"2024-09-18T19:09:36","modified_gmt":"2024-09-18T22:09:36","slug":"edital-no-35","status":"publish","type":"page","link":"https:\/\/www.ifbaiano.edu.br\/unidades\/lapa\/edital-no-35\/","title":{"rendered":"Edital n\u00ba 35\/2024, ADES\u00c3O AO PROGRAMA DE GEST\u00c3O, MODALIDADE TELETRABALHO &#8211; FLUXO CONT\u00cdNUO REGIMES DE EXECU\u00c7\u00c3O PARCIAL E INTEGRAL"},"content":{"rendered":"\n<div class=\"wp-block-columns is-layout-flex wp-container-5\">\n<div class=\"wp-block-column is-layout-flow\">\n<h2 id=\"ProreitoriaMeioDireitaTitulo\" style=\"color:#00510f;text-transform:uppercase;border-top: 3px solid #00510F\" class=\"has-inline-color\">\n    Apresenta\u00e7\u00e3o\n<\/h2>\n<p>O DIRETOR-GERAL DO INSTITUTO FEDERAL DE EDUCA\u00c7\u00c3O, CI\u00caNCIA E TECNOLOGIA BAIANO (IF BAIANO)\n\u2013 CAMPUS BOM JESUS DA LAPA, no uso de suas atribui\u00e7\u00f5es legais conferidas pela Portaria n\u00ba 275, de 18\/03\/2022, publicada no DOU de 21\/03\/2022, Se\u00e7\u00e3o 2, p\u00e1gina 26, e de acordo com as disposi\u00e7\u00f5es contidas na Lei n\u00ba 11.892, de 29\/12\/2008, e tendo em vista a Resolu\u00e7\u00e3o 182\/2022 &#8211; OS-CONSUP\/IF BAIANO, de 1\u00ba de fevereiro de\n2022, que aprova o Programa de Gest\u00e3o do Teletrabalho no \u00e2mbito do IF Baiano; a Resolu\u00e7\u00e3o 225\/2022 &#8211; OSCONSUP\/IFBAIANO, de 3 de agosto de 2022, que aprova a altera\u00e7\u00e3o do Programa de Gest\u00e3o do Teletrabalho; as disposi\u00e7\u00f5es contidas na Portaria 02\/2022\/RET-SCS\/RET-GAB, de 18 de fevereiro de 2022 e Nota T\u00e9cnica SEI 32923\/2021\/ME; Instru\u00e7\u00e3o Normativa Conjunta SEGES-SGPRT \/MGI N\u00ba 24, de 28 de julho de 2023; e Instru\u00e7\u00e3o Normativa Conjunta SEGES-SGP-SRT\/MGI N\u00ba 21, de 16 de julho de 2024; torna p\u00fablico este edital para a ADES\u00c3O DE SERVIDORES AO PROGRAMA DE GEST\u00c3O DO TELETRABALHO \u2013 FLUXO CONT\u00cdNUO &#8211; REGIMES DE EXECU\u00c7\u00c3O PARCIAL E INTEGRAL, para os servidores lotados no Campus Bom Jesus da Lapa.<\/p>\n<\/div>\n\n\n\n<div class=\"wp-block-column is-layout-flow\">\n<h2 id=\"ProreitoriaMeioDireitaTitulo\" style=\"color:#00510f;text-transform:uppercase;border-top: 3px solid #00510F\" class=\"has-inline-color\">\n\tInscri\u00e7\u00f5es\n<\/h2>\n<p>As inscri\u00e7\u00f5es ser\u00e3o realizadas conforme o prazo estabelecido no cronograma deste edital e em chamadas p\u00fablicas que poder\u00e3o ocorrer, exclusivamente por meio do Sistema Unificado de Administra\u00e7\u00e3o P\u00fablica (SUAP).<\/p>\n\n\n\n<div class=\"wp-block-columns is-layout-flex wp-container-3\">\n<div class=\"wp-block-column is-layout-flow\"><\/div>\n<\/div>\n<\/div>\n<\/div>\n\n\n\n<div class=\"wp-block-columns is-layout-flex wp-container-8\">\n<div class=\"wp-block-column is-layout-flow\">\n<h2 id=\"ProreitoriaMeioDireitaTitulo\" style=\"color:#00510f;text-transform:uppercase;border-top: 3px solid #00510F\" class=\"has-inline-color\">\n\tEditais e Documentos\n<\/h2>\n<div class=\"wp-block-file\"><a href=\"https:\/\/www.ifbaiano.edu.br\/unidades\/lapa\/files\/2024\/09\/Portaria-68_2024-de-Homologacao-do-Edital-35-2024-Teletrabalho.pdf\">Portaria 68\/2024 de Homologa\u00e7\u00e3o do Edital 35\/2024 &#8211; Publicado em 18\/09\/24 <\/a><\/div>\n\n\n<div class=\"wp-block-file\"><a href=\"https:\/\/www.ifbaiano.edu.br\/unidades\/lapa\/files\/2024\/09\/Edital-35-2024-Adesao-de-servidores-ao-Programa-de-Gestao-modalidade-Teletrabalho-\u2013-Fluxo-Continuo-Regimes-de-execucao-parcial-e-integral.pdf\">Edital n\u00ba 35 ADES\u00c3O AO PROGRAMA DE GEST\u00c3O, MODALIDADE TELETRABALHO \u2013 FLUXO CONT\u00cdNUO (REGIMES DE EXECU\u00c7\u00c3O PARCIAL E INTEGRAL) &#8211; Publicado em 09\/09\/24 <\/a><\/div>\n<\/div>\n\n\n\n<div class=\"wp-block-column is-layout-flow\">\n<h2 id=\"ProreitoriaMeioDireitaTitulo\" style=\"color:#00510f;text-transform:uppercase;border-top: 3px solid #00510F\" class=\"has-inline-color\">\n\tContato\n<\/h2>\n<p><b>gtteletrabalho@lapa.ifbaiano.edu.br<\/b><\/p>\n<\/div>\n<\/div>\n","protected":false},"excerpt":{"rendered":"<p>Apresenta\u00e7\u00e3o O DIRETOR-GERAL DO INSTITUTO FEDERAL DE EDUCA\u00c7\u00c3O, CI\u00caNCIA E TECNOLOGIA BAIANO (IF BAIANO) \u2013 CAMPUS BOM JESUS DA LAPA, no uso de suas atribui\u00e7\u00f5es legais conferidas pela Portaria n\u00ba 275, de 18\/03\/2022, publicada no DOU de 21\/03\/2022, Se\u00e7\u00e3o 2, p\u00e1gina 26, e de acordo com as disposi\u00e7\u00f5es contidas na Lei n\u00ba 11.892, de 29\/12\/2008, [&hellip;]<\/p>\n","protected":false},"author":165,"featured_media":0,"parent":0,"menu_order":0,"comment_status":"closed","ping_status":"closed","template":"","meta":[],"_links":{"self":[{"href":"https:\/\/www.ifbaiano.edu.br\/unidades\/lapa\/wp-json\/wp\/v2\/pages\/28683"}],"collection":[{"href":"https:\/\/www.ifbaiano.edu.br\/unidades\/lapa\/wp-json\/wp\/v2\/pages"}],"about":[{"href":"https:\/\/www.ifbaiano.edu.br\/unidades\/lapa\/wp-json\/wp\/v2\/types\/page"}],"author":[{"embeddable":true,"href":"https:\/\/www.ifbaiano.edu.br\/unidades\/lapa\/wp-json\/wp\/v2\/users\/165"}],"replies":[{"embeddable":true,"href":"https:\/\/www.ifbaiano.edu.br\/unidades\/lapa\/wp-json\/wp\/v2\/comments?post=28683"}],"version-history":[{"count":8,"href":"https:\/\/www.ifbaiano.edu.br\/unidades\/lapa\/wp-json\/wp\/v2\/pages\/28683\/revisions"}],"predecessor-version":[{"id":28883,"href":"https:\/\/www.ifbaiano.edu.br\/unidades\/lapa\/wp-json\/wp\/v2\/pages\/28683\/revisions\/28883"}],"wp:attachment":[{"href":"https:\/\/www.ifbaiano.edu.br\/unidades\/lapa\/wp-json\/wp\/v2\/media?parent=28683"}],"curies":[{"name":"wp","href":"https:\/\/api.w.org\/{rel}","templated":true}]}}