{"id":28926,"date":"2024-09-21T06:15:15","date_gmt":"2024-09-21T09:15:15","guid":{"rendered":"https:\/\/www.ifbaiano.edu.br\/unidades\/lapa\/?page_id=28926"},"modified":"2025-05-05T14:48:59","modified_gmt":"2025-05-05T17:48:59","slug":"edital-no","status":"publish","type":"page","link":"https:\/\/www.ifbaiano.edu.br\/unidades\/lapa\/edital-no\/","title":{"rendered":"EDITAL N\u00ba 38\/2024 \u2013PROCESSO SELETIVO PARA INGRESSO DE ESTUDANTES NOS CURSOS DA EDUCA\u00c7\u00c3O PROFISSIONAL T\u00c9CNICA DE N\u00cdVEL M\u00c9DIO, NA FORMA INTEGRADA AO ENSINO M\u00c9DIO &#8211; MODALIDADE PRESENCIAL ANO LETIVO 2025"},"content":{"rendered":"\n<div class=\"wp-block-columns is-layout-flex wp-container-3\">\n<div class=\"wp-block-column is-layout-flow\">\n<h2 id=\"ProreitoriaMeioDireitaTitulo\" style=\"color:#00510f;text-transform:uppercase;border-top: 3px solid #00510F\" class=\"has-inline-color\">\n    Apresenta\u00e7\u00e3o\n<\/h2>\n<p>O DIRETOR-GERAL DO INSTITUTO FEDERAL DE EDUCA\u00c7\u00c3O, CI\u00caNCIA E TECNOLOGIA BAIANO (IF BAIANO) CAMPUS Bom Jesus da Lapa, no uso de suas atribui\u00e7\u00f5es delegadas pela Portaria n\u00ba 275, de 18\/03\/2022, publicada no DOU de 21\/03\/2022, Se\u00e7\u00e3o 2, p\u00e1gina 26, e de acordo com as disposi\u00e7\u00f5es contidas na Lei N\u00ba 11.892, de 29 de dezembro de 2008, e na Lei N\u00ba 8.112, de 11 de dezembro de 1990, em conformidade com a Lei N\u00b0 9.394, de 20 de dezembro de 1996, e suas altera\u00e7\u00f5es e, ainda, considerando a Resolu\u00e7\u00e3o do Conselho Pleno do Conselho Nacional de Educa\u00e7\u00e3o (CNE\/CP) N\u00ba 04, de 17 de dezembro de 2018; o Decreto n\u00ba 11.016, de 29 de mar\u00e7o de 2022; a Lei n\u00ba 8.666, de 21 de junho de 1993; o Decreto N\u00ba 3.298, de 20 de dezembro de 1999; a Lei N\u00ba 12.764, de 27 de dezembro de 2012; a Lei N\u00ba 12.711, de 29 de agosto de 2012, e suas regulamenta\u00e7\u00f5es; a Lei N\u00ba 10.741, de 1\u00ba de outubro de 2003; a Lei N\u00ba 13.409, de 28 de dezembro de 2016; o Decreto N\u00ba 7.824, de 11 de outubro de 2012; a Portaria do Minist\u00e9rio da Educa\u00e7\u00e3o (MEC) N\u00ba 18, de 11 de outubro de 2012, e suas altera\u00e7\u00f5es, observando o disposto na Resolu\u00e7\u00e3o N\u00ba 153\/2021 -OS-CONSUP\/IFBAIANO, de 18 de agosto de 2021, na Instru\u00e7\u00e3o Normativa 67\/2023 &#8211; RET-GAB\/RET\/IFBAIANO, de 13 de setembro de 2023, na Portaria Normativa 19\/2023 &#8211; RET-GAB\/RET\/IFBAIANO, de 21 de setembro de 2023 e na legisla\u00e7\u00e3o concernente,  torna p\u00fablica a abertura de inscri\u00e7\u00f5es para o Processo de ingresso de estudantes de 2025, dos cursos da Educa\u00e7\u00e3o Profissional T\u00e9cnica de N\u00edvel M\u00e9dio (EPTNM), na FORMA INTEGRADA ao ensino m\u00e9dio &#8211; para o Campus Bom Jesus da Lapa, por meio de an\u00e1lise de hist\u00f3rico escolar, conforme o n\u00famero de vagas e os cursos relacionados no Quadro 2 do subitem 2.3 e seguindo as demais condi\u00e7\u00f5es e etapas definidas neste Edital.<\/p>\n<\/div>\n\n\n\n<div class=\"wp-block-column is-layout-flow\">\n<h2 id=\"ProreitoriaMeioDireitaTitulo\" style=\"color:#00510f;text-transform:uppercase;border-top: 3px solid #00510F\" class=\"has-inline-color\">\n\tInscri\u00e7\u00f5es\n<\/h2>\n\n<p> <strong>07\/10\/2024 a 14\/11\/2024<\/strong> \n<br><br><br>\n\n<p><strong>INSCRI\u00c7\u00d5ES<\/strong><br> \n<br>\n<a href=\"https:\/\/opinanovo.ifbaiano.edu.br\/index.php\/137871?lang=pt-BR\" target=\"_blank\" rel=\"noopener noreferrer\">INSCREVA-SE AQUI<\/a> <\/p>\n\n<br>\n<br>\n<br>\n<br>\n<br>\n\n\n\n<h2 id=\"ProreitoriaMeioDireitaTitulo\" style=\"color:#00510f;text-transform:uppercase;border-top: 3px solid #00510F\" class=\"has-inline-color\">\n\tInterposi\u00e7\u00e3o de Recurso\n<\/h2>\n<br><br>\n<p><a href=\"http:\/\/opinanovo.ifbaiano.edu.br\/index.php\/381227?lang=pt-BR\" target=\"_blank\" rel=\"noopener noreferrer\">INTERPOSI\u00c7\u00c3O DE RECURSO AQUI<\/a> <\/p>\n<\/div>\n<\/div>\n\n\n\n<div class=\"wp-block-columns is-layout-flex wp-container-6\">\n<div class=\"wp-block-column is-layout-flow\">\n\n\n<h2 id=\"ProreitoriaMeioDireitaTitulo\" style=\"color:#00510f;text-transform:uppercase;border-top: 3px solid #00510F\" class=\"has-inline-color\">\n    Editais e Documentos\n<\/h2>\n\n<div class=\"wp-block-file\"><a href=\"https:\/\/www.ifbaiano.edu.br\/unidades\/lapa\/files\/2025\/05\/Quinta-Chamada-da-Lista-de-Espera.pdf\">\n    QUINTA CHAMADA DA LISTA DE ESPERA &#8211; Publicado em 05\/05\/2025<\/a><\/div>\n\n<div class=\"wp-block-file\"><a href=\"https:\/\/www.ifbaiano.edu.br\/unidades\/lapa\/files\/2025\/04\/Quarta-chamada-para-matricula.pdf\">\n    QUARTA CHAMADA DA LISTA DE ESPERA &#8211; Publicado em 04\/04\/2025<\/a><\/div>\n\n<div class=\"wp-block-file\"><a href=\"https:\/\/www.ifbaiano.edu.br\/unidades\/lapa\/files\/2025\/04\/Retificacao-da-Terceira-chamada-para-matricula-Edital-no-38-de-2024-de-3-de-outubro-de-2024.pdf\">\n            RETIFICA\u00c7\u00c3O TERCEIRA CHAMADA DA LISTA DE ESPERA &#8211; Publicado em 03\/04\/2025<\/a><\/div>\n\n<div class=\"wp-block-file\"><a href=\"https:\/\/www.ifbaiano.edu.br\/unidades\/lapa\/files\/2025\/04\/Terceira-chamada-para-matricula-Edital-no-382024-de-3-de-outubro-de-2024.pdf\">\n            TERCEIRA CHAMADA DA LISTA DE ESPERA &#8211; Publicado em 02\/04\/2025<\/a><\/div>\n\n<div class=\"wp-block-file\"><a href=\"https:\/\/www.ifbaiano.edu.br\/unidades\/lapa\/files\/2025\/03\/Retificacao_2a_chamada.pdf\">\n            RETIFICA\u00c7\u00c3O SEGUNDA CHAMADA DA LISTA DE ESPERA &#8211; Publicado em 31\/03\/2025<\/a><\/div>\n<div class=\"wp-block-file\"><a href=\"https:\/\/www.ifbaiano.edu.br\/unidades\/lapa\/files\/2025\/03\/chamada_lista_espera.pdf\">\n            SEGUNDA CHAMADA DA LISTA DE ESPERA &#8211; Publicado em 31\/03\/2025<\/a><\/div>\n\n<div class=\"wp-block-file\"><a href=\"https:\/\/www.ifbaiano.edu.br\/unidades\/lapa\/files\/2025\/01\/PRIMEIRA-CHAMADA-DA-LISTA-DE-ESPERA-1.pdf\">\n            PRIMEIRA CHAMADA DA LISTA DE ESPERA &#8211; Publicado em 14\/01\/2025<\/a><\/div>\n\n<div class=\"wp-block-file\"><a href=\"https:\/\/www.ifbaiano.edu.br\/unidades\/lapa\/files\/2024\/12\/Edital-43-2024-Versao-atualizada-com-a-Retificacao-1.pdf\">\n            EDITAL 43\/2024 (Atualizado) &#8211; EDITAL DE MATRICULA PARA ESTUDANTES INGRESSANTES NO ANO LETIVO 2025 NOS\n            CURSOS T\u00c9CNICOS INTEGRADOS AO ENSINO M\u00c9DIO- Publicado em 30\/12\/2024<\/a><\/div>\n\n<div class=\"wp-block-file\"><a href=\"https:\/\/www.ifbaiano.edu.br\/unidades\/lapa\/files\/2024\/12\/Retificacao-1-do-Edital-43-2024.pdf\">\n            RETIFICA\u00c7\u00c3O 1 DO EDITAL 43\/2024 (Atualizado) &#8211; EDITAL DE MATRICULA PARA ESTUDANTES INGRESSANTES NO ANO\n            LETIVO 2025 NOS CURSOS T\u00c9CNICOS INTEGRADOS AO ENSINO M\u00c9DIO- Publicado em 30\/12\/2024<\/a><\/div>\n\n<div class=\"wp-block-file\"><a href=\"https:\/\/www.ifbaiano.edu.br\/unidades\/lapa\/files\/2024\/12\/Edital-43-2024-Edital-de-matricula-para-estudantes-ingressantes-no-ano-letivo-2025-nos-cursos-tecnicos-integrados-ao-ensino-medio.pdf\">\n            EDITAL 43\/2024 &#8211; EDITAL DE MATRICULA PARA ESTUDANTES INGRESSANTES NO ANO LETIVO 2025 NOS CURSOS T\u00c9CNICOS\n            INTEGRADOS AO ENSINO M\u00c9DIO- Publicado em 20\/12\/2024<\/a><\/div>\n\n<div class=\"wp-block-file\"><a href=\"https:\/\/www.ifbaiano.edu.br\/unidades\/lapa\/files\/2024\/12\/RESULTADO-FINAL-DO-PROCESSO-SELETIVO-CURSOS-TECNICOS-INTEGRADOS-AO-ENSINO-MEDIO-EM-AGRICULTURA-AGROECOLOGIA-E-INFORMATICA_assinado.pdf\">\n            RESULTADO FINAL DO PROCESSO SELETIVO CURSOS TECNICOS INTEGRADOS AO ENSINO MEDIO EM AGRICULTURA\n            AGROECOLOGIA E INFORMATICA- Publicado em 18\/12\/2024<\/a><\/div>\n\n<div class=\"wp-block-file\"><a href=\"https:\/\/www.ifbaiano.edu.br\/unidades\/lapa\/files\/2024\/12\/RESULTADO-FINAL-POS-RECURSO-DO-PROCEDIMENTO-DE-HETEROIDENTIFICACAO-ETINICO-RACIAL.pdf\">\n            RESULTADO FINAL POS RECURSO DO PROCEDIMENTO DE HETEROIDENTIFICACAO ETINICO RACIAL &#8211; Publicado em\n            16\/12\/2024<\/a><\/div>\n\n<div class=\"wp-block-file\"><a href=\"https:\/\/www.ifbaiano.edu.br\/unidades\/lapa\/files\/2024\/12\/RESULTADO-DOS-RECURSOS-AO-RESULTADO-PRELIMINAR-DO-PROCEDIMENTO-DE-HETEROIDENTIFICACAO-ETNICO-RACIAL.pdf\">\n            RESULTADO DOS RECURSOS AO RESULTADO PRELIMINAR DO PROCEDIMENTO DE HETEROIDENTIFICACAO ETNICO-RACIAL &#8211;\n            Publicado em 16\/12\/2024<\/a><\/div>\n\n<div class=\"wp-block-file\"><a href=\"https:\/\/www.ifbaiano.edu.br\/unidades\/lapa\/files\/2024\/12\/Publicizacao_dos_Examinadores_do_Procedimento_de_Heteroidentificacao_-_Ensino_Medio_Integrado_2025__assinado.pdf\">\n            PUBLICIZACAO DOS EXAMINADORES DO PROCEDIMENTO DE HETEROIDENTIFICACAO &#8211; ENSINO MEDIO INTEGRADO 2025 &#8211;\n            Publicado em 16\/12\/2024<\/a><\/div>\n\n<div class=\"wp-block-file\"><a href=\"https:\/\/www.ifbaiano.edu.br\/unidades\/lapa\/files\/2024\/12\/RESULTADO-PRELIMINAR-DO-PROCEDIMENTO-DE-HETEROIDENTIFICACAO-CURSOS-TECNICOS-INTEGRADO-AO-ENSINO-MEDIO-EM-AGRICULTURA-AGROECOLOGIA-E-INFORMATICA_assinado.pdf\">\n            RESULTADO PRELIMINAR DO PROCEDIMENTO DE HETEROIDENTIFICACAO CURSOS TECNICOS INTEGRADO AO ENSINO MEDIO EM\n            AGRICULTURA AGROECOLOGIA E INFORMATICA &#8211; Publicado em 11\/12\/2024<\/a><\/div>\n\n<div class=\"wp-block-file\"><a href=\"https:\/\/www.ifbaiano.edu.br\/unidades\/lapa\/files\/2024\/12\/LISTA-DE-CONVOCACAO-DOSAS-CANDIDATOSAS-PARA-PROCEDIMENTO-DE-HETEROIDENTIFICACAO-E-VERIFICACAO-DOCUMENTAL-2.pdf\">\n            LISTA DE CONVOCACAO DOS(AS) CANDIDATOS (AS) PARA PROCEDIMENTO DE HETEROIDENTIFICACAO E VERIFICACAO\n            DOCUMENTAL &#8211; Publicado em 03\/12\/2024<\/a><\/div>\n\n<div class=\"wp-block-file\"><a href=\"https:\/\/www.ifbaiano.edu.br\/unidades\/lapa\/files\/2024\/11\/RESULTADO-PRELIMINAR-DA-ANALISE-DO-HISTORICO-ESCOLAR-CURSOS-TECNICOS-INTEGRADO-AO-ENSINO-MEDIO-EM-AGRICULTURA-AGROECOLOGIA-E-INFORMATICA.pdf\">\n            RESULTADO PRELIMINAR DA ANALISE DO HISTORICO ESCOLAR CURSOS TECNICOS INTEGRADO AO ENSINO MEDIO EM\n            AGRICULTURA AGROECOLOGIA E INFORMATICA &#8211; Publicado em 27\/11\/2024<\/a><\/div>\n\n<div class=\"wp-block-file\"><a href=\"https:\/\/www.ifbaiano.edu.br\/unidades\/lapa\/files\/2024\/11\/LISTA-FINAL-DAS-INSCRICOES-HOMOLOGADAS-CURSOS-TECNICOS-INTEGRADO-AO-ENSINO-MEDIO-EM-AGRICULTURA-AGROECOLOGIA-E-INFORMATICA-assinado.pdf\">\n            LISTA FINAL DAS INSCRICOES HOMOLOGADAS NOS CURSOS TECNICOS INTEGRADO AO ENSINO MEDIO EM AGRICULTURA,\n            AGROECOLOGIA E INFORMATICA &#8211; Publicado em 26\/11\/2024<\/a><\/div>\n\n<div class=\"wp-block-file\"><a href=\"https:\/\/www.ifbaiano.edu.br\/unidades\/lapa\/files\/2024\/11\/RETIFICACAO-DO-RESULTADO-DOS-RECURSOS-A-LISTA-PRELIMINAR-DE-INSCRICOES-HOMOLOGADAS-assinado.pdf\">\n            RETIFICA\u00c7\u00c3O DO RESULTADO DOS RECURSOS A LISTA PRELIMINAR DE INSCRI\u00c7\u00d5ES HOMOLOGADAS &#8211; Publicado em\n            26\/11\/2024<\/a><\/div>\n\n<div class=\"wp-block-file\"><a href=\"https:\/\/www.ifbaiano.edu.br\/unidades\/lapa\/files\/2024\/11\/RESULTADOS-DOS-RECURSOS-A-LISTA-PRELIMINAR-DE-HOMOLOGACAO-DAS-INSCRICOES_assinado.pdf\">\n            RESULTADOS DOS RECURSOS A LISTA PRELIMINAR DE HOMOLOGA\u00c7\u00c3O DAS INSCRI\u00c7\u00d5ES &#8211; Publicado em 25\/11\/2024<\/a>\n<\/div>\n\n<div class=\"wp-block-file\"><a href=\"https:\/\/www.ifbaiano.edu.br\/unidades\/lapa\/files\/2024\/11\/LISTA-PRELIMINAR-DE-INSCRICOES-HOMOLOGADAS-CURSOS-TECNICOS-INTEGRADO-AO-ENSINO-MEDIO-EM-AGRICULTURA-AGROECOLOGIA-E-INFORMATICA.pdf\">\n            LISTA PRELIMINAR DE INSCRI\u00c7\u00d5ES HOMOLOGADAS &#8211; CURSOS T\u00c9CNICOS INTEGRADO AO ENSINO M\u00c9DIO EM AGRICULTURA,\n            AGROECOLOGIA E INFORM\u00c1TICA &#8211; Publicado em 21\/11\/2024<\/a><\/div>\n\n<div class=\"wp-block-file\"><a href=\"https:\/\/www.ifbaiano.edu.br\/unidades\/lapa\/files\/2024\/10\/Edital-de-retificacao-n_39_2024.-Retifica-o-Edital-n_38_2024.pdf\">Edital\n            de Retifica\u00e7\u00e3o n\u00ba 39\/2024, Retifica o edital n\u00ba 38\/2024 &#8211; Publicado em 15\/10\/2024<\/a><\/div>\n\n<div class=\"wp-block-file\"><a href=\"https:\/\/www.ifbaiano.edu.br\/unidades\/lapa\/files\/2024\/10\/ANEXOS-PARA-AS-VAGAS-LB_PPI-LB_EP-e-LB_PCD.pdf\">\n            ANEXOS PARA AS VAGAS (LB_PPI, LB_EP e LB_PCD) &#8211; Publicado em 03\/10\/2024<\/a><\/div>\n\n<div class=\"wp-block-file\"><a href=\"https:\/\/www.ifbaiano.edu.br\/unidades\/lapa\/files\/2024\/10\/ANEXOS-PARA-AS-VAGAS-AC-V-LI_PPI-LI_EP-e-LI_PCD.pdf\">\n            ANEXOS PARA AS VAGAS (AC, V, LI_PPI, LI_EP e LI_PCD) &#8211; Publicado em 03\/10\/2024<\/a><\/div>\n\n\n<div class=\"wp-block-file\"><a href=\"https:\/\/www.ifbaiano.edu.br\/unidades\/lapa\/files\/2024\/10\/ANEXOS-PARA-A-VAGA-LI_Q.pdf\"> ANEXOS PARA\n            A VAGA (LI_Q) &#8211; Publicado em 03\/10\/2024<\/a><\/div>\n\n<div class=\"wp-block-file\"><a href=\"https:\/\/www.ifbaiano.edu.br\/unidades\/lapa\/files\/2024\/10\/ANEXOS-PARA-A-VAGA-LB_Q.pdf\"> ANEXOS PARA\n            A VAGA (LB_Q) &#8211; Publicado em 03\/10\/2024<\/a><\/div>\n\n<div class=\"wp-block-file\"><a href=\"https:\/\/www.ifbaiano.edu.br\/unidades\/lapa\/files\/2024\/10\/ANEXO-IV-FORMULARIO-PARA-RECURSO.pdf\">\n            ANEXO IV FORMUL\u00c1RIO PARA RECURSO &#8211; Publicado em 03\/10\/2024<\/a><\/div>\n\n<div class=\"wp-block-file\"><a href=\"https:\/\/www.ifbaiano.edu.br\/unidades\/lapa\/files\/2024\/10\/Edital-38-2024-Processo-Seletivo-para-ingresso-de-estudantes-nos-cursos-da-Educacao-Profissional-Tecnica-de-Nivel-Medio-no-ano-letivo-2025.pdf\">\n            Edital 38-2024 &#8211; Processo Seletivo para ingresso de estudantes nos cursos da Educa\u00e7\u00e3o Profissional\n            T\u00e9cnica de N\u00edvel M\u00e9dio no ano letivo 2025 &#8211; Publicado em 03\/10\/2024<\/a><\/div>\n<\/div>\n\n\n\n<div class=\"wp-block-column is-layout-flow\">\n<h2 id=\"ProreitoriaMeioDireitaTitulo\" style=\"color:#00510f;text-transform:uppercase;border-top: 3px solid #00510F\" class=\"has-inline-color\">\n\tContato\n<\/h2>\n<p><b>prosel.lapa@ifbaiano.edu.br<\/b><\/p>\n\n<p>\n<img decoding=\"async\" loading=\"lazy\" src=\"https:\/\/www.ifbaiano.edu.br\/unidades\/lapa\/files\/2023\/10\/whatsapp.png\" alt=\"Icone WhatsApp\" width=\"30\" height=\"30\" style=\"vertical-align: bottom\">&nbsp;<strong>(77) 92102-9545<\/strong>\n<\/p>\n<\/div>\n<\/div>\n\n\n\n<div class=\"wp-block-gutena-accordion gutena-accordion-block gutena-accordion-block-1eddaf-95\" data-single=\"true\">\n\n<div class=\"wp-block-gutena-accordion-panel gutena-accordion-block__panel\">\n\n<div class=\"wp-block-gutena-accordion-panel-title gutena-accordion-block__panel-title\"><div class=\"gutena-accordion-block__panel-title-inner\">\n\n<figure class=\"wp-block-table is-style-stripes has-medium-font-size\"><table class=\"has-text-color\" style=\"color:#00510f\"><tbody><tr><td class=\"has-text-align-center\" data-align=\"center\"><strong>Quais s\u00e3o as op\u00e7\u00f5es de Cursos Integrados?<\/strong><\/td><\/tr><\/tbody><tfoot><tr><td class=\"has-text-align-center\" data-align=\"center\">Clique aqui para saber mais<\/td><\/tr><\/tfoot><\/table><\/figure>\n\n\n<ul>\n\n<li><strong>T\u00e9cnico em Agricultura \u2013 40 Vagas<\/strong><\/li>\n\n\n<li><strong>T\u00e9cnico em Agroecologia \u2013 40 Vagas<\/strong><\/li>\n\n\n<li><strong>T\u00e9cnico em Inform\u00e1tica \u2013 40 Vagas<\/strong><\/li>\n\n<\/ul>\n\n<div class=\"trigger-up-down\"><div class=\"horizontal\"><\/div><div class=\"vertical\"><\/div><\/div><\/div><\/div>\n\n\n<div class=\"wp-block-gutena-accordion-panel-content gutena-accordion-block__panel-content\"><div class=\"gutena-accordion-block__panel-content-inner\">\n\n<p><strong>T\u00e9cnico em Agricultura<\/strong>&nbsp;\u2013 Trata-se de um curso voltado para atividades ligadas \u00e0 agricultura, em que os profissionais formados podem atuar em empresas de produ\u00e7\u00e3o e consultoria agr\u00edcola; Institui\u00e7\u00f5es de assist\u00eancia t\u00e9cnica, extens\u00e3o rural e pesquisa; com\u00e9rcio de equipamentos e produtos agr\u00edcolas; unidades de produ\u00e7\u00e3o familiar; Cooperativas e associa\u00e7\u00f5es de produ\u00e7\u00e3o agr\u00edcola dentre outros. O curso buscar\u00e1 atender \u00e0s demandas das popula\u00e7\u00f5es rurais \u2013 produtores rurais, povos quilombolas, agricultores familiares, comunidades ribeirinhas, egressos do ensino fundamental de modo geral que tenham interesse em ampliar e qualificar o conhecimento te\u00f3rico-pr\u00e1tico vinculado ao setor de produ\u00e7\u00e3o agr\u00edcola. \u00c9 um curso voltado para o desenvolvimento de atividades ligadas \u00e0 agricultura, em que os profissionais formados podem atuar em empresas de produ\u00e7\u00e3o e consultoria agr\u00edcola; Institui\u00e7\u00f5es de assist\u00eancia\/assessoria t\u00e9cnica, extens\u00e3o rural e pesquisa; Com\u00e9rcio de equipamentos e produtos agr\u00edcolas; Unidades de produ\u00e7\u00e3o familiar; Cooperativas e associa\u00e7\u00f5es de produ\u00e7\u00e3o agr\u00edcola e tamb\u00e9m de forma aut\u00f4noma.<\/p>\n\n\n<p><strong>T\u00e9cnico em Agroecologia<\/strong>&nbsp;\u2013 O Curso T\u00e9cnico em Agroecologia na modalidade educa\u00e7\u00e3o profissional t\u00e9cnica e tecnol\u00f3gica integrada ao ensino m\u00e9dio, tem como finalidade consolidar saberes, preparar os estudantes para o exerc\u00edcio profissional e para o exerc\u00edcio da cidadania, sendo profissional capaz de adaptar-se \u00e0s novas condi\u00e7\u00f5es de ocupa\u00e7\u00f5es e aperfei\u00e7oamentos posteriores, de agir de forma \u00e9tica, aut\u00f4noma e cr\u00edtica, compreendendo os fundamentos cient\u00edficos e tecnol\u00f3gicos dos processos produtivos e relacionar teoria e pr\u00e1tica, ao mesmo tempo em que possa reconhecer-se em seu contexto hist\u00f3rico e cultural, comunicar-se, ser criativo, aberto ao novo, protagonista e respons\u00e1vel. Na especificidade do curso, o profissional dever\u00e1 ser capaz de atuar em sistemas de produ\u00e7\u00e3o agropecu\u00e1ria e extrativista fundamentados em princ\u00edpios agroecol\u00f3gicos; t\u00e9cnicas de sistemas org\u00e2nicos de produ\u00e7\u00e3o com foco no desenvolvimento de a\u00e7\u00f5es integradas, unindo a preserva\u00e7\u00e3o e conserva\u00e7\u00e3o de recursos naturais \u00e0 sustentabilidade social e econ\u00f4mica dos sistemas produtivos.<\/p>\n\n\n<p><strong>T\u00e9cnico em Inform\u00e1tica<\/strong>&nbsp;\u2013 Trata-se de um curso que, para al\u00e9m da forma\u00e7\u00e3o proped\u00eautica, busca formar profissionais em N\u00edvel M\u00e9dio com compet\u00eancias e habilidades para atuar cr\u00edtica e reflexivamente na sociedade, no mundo do trabalho e nas diversas \u00e1reas de inform\u00e1tica, capazes de desenvolver programas computacionais e realizar manuten\u00e7\u00e3o e suporte de computadores e redes, tanto em hardware quanto software, al\u00e9m de favorecer condi\u00e7\u00f5es ao prosseguimento de estudos posteriores.<\/p>\n\n<\/div><\/div>\n\n<\/div>\n\n<\/div>\n\n\n\n<h2 id=\"ProreitoriaMeioDireitaTitulo\" style=\"color:#00510f;text-transform:uppercase;border-top: 3px solid #00510F\" class=\"has-inline-color\">\n    Cronograma das Etapas do Processo Seletivo\n<\/h2>\n\n\n\n<div class=\"wp-block-gutena-accordion gutena-accordion-block gutena-accordion-block-99d481-da\" data-single=\"true\">\n\n<div class=\"wp-block-gutena-accordion-panel gutena-accordion-block__panel\">\n\n<div class=\"wp-block-gutena-accordion-panel-title gutena-accordion-block__panel-title\"><div class=\"gutena-accordion-block__panel-title-inner\">\n\n<h6 class=\"wp-block-heading has-text-align-left\" style=\"margin-top:0px;margin-right:0px;margin-bottom:0px;margin-left:0px\"><strong>Acesse o Cronograma<\/strong><\/h6>\n\n<div class=\"trigger-up-down\"><div class=\"horizontal\"><\/div><div class=\"vertical\"><\/div><\/div><\/div><\/div>\n\n\n<div class=\"wp-block-gutena-accordion-panel-content gutena-accordion-block__panel-content\"><div class=\"gutena-accordion-block__panel-content-inner\">\n\n<p style=\"margin-top:0;margin-bottom:0\"><\/p>\n\n\n<figure class=\"wp-block-table is-style-regular\"><table><tbody><tr><td class=\"has-text-align-center\" data-align=\"center\"><strong>Etapas<\/strong><\/td><td class=\"has-text-align-center\" data-align=\"center\"><strong>Per\u00edodos<\/strong><\/td><td><strong>Endere\u00e7o<\/strong><\/td><\/tr><tr><td class=\"has-text-align-center\" data-align=\"center\"><br>Publica\u00e7\u00e3o do Edital<\/td><td class=\"has-text-align-center\" data-align=\"center\"><br>03\/10\/2024<\/td><td><br><a href=\"https:\/\/www.ifbaiano.edu.br\/unidades\/lapa\/edital-no\/\">https:\/\/www.ifbaiano.edu.br\/unidades\/lapa\/edita&nbsp;l-no\/<\/a><\/td><\/tr><tr><td class=\"has-text-align-center\" data-align=\"center\"><br>Impugna\u00e7\u00e3o do Edital<\/td><td class=\"has-text-align-center\" data-align=\"center\"><br>04\/10\/2024<\/td><td><br><a href=\"mailto:prosel@lapa.ifbaiano.edu.br\">prosel@lapa.ifbaiano.edu.br<\/a><\/td><\/tr><tr><td class=\"has-text-align-center\" data-align=\"center\"><br><br>Per\u00edodo de inscri\u00e7\u00e3o<br><strong>NO SITE<\/strong><\/td><td class=\"has-text-align-center\" data-align=\"center\"><br>07\/10\/2024 a<br>14\/11\/2024<\/td><td><br><a href=\"https:\/\/www.ifbaiano.edu.br\/unidades\/lapa\/edital-no\/\">https:\/\/www.ifbaiano.edu.br\/unidades\/lapa\/edita&nbsp;l-no\/<br><\/a><strong>(Formul\u00e1rio para as inscri\u00e7\u00f5es estar\u00e1 dispon\u00edvel a partir das 12h00 do dia 07\/10)<\/strong><\/td><\/tr><tr><td class=\"has-text-align-center\" data-align=\"center\"><br>Realiza\u00e7\u00e3o de inscri\u00e7\u00e3o no ponto de apoio do&nbsp;<em>Campus&nbsp;<\/em><strong>INSCRI\u00c7\u00c3O PRESENCIAL<\/strong><\/td><td class=\"has-text-align-center\" data-align=\"center\"><br>07\/10\/2024 a<br>14\/11\/2024<\/td><td><br>IF Baiano Campus Bom Jesus da Lapa BR 349, Zona Rural, Bom Jesus da Lapa \u2013 Bahia<br><strong>Segunda-feira a sexta-feira (8h \u00e0s 12h e 14h \u00e0s 16h);<\/strong><\/td><\/tr><tr><td class=\"has-text-align-center\" data-align=\"center\"><br>Realiza\u00e7\u00e3o de inscri\u00e7\u00e3o no ponto de apoio<br>Secretaria Municipal de Educa\u00e7\u00e3o de Bom Jesus da Lapa<\/td><td class=\"has-text-align-center\" data-align=\"center\"><br>07\/10\/2024 a<br>14\/11\/2024<\/td><td><br>Secretaria Municipal de Educa\u00e7\u00e3o de Bom Jesus da Lapa<br>Rua Manoel Gomes de Souza, 52 &#8211; Bom Jesus da Lapa, BA, 47600-000<br><strong>Apenas nas quartas-feiras e quintas-feiras (8h \u00e0s 12h e 14h \u00e0s 16h);<\/strong><\/td><\/tr><tr><td class=\"has-text-align-center\" data-align=\"center\"><br>Realiza\u00e7\u00e3o de inscri\u00e7\u00e3o no ponto de apoio<br>Serra do Ramalho<\/td><td class=\"has-text-align-center\" data-align=\"center\"><br>07\/10\/2024 a<br>14\/11\/2024<\/td><td><br><s>Biblioteca Municipal Professora Arc\u00e9lia Barros dos Santos, pra\u00e7a da Amizade, S\/N, centro Serra do Ramalho<\/s>. <mark class=\"has-inline-color has-vivid-red-color\"><strong>SECRETARIA MUNICIPAL DE EDUCA\u00c7\u00c3O, R. T-10, 2-164, SERRA DO RAMALHO &#8211; BA<\/strong><\/mark> <br><strong>Apenas nas segundas-feiras (8h \u00e0s 12h e 14h \u00e0s 16h), a partir do dia 14\/10.<\/strong><\/td><\/tr><tr><td class=\"has-text-align-center\" data-align=\"center\"><br><br>Publica\u00e7\u00e3o da lista preliminar de inscri\u00e7\u00f5es homologadas<\/td><td class=\"has-text-align-center\" data-align=\"center\"><br>21\/11\/2024<\/td><td><a href=\"https:\/\/www.ifbaiano.edu.br\/unidades\/lapa\/edital-no\/\">https:\/\/www.ifbaiano.edu.br\/unidades\/lapa\/edita&nbsp;l-no\/<\/a><\/td><\/tr><tr><td class=\"has-text-align-center\" data-align=\"center\"><br><br>Interposi\u00e7\u00e3o de recursos referentes \u00e0 lista preliminar de inscri\u00e7\u00f5es homologadas<\/td><td class=\"has-text-align-center\" data-align=\"center\"><br>21\/11\/2024 a<br>22\/11\/202<\/td><td><br><a href=\"https:\/\/www.ifbaiano.edu.br\/unidades\/lapa\/edital-no\/\">https:\/\/www.ifbaiano.edu.br\/unidades\/lapa\/edita&nbsp;l-no\/<\/a><\/td><\/tr><tr><td class=\"has-text-align-center\" data-align=\"center\"><br>Resultado dos recursos e homologa\u00e7\u00e3o das inscri\u00e7\u00f5es<\/td><td class=\"has-text-align-center\" data-align=\"center\"><br>25\/11\/2024<\/td><td><br><a href=\"https:\/\/www.ifbaiano.edu.br\/unidades\/lapa\/edital-no\/\">https:\/\/www.ifbaiano.edu.br\/unidades\/lapa\/edita&nbsp;l-no\/<\/a><\/td><\/tr><tr><td class=\"has-text-align-center\" data-align=\"center\"><br>Divulga\u00e7\u00e3o do resultado preliminar da an\u00e1lise do hist\u00f3rico escolar<\/td><td class=\"has-text-align-center\" data-align=\"center\"><br>27\/11\/2024<\/td><td><br><a href=\"https:\/\/www.ifbaiano.edu.br\/unidades\/lapa\/edital-no\/\">https:\/\/www.ifbaiano.edu.br\/unidades\/lapa\/edita&nbsp;l-no\/<\/a><\/td><\/tr><tr><td class=\"has-text-align-center\" data-align=\"center\"><br>Interposi\u00e7\u00e3o de recursos contra o resultado preliminar da an\u00e1lise de hist\u00f3rico escolar<\/td><td class=\"has-text-align-center\" data-align=\"center\"><br>28\/11\/2024 a<br>29\/11\/2024<\/td><td><br><a href=\"https:\/\/www.ifbaiano.edu.br\/unidades\/lapa\/edital-no\/\">https:\/\/www.ifbaiano.edu.br\/unidades\/lapa\/edita&nbsp;l-no\/<\/a><\/td><\/tr><tr><td class=\"has-text-align-center\" data-align=\"center\"><br>Resultado dos recursos contra a an\u00e1lise de hist\u00f3rico escolar<\/td><td class=\"has-text-align-center\" data-align=\"center\"><br>02\/12\/2024<\/td><td><br><a href=\"https:\/\/www.ifbaiano.edu.br\/unidades\/lapa\/edital-no\/\">https:\/\/www.ifbaiano.edu.br\/unidades\/lapa\/edita&nbsp;l-no\/<\/a><\/td><\/tr><tr><td class=\"has-text-align-center\" data-align=\"center\"><br>Convoca\u00e7\u00e3o dos(as) candidatos(as) para a banca de heteroidentifica\u00e7\u00e3o \u00e9tnico-racial<\/td><td class=\"has-text-align-center\" data-align=\"center\"><br>02\/12\/2024<\/td><td><br><a href=\"https:\/\/www.ifbaiano.edu.br\/unidades\/lapa\/edital-no\/\">https:\/\/www.ifbaiano.edu.br\/unidades\/lapa\/edita&nbsp;l-no\/<\/a><\/td><\/tr><tr><td class=\"has-text-align-center\" data-align=\"center\"><br><br>Realiza\u00e7\u00e3o da banca de heteroidentifica\u00e7\u00e3o \u00e9tnico-racial<\/td><td class=\"has-text-align-center\" data-align=\"center\"><br>  05\/12 <br> a<br>10\/12\/2024<\/td><td><br><br>IF Baiano Campus Bom Jesus da Lapa BR 349, Zona Rural, Bom Jesus da Lapa \u2013<br>Bahia<\/td><\/tr><tr><td class=\"has-text-align-center\" data-align=\"center\"><br>Resultado preliminar da banca de heteroidentifica\u00e7\u00e3o \u00e9tnico- racial<\/td><td class=\"has-text-align-center\" data-align=\"center\"><br>11\/12\/2024<\/td><td><br><a href=\"https:\/\/www.ifbaiano.edu.br\/unidades\/lapa\/edital-no\/\">https:\/\/www.ifbaiano.edu.br\/unidades\/lapa\/edita&nbsp;l-no\/<\/a><\/td><\/tr><tr><td class=\"has-text-align-center\" data-align=\"center\"><br>Interposi\u00e7\u00e3o de recursos contra o resultado da aferi\u00e7\u00e3o da banca de heteroidentifica\u00e7\u00e3o \u00e9tnico- racial<\/td><td class=\"has-text-align-center\" data-align=\"center\"><br>12\/12 <br>a<br>13\/12\/2024<\/td><td><br><a href=\"https:\/\/www.ifbaiano.edu.br\/unidades\/lapa\/edital-no\/\">https:\/\/www.ifbaiano.edu.br\/unidades\/lapa\/edita&nbsp;l-no\/<\/a><\/td><\/tr><tr><td class=\"has-text-align-center\" data-align=\"center\"><br>Resultado dos recursos contra a aferi\u00e7\u00e3o banca de heteroidentifica\u00e7\u00e3o \u00e9tnico- racial<\/td><td class=\"has-text-align-center\" data-align=\"center\"><br>16\/12\/2024<\/td><td><br><a href=\"https:\/\/www.ifbaiano.edu.br\/unidades\/lapa\/edital-no\/\">https:\/\/www.ifbaiano.edu.br\/unidades\/lapa\/edita&nbsp;l-no\/<\/a><\/td><\/tr><tr><td class=\"has-text-align-center\" data-align=\"center\"><br>Publica\u00e7\u00e3o do resultado final<\/td><td class=\"has-text-align-center\" data-align=\"center\"><br><br>18\/12\/2024<\/td><td><br><a href=\"https:\/\/www.ifbaiano.edu.br\/unidades\/lapa\/edital-no\/\">https:\/\/www.ifbaiano.edu.br\/unidades\/lapa\/edita&nbsp;l-no\/<\/a><\/td><\/tr><tr><td class=\"has-text-align-center\" data-align=\"center\"><br>Publica\u00e7\u00e3o do edital de matr\u00edcula<\/td><td class=\"has-text-align-center\" data-align=\"center\"><br>Janeiro\/2025<\/td><td><br><a href=\"https:\/\/www.ifbaiano.edu.br\/unidades\/lapa\/edital-no\/\">https:\/\/www.ifbaiano.edu.br\/unidades\/lapa\/edita&nbsp;l-no\/<\/a><\/td><\/tr><tr><td class=\"has-text-align-center\" data-align=\"center\"><br>Previs\u00e3o de in\u00edcio das aulas<\/td><td class=\"has-text-align-center\" data-align=\"center\"><br>Mar\u00e7o\/2025<\/td><td><br>IF Baiano Campus Bom Jesus da Lapa BR 349, Zona Rural, Bom Jesus da Lapa \u2013 Bahia.<\/td><\/tr><\/tbody><\/table><\/figure>\n\n<\/div><\/div>\n\n<\/div>\n\n<\/div>\n\n\n\n<br>\n\n\n\n<h2 id=\"ProreitoriaMeioDireitaTitulo\" style=\"color:#00510f;text-transform:uppercase;border-top: 3px solid #00510F\" class=\"has-inline-color\">\n    Documentos para inscri\u00e7\u00e3o por tipo de vaga\n<\/h2>\n\n\n\n<br>\n\n\n\n<div class=\"wp-block-gutena-accordion gutena-accordion-block gutena-accordion-block-5b1611-be\" data-single=\"true\">\n\n<div class=\"wp-block-gutena-accordion-panel gutena-accordion-block__panel\">\n\n<div class=\"wp-block-gutena-accordion-panel-title gutena-accordion-block__panel-title\"><div class=\"gutena-accordion-block__panel-title-inner\">\n\n<h6 class=\"wp-block-heading has-text-align-left\" style=\"margin-top:0px;margin-right:0px;margin-bottom:0px;margin-left:0px\"><strong>AC:<\/strong>&nbsp;Ampla concorr\u00eancia<\/h6>\n\n<div class=\"trigger-up-down\"><div class=\"horizontal\"><\/div><div class=\"vertical\"><\/div><\/div><\/div><\/div>\n\n\n<div class=\"wp-block-gutena-accordion-panel-content gutena-accordion-block__panel-content\"><div class=\"gutena-accordion-block__panel-content-inner\">\n\n<p>a)&nbsp; CPF \u2013 Documento oficial ou comprovante de situa\u00e7\u00e3o cadastral do site da receita federal;<\/p>\n\n\n<p>b) hist\u00f3rico escolar do ensino fundamental, ou boletins escolares do ensino fundamental devidamente autenticados pela institui\u00e7\u00e3o de ensino (carimbo e assinatura, autentica\u00e7\u00e3o eletr\u00f4nica, c\u00f3digo de autentica\u00e7\u00e3o ou outro meio v\u00e1lido), ou declara\u00e7\u00e3o da escola com as notas de L\u00edngua Portuguesa, de Ci\u00eancias, de Hist\u00f3ria, de Geografia e de Matem\u00e1tica do 8\u00ba ano do Ensino Fundamental II \u2013 ANEXO II ou comprovante de certifica\u00e7\u00e3o do ENCCEJA.<\/p>\n\n<\/div><\/div>\n\n<\/div>\n\n\n<div class=\"wp-block-gutena-accordion-panel gutena-accordion-block__panel\">\n\n<div class=\"wp-block-gutena-accordion-panel-title gutena-accordion-block__panel-title\"><div class=\"gutena-accordion-block__panel-title-inner\">\n\n<h6 class=\"wp-block-heading has-text-align-left\" style=\"margin-top:0px;margin-right:0px;margin-bottom:0px;margin-left:0px\"><strong> V:<\/strong> Documenta\u00e7\u00e3o para candidatos(as) com defici\u00eancia<\/h6>\n\n<div class=\"trigger-up-down\"><div class=\"horizontal\"><\/div><div class=\"vertical\"><\/div><\/div><\/div><\/div>\n\n\n<div class=\"wp-block-gutena-accordion-panel-content gutena-accordion-block__panel-content\"><div class=\"gutena-accordion-block__panel-content-inner\">\n\n<p>a)&nbsp; CPF Documento oficial ou comprovante de situa\u00e7\u00e3o cadastral do site da receita federal;<\/p>\n\n\n<p>b) hist\u00f3rico escolar do ensino fundamental, ou boletins escolares do ensino fundamental devidamente autenticados pela institui\u00e7\u00e3o de ensino (carimbo e assinatura, autentica\u00e7\u00e3o eletr\u00f4nica, c\u00f3digo de autentica\u00e7\u00e3o ou outro meio v\u00e1lido), ou declara\u00e7\u00e3o da escola com as notas de L\u00edngua Portuguesa, de Ci\u00eancias, de Hist\u00f3ria, de Geografia e de Matem\u00e1tica do 8\u00ba ano do Ensino Fundamental II \u2013 ANEXO II ou comprovante de certifica\u00e7\u00e3o do ENCCEJA.<\/p>\n\n\n<p>c) laudo m\u00e9dico digitalizado, atestando o tipo, o grau ou o n\u00edvel de defici\u00eancia, com expressa refer\u00eancia ao c\u00f3digo correspondente da Classifica\u00e7\u00e3o Internacional de Doen\u00e7as (CID-10).<\/p>\n\n<\/div><\/div>\n\n<\/div>\n\n<\/div>\n\n\n\n<br>\n\n\n\n<p class=\"has-text-align-center has-medium-font-size\"><strong>Para Candidatas (os) que estudaram todo Ensino Fundamental em Escola P\u00fablica<\/strong>:<\/p>\n\n\n\n<br>\n\n\n\n<div class=\"wp-block-gutena-accordion gutena-accordion-block gutena-accordion-block-6f57ef-14\" data-single=\"true\">\n\n<div class=\"wp-block-gutena-accordion-panel gutena-accordion-block__panel\">\n\n<div class=\"wp-block-gutena-accordion-panel-title gutena-accordion-block__panel-title\"><div class=\"gutena-accordion-block__panel-title-inner\">\n\n<h6 class=\"wp-block-heading has-text-align-left\" style=\"margin-top:0px;margin-right:0px;margin-bottom:0px;margin-left:0px\"><strong>LB_PPI:&nbsp;<\/strong>Candidatos(as) autodeclarados(as)&nbsp;pretos(as), pardos(as) ou ind\u00edgenas, com renda familiar bruta per capita igual ou inferior a 1 sal\u00e1rio m\u00ednimo&nbsp;e que tenham cursado integralmente o ensino m\u00e9dio em escolas p\u00fablicas (Lei n\u00ba 12.711\/2012), complementada pela Lei 14.723\/2023:&nbsp;<\/h6>\n\n<div class=\"trigger-up-down\"><div class=\"horizontal\"><\/div><div class=\"vertical\"><\/div><\/div><\/div><\/div>\n\n\n<div class=\"wp-block-gutena-accordion-panel-content gutena-accordion-block__panel-content\"><div class=\"gutena-accordion-block__panel-content-inner\">\n\n<p>a)&nbsp; CPF \u2013 Documento oficial ou comprovante de situa\u00e7\u00e3o cadastral do site da receita federal;<\/p>\n\n\n<p>b) hist\u00f3rico escolar do ensino fundamental, ou declara\u00e7\u00e3o da escola com as notas de L\u00edngua Portuguesa, de Ci\u00eancias, de Hist\u00f3ria, de Geografia e de Matem\u00e1tica do 8\u00ba ano do Ensino Fundamental II \u2013&nbsp;<strong>ANEXO II<\/strong>&nbsp;ou comprovante de certifica\u00e7\u00e3o do ENCCEJA.<\/p>\n\n\n<p>c) autodeclara\u00e7\u00e3o de renda e consolida\u00e7\u00e3o da renda familiar (ANEXO III);<\/p>\n\n\n<p>d) documenta\u00e7\u00e3o comprobat\u00f3ria de renda, conforme item 6.11;<\/p>\n\n<\/div><\/div>\n\n<\/div>\n\n\n<div class=\"wp-block-gutena-accordion-panel gutena-accordion-block__panel\">\n\n<div class=\"wp-block-gutena-accordion-panel-title gutena-accordion-block__panel-title\"><div class=\"gutena-accordion-block__panel-title-inner\">\n\n<h6 class=\"wp-block-heading has-text-align-left\" style=\"margin-top:0px;margin-right:0px;margin-bottom:0px;margin-left:0px\"><strong>LB_PCD: <\/strong>Candidatos(as) com defici\u00eancia, que tenham renda familiar bruta per capita igual ou inferior a 1 sal\u00e1rio m\u00ednimo&nbsp;e que tenham cursado integralmente o ensino m\u00e9dio em escolas p\u00fablicas (Lei n\u00ba 12.711\/2012):&nbsp;<\/h6>\n\n<div class=\"trigger-up-down\"><div class=\"horizontal\"><\/div><div class=\"vertical\"><\/div><\/div><\/div><\/div>\n\n\n<div class=\"wp-block-gutena-accordion-panel-content gutena-accordion-block__panel-content\"><div class=\"gutena-accordion-block__panel-content-inner\">\n\n<p>a)&nbsp; CPF \u2013 Documento oficial ou comprovante de situa\u00e7\u00e3o cadastral do site da receita federal;<\/p>\n\n\n<p>b) hist\u00f3rico escolar do ensino fundamental, ou declara\u00e7\u00e3o da escola com as notas de L\u00edngua Portuguesa, de Ci\u00eancias, de Hist\u00f3ria, de Geografia e de Matem\u00e1tica do 8\u00ba ano do Ensino Fundamental II \u2013&nbsp;<strong>ANEXO II<\/strong>&nbsp;ou comprovante de certifica\u00e7\u00e3o do ENCCEJA.<\/p>\n\n\n<p>c) autodeclara\u00e7\u00e3o de renda e consolida\u00e7\u00e3o da renda familiar (ANEXO III);<\/p>\n\n\n<p>d) laudo m\u00e9dico, assinado por m\u00e9dico(a), atestando o tipo, o grau ou o n\u00edvel de defici\u00eancia, com expressa refer\u00eancia ao c\u00f3digo correspondente da Classifica\u00e7\u00e3o Internacional de Doen\u00e7as (CID-10);<\/p>\n\n\n<p>e) documenta\u00e7\u00e3o comprobat\u00f3ria de renda, conforme item 6.11;<\/p>\n\n<\/div><\/div>\n\n<\/div>\n\n\n<div class=\"wp-block-gutena-accordion-panel gutena-accordion-block__panel\">\n\n<div class=\"wp-block-gutena-accordion-panel-title gutena-accordion-block__panel-title\"><div class=\"gutena-accordion-block__panel-title-inner\">\n\n<h6 class=\"wp-block-heading has-text-align-left\" style=\"margin-top:0px;margin-right:0px;margin-bottom:0px;margin-left:0px\"><strong>LB_EP: <\/strong>Candidatos(as) com renda familiar bruta per capita igual ou inferior a 1 sal\u00e1rio m\u00ednimo&nbsp;que tenham cursado integralmente o ensino m\u00e9dio em escolas p\u00fablicas (Lei n\u00ba 12.711\/2012):&nbsp;<\/h6>\n\n<div class=\"trigger-up-down\"><div class=\"horizontal\"><\/div><div class=\"vertical\"><\/div><\/div><\/div><\/div>\n\n\n<div class=\"wp-block-gutena-accordion-panel-content gutena-accordion-block__panel-content\"><div class=\"gutena-accordion-block__panel-content-inner\">\n\n<p>a)&nbsp; CPF \u2013 Documento oficial ou comprovante de situa\u00e7\u00e3o cadastral do site da receita federal;<\/p>\n\n\n<p>b) hist\u00f3rico escolar do ensino fundamental, ou declara\u00e7\u00e3o da escola com as notas de L\u00edngua Portuguesa, de Ci\u00eancias, de Hist\u00f3ria, de Geografia e de Matem\u00e1tica do 8\u00ba ano do Ensino Fundamental II \u2013&nbsp;<strong>ANEXO II<\/strong>&nbsp;ou comprovante de certifica\u00e7\u00e3o do ENCCEJA.<\/p>\n\n\n<p>c) autodeclara\u00e7\u00e3o de renda e consolida\u00e7\u00e3o da renda familiar (ANEXO III);<\/p>\n\n\n<p>d) documenta\u00e7\u00e3o comprobat\u00f3ria de renda, conforme item 6.11.<\/p>\n\n<\/div><\/div>\n\n<\/div>\n\n<\/div>\n\n\n\n<div class=\"wp-block-gutena-accordion gutena-accordion-block gutena-accordion-block-15673e-8e\" data-single=\"true\">\n\n<div class=\"wp-block-gutena-accordion-panel gutena-accordion-block__panel\">\n\n<div class=\"wp-block-gutena-accordion-panel-title gutena-accordion-block__panel-title\"><div class=\"gutena-accordion-block__panel-title-inner\">\n\n<h6 class=\"wp-block-heading has-text-align-left\" style=\"margin-top:0px;margin-right:0px;margin-bottom:0px;margin-left:0px\"><strong>LB_Q: <\/strong>Candidatos(as) autodeclarados(as) quilombolas,&nbsp;com renda familiar bruta per capita&nbsp;igual ou inferior a 1 sal\u00e1rio m\u00ednimo&nbsp;e que tenham cursado integralmente o ensino m\u00e9dio em escolas p\u00fablicas (Lei n\u00ba 12.711\/2012), complementada pela Lei 14.723\/2023:&nbsp;<\/h6>\n\n<div class=\"trigger-up-down\"><div class=\"horizontal\"><\/div><div class=\"vertical\"><\/div><\/div><\/div><\/div>\n\n\n<div class=\"wp-block-gutena-accordion-panel-content gutena-accordion-block__panel-content\"><div class=\"gutena-accordion-block__panel-content-inner\">\n\n<p>a)&nbsp; CPF \u2013 Documento oficial ou comprovante de situa\u00e7\u00e3o cadastral do site da receita federal;<\/p>\n\n\n<p>b) hist\u00f3rico escolar do ensino fundamental, ou declara\u00e7\u00e3o da escola com as notas de L\u00edngua Portuguesa, de Ci\u00eancias, de Hist\u00f3ria, de Geografia e de Matem\u00e1tica do 8\u00ba ano do Ensino Fundamental II \u2013&nbsp;<strong>ANEXO II<\/strong>&nbsp;ou comprovante de certifica\u00e7\u00e3o do ENCCEJA.<\/p>\n\n\n<p>c) autodeclara\u00e7\u00e3o de renda e consolida\u00e7\u00e3o da renda familiar (ANEXO III);<\/p>\n\n\n<p>d) documenta\u00e7\u00e3o comprobat\u00f3ria de renda, conforme item 6.11;<\/p>\n\n<\/div><\/div>\n\n<\/div>\n\n\n<div class=\"wp-block-gutena-accordion-panel gutena-accordion-block__panel\">\n\n<div class=\"wp-block-gutena-accordion-panel-title gutena-accordion-block__panel-title\"><div class=\"gutena-accordion-block__panel-title-inner\">\n\n<h6 class=\"wp-block-heading has-text-align-left\" style=\"margin-top:0px;margin-right:0px;margin-bottom:0px;margin-left:0px\"><strong>LI_PPI: <\/strong>Candidatos(as) autodeclarados(as) pretos(as), pardos(as) ou ind\u00edgenas, independentemente da renda,&nbsp;que tenham cursado integralmente o ensino m\u00e9dio em escolas p\u00fablicas (Lei n\u00ba 12.711\/2012, complementada pela Lei 14.723\/2023.)<\/h6>\n\n<div class=\"trigger-up-down\"><div class=\"horizontal\"><\/div><div class=\"vertical\"><\/div><\/div><\/div><\/div>\n\n\n<div class=\"wp-block-gutena-accordion-panel-content gutena-accordion-block__panel-content\"><div class=\"gutena-accordion-block__panel-content-inner\">\n\n<p>a)&nbsp; CPF \u2013 Documento oficial ou comprovante de situa\u00e7\u00e3o cadastral do site da receita federal;<\/p>\n\n\n<p>b) hist\u00f3rico escolar do ensino fundamental, ou declara\u00e7\u00e3o da escola com as notas de L\u00edngua Portuguesa, de Ci\u00eancias, de Hist\u00f3ria, de Geografia e de Matem\u00e1tica do 8\u00ba ano do Ensino Fundamental II \u2013&nbsp;<strong>ANEXO II<\/strong>&nbsp;ou comprovante de certifica\u00e7\u00e3o do ENCCEJA.<\/p>\n\n<\/div><\/div>\n\n<\/div>\n\n\n<div class=\"wp-block-gutena-accordion-panel gutena-accordion-block__panel\">\n\n<div class=\"wp-block-gutena-accordion-panel-title gutena-accordion-block__panel-title\"><div class=\"gutena-accordion-block__panel-title-inner\">\n\n<h6 class=\"wp-block-heading has-text-align-left\" style=\"margin-top:0px;margin-right:0px;margin-bottom:0px;margin-left:0px\"><strong>LI_PCD: <\/strong>Candidatos(as) com defici\u00eancia, independentemente da renda,&nbsp;que tenham cursado integralmente o ensino m\u00e9dio em escolas p\u00fablicas (Lei n\u00ba 12.711\/2012):<\/h6>\n\n<div class=\"trigger-up-down\"><div class=\"horizontal\"><\/div><div class=\"vertical\"><\/div><\/div><\/div><\/div>\n\n\n<div class=\"wp-block-gutena-accordion-panel-content gutena-accordion-block__panel-content\"><div class=\"gutena-accordion-block__panel-content-inner\">\n\n<p>a)&nbsp; CPF \u2013 Documento oficial ou comprovante de situa\u00e7\u00e3o cadastral do site da receita federal;<\/p>\n\n\n<p>b) hist\u00f3rico escolar do ensino fundamental, ou declara\u00e7\u00e3o da escola com as notas de L\u00edngua Portuguesa, de Ci\u00eancias, de Hist\u00f3ria, de Geografia e de Matem\u00e1tica do 8\u00ba ano do Ensino Fundamental II \u2013&nbsp;<strong>ANEXO II<\/strong>&nbsp;ou comprovante de certifica\u00e7\u00e3o do ENCCEJA.<\/p>\n\n\n<p>c) laudo m\u00e9dico, assinado por m\u00e9dico(a), atestando o tipo, o grau ou o n\u00edvel de defici\u00eancia, com expressa refer\u00eancia ao c\u00f3digo correspondente da Classifica\u00e7\u00e3o Internacional de Doen\u00e7as (CID-10);<\/p>\n\n<\/div><\/div>\n\n<\/div>\n\n<\/div>\n\n\n\n<div class=\"wp-block-gutena-accordion gutena-accordion-block gutena-accordion-block-8d54e3-d4\" data-single=\"true\">\n\n<div class=\"wp-block-gutena-accordion-panel gutena-accordion-block__panel\">\n\n<div class=\"wp-block-gutena-accordion-panel-title gutena-accordion-block__panel-title\"><div class=\"gutena-accordion-block__panel-title-inner\">\n\n<h6 class=\"wp-block-heading has-text-align-left\" style=\"margin-top:0px;margin-right:0px;margin-bottom:0px;margin-left:0px\"><strong>LI_EP:&nbsp;<\/strong>Candidatos(as) que, independentemente da renda,&nbsp;tenham cursado integralmente o ensino&nbsp;fundamental em escolas p\u00fablicas&nbsp;(Lei n\u00ba 12.711\/2012):<\/h6>\n\n<div class=\"trigger-up-down\"><div class=\"horizontal\"><\/div><div class=\"vertical\"><\/div><\/div><\/div><\/div>\n\n\n<div class=\"wp-block-gutena-accordion-panel-content gutena-accordion-block__panel-content\"><div class=\"gutena-accordion-block__panel-content-inner\">\n\n<p>a)&nbsp; CPF \u2013 Documento oficial ou comprovante de situa\u00e7\u00e3o cadastral do site da receita federal;<\/p>\n\n\n<p>b) hist\u00f3rico escolar do ensino fundamental, ou declara\u00e7\u00e3o da escola com as notas de L\u00edngua Portuguesa, de Ci\u00eancias, de Hist\u00f3ria, de Geografia e de Matem\u00e1tica do 8\u00ba ano do Ensino Fundamental II \u2013&nbsp;<strong>ANEXO II<\/strong>&nbsp;ou comprovante de certifica\u00e7\u00e3o do ENCCEJA.<\/p>\n\n<\/div><\/div>\n\n<\/div>\n\n<\/div>\n","protected":false},"excerpt":{"rendered":"<p>Apresenta\u00e7\u00e3o O DIRETOR-GERAL DO INSTITUTO FEDERAL DE EDUCA\u00c7\u00c3O, CI\u00caNCIA E TECNOLOGIA BAIANO (IF BAIANO) CAMPUS Bom Jesus da Lapa, no uso de suas atribui\u00e7\u00f5es delegadas pela Portaria n\u00ba 275, de 18\/03\/2022, publicada no DOU de 21\/03\/2022, Se\u00e7\u00e3o 2, p\u00e1gina 26, e de acordo com as disposi\u00e7\u00f5es contidas na Lei N\u00ba 11.892, de 29 de dezembro [&hellip;]<\/p>\n","protected":false},"author":165,"featured_media":0,"parent":0,"menu_order":0,"comment_status":"closed","ping_status":"closed","template":"","meta":[],"_links":{"self":[{"href":"https:\/\/www.ifbaiano.edu.br\/unidades\/lapa\/wp-json\/wp\/v2\/pages\/28926"}],"collection":[{"href":"https:\/\/www.ifbaiano.edu.br\/unidades\/lapa\/wp-json\/wp\/v2\/pages"}],"about":[{"href":"https:\/\/www.ifbaiano.edu.br\/unidades\/lapa\/wp-json\/wp\/v2\/types\/page"}],"author":[{"embeddable":true,"href":"https:\/\/www.ifbaiano.edu.br\/unidades\/lapa\/wp-json\/wp\/v2\/users\/165"}],"replies":[{"embeddable":true,"href":"https:\/\/www.ifbaiano.edu.br\/unidades\/lapa\/wp-json\/wp\/v2\/comments?post=28926"}],"version-history":[{"count":59,"href":"https:\/\/www.ifbaiano.edu.br\/unidades\/lapa\/wp-json\/wp\/v2\/pages\/28926\/revisions"}],"predecessor-version":[{"id":29725,"href":"https:\/\/www.ifbaiano.edu.br\/unidades\/lapa\/wp-json\/wp\/v2\/pages\/28926\/revisions\/29725"}],"wp:attachment":[{"href":"https:\/\/www.ifbaiano.edu.br\/unidades\/lapa\/wp-json\/wp\/v2\/media?parent=28926"}],"curies":[{"name":"wp","href":"https:\/\/api.w.org\/{rel}","templated":true}]}}