{"id":28931,"date":"2024-09-23T18:39:40","date_gmt":"2024-09-23T21:39:40","guid":{"rendered":"https:\/\/www.ifbaiano.edu.br\/unidades\/lapa\/?page_id=28931"},"modified":"2024-09-24T11:00:06","modified_gmt":"2024-09-24T14:00:06","slug":"edital-no-37","status":"publish","type":"page","link":"https:\/\/www.ifbaiano.edu.br\/unidades\/lapa\/edital-no-37\/","title":{"rendered":"Edital n\u00ba 37\/2024 &#8211; PROCESSO SELETIVO DE VAGAS REMANESCENTES PARA INGRESSO DE ESTUDANTES NOS CURSOS DA EDUCA\u00c7\u00c3O PROFISSIONAL T\u00c9CNICA DE N\u00cdVEL M\u00c9DIO, NA FORMA SUBSEQUENTE AO ENSINO M\u00c9DIO &#8211; MODALIDADE PRESENCIAL &#8211; ANO LETIVO 2024"},"content":{"rendered":"\n<div class=\"wp-block-columns is-layout-flex wp-container-3\">\n<div class=\"wp-block-column is-layout-flow\">\n<h2 id=\"ProreitoriaMeioDireitaTitulo\" style=\"color:#00510f;text-transform:uppercase;border-top: 3px solid #00510F\" class=\"has-inline-color\">\n    Apresenta\u00e7\u00e3o\n<\/h2>\n<p>O DIRETOR-GERAL SUBSTITUTO DO INSTITUTO FEDERAL DE EDUCA\u00c7\u00c3O, CI\u00caNCIA E TECNOLOGIA BAIANO (IF BAIANO) &#8211; CAMPUS BOM JESUS DA LAPA, no uso de suas atribui\u00e7\u00f5es legais delegadas pela Portaria n\u00ba 1158\/2020 &#8211; RET-GAB\/RET\/IFBAIANO, de 04\/11\/2020, publicada no Boletim de Servi\u00e7o Interno n\u00ba 11, de 30\/11\/2020, p\u00e1gina 298, e de acordo com as disposi\u00e7\u00f5es contidas na Lei N\u00ba11.892, de 29 de dezembro de 2008, e na Lei N\u00ba 8.112, de 11 de dezembro de 1990, em conformidade com a Lei N\u00b0 9.394, de 20 de dezembro de 1996, e suas altera\u00e7\u00f5es e, ainda, considerando a Resolu\u00e7\u00e3o do Conselho Pleno do Conselho Nacional de Educa\u00e7\u00e3o(CNE\/CP) N\u00ba 04, de 17 de dezembro de 2018; o Decreto n\u00ba 11.016, de 29 de mar\u00e7o de 2022; o Decreto N\u00ba 3.298, de 20 de dezembro de 1999; a Lei N\u00ba 12.764, de 27 de dezembro de 2012; a Lei N\u00ba 12.711, de 29 de agosto de 2012, e suas regulamenta\u00e7\u00f5es; a Lei N\u00ba 10.741, de 1\u00ba de outubro de 2003; a Lei N\u00ba 13.409, de 28 de dezembro de 2016; o Decreto N\u00ba 7.824, de 11 de outubro de 2012; a Portaria do Minist\u00e9rio da Educa\u00e7\u00e3o (MEC) N\u00ba 18, de 11 de outubro de 2012, e suas altera\u00e7\u00f5es, observando o disposto na Resolu\u00e7\u00e3o N\u00ba 153\/2021-OS-CONSUP\/IFBAIANO, de 18 de agosto de 2021, na Instru\u00e7\u00e3o Normativa 67\/2023 &#8211; RET-GAB\/RET\/IFBAIANO, de 13 de setembro de 2023, na Portaria Normativa 19\/2023 &#8211; RET-GAB\/RET\/IFBAIANO, de 21 de setembro de 2023 e na legisla\u00e7\u00e3o concernente,  torna p\u00fablica a abertura de inscri\u00e7\u00f5es para VAGAS REMANESCENTES oriundas do Processo Seletivo para ingresso de estudantes de 2024, dos cursos da Educa\u00e7\u00e3o Profissional T\u00e9cnica de N\u00edvel M\u00e9dio (EPTNM), na FORMA SUBSEQUENTE ao Ensino M\u00e9dio &#8211; para o Campus Bom Jesus da Lapa, por meio de manifesta\u00e7\u00e3o de interesse na vaga, seguindo as condi\u00e7\u00f5es e o cronograma indicados no item 5.1.\n<\/p>\n<\/div>\n\n\n\n<div class=\"wp-block-column is-layout-flow\">\n<h2 id=\"ProreitoriaMeioDireitaTitulo\" style=\"color:#00510f;text-transform:uppercase;border-top: 3px solid #00510F\" class=\"has-inline-color\">\n\tInscri\u00e7\u00f5es\n<\/h2>\n<p><b>Manifesta\u00e7\u00e3o de Interesse<\/b><br> \nPer\u00edodo de <b>27\/09 a 04\/10\/2024<\/b> em dias \u00fateis de 08h \u00e0s 12h e de 13h \u00e0s 16hr<br>\n<b>Presencial<\/b>\n\n<\/p>\n<\/div>\n<\/div>\n\n\n\n<div class=\"wp-block-columns is-layout-flex wp-container-6\">\n<div class=\"wp-block-column is-layout-flow\">\n<h2 id=\"ProreitoriaMeioDireitaTitulo\" style=\"color:#00510f;text-transform:uppercase;border-top: 3px solid #00510F\" class=\"has-inline-color\">\n\tEditais e Documentos\n<\/h2>\n<div class=\"wp-block-file\"><a href=\"https:\/\/www.ifbaiano.edu.br\/unidades\/lapa\/files\/2024\/09\/ANEXO-I-FICHA-DE-MATRICULA.pdf\">ANEXO I FICHA DE MATR\u00cdCULA &#8211; Publicado em 23\/09\/24 <\/a><\/div>\n\n<div class=\"wp-block-file\"><a href=\"https:\/\/www.ifbaiano.edu.br\/unidades\/lapa\/files\/2024\/09\/ANEXO-II-FORMULARIO-PARA-RECURSO.pdf\">ANEXO II FORMUL\u00c1RIO PARA RECURSO &#8211; Publicado em 23\/09\/24 <\/a><\/div>\n\n\n<div class=\"wp-block-file\"><a href=\"https:\/\/www.ifbaiano.edu.br\/unidades\/lapa\/files\/2024\/09\/Edital-no-37_2024-Processo-Seletivo-de-Vagas-Remanescentes-Subsequente.pdf\">Edital n\u00ba 37\/2024 Processo Seletivo de Vagas Remanescentes Subsequente &#8211; Publicado em 23\/09\/24 <\/a><\/div>\n<\/div>\n\n\n\n<div class=\"wp-block-column is-layout-flow\">\n<h2 id=\"ProreitoriaMeioDireitaTitulo\" style=\"color:#00510f;text-transform:uppercase;border-top: 3px solid #00510F\" class=\"has-inline-color\">\n\tContato\n<\/h2>\n<p><b>prosel@lapa.ifbaiano.edu.br<\/b><\/p>\n<p>\n<img decoding=\"async\" loading=\"lazy\" src=\"https:\/\/www.ifbaiano.edu.br\/unidades\/lapa\/files\/2023\/10\/whatsapp.png\" alt=\"Icone WhatsApp\" width=\"30\" height=\"30\" style=\"vertical-align: bottom\">&nbsp;<strong>(77) 2102-9545<\/strong>\n<\/p>\n<\/div>\n<\/div>\n","protected":false},"excerpt":{"rendered":"<p>Apresenta\u00e7\u00e3o O DIRETOR-GERAL SUBSTITUTO DO INSTITUTO FEDERAL DE EDUCA\u00c7\u00c3O, CI\u00caNCIA E TECNOLOGIA BAIANO (IF BAIANO) &#8211; CAMPUS BOM JESUS DA LAPA, no uso de suas atribui\u00e7\u00f5es legais delegadas pela Portaria n\u00ba 1158\/2020 &#8211; RET-GAB\/RET\/IFBAIANO, de 04\/11\/2020, publicada no Boletim de Servi\u00e7o Interno n\u00ba 11, de 30\/11\/2020, p\u00e1gina 298, e de acordo com as disposi\u00e7\u00f5es contidas [&hellip;]<\/p>\n","protected":false},"author":165,"featured_media":0,"parent":0,"menu_order":0,"comment_status":"closed","ping_status":"closed","template":"","meta":[],"_links":{"self":[{"href":"https:\/\/www.ifbaiano.edu.br\/unidades\/lapa\/wp-json\/wp\/v2\/pages\/28931"}],"collection":[{"href":"https:\/\/www.ifbaiano.edu.br\/unidades\/lapa\/wp-json\/wp\/v2\/pages"}],"about":[{"href":"https:\/\/www.ifbaiano.edu.br\/unidades\/lapa\/wp-json\/wp\/v2\/types\/page"}],"author":[{"embeddable":true,"href":"https:\/\/www.ifbaiano.edu.br\/unidades\/lapa\/wp-json\/wp\/v2\/users\/165"}],"replies":[{"embeddable":true,"href":"https:\/\/www.ifbaiano.edu.br\/unidades\/lapa\/wp-json\/wp\/v2\/comments?post=28931"}],"version-history":[{"count":5,"href":"https:\/\/www.ifbaiano.edu.br\/unidades\/lapa\/wp-json\/wp\/v2\/pages\/28931\/revisions"}],"predecessor-version":[{"id":28953,"href":"https:\/\/www.ifbaiano.edu.br\/unidades\/lapa\/wp-json\/wp\/v2\/pages\/28931\/revisions\/28953"}],"wp:attachment":[{"href":"https:\/\/www.ifbaiano.edu.br\/unidades\/lapa\/wp-json\/wp\/v2\/media?parent=28931"}],"curies":[{"name":"wp","href":"https:\/\/api.w.org\/{rel}","templated":true}]}}