{"id":29196,"date":"2024-11-01T15:00:46","date_gmt":"2024-11-01T18:00:46","guid":{"rendered":"https:\/\/www.ifbaiano.edu.br\/unidades\/lapa\/?page_id=29196"},"modified":"2025-05-27T14:11:26","modified_gmt":"2025-05-27T17:11:26","slug":"edital-no-41-2024-processo-seletivo-para-concessao-de-bolsas-de-monitoria-de-ensino","status":"publish","type":"page","link":"https:\/\/www.ifbaiano.edu.br\/unidades\/lapa\/edital-no-41-2024-processo-seletivo-para-concessao-de-bolsas-de-monitoria-de-ensino\/","title":{"rendered":"EDITAL N\u00ba 41\/2024 \u2013 PROCESSO SELETIVO PARA CONCESS\u00c3O DE BOLSAS DE MONITORIA DE ENSINO"},"content":{"rendered":"\n<div class=\"wp-block-columns is-layout-flex wp-container-3\">\n<div class=\"wp-block-column is-layout-flow\">\n<h2 id=\"ProreitoriaMeioDireitaTitulo\" style=\"color:#00510f;text-transform:uppercase;border-top: 3px solid #00510F\" class=\"has-inline-color\">\n    Apresenta\u00e7\u00e3o\n<\/h2>\n<p>\nO DIRETOR-GERAL DO INSTITUTO FEDERAL DE EDUCA\u00c7\u00c3O, CI\u00caNCIA E TECNOLOGIA BAIANO (IF \nBAIANO) &#8211; CAMPUS Bom Jesus da Lapa, no uso de suas atribui\u00e7\u00f5es delegadas pela Portaria n\u00ba 275, de \n18\/03\/2022, publicada no DOU de 21\/03\/2022, Se\u00e7\u00e3o 2, p\u00e1gina 26, e de acordo com as disposi\u00e7\u00f5es con2das na Lei \nn\u00ba 11.892, de 29\/12\/2008, na Resolu\u00e7\u00e3o 8\/2016 &#8211; CONSUP, de 30\/3\/2016 (Regulamento de Monitoria de Ensino \ndo IF Baiano), torna p\u00fablica a abertura das inscri\u00e7\u00f5es do Processo Sele2vo para concess\u00e3o de bolsas de monitoria \npara os cursos da Educa\u00e7\u00e3o Profissional T\u00e9cnica de N\u00edvel M\u00e9dio.\n\n<\/p>\n<\/div>\n\n\n\n<div class=\"wp-block-column is-layout-flow\">\n<h2 id=\"ProreitoriaMeioDireitaTitulo\" style=\"color:#00510f;text-transform:uppercase;border-top: 3px solid #00510F\" class=\"has-inline-color\">\n    Inscri\u00e7\u00f5es\n<\/h2>\n<p>\n    Poder\u00e3o inscrever-se estudantes com matr\u00edcula e frequ\u00eancia regular em curso t\u00e9cnico de n\u00edvel m\u00e9dio do IF\n    Baiano-Campus Bom Jesus da Lapa, observados os pr\u00e9-requisitos para cada vaga disponibilizada, conforme item 4 e 5 do\n    Edital n\u00ba 41\/2024, de 1\u00ba de novembro de 2024. As inscri\u00e7\u00f5es ser\u00e3o realizadas de forma EXCLUSIVAMENTE eletr\u00f4nica por\n    meio de link a ser disponibilizado no per\u00edodo de <b> 08\/05\/2025 a 15\/05\/2025, at\u00e9 \u00e0s 23:59h do dia 15\/05\/2025<\/b>. No ato da\n    inscri\u00e7\u00e3o o candidato dever\u00e1: I. preencher a ficha de inscri\u00e7\u00e3o eletr\u00f4nica disponibilizada no bot\u00e3o abaixo.\n\n    <br>\n    <br>\n    <a style=\"padding: 10px;background-color: #157f28;border-radius: 20px;width: 100px;color: #ffffff;font-weight: bold;text-decoration: none\" href=\"https:\/\/docs.google.com\/forms\/d\/1bEMovraqHQoCXh_nhx17o0EyDNBa8HXHTUAZaR79XdI\/edit\" target=\"_blank\" rel=\"noopener noreferrer\">\n        INSCREVA-SE AQUI\n    <\/a>\n<\/p>\n\n<br>\n\n\n\n<br><br><br>\n<\/div>\n<\/div>\n\n\n\n<div class=\"wp-block-columns is-layout-flex wp-container-6\">\n<div class=\"wp-block-column is-layout-flow\">\n\n\n\n<h2 id=\"ProreitoriaMeioDireitaTitulo\" style=\"color:#00510f;text-transform:uppercase;border-top: 3px solid #00510F\" class=\"has-inline-color\">\n    Editais e Documentos\n<\/h2>\n<div class=\"wp-block-file\"><a href=\"https:\/\/www.ifbaiano.edu.br\/unidades\/lapa\/files\/2024\/11\/Edital-41-2024.pdf\">Edital-41-PROCESSO SELETIVO\n        PARA CONCESS\u00c3O DE BOLSAS DE MONITORIA DE ENSINO &#8211; Publicado em 01\/11\/2024<\/a><\/div>\n\n<div class=\"wp-block-file\"><a href=\"https:\/\/www.ifbaiano.edu.br\/unidades\/lapa\/files\/2024\/11\/CHAMADA-PUBLICA-No-012024BJL-GAB-IFBAIANO.pdf\">CHAMADA-PUBLICA-No-012024BJL-GAB-IFBAIANO\n        &#8211; Publicado em 11\/11\/2024<\/a><\/div>\n\n<div class=\"wp-block-file\"><a href=\"https:\/\/www.ifbaiano.edu.br\/unidades\/lapa\/files\/2024\/11\/Entrevistas-Monitoria-Integrado.pdf\">CRONOGRAMA DE\n        ENTREVISTAS &#8211; Publicado em 18\/11\/2024<\/a><\/div>\n\n<div class=\"wp-block-file\"><a href=\"https:\/\/www.ifbaiano.edu.br\/unidades\/lapa\/files\/2024\/11\/Resultado-preliminar-Monitoria-integrado.pdf\">RESULTADO\n        PRELIMINAR MONITORIA INTEGRADO &#8211; Publicado em 22\/11\/2024<\/a><\/div>\n\n<div class=\"wp-block-file\">\n    <a href=\"https:\/\/www.ifbaiano.edu.br\/unidades\/lapa\/files\/2024\/11\/Resultado-final-Monitoria-integrado.pdf\">\n        RESULTADO\n        FINAL MONITORIA INTEGRADO &#8211; Publicado em 25\/11\/2024\n    <\/a>\n<\/div>\n\n<div class=\"wp-block-file\">\n    <a href=\"https:\/\/www.ifbaiano.edu.br\/unidades\/lapa\/files\/2025\/05\/Chamada-publica-Monitoria-Integrado.pdf\">\n        CHAMADA P\u00daBLICA MONITORIA INTEGRADO &#8211; Publicado em 08\/05\/2025\n    <\/a>\n<\/div>\n\n<div class=\"wp-block-file\">\n    <a href=\"https:\/\/www.ifbaiano.edu.br\/unidades\/lapa\/files\/2025\/05\/Inscricoes-Monitoria-Nivel-Medio.pdf\">\n    INSCRI\u00c7\u00d5ES HOMOLOGADAS &#8211; MONITORIA &#8211; ENSINO M\u00c9DIO &#8211; Publicado em 20\/05\/2025\n    <\/a>\n<\/div>\n\n<div class=\"wp-block-file\">\n    <a href=\"https:\/\/www.ifbaiano.edu.br\/unidades\/lapa\/files\/2025\/05\/ENTREVISTAS-MONITORIA-DE-ENSINO-2025.pdf\">\n    CRONOGRAMA ENTREVISTAS &#8211; MONITORIA &#8211; ENSINO M\u00c9DIO &#8211; Publicado em 20\/05\/2025\n    <\/a>\n<\/div>\n\n<div class=\"wp-block-file\">\n    <a href=\"https:\/\/www.ifbaiano.edu.br\/unidades\/lapa\/files\/2025\/05\/ENTREVISTAS-MONITORIA-DE-ENSINO-2025.pdf\">\n    RESULTADO PRELIMINAR &#8211; MONITORIA &#8211; ENSINO M\u00c9DIO &#8211; Publicado em 26\/05\/2025\n    <\/a>\n<\/div>\n\n<div class=\"wp-block-file\">\n    <a href=\"https:\/\/www.ifbaiano.edu.br\/unidades\/lapa\/files\/2025\/05\/Monitores-nivel-medio-resultado-final.pdf\">\n    RESULTADO FINAL &#8211; MONITORIA &#8211; ENSINO M\u00c9DIO &#8211; Publicado em 27\/05\/2025\n    <\/a>\n<\/div>\n<\/div>\n\n\n\n<div class=\"wp-block-column is-layout-flow\">\n<h2 id=\"ProreitoriaMeioDireitaTitulo\" style=\"color:#00510f;text-transform:uppercase;border-top: 3px solid #00510F\" class=\"has-inline-color\">\n\tContato\n<\/h2>\n<p>\nselecao.monitoria@lapa.ifbaiano.edu.br\n<\/p>\n<\/div>\n<\/div>\n","protected":false},"excerpt":{"rendered":"<p>Apresenta\u00e7\u00e3o O DIRETOR-GERAL DO INSTITUTO FEDERAL DE EDUCA\u00c7\u00c3O, CI\u00caNCIA E TECNOLOGIA BAIANO (IF BAIANO) &#8211; CAMPUS Bom Jesus da Lapa, no uso de suas atribui\u00e7\u00f5es delegadas pela Portaria n\u00ba 275, de 18\/03\/2022, publicada no DOU de 21\/03\/2022, Se\u00e7\u00e3o 2, p\u00e1gina 26, e de acordo com as disposi\u00e7\u00f5es con2das na Lei n\u00ba 11.892, de 29\/12\/2008, na [&hellip;]<\/p>\n","protected":false},"author":181,"featured_media":0,"parent":0,"menu_order":0,"comment_status":"closed","ping_status":"closed","template":"","meta":[],"_links":{"self":[{"href":"https:\/\/www.ifbaiano.edu.br\/unidades\/lapa\/wp-json\/wp\/v2\/pages\/29196"}],"collection":[{"href":"https:\/\/www.ifbaiano.edu.br\/unidades\/lapa\/wp-json\/wp\/v2\/pages"}],"about":[{"href":"https:\/\/www.ifbaiano.edu.br\/unidades\/lapa\/wp-json\/wp\/v2\/types\/page"}],"author":[{"embeddable":true,"href":"https:\/\/www.ifbaiano.edu.br\/unidades\/lapa\/wp-json\/wp\/v2\/users\/181"}],"replies":[{"embeddable":true,"href":"https:\/\/www.ifbaiano.edu.br\/unidades\/lapa\/wp-json\/wp\/v2\/comments?post=29196"}],"version-history":[{"count":14,"href":"https:\/\/www.ifbaiano.edu.br\/unidades\/lapa\/wp-json\/wp\/v2\/pages\/29196\/revisions"}],"predecessor-version":[{"id":29802,"href":"https:\/\/www.ifbaiano.edu.br\/unidades\/lapa\/wp-json\/wp\/v2\/pages\/29196\/revisions\/29802"}],"wp:attachment":[{"href":"https:\/\/www.ifbaiano.edu.br\/unidades\/lapa\/wp-json\/wp\/v2\/media?parent=29196"}],"curies":[{"name":"wp","href":"https:\/\/api.w.org\/{rel}","templated":true}]}}