{"id":29254,"date":"2024-12-10T14:26:52","date_gmt":"2024-12-10T17:26:52","guid":{"rendered":"https:\/\/www.ifbaiano.edu.br\/unidades\/lapa\/?page_id=29254"},"modified":"2025-02-26T16:29:59","modified_gmt":"2025-02-26T19:29:59","slug":"edital-no-42","status":"publish","type":"page","link":"https:\/\/www.ifbaiano.edu.br\/unidades\/lapa\/edital-no-42\/","title":{"rendered":"EDITAL N\u00ba 42\/2024 \u2013PROCESSO SELETIVO PARA INGRESSO DE ESTUDANTES NOS CURSOS DA EDUCA\u00c7\u00c3O PROFISSIONAL T\u00c9CNICA DE N\u00cdVEL M\u00c9DIO, NA FORMA SUBSEQUENTE AO ENSINO M\u00c9DIO, MODALIDADE EaD\u00a0ANO LETIVO 2025"},"content":{"rendered":"\n<div class=\"wp-block-columns is-layout-flex wp-container-3\">\n<div class=\"wp-block-column is-layout-flow\">\n<h2 id=\"ProreitoriaMeioDireitaTitulo\" style=\"color:#00510f;text-transform:uppercase;border-top: 3px solid #00510F\" class=\"has-inline-color\">\n    Apresenta\u00e7\u00e3o\n<\/h2>\n<p>O DIRETOR-GERAL DO INSTITUTO FEDERAL DE EDUCA\u00c7\u00c3O, CI\u00caNCIA E TECNOLOGIA BAIANO (IF BAIANO) CAMPUS Bom Jesus da Lapa, no uso de suas atribui\u00e7\u00f5es delegadas pela Portaria n\u00ba 275, de 18\/03\/2022, publicada no DOU de 21\/03\/2022, Se\u00e7\u00e3o 2, p\u00e1gina 26, e de acordo com as disposi\u00e7\u00f5es contidas na Lei N\u00ba11.892, de 29 de dezembro de 2008, e na Lei N\u00ba 8.112, de 11 de dezembro de 1990, em conformidade com a Lei N\u00b0 9.394, de 20 de dezembro de 1996, e suas altera\u00e7\u00f5es e, ainda, considerando a Resolu\u00e7\u00e3o do Conselho Pleno do Conselho Nacional de Educa\u00e7\u00e3o(CNE\/CP) N\u00ba 04, de 17 de dezembro de 2018; o Decreto n\u00ba 11.016, de 29 de mar\u00e7o de 2022; a Lei n\u00ba 8.666, de 21 de junho de 1993; o Decreto N\u00ba 3.298, de 20 de dezembro de 1999; a Lei N\u00ba 12.764, de 27 de dezembro de 2012; a Lei N\u00ba 12.711, de 29 de agosto de 2012, e suas regulamenta\u00e7\u00f5es; a Lei N\u00ba 10.741, de 1\u00ba de outubro de 2003; a Lei N\u00ba 13.409, de 28 de dezembro de 2016; o Decreto N\u00ba 7.824, de 11 de outubro de 2012; a Portaria doMinist\u00e9rio da Educa\u00e7\u00e3o (MEC) N\u00ba 18, de 11 de outubro de 2012, e suas altera\u00e7\u00f5es, observando o disposto naResolu\u00e7\u00e3o N\u00ba 153\/2021-OS-CONSUP\/IFBAIANO, de 18 de agosto de 2021, na Instru\u00e7\u00e3o Normativa 67\/2023 &#8211; RET-GAB\/RET\/IFBAIANO, de 13 de setembro de 2023, naPortaria Normativa 19\/2023 &#8211; RET-GAB\/RET\/IFBAIANO, de 21 de setembro de 2023 e na legisla\u00e7\u00e3o concernente, torna p\u00fablica a abertura de inscri\u00e7\u00f5es para o processo de ingresso de estudantes de 2024, nos cursos da Educa\u00e7\u00e3o Profissional T\u00e9cnica de N\u00edvel M\u00e9dio (EPTNM), na forma subsequente ao ensino m\u00e9dio, modalidade EaD &#8211; para o Campus Bom Jesus da Lapa, por meio de MANIFESTA\u00c7\u00c3O DE INTERESSE, conforme o n\u00famero de vagas e os cursos relacionados no Quadro 2 do subitem 1.8 deste Edital.<\/p>\n<\/div>\n\n\n\n<div class=\"wp-block-column is-layout-flow\">\n<h2 id=\"ProreitoriaMeioDireitaTitulo\" style=\"color:#00510f;text-transform:uppercase;border-top: 3px solid #00510F\" class=\"has-inline-color\">\n\tInscri\u00e7\u00f5es\n<\/h2>\n\n<p> <strong>16\/12\/2024 a 31\/01\/2025<\/strong> \n<br><br><br>\n\n<a href=\"http:\/\/opinanovo.ifbaiano.edu.br\/index.php\/438524?lang=pt-BR\" target=\"_blank\" rel=\"noopener noreferrer\">INSCREVA-SE AQUI<\/a> <\/p>\n\n<br>\n<br>\n<br>\n<br>\n<br>\n\n\n\n<h2 id=\"ProreitoriaMeioDireitaTitulo\" style=\"color:#00510f;text-transform:uppercase;border-top: 3px solid #00510F\" class=\"has-inline-color\">\n\tInterposi\u00e7\u00e3o de Recurso\n<\/h2>\n<p><b>prosel.lapa@ifbaiano.edu.br<\/b><\/p>\n<\/div>\n<\/div>\n\n\n\n<div class=\"wp-block-columns is-layout-flex wp-container-6\">\n<div class=\"wp-block-column is-layout-flow\">\n<h2 id=\"ProreitoriaMeioDireitaTitulo\" style=\"color:#00510f;text-transform:uppercase;border-top: 3px solid #00510F\" class=\"has-inline-color\">\n\tEditais e Documentos\n<\/h2>\n<div class=\"wp-block-file\"><a href=\"https:\/\/www.ifbaiano.edu.br\/unidades\/lapa\/files\/2025\/02\/Edital-de-Matricula-no-10_2025-de-25-de-fevereiro-2025.pdf\"> EDITAL DE MATR\u00cdCULA &#8211; Publicado em 26\/02\/2025<\/a><\/div>\n\n<div class=\"wp-block-file\"><a href=\"https:\/\/www.ifbaiano.edu.br\/unidades\/lapa\/files\/2025\/02\/Resultado_Final_do_Processo_Seletivo_assinado.pdf\"> RESULTADO FINAL DO PROCESSO SELETIVO &#8211; Publicado em 24\/02\/2025<\/a><\/div>\n\n<div class=\"wp-block-file\"><a href=\"https:\/\/www.ifbaiano.edu.br\/unidades\/lapa\/files\/2025\/02\/Resultado-dos-recursos-contra-heteroidentificacao-etnico-racial.pdf\"> RESULTADO DOS RECURSOS CONTRA HETEROIDENTIFICA\u00c7\u00c3O \u00c9TNICO-RACIAL &#8211; Publicado em 20\/02\/2025<\/a><\/div>\n\n<div class=\"wp-block-file\"><a href=\"https:\/\/www.ifbaiano.edu.br\/unidades\/lapa\/files\/2025\/02\/Resultado_Preliminar_do_Procedimento_de_Heteroidentificacao_assinado.pdf\"> RESULTADO PRELIMINAR DO PROCEDIMENTO DE HETEROIDENTIFICA\u00c7\u00c3O &#8211; Publicado em 17\/02\/2025<\/a><\/div>\n\n<div class=\"wp-block-file\"><a href=\"https:\/\/www.ifbaiano.edu.br\/unidades\/lapa\/files\/2025\/02\/Publicizacao_dos_Examinadores_do_Procedimento_de_Heteroidentificacao_-_EAD.pdf\"> RELA\u00c7\u00c3O DOS EXAMINADORES DA BANCA DE HETEROIDENTIFICA\u00c7\u00c3O &#8211; Publicado em 11\/02\/2025<\/a><\/div>\n\n<div class=\"wp-block-file\"><a href=\"https:\/\/www.ifbaiano.edu.br\/unidades\/lapa\/files\/2025\/02\/Convocacao_para_a_banca_assinado.pdf\"> CONVOCA\u00c7\u00c3O PARA A BANCA DE HETEROIDENTIFICA\u00c7\u00c3O &#8211; Publicado em 07\/02\/2025<\/a><\/div>\n\n<div class=\"wp-block-file\"><a href=\"https:\/\/www.ifbaiano.edu.br\/unidades\/lapa\/files\/2025\/02\/Homologacao_final_de_inscricoes_assinado.pdf\"> HOMOLOGA\u00c7\u00c3O FINAL DAS INSCRI\u00c7\u00d5ES &#8211; Publicado em 07\/02\/2025<\/a><\/div>\n\n<div class=\"wp-block-file\"><a href=\"https:\/\/www.ifbaiano.edu.br\/unidades\/lapa\/files\/2025\/02\/Resultado_dos_Recursos_assinado.pdf\"> RESULTADO DOS RECURSOS &#8211; Publicado em 07\/02\/2025<\/a><\/div>\n\n<div class=\"wp-block-file\"><a href=\"https:\/\/www.ifbaiano.edu.br\/unidades\/lapa\/files\/2025\/02\/Lista_Preliminar_-_Cursos_EAD_2025_28129_assinado.pdf\"> LISTA PRELIMINAR DE INSCRI\u00c7\u00d5ES HOMOLOGADAS &#8211; Publicado em 05\/02\/2025<\/a><\/div>\n\n<div class=\"wp-block-file\"><a href=\"https:\/\/www.ifbaiano.edu.br\/unidades\/lapa\/files\/2025\/01\/Edital-de-Prorrogacao-no-3-de-20-de-janeiro-de-2025.pdf\"> EDITAL DE PRORROGA\u00c7\u00c3O DAS INSCRI\u00c7\u00d5ES &#8211; Publicado em 20\/01\/2025<\/a><\/div>\n\n<div class=\"wp-block-file\"><a href=\"https:\/\/www.ifbaiano.edu.br\/unidades\/lapa\/files\/2024\/12\/ANEXO-IV-DECLARACAO-DE-RECONHECIMENTO-DE-PERTENCIMENTO-E-DE-VINCULO-COM-A-COMUNIDADE-QUILOMBOLA.pdf\"> ANEXO IV DECLARACAO DE RECONHECIMENTO DE PERTENCIMENTO E DE VINCULO COM A COMUNIDADE QUILOMBOLA &#8211; Publicado em 16\/12\/2024<\/a><\/div>\n\n<div class=\"wp-block-file\"><a href=\"https:\/\/www.ifbaiano.edu.br\/unidades\/lapa\/files\/2024\/12\/ANEXO-III-FORMULARIO-PARA-RECURSO.pdf\"> ANEXO III FORMUL\u00c1RIO PARA RECURSO &#8211; Publicado em 11\/12\/2024<\/a><\/div>\n\n<div class=\"wp-block-file\"><a href=\"https:\/\/www.ifbaiano.edu.br\/unidades\/lapa\/files\/2024\/12\/ANEXO-II-AUTODECLARACAO-DE-RENDA.pdf\"> ANEXO II AUTODECLARACAO DE RENDA &#8211; Publicado em 16\/12\/2024<\/a><\/div>\n\n<div class=\"wp-block-file\"><a href=\"https:\/\/www.ifbaiano.edu.br\/unidades\/lapa\/files\/2024\/12\/ANEXO-I-DECLARACAO-DE-ESCOLA-PUBLICA.pdf\"> ANEXO I DECLARACAO DE ESCOLA PUBLICA &#8211; Publicado em 16\/12\/2024<\/a><\/div>\n\n<div class=\"wp-block-file\"><a href=\"https:\/\/www.ifbaiano.edu.br\/unidades\/lapa\/files\/2024\/12\/Edital-No-42-2024-de-10-de-dezembro-de-2024.pdf\"> EDITAL N\u00ba 42\/2024 &#8211; Publicado em 11\/12\/2024<\/a><\/div>\n<\/div>\n\n\n\n<div class=\"wp-block-column is-layout-flow\">\n<h2 id=\"ProreitoriaMeioDireitaTitulo\" style=\"color:#00510f;text-transform:uppercase;border-top: 3px solid #00510F\" class=\"has-inline-color\">\n\tContato\n<\/h2>\n<p><b>prosel.lapa@ifbaiano.edu.br<\/b><\/p>\n\n<p>\n<img decoding=\"async\" loading=\"lazy\" src=\"https:\/\/www.ifbaiano.edu.br\/unidades\/lapa\/files\/2023\/10\/whatsapp.png\" alt=\"Icone WhatsApp\" width=\"30\" height=\"30\" style=\"vertical-align: bottom\">&nbsp;<strong>(77) 92102-9545<\/strong>\n<\/p>\n<\/div>\n<\/div>\n\n\n\n<div class=\"wp-block-columns is-layout-flex wp-container-8\">\n<div class=\"wp-block-column is-layout-flow\">\n<h2 id=\"ProreitoriaMeioDireitaTitulo\" style=\"color:#00510f;text-transform:uppercase;border-top: 3px solid #00510F\" class=\"has-inline-color\">\n    Cronograma das Etapas do Processo Seletivo\n<\/h2>\n<\/div>\n<\/div>\n\n\n\n<div class=\"wp-block-gutena-accordion gutena-accordion-block gutena-accordion-block-04d209-a9\" data-single=\"true\">\n<div class=\"wp-block-gutena-accordion-panel gutena-accordion-block__panel\">\n<div class=\"wp-block-gutena-accordion-panel-title gutena-accordion-block__panel-title\"><div class=\"gutena-accordion-block__panel-title-inner\">\n<h6 class=\"wp-block-heading has-text-align-left\" style=\"margin-top:0px;margin-right:0px;margin-bottom:0px;margin-left:0px\"><strong>Acesse o Cronograma<\/strong><\/h6>\n<div class=\"trigger-up-down\"><div class=\"horizontal\"><\/div><div class=\"vertical\"><\/div><\/div><\/div><\/div>\n\n\n\n<div class=\"wp-block-gutena-accordion-panel-content gutena-accordion-block__panel-content\"><div class=\"gutena-accordion-block__panel-content-inner\">\n<p style=\"margin-top:0;margin-bottom:0\"><\/p>\n\n\n\n<figure class=\"wp-block-table\"><table><tbody><tr><td><strong>Etapas<\/strong><\/td><td><strong>Per\u00edodos<\/strong><\/td><td><strong>Endere\u00e7o<\/strong><\/td><\/tr><tr><td>Publica\u00e7\u00e3o do Edital<\/td><td>11\/12\/2024<\/td><td>https:\/\/www.ifbaiano.edu.br\/unidades\/lapa\/edital-no-42<\/td><\/tr><tr><td><br><\/td><td><\/td><td><\/td><\/tr><tr><td><br><\/td><td><\/td><td><\/td><\/tr><tr><td><br><\/td><td><\/td><td><\/td><\/tr><tr><td><\/td><td><\/td><td><\/td><\/tr><tr><td><\/td><td><\/td><td><\/td><\/tr><tr><td><\/td><td><\/td><td><\/td><\/tr><tr><td><\/td><td><\/td><td><\/td><\/tr><tr><td><\/td><td><\/td><td><\/td><\/tr><tr><td><\/td><td><\/td><td><\/td><\/tr><tr><td><\/td><td><\/td><td><\/td><\/tr><tr><td><\/td><td><\/td><td><\/td><\/tr><tr><td><\/td><td><\/td><td><\/td><\/tr><tr><td><\/td><td><\/td><td><\/td><\/tr><\/tbody><\/table><\/figure>\n<\/div><\/div>\n<\/div>\n<\/div>\n\n\n\n<div class=\"wp-block-gutena-accordion gutena-accordion-block gutena-accordion-block-77c8d5-3a\" data-single=\"true\">\n<div class=\"wp-block-gutena-accordion-panel gutena-accordion-block__panel\">\n<div class=\"wp-block-gutena-accordion-panel-title gutena-accordion-block__panel-title\"><div class=\"gutena-accordion-block__panel-title-inner\">\n<h6 class=\"wp-block-heading has-text-align-left\" style=\"margin-top:0px;margin-right:0px;margin-bottom:0px;margin-left:0px\"><strong>Quais s\u00e3o as op\u00e7\u00f5es de Cursos Integrados?<\/strong><\/h6>\n<div class=\"trigger-up-down\"><div class=\"horizontal\"><\/div><div class=\"vertical\"><\/div><\/div><\/div><\/div>\n\n\n\n<div class=\"wp-block-gutena-accordion-panel-content gutena-accordion-block__panel-content\"><div class=\"gutena-accordion-block__panel-content-inner\">\n<p><strong>T\u00e9cnico em Multimeios Did\u00e1ticos<\/strong><\/p>\n\n\n\n<p>Objetivo: formar t\u00e9cnicos em Multimeios Did\u00e1ticos capazes de planejar, executar, controlar e avaliar a\u00e7\u00f5es que relacionem tecnologias, comunica\u00e7\u00e3o e aprendizagem no contexto educacional e de associar a infraestrutura tecnol\u00f3gica ao desenvolvimento da pr\u00e1tica educativa em cursos presenciais e a dist\u00e2ncia.<\/p>\n\n\n\n<p><strong>Dura\u00e7\u00e3o: <\/strong>Tr\u00eas semestres<br><strong>Polo de Apoio: <\/strong>Santa Maria da Vit\u00f3ria<\/p>\n\n\n\n<p><strong>T\u00e9cnico em Secretaria Escolar<\/strong><br>&nbsp;<br><strong>Objetivo: <\/strong>promover forma\u00e7\u00e3o profissional t\u00e9cnica para profissionais da educa\u00e7\u00e3o, que atuam em \u00e1reas de apoio \u00e0s atividades pedag\u00f3gicas e administrativas nas escolas p\u00fablicas de educa\u00e7\u00e3o b\u00e1sica, dando-lhes condi\u00e7\u00f5es para um entendimento da educa\u00e7\u00e3o e da escola como espa\u00e7os coletivos de forma\u00e7\u00e3o humana, de diversidade \u00e9tnico-cultural, bem como de desenvolvimento de compet\u00eancias para atuar numa habilita\u00e7\u00e3o espec\u00edfica, sem perder a no\u00e7\u00e3o da totalidade da fun\u00e7\u00e3o social da educa\u00e7\u00e3o.<\/p>\n\n\n\n<p><strong>Dura\u00e7\u00e3o: <\/strong>Tr\u00eas semestres<br><strong>Polos de Apoio:<\/strong> Santa Maria da Vit\u00f3ria<\/p>\n\n\n\n<p><strong>T\u00e9cnico em Vendas<\/strong><\/p>\n\n\n\n<p><strong>Objetivo:<\/strong> Formar profissionais habilitados para atuar junto ao setor comercial e \u00e1reas afins, com compet\u00eancia para promover o estudo dos produtos e servi\u00e7os das diversas organiza\u00e7\u00f5es, ocupar fun\u00e7\u00e3o de vendedor ou correlatas e empreender, fundamentados em princ\u00edpios \u00e9ticos, humanos, sociais e ambientais.<\/p>\n\n\n\n<p><strong>Dura\u00e7\u00e3o: <\/strong>Tr\u00eas semestres<br><strong>Polos de Apoio: <\/strong>Santa Maria da Vit\u00f3ria<\/p>\n<\/div><\/div>\n<\/div>\n<\/div>\n","protected":false},"excerpt":{"rendered":"<p>Apresenta\u00e7\u00e3o O DIRETOR-GERAL DO INSTITUTO FEDERAL DE EDUCA\u00c7\u00c3O, CI\u00caNCIA E TECNOLOGIA BAIANO (IF BAIANO) CAMPUS Bom Jesus da Lapa, no uso de suas atribui\u00e7\u00f5es delegadas pela Portaria n\u00ba 275, de 18\/03\/2022, publicada no DOU de 21\/03\/2022, Se\u00e7\u00e3o 2, p\u00e1gina 26, e de acordo com as disposi\u00e7\u00f5es contidas na Lei N\u00ba11.892, de 29 de dezembro de [&hellip;]<\/p>\n","protected":false},"author":181,"featured_media":0,"parent":0,"menu_order":0,"comment_status":"closed","ping_status":"closed","template":"","meta":[],"_links":{"self":[{"href":"https:\/\/www.ifbaiano.edu.br\/unidades\/lapa\/wp-json\/wp\/v2\/pages\/29254"}],"collection":[{"href":"https:\/\/www.ifbaiano.edu.br\/unidades\/lapa\/wp-json\/wp\/v2\/pages"}],"about":[{"href":"https:\/\/www.ifbaiano.edu.br\/unidades\/lapa\/wp-json\/wp\/v2\/types\/page"}],"author":[{"embeddable":true,"href":"https:\/\/www.ifbaiano.edu.br\/unidades\/lapa\/wp-json\/wp\/v2\/users\/181"}],"replies":[{"embeddable":true,"href":"https:\/\/www.ifbaiano.edu.br\/unidades\/lapa\/wp-json\/wp\/v2\/comments?post=29254"}],"version-history":[{"count":15,"href":"https:\/\/www.ifbaiano.edu.br\/unidades\/lapa\/wp-json\/wp\/v2\/pages\/29254\/revisions"}],"predecessor-version":[{"id":29511,"href":"https:\/\/www.ifbaiano.edu.br\/unidades\/lapa\/wp-json\/wp\/v2\/pages\/29254\/revisions\/29511"}],"wp:attachment":[{"href":"https:\/\/www.ifbaiano.edu.br\/unidades\/lapa\/wp-json\/wp\/v2\/media?parent=29254"}],"curies":[{"name":"wp","href":"https:\/\/api.w.org\/{rel}","templated":true}]}}