{"id":29329,"date":"2025-01-06T13:05:29","date_gmt":"2025-01-06T16:05:29","guid":{"rendered":"https:\/\/www.ifbaiano.edu.br\/unidades\/lapa\/?page_id=29329"},"modified":"2025-09-01T11:22:36","modified_gmt":"2025-09-01T14:22:36","slug":"editais-e-selecoes-2025","status":"publish","type":"page","link":"https:\/\/www.ifbaiano.edu.br\/unidades\/lapa\/editais-e-selecoes-2025\/","title":{"rendered":"Editais e Sele\u00e7\u00f5es 2025"},"content":{"rendered":"\n<table style=\"width: 100%;border-color: white\" rules=\"rows\" border=\"0\" bgcolor=\"#EEEEEE\">\n\n    <thead>\n        <tr bgcolor=\"#D0FFD0\">\n            <th style=\"text-align: center;height: 30px\" colspan=\"3\"><span style=\"color: green\"><b>Editais\n                        2025<\/b><\/span><\/th>\n        <\/tr>\n        <tr>\n            <th style=\"text-align: center\">Edital<\/th>\n            <th style=\"text-align: center\">Conte\u00fado<\/th>\n            <th style=\"text-align: center\">Publica\u00e7\u00e3o<\/th>\n        <\/tr>\n    <\/thead>\n\n    <tbody>\n        <tr>\n            <td>\n                <p style=\"text-align: center;padding: 2px\"><b><a href=\"https:\/\/ingresso.ifbaiano.edu.br\/concursos\/integrado-bom-jesus-da-lapa-2026\/\/\">\n                            23\/2025\n                        <\/a>\n                    <\/b>\n                <\/p>\n            <\/td>\n            <td style=\"text-align: center;padding: 2px\">Edital de Processo Seletivo cursos t\u00e9cnicos integrados 2026<\/td>\n            <td>01\/09\/2025<\/td>\n        <\/tr>\n        <tr>\n            <td>\n                <p style=\"text-align: center;padding: 2px\"><b><a href=\"https:\/\/www.ifbaiano.edu.br\/unidades\/lapa\/edital-de-vagas-remanescentes-do-sisu-2025-gti\/\">\n                            21\/2025\n                        <\/a>\n                    <\/b>\n                <\/p>\n            <\/td>\n            <td style=\"text-align: center;padding: 2px\">Edital de Processo Seletivo de vagas remanescentes do SISU 2025 &#8211; GTI<\/td>\n            <td>05\/08\/2025<\/td>\n        <\/tr>\n        <tr>\n            <td>\n                <p style=\"text-align: center;padding: 2px\"><b><a href=\"https:\/\/www.ifbaiano.edu.br\/unidades\/lapa\/edital-interno-no-19-2025-de-3-de-junho-de-2025-selecao-de-estudantes-de-nivel-medio-para-a-realizacao-de-estagio-curricular-obrigatorio\/\">19\/2025<\/a><\/b>\n                <\/p>\n            <\/td>\n            <td style=\"text-align: center;padding: 2px\">Edital de Sele\u00e7\u00e3o de Estudantes de n\u00edvel m\u00e9dio para realiza\u00e7\u00e3o de est\u00e1gio\n                curricular obrigat\u00f3rio<\/td>\n            <td>03\/06\/2025<\/td>\n        <\/tr>\n        <tr>\n            <td>\n                <p style=\"text-align: center;padding: 2px\"><b><a href=\"https:\/\/www.ifbaiano.edu.br\/unidades\/lapa\/edital-no-17-2025-de-9-de-maio-de-2025-processo-seletivo-para-monitores-dos-cursos-de-graduacao-semestre-letivo-2024-2\/\">17\/2025<\/a><\/b>\n                <\/p>\n            <\/td>\n            <td style=\"text-align: center;padding: 2px\">Edital sele\u00e7\u00e3o de monitores cursos de gradua\u00e7\u00e3o 2024.2<\/td>\n            <td>09\/05\/2025<\/td>\n        <\/tr>\n        <tr>\n            <td>\n                <p style=\"text-align: center;padding: 2px\"><b><a href=\"https:\/\/www.ifbaiano.edu.br\/unidades\/lapa\/edital-13-2025-vagas-ociosas-cursos-de-graduacao\/\">13\/2025<\/a><\/b>\n                <\/p>\n            <\/td>\n            <td style=\"text-align: center;padding: 2px\">Edital vagas ociosas cursos de gradua\u00e7\u00e3o<\/td>\n            <td>09\/04\/2025<\/td>\n        <\/tr>\n        <tr>\n            <td>\n                <p style=\"text-align: center;padding: 2px\"><b><a href=\"https:\/\/www.ifbaiano.edu.br\/unidades\/lapa\/edital-12-2025-paise\/\">12\/2025<\/a><\/b>\n                <\/p>\n            <\/td>\n            <td style=\"text-align: center;padding: 2px\">Edital PAISE 2025<\/td>\n            <td>07\/04\/2025<\/td>\n        <\/tr>\n        <tr>\n            <td>\n                <p style=\"text-align: center;padding: 2px\"><b><a href=\"https:\/\/www.ifbaiano.edu.br\/unidades\/lapa\/edital-no-11-2025-processo-seletivo-de-vagas-remanescentes-para-ingresso-de-estudantes-nos-cursos-da-educacao-profissional-tecnica-de-nivel-medio-na-forma-subsequente-ao-ensino-medio-modalidade-e\/\">11\/2025<\/a><\/b>\n                <\/p>\n            <\/td>\n            <td style=\"text-align: center;padding: 2px\">Vagas remanescentes cursos t\u00e9cnicos EaD<\/td>\n            <td>13\/03\/2025<\/td>\n        <\/tr>\n        <tr>\n            <td>\n                <p style=\"text-align: center;padding: 2px\"><b><a href=\"https:\/\/www.ifbaiano.edu.br\/unidades\/lapa\/edital-no-08-2025\/\">08\/2025<\/a><\/b><\/p>\n            <\/td>\n            <td style=\"text-align: center;padding: 2px\">Sele\u00e7\u00e3o de Estagi\u00e1rios para atua\u00e7\u00e3o no Campus Bom Jesus da Lapa<\/td>\n            <td>24\/02\/2025<\/td>\n        <\/tr>\n\n        <td>\n            <p style=\"text-align: center;padding: 2px\"><b><a href=\"https:\/\/www.ifbaiano.edu.br\/unidades\/lapa\/edital-no-01-2025\/\">01\/2025<\/a><\/b><\/p>\n        <\/td>\n        <td style=\"text-align: center;padding: 2px\">Sele\u00e7\u00e3o de Candidatos(as) para Preenchimento de Vagas no Curso de Gradua\u00e7\u00e3o em\n            Engenharia Agron\u00f4mica -Campus Bom Jesus da Lapa .<\/td>\n        <td>08\/01\/2025<\/td>\n        <\/tr>\n\n\n    <\/tbody>\n<\/table>\n","protected":false},"excerpt":{"rendered":"<p>Editais 2025 Edital Conte\u00fado Publica\u00e7\u00e3o 23\/2025 Edital de Processo Seletivo cursos t\u00e9cnicos integrados 2026 01\/09\/2025 21\/2025 Edital de Processo Seletivo de vagas remanescentes do SISU 2025 &#8211; GTI 05\/08\/2025 19\/2025 Edital de Sele\u00e7\u00e3o de Estudantes de n\u00edvel m\u00e9dio para realiza\u00e7\u00e3o de est\u00e1gio curricular obrigat\u00f3rio 03\/06\/2025 17\/2025 Edital sele\u00e7\u00e3o de monitores cursos de gradua\u00e7\u00e3o 2024.2 09\/05\/2025 [&hellip;]<\/p>\n","protected":false},"author":181,"featured_media":0,"parent":0,"menu_order":0,"comment_status":"closed","ping_status":"closed","template":"","meta":[],"_links":{"self":[{"href":"https:\/\/www.ifbaiano.edu.br\/unidades\/lapa\/wp-json\/wp\/v2\/pages\/29329"}],"collection":[{"href":"https:\/\/www.ifbaiano.edu.br\/unidades\/lapa\/wp-json\/wp\/v2\/pages"}],"about":[{"href":"https:\/\/www.ifbaiano.edu.br\/unidades\/lapa\/wp-json\/wp\/v2\/types\/page"}],"author":[{"embeddable":true,"href":"https:\/\/www.ifbaiano.edu.br\/unidades\/lapa\/wp-json\/wp\/v2\/users\/181"}],"replies":[{"embeddable":true,"href":"https:\/\/www.ifbaiano.edu.br\/unidades\/lapa\/wp-json\/wp\/v2\/comments?post=29329"}],"version-history":[{"count":15,"href":"https:\/\/www.ifbaiano.edu.br\/unidades\/lapa\/wp-json\/wp\/v2\/pages\/29329\/revisions"}],"predecessor-version":[{"id":30072,"href":"https:\/\/www.ifbaiano.edu.br\/unidades\/lapa\/wp-json\/wp\/v2\/pages\/29329\/revisions\/30072"}],"wp:attachment":[{"href":"https:\/\/www.ifbaiano.edu.br\/unidades\/lapa\/wp-json\/wp\/v2\/media?parent=29329"}],"curies":[{"name":"wp","href":"https:\/\/api.w.org\/{rel}","templated":true}]}}