{"id":29422,"date":"2025-02-24T15:14:11","date_gmt":"2025-02-24T18:14:11","guid":{"rendered":"https:\/\/www.ifbaiano.edu.br\/unidades\/lapa\/?page_id=29422"},"modified":"2025-04-01T15:55:22","modified_gmt":"2025-04-01T18:55:22","slug":"edital-no-08-2025","status":"publish","type":"page","link":"https:\/\/www.ifbaiano.edu.br\/unidades\/lapa\/edital-no-08-2025\/","title":{"rendered":"EDITAL N\u00ba 8\/2025, DE 24 DE FEVEREIRO DE 2025 &#8211; SELE\u00c7\u00c3O DE ESTAGI\u00c1RIOS PARA ATUA\u00c7\u00c3O NO CAMPUS BOM JESUS DA LAPA"},"content":{"rendered":"\n<div class=\"wp-block-columns is-layout-flex wp-container-3\">\n<div class=\"wp-block-column is-layout-flow\">\n<h2 id=\"ProreitoriaMeioDireitaTitulo\" style=\"color:#00510f;text-transform:uppercase;border-top: 3px solid #00510F\" class=\"has-inline-color\">\n    Apresenta\u00e7\u00e3o\n<\/h2>\n<p>O DIRETOR-GERAL DO INSTITUTO FEDERAL DE EDUCA\u00c7\u00c3O, CI\u00caNCIA E TECNOLOGIA BAIANO (IF BAIANO) &#8211;\nCAMPUS BOM JESUS DA LAPA, no uso de suas atribui\u00e7\u00f5es delegadas pela Portaria n\u00ba 275, de 18\/03\/2022,\npublicada no DOU de 21\/03\/2022, Se\u00e7\u00e3o 2, p\u00e1gina 26, e de acordo com as disposi\u00e7\u00f5es con+das na Lei n\u00ba 11.892, de\n29\/12\/2008, no Regimento Geral do IF Baiano, na Portaria Norma+va 13\/2022 &#8211; RET-GAB\/RET\/IFBAIANO, de 11 de\nmar\u00e7o de 2022, e suas altera\u00e7\u00f5es, e na Instru\u00e7\u00e3o Norma+va n\u00ba 213, de 17 de dezembro de 2019, da Secretaria\nEspecial de Desburocra+za\u00e7\u00e3o, Gest\u00e3o e Governo Digital do Minist\u00e9rio da Economia, torna p\u00fablico o presente\nedital que estabelece os procedimentos para a sele\u00e7\u00e3o de estagi\u00e1rios para atua\u00e7\u00e3o no Campus Bom Jesus da Lapa,\nnos termos da Lei 11.788 de 25 de setembro de 2008, conforme as disposi\u00e7\u00f5es a seguir.<\/p>\n<\/div>\n\n\n\n<div class=\"wp-block-column is-layout-flow\">\n<h2 id=\"ProreitoriaMeioDireitaTitulo\" style=\"color:#00510f;text-transform:uppercase;border-top: 3px solid #00510F\" class=\"has-inline-color\">\n\tInscri\u00e7\u00f5es\n<\/h2>\n\n<p> <strong>Das 00h de 10\/03\/2025 \u00e0s 23h59 de 12\/03\/2025.<\/strong> \n<br><br><br>\n\n<a href=\"https:\/\/opinanovo.ifbaiano.edu.br\/index.php\/register\/index?sid=322485\" target=\"_blank\" rel=\"noopener noreferrer\">INSCREVA-SE AQUI<\/a> <\/p>\n\n<br>\n<br>\n<br>\n<br>\n<br>\n\n\n<br>\n<br>\n<br>\n<br>\n<br>\n\n\n<h2 id=\"ProreitoriaMeioDireitaTitulo\" style=\"color:#00510f;text-transform:uppercase;border-top: 3px solid #00510F\" class=\"has-inline-color\">\n\tInterposi\u00e7\u00e3o de Recurso ao Edital\n<\/h2>\n<p>Per\u00edodo: <b> De 26\/02 a 27\/02, at\u00e9 as 17h <\/b>\n<br> E-mail: <b> nagp@lapa.ifbaiano.edu.br <\/b>\n<\/p>\n\n\n\n\n<br><br>\n<\/div>\n<\/div>\n\n\n\n<div class=\"wp-block-columns is-layout-flex wp-container-6\">\n<div class=\"wp-block-column is-layout-flow\">\n<h2 id=\"ProreitoriaMeioDireitaTitulo\" style=\"color:#00510f;text-transform:uppercase;border-top: 3px solid #00510F\" class=\"has-inline-color\">\n\tEditais e Documentos\n<\/h2>\n<div class=\"wp-block-file\"><a href=\"https:\/\/www.ifbaiano.edu.br\/unidades\/lapa\/files\/2025\/04\/Resultado-Final-Processo-Seletivo-Estagiarios.pdf\"> RESULTADO FINAL &#8211; Edital 08\/2025 &#8211; Publicado em 01\/04\/2025<\/a><\/div>\n\n<div class=\"wp-block-file\"><a href=\"https:\/\/www.ifbaiano.edu.br\/unidades\/lapa\/files\/2025\/03\/RESULTADO-PRELIMINAR-DA-CLASSIFICACAO.pdf\"> RESULTADO PRELIMINAR DA CLASSIFICA\u00c7\u00c3O &#8211; Edital 08\/2025 &#8211; Publicado em 24\/03\/2025<\/a><\/div>\n\n<div class=\"wp-block-file\"><a href=\"https:\/\/www.ifbaiano.edu.br\/unidades\/lapa\/files\/2025\/03\/Resultado-preliminar-da-entrevista-e-analise-curricular.pdf\"> RESULTADO PRELIMINAR DA ENTREVISTA E AN\u00c1LISE CURRICULAR &#8211; Edital 08\/2025 &#8211; Publicado em 24\/03\/2025<\/a><\/div>\n\n<div class=\"wp-block-file\"><a href=\"https:\/\/www.ifbaiano.edu.br\/unidades\/lapa\/files\/2025\/03\/CONVOCACAO-PARA-ENTREVISTA-PRESENCIAL.pdf\"> CONVOCA\u00c7\u00c3O PARA AS ENTREVISTAS &#8211; Edital 08\/2025 &#8211; Publicado em 18\/03\/2025<\/a><\/div>\n\n<div class=\"wp-block-file\"><a href=\"https:\/\/www.ifbaiano.edu.br\/unidades\/lapa\/files\/2025\/03\/HOMOLOGACAO-DAS-INSCRICOES.pdf\"> HOMOLOGACAO DAS INSCRICOES &#8211; Edital 08\/2025 &#8211; Publicado em 14\/03\/2025<\/a><\/div>\n\n<div class=\"wp-block-file\"><a href=\"https:\/\/www.ifbaiano.edu.br\/unidades\/lapa\/files\/2025\/02\/EDITAL-No-8-2025-Selecao-de-Estagiarios.pdf\">SELE\u00c7\u00c3O DE ESTAGI\u00c1RIOS PARA ATUA\u00c7\u00c3O NO CAMPUS BOM JESUS DA LAPA &#8211; Edital 08\/2025 &#8211; Publicado em 24\/02\/2025<\/a><\/div>\n<\/div>\n\n\n\n<div class=\"wp-block-column is-layout-flow\">\n<h2 id=\"ProreitoriaMeioDireitaTitulo\" style=\"color:#00510f;text-transform:uppercase;border-top: 3px solid #00510F\" class=\"has-inline-color\">\n\tContato\n<\/h2>\n<p>E-mail:<b> dadm@lapa.ifbaiano.edu.br<\/b><\/p>\n<\/div>\n<\/div>\n","protected":false},"excerpt":{"rendered":"<p>Apresenta\u00e7\u00e3o O DIRETOR-GERAL DO INSTITUTO FEDERAL DE EDUCA\u00c7\u00c3O, CI\u00caNCIA E TECNOLOGIA BAIANO (IF BAIANO) &#8211; CAMPUS BOM JESUS DA LAPA, no uso de suas atribui\u00e7\u00f5es delegadas pela Portaria n\u00ba 275, de 18\/03\/2022, publicada no DOU de 21\/03\/2022, Se\u00e7\u00e3o 2, p\u00e1gina 26, e de acordo com as disposi\u00e7\u00f5es con+das na Lei n\u00ba 11.892, de 29\/12\/2008, no [&hellip;]<\/p>\n","protected":false},"author":181,"featured_media":0,"parent":0,"menu_order":0,"comment_status":"closed","ping_status":"closed","template":"","meta":[],"_links":{"self":[{"href":"https:\/\/www.ifbaiano.edu.br\/unidades\/lapa\/wp-json\/wp\/v2\/pages\/29422"}],"collection":[{"href":"https:\/\/www.ifbaiano.edu.br\/unidades\/lapa\/wp-json\/wp\/v2\/pages"}],"about":[{"href":"https:\/\/www.ifbaiano.edu.br\/unidades\/lapa\/wp-json\/wp\/v2\/types\/page"}],"author":[{"embeddable":true,"href":"https:\/\/www.ifbaiano.edu.br\/unidades\/lapa\/wp-json\/wp\/v2\/users\/181"}],"replies":[{"embeddable":true,"href":"https:\/\/www.ifbaiano.edu.br\/unidades\/lapa\/wp-json\/wp\/v2\/comments?post=29422"}],"version-history":[{"count":13,"href":"https:\/\/www.ifbaiano.edu.br\/unidades\/lapa\/wp-json\/wp\/v2\/pages\/29422\/revisions"}],"predecessor-version":[{"id":29631,"href":"https:\/\/www.ifbaiano.edu.br\/unidades\/lapa\/wp-json\/wp\/v2\/pages\/29422\/revisions\/29631"}],"wp:attachment":[{"href":"https:\/\/www.ifbaiano.edu.br\/unidades\/lapa\/wp-json\/wp\/v2\/media?parent=29422"}],"curies":[{"name":"wp","href":"https:\/\/api.w.org\/{rel}","templated":true}]}}