{"id":29510,"date":"2025-03-13T16:37:56","date_gmt":"2025-03-13T19:37:56","guid":{"rendered":"https:\/\/www.ifbaiano.edu.br\/unidades\/lapa\/?page_id=29510"},"modified":"2025-04-03T13:42:07","modified_gmt":"2025-04-03T16:42:07","slug":"edital-no-11-2025-processo-seletivo-de-vagas-remanescentes-para-ingresso-de-estudantes-nos-cursos-da-educacao-profissional-tecnica-de-nivel-medio-na-forma-subsequente-ao-ensino-medio-modalidade-e","status":"publish","type":"page","link":"https:\/\/www.ifbaiano.edu.br\/unidades\/lapa\/edital-no-11-2025-processo-seletivo-de-vagas-remanescentes-para-ingresso-de-estudantes-nos-cursos-da-educacao-profissional-tecnica-de-nivel-medio-na-forma-subsequente-ao-ensino-medio-modalidade-e\/","title":{"rendered":"EDITAL N\u00ba 11\/2025 &#8211; PROCESSO SELETIVO DE VAGAS REMANESCENTES PARA INGRESSO DE ESTUDANTES NOS CURSOS DA EDUCA\u00c7\u00c3O PROFISSIONAL T\u00c9CNICA DE N\u00cdVEL M\u00c9DIO, NA FORMA SUBSEQUENTE AO ENSINO M\u00c9DIO &#8211; MODALIDADE EaD &#8211;\u00a0ANO LETIVO 2025"},"content":{"rendered":"<div class=\"wp-block-image\">\n<figure class=\"aligncenter size-large is-resized\"><img decoding=\"async\" loading=\"lazy\" src=\"https:\/\/www.ifbaiano.edu.br\/unidades\/lapa\/files\/2025\/03\/5973-CARD-vagas-remanescente-cursos-EAD.webp\" alt=\"\" width=\"510\" height=\"510\" \/><\/figure><\/div>\n\n\n<div style=\"display: flex;flex-direction: row;justify-content: space-between;gap: 2vw\">\n        <div class=\"apresentacao\" style=\"flex: 1\">\n            <h2 id=\"ProreitoriaMeioDireitaTitulo\" style=\"color:#00510f;text-transform:uppercase;border-top: 3px solid #00510F\" class=\"has-inline-color\">\n                Apresenta\u00e7\u00e3o\n            <\/h2>\n            <p>\n                O DIRETOR-GERAL DO INSTITUTO FEDERAL DE EDUCA\u00c7\u00c3O, CI\u00caNCIA E TECNOLOGIA BAIANO (IF BAIANO) CAMPUS Bom\n                Jesus da\n                Lapa, no uso de suas atribui\u00e7\u00f5es delegadas pela Portaria n\u00ba 275, de 18\/03\/2022, publicada no DOU de\n                21\/03\/2022,\n                Se\u00e7\u00e3o 2, p\u00e1gina 26, e de acordo com as disposi\u00e7\u00f5es contidas na Lei N\u00ba11.892, de 29 de dezembro de 2008,\n                e na\n                Lei\n                N\u00ba 8.112, de 11 de dezembro de 1990, em conformidade com a Lei N\u00b0 9.394, de 20 de dezembro de 1996, e\n                suas\n                altera\u00e7\u00f5es e, ainda, considerando a Resolu\u00e7\u00e3o do Conselho Pleno do Conselho Nacional de Educa\u00e7\u00e3o(CNE\/CP)\n                N\u00ba\n                04,\n                de 17 de dezembro de 2018; o Decreto n\u00ba 11.016, de 29 de mar\u00e7o de 2022; a Lei n\u00ba 8.666, de 21 de junho\n                de\n                1993;\n                o Decreto N\u00ba 3.298, de 20 de dezembro de 1999; a Lei N\u00ba 12.764, de 27 de dezembro de 2012; a Lei N\u00ba\n                12.711,\n                de\n                29 de agosto de 2012, e suas regulamenta\u00e7\u00f5es; a Lei N\u00ba 10.741, de 1\u00ba de outubro de 2003; a Lei N\u00ba\n                13.409, de\n                28\n                de dezembro de 2016; o Decreto N\u00ba 7.824, de 11 de outubro de 2012; a Portaria doMinist\u00e9rio da Educa\u00e7\u00e3o\n                (MEC)\n                N\u00ba\n                18, de 11 de outubro de 2012, e suas altera\u00e7\u00f5es, observando o disposto naResolu\u00e7\u00e3o N\u00ba\n                153\/2021-OS-CONSUP\/IFBAIANO, de 18 de agosto de 2021, na Instru\u00e7\u00e3o Normativa 67\/2023 &#8211;\n                RET-GAB\/RET\/IFBAIANO,\n                de\n                13 de setembro de 2023, naPortaria Normativa 19\/2023 &#8211; RET-GAB\/RET\/IFBAIANO, de 21 de setembro de 2023 e\n                na\n                legisla\u00e7\u00e3o concernente, torna p\u00fablica a abertura de inscri\u00e7\u00f5es para o processo de ingresso de estudantes\n                de\n                2024, nos cursos da Educa\u00e7\u00e3o Profissional T\u00e9cnica de N\u00edvel M\u00e9dio (EPTNM), na forma subsequente ao ensino\n                m\u00e9dio,\n                modalidade EaD &#8211; para o Campus Bom Jesus da Lapa, por meio de MANIFESTA\u00c7\u00c3O DE INTERESSE, conforme o\n                n\u00famero\n                de\n                vagas e os cursos relacionados no Quadro 2 do subitem 1.8 deste Edital.\n            <\/p>\n        <\/div>\n        <div class=\"inscricoes\" style=\"flex: 1\">\n            <h2 id=\"ProreitoriaMeioDireitaTitulo\" style=\"color:#00510f;text-transform:uppercase;border-top: 3px solid #00510F\" class=\"has-inline-color\">\n                Inscri\u00e7\u00f5es\n            <\/h2>\n            <h4>PER\u00cdODO DE INSCRI\u00c7\u00c3O E MATR\u00cdCULA (manifesta\u00e7\u00e3o de interesse):\n                <p>17\/03 a 28\/03\/2025\n                    em dias \u00fateis de 08h\n                    \u00e0s 12h e de 13h \u00e0s\n                    16h\n                <\/p>\n            <\/h4>\n            <p>\n                PRESENCIALMENTE EM:\n            <div style=\"color: black;font-weight:bold\">IF Baiano &#8211; Campus Bom Jesus da Lapa:<\/div> BR 349, Km\n            14 \u2013 Zona Rural, Bom Jesus da Lapa \u2013 Bahia <br>\n            <div style=\"color: black;font-weight:bold\">Polo Santa Maria da Vit\u00f3ria:<\/div> Escola Municipal Senador\n            Josaphat Marinho.\n            Endere\u00e7o: Rua A, n\u00ba 100, Bairro Planalto &#8211; Santa\n            Maria da Vit\u00f3ria &#8211; Bahia\n            <\/p>\n        <\/div>\n    <\/div>\n\n\n\n<div style=\"display: flex;flex-direction: row;justify-content: space-between;gap: 2vw\">\n    <div class=\"apresentacao\" style=\"flex: 1\">\n        <h2 id=\"ProreitoriaMeioDireitaTitulo\" style=\"color:#00510f;text-transform:uppercase;border-top: 3px solid #00510F\" class=\"has-inline-color\">\n            Editais e Documentos\n        <\/h2>\n        <p>\n            <a href=\"https:\/\/www.ifbaiano.edu.br\/unidades\/lapa\/files\/2025\/04\/RETIFICACAO-DA-LISTA-DE-MATRICULADOSAS-VAGAS-REMANESCNETES-PROSEL-EAD-2025.pdf\">\n               RETIFICA\u00c7\u00c3O LISTA DE MATRICULADOS &#8211; VAGAS REMANESCENTES\n            <\/a>\n        <\/p>\n        <p>\n            <a href=\"https:\/\/www.ifbaiano.edu.br\/unidades\/lapa\/files\/2025\/04\/LISTA-DE-MATRICULADOSAS-VAGAS-REMANESCENTES.pdf\">\n                LISTA DE MATRICULADOS &#8211; VAGAS REMANESCENTES\n            <\/a>\n        <\/p>\n        <p>\n            <a href=\"https:\/\/www.ifbaiano.edu.br\/unidades\/lapa\/files\/2025\/03\/ANEXO-II-FICHA-DE-MATRICULA.pdf\">\n                ANEXO II &#8211; Ficha de Matr\u00edcula\n            <\/a>\n        <\/p>\n        <p>\n            <a href=\"https:\/\/www.ifbaiano.edu.br\/unidades\/lapa\/files\/2025\/03\/ANEXO-I-FORMULARIO-PARA-RECURSO.pdf\">\n            ANEXO I &#8211; Formul\u00e1rio para Recurso\n            <\/a>\n        <\/p>\n        <p>\n            <a href=\"https:\/\/www.ifbaiano.edu.br\/unidades\/lapa\/files\/2025\/03\/Edital-No-11-de-2025-de-12-de-marco-de-2025.pdf\">\n                Edital\n                de abertura de vagas remanescentes &#8211; N\u00ba 11\/2025\n            <\/a>\n        <\/p>\n    <\/div>\n    <div class=\"inscricoes\" style=\"flex: 1\">\n        <h2 id=\"ProreitoriaMeioDireitaTitulo\" style=\"color:#00510f;text-transform:uppercase;border-top: 3px solid #00510F\" class=\"has-inline-color\">\n            Contato\n        <\/h2>\n        <div>\n            <p>\n                <strong>E-mail:<\/strong> prosel.lapa@ifbaiano.edu.br\n            <\/p>\n            <p>\n                <strong>Telefone\/WhatsApp:<\/strong> (77) 92102-9545\n            <\/p>\n        <\/div>\n    <\/div>\n<\/div>\n","protected":false},"excerpt":{"rendered":"<p>Apresenta\u00e7\u00e3o O DIRETOR-GERAL DO INSTITUTO FEDERAL DE EDUCA\u00c7\u00c3O, CI\u00caNCIA E TECNOLOGIA BAIANO (IF BAIANO) CAMPUS Bom Jesus da Lapa, no uso de suas atribui\u00e7\u00f5es delegadas pela Portaria n\u00ba 275, de 18\/03\/2022, publicada no DOU de 21\/03\/2022, Se\u00e7\u00e3o 2, p\u00e1gina 26, e de acordo com as disposi\u00e7\u00f5es contidas na Lei N\u00ba11.892, de 29 de dezembro de [&hellip;]<\/p>\n","protected":false},"author":192,"featured_media":0,"parent":0,"menu_order":0,"comment_status":"closed","ping_status":"closed","template":"","meta":[],"_links":{"self":[{"href":"https:\/\/www.ifbaiano.edu.br\/unidades\/lapa\/wp-json\/wp\/v2\/pages\/29510"}],"collection":[{"href":"https:\/\/www.ifbaiano.edu.br\/unidades\/lapa\/wp-json\/wp\/v2\/pages"}],"about":[{"href":"https:\/\/www.ifbaiano.edu.br\/unidades\/lapa\/wp-json\/wp\/v2\/types\/page"}],"author":[{"embeddable":true,"href":"https:\/\/www.ifbaiano.edu.br\/unidades\/lapa\/wp-json\/wp\/v2\/users\/192"}],"replies":[{"embeddable":true,"href":"https:\/\/www.ifbaiano.edu.br\/unidades\/lapa\/wp-json\/wp\/v2\/comments?post=29510"}],"version-history":[{"count":10,"href":"https:\/\/www.ifbaiano.edu.br\/unidades\/lapa\/wp-json\/wp\/v2\/pages\/29510\/revisions"}],"predecessor-version":[{"id":29636,"href":"https:\/\/www.ifbaiano.edu.br\/unidades\/lapa\/wp-json\/wp\/v2\/pages\/29510\/revisions\/29636"}],"wp:attachment":[{"href":"https:\/\/www.ifbaiano.edu.br\/unidades\/lapa\/wp-json\/wp\/v2\/media?parent=29510"}],"curies":[{"name":"wp","href":"https:\/\/api.w.org\/{rel}","templated":true}]}}