{"id":29666,"date":"2025-04-09T21:55:23","date_gmt":"2025-04-10T00:55:23","guid":{"rendered":"https:\/\/www.ifbaiano.edu.br\/unidades\/lapa\/?page_id=29666"},"modified":"2025-05-05T14:43:19","modified_gmt":"2025-05-05T17:43:19","slug":"edital-13-2025-vagas-ociosas-cursos-de-graduacao","status":"publish","type":"page","link":"https:\/\/www.ifbaiano.edu.br\/unidades\/lapa\/edital-13-2025-vagas-ociosas-cursos-de-graduacao\/","title":{"rendered":"Edital 13\/2025 &#8211; Vagas ociosas cursos de gradua\u00e7\u00e3o"},"content":{"rendered":"\n<div class=\"wp-block-group is-layout-constrained\"><div class=\"wp-block-group__inner-container\">\n<p><\/p>\n\n\n\n<div class=\"wp-block-columns is-layout-flex wp-container-3\">\n<div class=\"wp-block-column is-layout-flow\">\n<h2 id=\"ProreitoriaMeioDireitaTitulo\" style=\"color:#00510f;text-transform:uppercase;border-top: 3px solid #00510F\" class=\"has-inline-color\">\n    Apresenta\u00e7\u00e3o\n<\/h2>\n\n<p>\n    O DIRETOR-GERAL DO INSTITUTO FEDERAL DE EDUCA\u00c7\u00c3O, CI\u00caNCIA E TECNOLOGIA BAIANO (IF BAIANO) &#8211; CAMPUS BOM JESUS DA\n    LAPA, no uso de suas atribui\u00e7\u00f5es legais conferidas pela Portaria de Pessoal n\u00b0 275, de 18\/03\/2022 publicada no DOU\n    de 21\/03\/2022, e de acordo com as disposi\u00e7\u00f5es contidas na Lei n\u00ba 11.892, de 29\/12\/2008, em conformidade com a Lei\n    N\u00b0. 9.394, de 20 de dezembro de 1996, alterada pela Lei n\u00ba 12.796, de 04 de abril de 2013 e ainda considerando a\n    Portaria MEC n\u00ba 18, de 11 de outubro de 2012, torna p\u00fablico o presente Edital, para preenchimento de vagas ociosas\n    no curso bacharelado em Engenharia Agron\u00f4mica e no curso superior de Tecnologia em Gest\u00e3o da Tecnologia da\n    Informa\u00e7\u00e3o ofertados pelo Campus Bom Jesus da Lapa, para ingresso no semestre 2024.2. As vagas poder\u00e3o ser\n    preenchidas por Transfer\u00eancia Interna ou Externa, por Reop\u00e7\u00e3o de Curso, por Portador de Diploma de Educa\u00e7\u00e3o Superior\n    em \u00e1reas afins, oriundos de Institui\u00e7\u00f5es de Ensino Superior, de acordo com a Organiza\u00e7\u00e3o Did\u00e1tica dos Cursos da\n    Educa\u00e7\u00e3o Superior do Instituto Federal de Educa\u00e7\u00e3o, Ci\u00eancia e Tecnologia Baiano (IF Baiano), conforme Resolu\u00e7\u00e3o n\u00b0\n    64 do Conselho Superior\/IF Baiano, de 31 de mar\u00e7o de 2020.\n<\/p>\n<\/div>\n\n\n\n<div class=\"wp-block-column is-layout-flow\">\n<h2 id=\"ProreitoriaMeioDireitaTitulo\" style=\"color:#00510f;text-transform:uppercase;border-top: 3px solid #00510F\" class=\"has-inline-color\">\n    Inscri\u00e7\u00f5es\n<\/h2>\n\n<p align=\"justify\">\n    <strong>Per\u00edodo:<\/strong> 14 a 17 de abril de 2025. <br>\n    Feitas apenas pelo e-mail: <b>prosel.sisu@lapa.ifbaiano.edu.br<\/b>\n<\/p>\n<\/div>\n<\/div>\n\n\n\n<div class=\"wp-block-columns is-layout-flex wp-container-6\">\n<div class=\"wp-block-column is-layout-flow\">\n\n\n\n<h2 id=\"ProreitoriaMeioDireitaTitulo\" style=\"color:#00510f;text-transform:uppercase;border-top: 3px solid #00510F\" class=\"has-inline-color\">\n    Editais e Documentos\n<\/h2>\n<div class=\"wp-block-file\">\n    <a href=\"https:\/\/www.ifbaiano.edu.br\/unidades\/lapa\/files\/2025\/05\/edital-16-2025.pdf\">\n        Edital de matr\u00edcula n\u00b0 16\/2025 &#8211; publicado em 05\/05\/2025.\n    <\/a> <br>\n    <a href=\"https:\/\/www.ifbaiano.edu.br\/unidades\/lapa\/files\/2025\/05\/Resultado_final_-_Edital_13-2025.pdf\">\n        Resultado Final edital 13\/2025 &#8211; publicado em 05\/05\/2025.\n    <\/a> <br>\n    <a href=\"https:\/\/www.ifbaiano.edu.br\/unidades\/lapa\/files\/2025\/05\/Resultado-dos-Recursos-13-2025.pdf\">\n        Resultado dos recursos edital 13\/2025 &#8211; publicado em 05\/05\/2025.\n    <\/a> <br>\n    <a href=\"https:\/\/www.ifbaiano.edu.br\/unidades\/lapa\/files\/2025\/04\/Resultado-preliminar-Edital-13-2025.pdf\">\n        Resultado Preliminar edital 13\/2025 &#8211; publicado em 30\/04\/2025.\n    <\/a> <br>\n    <a href=\"https:\/\/www.ifbaiano.edu.br\/unidades\/lapa\/files\/2025\/04\/edital-13-2025-atualizado.pdf\">\n        Edital 13\/2025 atualizado &#8211; publicado em 30\/04\/2025.\n    <\/a> <br>\n    <a href=\"https:\/\/www.ifbaiano.edu.br\/unidades\/lapa\/files\/2025\/04\/edital-15-2025.pdf\">\n        Edital 15\/2025 Retifica\u00e7\u00e3o &#8211; publicado em 30\/04\/2025.\n    <\/a> <br>\n    <a href=\"https:\/\/www.ifbaiano.edu.br\/unidades\/lapa\/files\/2025\/04\/nota-informativa.pdf\">\n        Nota Informativa &#8211; publicado em 30\/04\/2025.\n    <\/a> <br>\n    <a href=\"https:\/\/www.ifbaiano.edu.br\/unidades\/lapa\/files\/2025\/04\/edital-de-prorrogacao-14-2025.pdf\">\n        Edital\n        14\/2025 Prorroga\u00e7\u00e3o das inscri\u00e7\u00f5es para vagas ociosas cursos de gradua\u00e7\u00e3o noturno &#8211; publicado em 23\/04\/2025.\n    <\/a> <br>\n    <a href=\"https:\/\/www.ifbaiano.edu.br\/unidades\/lapa\/files\/2025\/04\/edital_vagas_ociosas_noturno_13_2025.pdf\">\n        Edital\n        13\/2025 Vagas ociosas cursos de gradua\u00e7\u00e3o noturno &#8211; publicado em 09\/04\/2025.\n    <\/a>\n<\/div>\n\n\n\n<p><\/p>\n\n\n\n<p><\/p>\n<\/div>\n\n\n\n<div class=\"wp-block-column is-layout-flow\">\n<h2 id=\"ProreitoriaMeioDireitaTitulo\" style=\"color:#00510f;text-transform:uppercase;border-top: 3px solid #00510F\" class=\"has-inline-color\">\n\tContato\n<\/h2>\n\n<p align=\"justify\">prosel.sisu@lapa.ifbaiano.edu.br<\/p>\n<\/div>\n<\/div>\n<\/div><\/div>\n","protected":false},"excerpt":{"rendered":"<p>Apresenta\u00e7\u00e3o O DIRETOR-GERAL DO INSTITUTO FEDERAL DE EDUCA\u00c7\u00c3O, CI\u00caNCIA E TECNOLOGIA BAIANO (IF BAIANO) &#8211; CAMPUS BOM JESUS DA LAPA, no uso de suas atribui\u00e7\u00f5es legais conferidas pela Portaria de Pessoal n\u00b0 275, de 18\/03\/2022 publicada no DOU de 21\/03\/2022, e de acordo com as disposi\u00e7\u00f5es contidas na Lei n\u00ba 11.892, de 29\/12\/2008, em conformidade [&hellip;]<\/p>\n","protected":false},"author":192,"featured_media":0,"parent":0,"menu_order":0,"comment_status":"closed","ping_status":"closed","template":"","meta":[],"_links":{"self":[{"href":"https:\/\/www.ifbaiano.edu.br\/unidades\/lapa\/wp-json\/wp\/v2\/pages\/29666"}],"collection":[{"href":"https:\/\/www.ifbaiano.edu.br\/unidades\/lapa\/wp-json\/wp\/v2\/pages"}],"about":[{"href":"https:\/\/www.ifbaiano.edu.br\/unidades\/lapa\/wp-json\/wp\/v2\/types\/page"}],"author":[{"embeddable":true,"href":"https:\/\/www.ifbaiano.edu.br\/unidades\/lapa\/wp-json\/wp\/v2\/users\/192"}],"replies":[{"embeddable":true,"href":"https:\/\/www.ifbaiano.edu.br\/unidades\/lapa\/wp-json\/wp\/v2\/comments?post=29666"}],"version-history":[{"count":16,"href":"https:\/\/www.ifbaiano.edu.br\/unidades\/lapa\/wp-json\/wp\/v2\/pages\/29666\/revisions"}],"predecessor-version":[{"id":29722,"href":"https:\/\/www.ifbaiano.edu.br\/unidades\/lapa\/wp-json\/wp\/v2\/pages\/29666\/revisions\/29722"}],"wp:attachment":[{"href":"https:\/\/www.ifbaiano.edu.br\/unidades\/lapa\/wp-json\/wp\/v2\/media?parent=29666"}],"curies":[{"name":"wp","href":"https:\/\/api.w.org\/{rel}","templated":true}]}}