{"id":29744,"date":"2025-05-09T21:24:17","date_gmt":"2025-05-10T00:24:17","guid":{"rendered":"https:\/\/www.ifbaiano.edu.br\/unidades\/lapa\/?page_id=29744"},"modified":"2025-05-26T08:17:44","modified_gmt":"2025-05-26T11:17:44","slug":"edital-no-17-2025-de-9-de-maio-de-2025-processo-seletivo-para-monitores-dos-cursos-de-graduacao-semestre-letivo-2024-2","status":"publish","type":"page","link":"https:\/\/www.ifbaiano.edu.br\/unidades\/lapa\/edital-no-17-2025-de-9-de-maio-de-2025-processo-seletivo-para-monitores-dos-cursos-de-graduacao-semestre-letivo-2024-2\/","title":{"rendered":"Edital n\u00ba 17\/2025, de 9 de maio de 2025 &#8211; PROCESSO SELETIVO PARA MONITORES DOS CURSOS DE GRADUA\u00c7\u00c3O &#8211; SEMESTRE LETIVO 2024.2"},"content":{"rendered":"\n<div class=\"wp-block-columns is-layout-flex wp-container-3\">\n<div class=\"wp-block-column is-layout-flow\">\n<h2 id=\"ProreitoriaMeioDireitaTitulo\" style=\"color:#00510f;text-transform:uppercase;border-top: 3px solid #00510F\" class=\"has-inline-color\">\n    Apresenta\u00e7\u00e3o\n<\/h2>\n<p>\n    O DIRETOR-GERAL DO INSTITUTO FEDERAL DE EDUCA\u00c7\u00c3O, CI\u00caNCIA E TECNOLOGIA BAIANO (IF\n    BAIANO) &#8211; CAMPUS BOM JESUS DA LAPA , no uso de suas atribui\u00e7\u00f5es delegadas pela Portaria n\u00ba 275, de\n    18\/03\/2022, publicada no DOU de 21\/03\/2022, Se\u00e7\u00e3o 2, p\u00e1gina 26; de acordo com as disposi\u00e7\u00f5es legais em vigor,\n    torna p\u00fablico o presente Edital que estabelece as normas para sele\u00e7\u00e3o de monitores de ensino dos cursos de\n    gradua\u00e7\u00e3o, para o semestre le+vo 2024.2, em conformidade com a Resolu\u00e7\u00e3o CONSUP\/IF Baiano n\u00ba 08, de 30 de\n    mar\u00e7o de 2016.\n    \n<\/p>\n<\/div>\n\n\n\n<div class=\"wp-block-column is-layout-flow\">\n<h2 id=\"ProreitoriaMeioDireitaTitulo\" style=\"color:#00510f;text-transform:uppercase;border-top: 3px solid #00510F\" class=\"has-inline-color\">\n    Inscri\u00e7\u00f5es\n<\/h2>\n\n<p>\n    Poder\u00e3o inscrever-se estudantes com matr\u00edcula e frequ\u00eancia regular em cursos superiores do IF Baiano \u2013 Campus Bom\n    Jesus da Lapa, desde que atendam aos pr\u00e9-requisitos estabelecidos para cada vaga, conforme Edital n\u00ba 17\/2025, de 09\n    de maio de 2025.\n\n    As inscri\u00e7\u00f5es ser\u00e3o realizadas de forma EXCLUSIVAMENTE eletr\u00f4nica, por meio do link abaixo, no per\u00edodo de <strong>\n        09\/05\/2025\n        a 15\/05\/2025, at\u00e9 \u00e0s 23h59 do dia 15\/05\/2025<\/strong>.\n\n    No ato da inscri\u00e7\u00e3o, o(a) candidato(a) dever\u00e1:\n    I. Preencher a ficha de inscri\u00e7\u00e3o eletr\u00f4nica dispon\u00edvel no bot\u00e3o abaixo.\n\n    <br><br><br>\n\n    <a href=\"https:\/\/docs.google.com\/forms\/d\/e\/1FAIpQLSc2U6xB6ol5Nt2tSG79eFJbop_0h081RdlfYyum_ZhZn6R7Dg\/viewform\" target=\"_blank\" rel=\"noopener noreferrer\">INSCREVA-SE AQUI<\/a>\n<\/p>\n\n<br>\n<br>\n<\/div>\n<\/div>\n\n\n\n<div class=\"wp-block-columns is-layout-flex wp-container-6\">\n<div class=\"wp-block-column is-layout-flow\">\n<h2 id=\"ProreitoriaMeioDireitaTitulo\" style=\"color:#00510f;text-transform:uppercase;border-top: 3px solid #00510F\" class=\"has-inline-color\">\n    Editais e Documentos\n<\/h2>\n\n<div class=\"wp-block-file\">\n    <a href=\"https:\/\/www.ifbaiano.edu.br\/unidades\/lapa\/files\/2025\/05\/Resultado-Final-monitoria-superior.pdf\">\n        RESULTADO FINAL MONITORIA CURSOS DE GRADUA\u00c7\u00c3O &#8211; Edital 17\/2025 &#8211; Publicado em 26\/05\/2025\n    <\/a>\n    <br>\n    <a href=\"https:\/\/www.ifbaiano.edu.br\/unidades\/lapa\/files\/2025\/05\/Resultado-preliminar-monitoria-superior.pdf\">\n        RESULTADO PRELIMINAR MONITORIA CURSOS DE GRADUA\u00c7\u00c3O &#8211; Edital 17\/2025 &#8211; Publicado em 21\/05\/2025\n    <\/a>\n    <br>\n    <a href=\"https:\/\/www.ifbaiano.edu.br\/unidades\/lapa\/files\/2025\/05\/cronograma-de-entrevistas-Superior.pdf\">\n        CRONOGRAMAS DE ENTREVISTAS MONITORIA CURSOS DE GRADUA\u00c7\u00c3O &#8211; Edital 17\/2025 &#8211; Publicado em 16\/05\/2025\n    <\/a>\n    <br>\n    <a href=\"https:\/\/www.ifbaiano.edu.br\/unidades\/lapa\/files\/2025\/05\/Edital-no-17.2025-de-9-de-maio-de-2025-Monitoria-cursos-superiores.pdf\">\n        SELE\u00c7\u00c3O MONITORES CURSOS DE GRADUA\u00c7\u00c3O &#8211; Edital 17\/2025 &#8211; Publicado em 09\/05\/2025\n    <\/a>\n<\/div>\n<\/div>\n\n\n\n<div class=\"wp-block-column is-layout-flow\">\n<h2 id=\"ProreitoriaMeioDireitaTitulo\" style=\"color:#00510f;text-transform:uppercase;border-top: 3px solid #00510F\" class=\"has-inline-color\">\n\tContato\n<\/h2>\n<p>E-mail:<b> selecao.monitoria@lapa.ifbaiano.edu.br<\/b><\/p>\n<\/div>\n<\/div>\n","protected":false},"excerpt":{"rendered":"<p>Apresenta\u00e7\u00e3o O DIRETOR-GERAL DO INSTITUTO FEDERAL DE EDUCA\u00c7\u00c3O, CI\u00caNCIA E TECNOLOGIA BAIANO (IF BAIANO) &#8211; CAMPUS BOM JESUS DA LAPA , no uso de suas atribui\u00e7\u00f5es delegadas pela Portaria n\u00ba 275, de 18\/03\/2022, publicada no DOU de 21\/03\/2022, Se\u00e7\u00e3o 2, p\u00e1gina 26; de acordo com as disposi\u00e7\u00f5es legais em vigor, torna p\u00fablico o presente Edital [&hellip;]<\/p>\n","protected":false},"author":192,"featured_media":0,"parent":0,"menu_order":0,"comment_status":"closed","ping_status":"closed","template":"","meta":[],"_links":{"self":[{"href":"https:\/\/www.ifbaiano.edu.br\/unidades\/lapa\/wp-json\/wp\/v2\/pages\/29744"}],"collection":[{"href":"https:\/\/www.ifbaiano.edu.br\/unidades\/lapa\/wp-json\/wp\/v2\/pages"}],"about":[{"href":"https:\/\/www.ifbaiano.edu.br\/unidades\/lapa\/wp-json\/wp\/v2\/types\/page"}],"author":[{"embeddable":true,"href":"https:\/\/www.ifbaiano.edu.br\/unidades\/lapa\/wp-json\/wp\/v2\/users\/192"}],"replies":[{"embeddable":true,"href":"https:\/\/www.ifbaiano.edu.br\/unidades\/lapa\/wp-json\/wp\/v2\/comments?post=29744"}],"version-history":[{"count":10,"href":"https:\/\/www.ifbaiano.edu.br\/unidades\/lapa\/wp-json\/wp\/v2\/pages\/29744\/revisions"}],"predecessor-version":[{"id":30426,"href":"https:\/\/www.ifbaiano.edu.br\/unidades\/lapa\/wp-json\/wp\/v2\/pages\/29744\/revisions\/30426"}],"wp:attachment":[{"href":"https:\/\/www.ifbaiano.edu.br\/unidades\/lapa\/wp-json\/wp\/v2\/media?parent=29744"}],"curies":[{"name":"wp","href":"https:\/\/api.w.org\/{rel}","templated":true}]}}