{"id":2987,"date":"2015-03-17T11:48:27","date_gmt":"2015-03-17T13:48:27","guid":{"rendered":"http:\/\/www.ifbaiano.edu.br\/unidades\/lapa\/?page_id=2987"},"modified":"2023-11-28T16:06:47","modified_gmt":"2023-11-28T19:06:47","slug":"ngti","status":"publish","type":"page","link":"https:\/\/www.ifbaiano.edu.br\/unidades\/lapa\/ngti\/","title":{"rendered":"N\u00facleo de Gest\u00e3o da Tecnologia da Informa\u00e7\u00e3o"},"content":{"rendered":"<h2><\/h2>\n<p>Acesso ao programa de Chamados<\/p>\n<p><a title=\"Fora do Campus\" href=\"https:\/\/suap.ifbaiano.edu.br\/centralservicos\/listar_area_servico\/\" target=\"_blank\" rel=\"noopener noreferrer\">&#8211; Acesse Aqui<\/a><\/p>\n<hr \/>\n<p><strong># Acesso aos Formul\u00e1rios de incidentes nos Laborat\u00f3rios de Inform\u00e1tica<\/strong><\/p>\n<p><a href=\"http:\/\/www.ifbaiano.edu.br\/unidades\/lapa\/ngti\/formulario-lab-04\/\" target=\"_blank\" rel=\"noopener noreferrer\">&#8211; LAB 04<\/a><\/p>\n<p><a href=\"http:\/\/www.ifbaiano.edu.br\/unidades\/lapa\/ngti\/formulario-lab-05\/\" target=\"_blank\" rel=\"noopener noreferrer\">&#8211; LAB 05<\/a><\/p>\n<p><a href=\"http:\/\/www.ifbaiano.edu.br\/unidades\/lapa\/ngti\/formulario-lab-06\/\" target=\"_blank\" rel=\"noopener noreferrer\">&#8211; LAB 06<\/a><\/p>\n<p><strong># Normativas de Tecnologia da Informa\u00e7\u00e3o e Comunica\u00e7\u00e3o<\/strong><\/p>\n<p><a href=\"http:\/\/www.ifbaiano.edu.br\/unidades\/lapa\/files\/2019\/06\/PSIC.IFBAIANO.publicado.pdf\" target=\"_blank\" rel=\"noopener noreferrer\">Pol\u00edtica de Seguran\u00e7a da Informa\u00e7\u00e3o IFBAIANO<\/a><\/p>\n<p><a href=\"http:\/\/www.ifbaiano.edu.br\/unidades\/lapa\/files\/2019\/06\/Normas-de-seguran\u00e7a-da-informa\u00e7\u00e3o.pdf\" target=\"_blank\" rel=\"noopener noreferrer\">Normas de seguran\u00e7a da informa\u00e7\u00e3o IFBAIANO<\/a><\/p>\n<p><a href=\"http:\/\/www.ifbaiano.edu.br\/unidades\/lapa\/files\/2019\/10\/Normativa-Laborat\u00f3rios-de-Inform\u00e1tica-IFBJL.pdf\" target=\"_blank\" rel=\"noopener noreferrer\">Normas de uso de Laborat\u00f3rios de Inform\u00e1tica<\/a><\/p>\n<p><a href=\"http:\/\/www.ifbaiano.edu.br\/unidades\/lapa\/files\/2019\/11\/PDTI_2016-2019_PARA_PUBLICACAO.pdf\" target=\"_blank\" rel=\"noopener noreferrer\">PDTI &#8211; Plano Diretor de Tecnologia da Informa\u00e7\u00e3o 2016-2019<\/a><\/p>\n<p>Contatos: ngti@lapa.ifbaiano.edu.br<\/p>\n<p>Ramal local 229<\/p>\n<h3><em><strong># T\u00e9cnicos Administrativos do NGTI #<\/strong><\/em><\/h3>\n<p>Thiago Santos Souza<\/p>\n<p>T\u00e9cnico de Tecnologia da Informa\u00e7\u00e3o<\/p>\n<p>E-mail: thiago.souza@ifbaiano.edu.br<\/p>\n<p>Ramal: 229<\/p>\n<p><a href=\"http:\/\/lattes.cnpq.br\/7839968667526666\" target=\"_blank\" rel=\"noopener\">Curr\u00edculo Lattes<\/a><\/p>\n<hr \/>\n<p>Yuri de Oliveira Luna e Almeida<\/p>\n<p>T\u00e9cnico de Tecnologia da Informa\u00e7\u00e3o<\/p>\n<p>Chefe do N\u00facleo de Gest\u00e3o da Tecnologia da Informa\u00e7\u00e3o<\/p>\n<p>E-mail: yuri.almeida@ifbaiano.edu.br \/ ngti@lapa.ifbaiano.edu.br<\/p>\n<p>Ramal: 229<\/p>\n<p><a href=\"https:\/\/suap.ifbaiano.edu.br\/processo_eletronico\/visualizar_documento_requerimento_pdf\/3789\/\" target=\"_blank\" rel=\"noopener noreferrer\">Portaria de Nomea\u00e7\u00e3o Chefia NGTI<\/a><\/p>\n<p><a href=\"http:\/\/lattes.cnpq.br\/6296067237200266\" target=\"_blank\" rel=\"noopener noreferrer\">Curr\u00edculo Lattes<\/a><\/p>\n","protected":false},"excerpt":{"rendered":"<p>Acesso ao programa de Chamados &#8211; Acesse Aqui # Acesso aos Formul\u00e1rios de incidentes nos Laborat\u00f3rios de Inform\u00e1tica &#8211; LAB 04 &#8211; LAB 05 &#8211; LAB 06 # Normativas de Tecnologia da Informa\u00e7\u00e3o e Comunica\u00e7\u00e3o Pol\u00edtica de Seguran\u00e7a da Informa\u00e7\u00e3o IFBAIANO Normas de seguran\u00e7a da informa\u00e7\u00e3o IFBAIANO Normas de uso de Laborat\u00f3rios de Inform\u00e1tica PDTI [&hellip;]<\/p>\n","protected":false},"author":58,"featured_media":0,"parent":0,"menu_order":0,"comment_status":"open","ping_status":"open","template":"","meta":[],"_links":{"self":[{"href":"https:\/\/www.ifbaiano.edu.br\/unidades\/lapa\/wp-json\/wp\/v2\/pages\/2987"}],"collection":[{"href":"https:\/\/www.ifbaiano.edu.br\/unidades\/lapa\/wp-json\/wp\/v2\/pages"}],"about":[{"href":"https:\/\/www.ifbaiano.edu.br\/unidades\/lapa\/wp-json\/wp\/v2\/types\/page"}],"author":[{"embeddable":true,"href":"https:\/\/www.ifbaiano.edu.br\/unidades\/lapa\/wp-json\/wp\/v2\/users\/58"}],"replies":[{"embeddable":true,"href":"https:\/\/www.ifbaiano.edu.br\/unidades\/lapa\/wp-json\/wp\/v2\/comments?post=2987"}],"version-history":[{"count":80,"href":"https:\/\/www.ifbaiano.edu.br\/unidades\/lapa\/wp-json\/wp\/v2\/pages\/2987\/revisions"}],"predecessor-version":[{"id":26667,"href":"https:\/\/www.ifbaiano.edu.br\/unidades\/lapa\/wp-json\/wp\/v2\/pages\/2987\/revisions\/26667"}],"wp:attachment":[{"href":"https:\/\/www.ifbaiano.edu.br\/unidades\/lapa\/wp-json\/wp\/v2\/media?parent=2987"}],"curies":[{"name":"wp","href":"https:\/\/api.w.org\/{rel}","templated":true}]}}