{"id":4518,"date":"2015-11-17T12:55:38","date_gmt":"2015-11-17T14:55:38","guid":{"rendered":"http:\/\/www.ifbaiano.edu.br\/unidades\/lapa\/?page_id=4518"},"modified":"2025-04-01T11:37:06","modified_gmt":"2025-04-01T14:37:06","slug":"natepe","status":"publish","type":"page","link":"https:\/\/www.ifbaiano.edu.br\/unidades\/lapa\/natepe\/","title":{"rendered":"N\u00facleo de Assessoria T\u00e9cnico-Pedag\u00f3gica"},"content":{"rendered":"\n<div id=\"ProreitoriaTopoTitulo\">EQUIPE:<\/div>\n<p><strong>Grace Itana Cruz Oliveira<\/strong> \u2013 T\u00e9cnica em Assuntos Educacionais \/Assessoria do Curso de Agroecologia<br><strong>Luciana Silva Amorim<\/strong> \u2013 Pedagoga \/ Assessoria Cursos T\u00e9cnicos em Agricultura Integrado<br><strong>Junio Batista Cust\u00f3dio<\/strong> \u2013 T\u00e9cnico em Assuntos Educacionais \/ Assessoria do Curso Superior de Engenharia Agron\u00f4mica<br><strong>Valdin\u00e9ia Antunes Alves Ramos<\/strong> \u2013 T\u00e9cnica em Assuntos Educacionais \/ Assessoria Cursos T\u00e9cnicos em Inform\u00e1tica<br>\n<strong>Ta\u00eddio Pereira de Oliveira<\/strong> &#8211; T\u00e9cnico em Assuntos Educacionais \/ Assessoria do Curso Superior de Gest\u00e3o da Tecnologia da Informa\u00e7\u00e3o e do curso T\u00e9cnico em Agricultura Subsequente<\/p>\n<div id=\"ProreitoriaTopoTitulo\">CONTATOS:<\/div>\n<p><strong>Ramal<\/strong>: 221<br><strong>E-mail<\/strong>: natepe@lapa.ifbaiano.edu.br<\/p>\n\n<div id=\"ProreitoriaTopoTitulo\">PLANEJAMENTO 2020\/2021:<\/div>\n<p>Calend\u00e1rio de reuni\u00f5es &#8211; <a href=\"https:\/\/www.ifbaiano.edu.br\/unidades\/lapa\/files\/2021\/01\/calendario-reunioes-nuape.pdf\" target=\"_blank\" rel=\"noopener noreferrer\">Acesse aqui<\/a><\/p>\n\n<div id=\"ProreitoriaTopoTitulo\">PLANEJAMENTO 2019:<\/div>\n<p>Calend\u00e1rio de reuni\u00f5es pedag\u00f3gicas 1\u00ba semestre 2019 &#8211; <a href=\"http:\/\/www.ifbaiano.edu.br\/unidades\/lapa\/files\/2015\/11\/CALENDARIO_DE_REUNIOES_2019.pdf\" target=\"_blank\" rel=\"noopener noreferrer\">Acesse aqui<\/a><br>\nCalend\u00e1rio de eventos 2\u00ba semestre 2019 &#8211; <a href=\"https:\/\/www.ifbaiano.edu.br\/unidades\/lapa\/files\/2023\/08\/CALENDARIO-DE-EVENTOS-II-semestre-2019.pdf\" target=\"_blank\" rel=\"noopener noreferrer\">Acesse aqui<\/a><\/p>\n\n\n\n<div id=\"ProreitoriaTopoTitulo\">PLANEJAMENTO 2018:<\/div>\n<p>Calend\u00e1rio de reuni\u00f5es pedag\u00f3gicas 1\u00ba semestre 2018 &#8211; <a href=\"http:\/\/www.ifbaiano.edu.br\/unidades\/lapa\/files\/2015\/11\/calendario.pdf\" target=\"_blank\" rel=\"noopener noreferrer\">Acesse aqui<\/a><\/p>\n<div id=\"ProreitoriaTopoTitulo\" style=\"text-transform:uppercase\">Documentos Orientadores do Ensino:<\/div>\n<p>Projeto Pol\u00edtico Pedag\u00f3gico &#8211; <a href=\"http:\/\/www.ifbaiano.edu.br\/unidades\/lapa\/files\/2015\/11\/PPP-Versao_em_15-03-2019.pdf\" target=\"_blank\" rel=\"noopener noreferrer\">Acesse aqui<\/a> &#8211; <a href=\"http:\/\/www.ifbaiano.edu.br\/unidades\/lapa\/files\/2015\/11\/Resolucao_02-2019_CONSUP.pdf\" target=\"_blank\" rel=\"noopener noreferrer\">Resolu\u00e7\u00e3o<\/a><br>Organiza\u00e7\u00e3o Did\u00e1tica &#8211; N\u00edvel M\u00e9dio &#8211; <a href=\"https:\/\/www.ifbaiano.edu.br\/unidades\/lapa\/files\/2023\/07\/NOVA-Organizacao-Didatica-EPTNM.pdf\" target=\"_blank\" rel=\"noopener noreferrer\">Acesse aqui<\/a><br>Organiza\u00e7\u00e3o Did\u00e1tica &#8211; Cursos Superiores &#8211; <a href=\"https:\/\/www.ifbaiano.edu.br\/unidades\/lapa\/files\/2021\/01\/Resolucao-64_2020-OS-CONSUP_IFBAIANO_com-anexo.pdf\" target=\"_blank\" rel=\"noopener noreferrer\">Acesse aqui<\/a><br>Normatiza\u00e7\u00e3o de Viagens T\u00e9cnicas &#8211; <a href=\"http:\/\/www.ifbaiano.edu.br\/unidades\/lapa\/files\/2015\/11\/normatizacao.pdf\" target=\"_blank\" rel=\"noopener noreferrer\">Acesse Aqui<\/a><br>Orienta\u00e7\u00f5es para o Projeto Integrador &#8211; <a href=\"http:\/\/www.ifbaiano.edu.br\/unidades\/lapa\/files\/2015\/11\/projeto-integrador.pdf\" target=\"_blank\" rel=\"noopener noreferrer\">Acesse aqui <\/a>\n<br>Orienta\u00e7\u00f5es Atividades Pedag\u00f3gicas N\u00e3o Presenciais (Alunos) &#8211; <a href=\"https:\/\/www.ifbaiano.edu.br\/unidades\/lapa\/files\/2021\/01\/orientacoes-pedagogicas-apnp-ALUNOS-1.pdf\" target=\"_blank\" rel=\"noopener noreferrer\">Acesse aqui <\/a>\n<br>Orienta\u00e7\u00f5es Atividades Pedag\u00f3gicas N\u00e3o Presenciais (Docentes) &#8211; <a href=\"https:\/\/www.ifbaiano.edu.br\/unidades\/lapa\/files\/2021\/01\/Orientacoes-pedagogicas-apnp-DOCENTES-1.pdf\" target=\"_blank\" rel=\"noopener noreferrer\">Acesse aqui <\/a><br>Modelo de Plano de Ciclo (edit\u00e1vel) &#8211; <a href=\"https:\/\/www.ifbaiano.edu.br\/unidades\/lapa\/files\/2021\/01\/Modelo-de-Plano-de-Ciclo-editavel.docx\" target=\"_blank\" rel=\"noopener noreferrer\">Acesse aqui <\/a>\n<\/p>\n\n\n<div id=\"ProreitoriaTopoTitulo\">Projetos NATEPE:<\/div>\n<p>Projeto VIDAS QUE SE ENTRELA\u00c7AM: Por uma escola que escuta, que abra\u00e7a e nos fortalece (2020) &#8211; <a href=\"https:\/\/www.ifbaiano.edu.br\/unidades\/lapa\/files\/2020\/03\/Projeto_de_Acao_NUAPE_2020.pdf\" target=\"_blank\" rel=\"noopener noreferrer\">Acesse aqui <\/a><\/p>\n\n\n<div id=\"ProreitoriaTopoTitulo\">MODELOS DE DOCUMENTOS DO PLANEJAMENTO:<\/div>\n<p>Modelo de projeto de viagens t\u00e9cnicas &#8211; <a href=\"http:\/\/www.ifbaiano.edu.br\/unidades\/lapa\/files\/2015\/11\/anexo-norm.pdf\">Acesse aqui <\/a><br>Modelo de relat\u00f3rio simplificado de viagem t\u00e9cnica &#8211; <a href=\"http:\/\/www.ifbaiano.edu.br\/unidades\/lapa\/files\/2015\/11\/visitas-tecnicas.pdf\">Acesse aqui<\/a><br>Sistema de Plano de Ensino &#8211; <a href=\"http:\/\/sistemas.lapa.ifbaiano.edu.br:3000\">Acesse aqui<\/a><br>Formul\u00e1rio de Registro de Atendimento ao Estudante &#8211; <a href=\"http:\/\/www.ifbaiano.edu.br\/unidades\/lapa\/files\/2015\/11\/FORM.-DE-ATENDIMENTO-DISCENTE.pdf\" target=\"_blank\" rel=\"noopener noreferrer\">Acesse aqui<\/a><\/p>\n\n\n<div id=\"ProreitoriaTopoTitulo\">PROGRAMAS DE PERMAN\u00caNCIA E \u00caXITO:<\/div>\n<p><strong>Programa de Tutoria Acad\u00eamica<\/strong> &#8211; <a href=\"http:\/\/www.ifbaiano.edu.br\/unidades\/lapa\/files\/2015\/11\/regulamento-tutoria.pdf\">acesse aqui a normatiza\u00e7\u00e3o<\/a><br><strong>Programa de Monitoria de Ensino<\/strong> &#8211; <a href=\"http:\/\/www.ifbaiano.edu.br\/unidades\/lapa\/files\/2015\/11\/regulamento-monitoria.pdf\">Acesse aqui a normatiza\u00e7\u00e3o<\/a><br><strong>Programa de Nivelamento<\/strong> &#8211; <a href=\"http:\/\/www.ifbaiano.edu.br\/unidades\/lapa\/files\/2015\/11\/PRONAP_PROGRAMA_DE_NIVELAMENTO_DA_APRENDIZAGEM.pdf\">Acesse aqui a normatiza\u00e7\u00e3o<\/a><br><strong>Pol\u00edtica de Qualidade do Ensino<\/strong> &#8211; <a href=\"http:\/\/www.ifbaiano.edu.br\/unidades\/lapa\/files\/2015\/11\/pol\u00edtica-qualidade-ensino.pdf\">Acesse aqui a normatiza\u00e7\u00e3o<\/a><\/p>\n\n\n<div id=\"ProreitoriaTopoTitulo\">NORMATIZA\u00c7\u00d5ES:<\/div>\n<p>Resolu\u00e7\u00e3o de Orienta\u00e7\u00e3o &#8211; Cria\u00e7\u00e3o de Cursos de n\u00edvel m\u00e9dio &#8211; <a href=\"http:\/\/www.ifbaiano.edu.br\/unidades\/lapa\/files\/2015\/11\/Resolucao_48_2014_Com_alteracoes_dada_pela_Resolucao_n_21_2016.pdf\">Acesse aqui<\/a><br>Resolu\u00e7\u00e3o de Orienta\u00e7\u00e3o &#8211; Cria\u00e7\u00e3o de Cursos de n\u00edvel superior &#8211; <a href=\"http:\/\/www.ifbaiano.edu.br\/unidades\/lapa\/files\/2015\/11\/RESOLUCAO-47-CRIACAO-ALTERACAO-EXTINCAO-DE-CURSO-DA-GRADUACAO.pdf\">Acesse aqui<\/a><br>Normatiza\u00e7\u00e3o das atribui\u00e7\u00f5es dos coordenadores de curso &#8211; <a href=\"http:\/\/www.ifbaiano.edu.br\/unidades\/lapa\/files\/2015\/11\/atribuicoes-coordenadores.pdf\">Acesse aqui<\/a><\/p>\n\n\n<div id=\"ProreitoriaTopoTitulo\">RELAT\u00d3RIOS T\u00c9CNICOS:<\/div>\n<p>Di\u00e1logo Formativo Agroecologia 2023- <a href=\"https:\/\/www.ifbaiano.edu.br\/unidades\/lapa\/files\/2023\/09\/AGROECOLOGIA-DIALOGO-FORMATIVO-2023.pdf\" target=\"_blank\" rel=\"noopener noreferrer\">Acesse aqui<\/a><br>\n\nDi\u00e1logo com estudantes de Agroecologia &#8211; p\u00f3s conselho de Classe final 2021- <a href=\"https:\/\/www.ifbaiano.edu.br\/unidades\/lapa\/files\/2023\/09\/AGROECOLOGIA-Dialogo-com-estudantes-pos-conselho-de-Classe-final-2021.pdf\" target=\"_blank\" rel=\"noopener noreferrer\">Acesse aqui<\/a><br>\nDi\u00e1logo com estudantes Inform\u00e1tica &#8211; p\u00f3s conselho de Classe final 2021 &#8211; <a href=\"https:\/\/www.ifbaiano.edu.br\/unidades\/lapa\/files\/2023\/09\/INFORMATICA-Dialogo-com-estudantes-pos-conselho-de-Classe-final-2021.pdf\" target=\"_blank\" rel=\"noopener noreferrer\">Acesse aqui<\/a><br>\nReuni\u00e3o de Pais Agosto 2019 &#8211; <a href=\"https:\/\/www.ifbaiano.edu.br\/unidades\/lapa\/files\/2023\/09\/Reuniao-de-pais-2019-agosto.pptx.pdf\" target=\"_blank\" rel=\"noopener noreferrer\">Acesse aqui<\/a><br>\n\nRelat\u00f3rio de Monitoria 2019 &#8211; Cursos T\u00e9cnicos &#8211; <a href=\"http:\/\/www.ifbaiano.edu.br\/unidades\/lapa\/files\/2019\/11\/RELATORIO_FINAL_DE_MONITORIA_DE_ENSINO_2019_17_09.pdf\" target=\"_blank\" rel=\"noopener noreferrer\">Acesse aqui<\/a><br>Jornada Pedag\u00f3gica 2019 &#8211; <a href=\"http:\/\/www.ifbaiano.edu.br\/unidades\/lapa\/files\/2015\/11\/S\u00cdNTESE-JORNADA-PEDAG\u00d3GICA-2019.pdf\" target=\"_blank\" rel=\"noopener noreferrer\">Acesse aqui<\/a><br>Relat\u00f3rio de Monitoria de Ensino 2018 &#8211; <a href=\"http:\/\/www.ifbaiano.edu.br\/unidades\/lapa\/files\/2015\/11\/RELATORIO_FINAL_DE_MONITORIA_DE_ENSINO_2018.pdf\" target=\"_blank\" rel=\"noopener noreferrer\">Acesse aqui<\/a><br>Relat\u00f3rio S\u00edntese Nivelamento 2018&nbsp;&#8211; <a href=\"http:\/\/www.ifbaiano.edu.br\/unidades\/lapa\/files\/2015\/11\/RELATORIO_SINTESE_NIVELAMENTO_2018.pdf\" target=\"_blank\" rel=\"noopener noreferrer\">Acesse aqui<\/a><br>Relat\u00f3rio de Monitoria de Ensino 2017.2 &#8211;&nbsp;<a href=\"http:\/\/www.ifbaiano.edu.br\/unidades\/lapa\/files\/2015\/11\/Relat\u00f3rio-de-Monitoria-de-Ensino-2017.2-Engenharia-Agron\u00f4mica.pdf\" target=\"_blank\" rel=\"noopener noreferrer\">Acesse aqui<\/a><br>Relat\u00f3rio de Monitoria de Ensino 2017.1 &#8211; <a href=\"http:\/\/www.ifbaiano.edu.br\/unidades\/lapa\/files\/2015\/11\/RELATORIO_DE_MONITORIA_2017_v2.pdf\">Acesse aqui<\/a><br>Relat\u00f3rio de Monitoria de Ensino 2016 &#8211; <a href=\"http:\/\/www.ifbaiano.edu.br\/unidades\/lapa\/files\/2015\/11\/Relatorio_Monitoria_2016_1.pdf\">Acesse aqui<\/a><br>Relat\u00f3rio de Monitoria de Ensino 2015.2 &#8211; <a href=\"http:\/\/www.ifbaiano.edu.br\/unidades\/lapa\/files\/2015\/11\/RELATORIO_MONITORIA_DE_ENSINO_2015_2.pdf\">Acesse aqui<\/a><\/p>\n\n\n<div id=\"ProreitoriaTopoTitulo\">APRESENTA\u00c7\u00d5ES E DIAGN\u00d3STICOS<\/div>\n<p>&#8211; <a href=\"http:\/\/www.ifbaiano.edu.br\/unidades\/lapa\/files\/2015\/11\/Resultado_Dignostico-Portugues_e_Matematica_2019.pdf\" target=\"_blank\" rel=\"noopener noreferrer\">Resultado do Diagn\u00f3stico do Nivelamento 2019<\/a><br>&#8211; <a href=\"http:\/\/www.ifbaiano.edu.br\/unidades\/lapa\/files\/2015\/11\/DIAGNOSTICO-DAS-TURMAS-INGRESSANTES-SUBSEQUENTE.pdf\" target=\"_blank\" rel=\"noopener noreferrer\"> Diagn\u00f3stico das turmas ingressantes 2018.2<\/a><br>&#8211; <a href=\"http:\/\/www.ifbaiano.edu.br\/unidades\/lapa\/files\/2015\/11\/DIAGNOSTICO_TURMAS_INGRESSANTES_2018.pdf\" target=\"_blank\" rel=\"noopener noreferrer\"> Diagn\u00f3stico das turmas ingressantes 2018<\/a><br>&#8211; <a href=\"http:\/\/www.ifbaiano.edu.br\/unidades\/lapa\/files\/2015\/11\/APRESENTACAO_REUNIAO_PEDAGOGICA_04_04_2018.pdf\" target=\"_blank\" rel=\"noopener noreferrer\"> Apresenta\u00e7\u00e3o reuni\u00e3o pedag\u00f3gica 04\/04\/2018<\/a><\/p>\n","protected":false},"excerpt":{"rendered":"<p>EQUIPE: Grace Itana Cruz Oliveira \u2013 T\u00e9cnica em Assuntos Educacionais \/Assessoria do Curso de AgroecologiaLuciana Silva Amorim \u2013 Pedagoga \/ Assessoria Cursos T\u00e9cnicos em Agricultura IntegradoJunio Batista Cust\u00f3dio \u2013 T\u00e9cnico em Assuntos Educacionais \/ Assessoria do Curso Superior de Engenharia Agron\u00f4micaValdin\u00e9ia Antunes Alves Ramos \u2013 T\u00e9cnica em Assuntos Educacionais \/ Assessoria Cursos T\u00e9cnicos em Inform\u00e1tica [&hellip;]<\/p>\n","protected":false},"author":36,"featured_media":0,"parent":0,"menu_order":0,"comment_status":"open","ping_status":"open","template":"","meta":[],"_links":{"self":[{"href":"https:\/\/www.ifbaiano.edu.br\/unidades\/lapa\/wp-json\/wp\/v2\/pages\/4518"}],"collection":[{"href":"https:\/\/www.ifbaiano.edu.br\/unidades\/lapa\/wp-json\/wp\/v2\/pages"}],"about":[{"href":"https:\/\/www.ifbaiano.edu.br\/unidades\/lapa\/wp-json\/wp\/v2\/types\/page"}],"author":[{"embeddable":true,"href":"https:\/\/www.ifbaiano.edu.br\/unidades\/lapa\/wp-json\/wp\/v2\/users\/36"}],"replies":[{"embeddable":true,"href":"https:\/\/www.ifbaiano.edu.br\/unidades\/lapa\/wp-json\/wp\/v2\/comments?post=4518"}],"version-history":[{"count":111,"href":"https:\/\/www.ifbaiano.edu.br\/unidades\/lapa\/wp-json\/wp\/v2\/pages\/4518\/revisions"}],"predecessor-version":[{"id":29624,"href":"https:\/\/www.ifbaiano.edu.br\/unidades\/lapa\/wp-json\/wp\/v2\/pages\/4518\/revisions\/29624"}],"wp:attachment":[{"href":"https:\/\/www.ifbaiano.edu.br\/unidades\/lapa\/wp-json\/wp\/v2\/media?parent=4518"}],"curies":[{"name":"wp","href":"https:\/\/api.w.org\/{rel}","templated":true}]}}