{"id":455,"date":"2012-09-27T21:52:57","date_gmt":"2012-09-27T23:52:57","guid":{"rendered":"http:\/\/www.ifbaiano.edu.br\/unidades\/lapa\/?page_id=455"},"modified":"2023-05-17T09:10:10","modified_gmt":"2023-05-17T12:10:10","slug":"orientacoes-sobre-utilizacao-do-acervo","status":"publish","type":"page","link":"https:\/\/www.ifbaiano.edu.br\/unidades\/lapa\/orientacoes-sobre-utilizacao-do-acervo\/","title":{"rendered":"Orienta\u00e7\u00f5es sobre Utiliza\u00e7\u00e3o do Acervo"},"content":{"rendered":"\n<h2 id=\"ProreitoriaMeioDireitaTitulo\" style=\"color:#00510f;text-transform:uppercase;border-top: 3px solid #00510F\" class=\"has-inline-color\">\n    Cadastramento\n<\/h2>\n\n<p><strong> Sobre o cadastro<\/strong><br>O cadastramento \u00e9 gratuito e obrigat\u00f3rio para solicitar empr\u00e9stimos na Biblioteca.<\/p>\n<p><strong>Quem pode solicitar o cadastro<\/strong><br>Os alunos regularmente matriculados nos cursos ofertados pelo Instituto e os servidores ativos pertencentes ao quadro de pessoal (Professores, Professores Substitutos e Servidores T\u00e9cnico-Administrativos).<\/p>\n<p><strong>Como se cadastrar<\/strong><br>Necess\u00e1rio a apresenta\u00e7\u00e3o do documento de identifica\u00e7\u00e3o original, CPF e comprovante de resid\u00eancia.<\/p>\n<p><strong>Per\u00edodo do Cadastramento<\/strong><br>Poder\u00e1 ser realizado durante todo o per\u00edodo letivo.<\/p>\n<p><strong>*<\/strong>A senha criada no cadastramento \u00e9 pessoal e intransfer\u00edvel e de total responsabilidade do usu\u00e1rio.<\/p>\n\n\n\n<h2 id=\"ProreitoriaMeioDireitaTitulo\" style=\"color:#00510f;text-transform:uppercase;border-top: 3px solid #00510F\" class=\"has-inline-color\">\n    Empr\u00e9stimo\n<\/h2>\n<p>O usu\u00e1rio poder\u00e1 solicitar, por empr\u00e9stimo domiciliar, qualquer publica\u00e7\u00e3o do acervo, exceto, os materiais considerados obras de refer\u00eancia: (peri\u00f3dicos, teses, disserta\u00e7\u00f5es, relat\u00f3rio de est\u00e1gio e\/ou trabalhos de conclus\u00e3o de curso, atlas, dicion\u00e1rios, enciclop\u00e9dias, bibliografias e guias, entre outros).\nO usu\u00e1rio n\u00e3o poder\u00e1 solicitar empr\u00e9stimo de 3 obras iguais.\nAs obras emprestadas ficar\u00e3o sob a responsabilidade dos usu\u00e1rios, tendo que responder por perdas e danos dos materiais informacionais, que porventura, venha a ocorrer, de acordo com o disp\u00f5e o Regulamento da Biblioteca.<\/p>\n\n\n\n<h2 id=\"ProreitoriaMeioDireitaTitulo\" style=\"color:#00510f;text-transform:uppercase;border-top: 3px solid #00510F\" class=\"has-inline-color\">\n    Quantidades de Obras Emprestadas por Usu\u00e1rios\n<\/h2>\n\n\n\n<figure class=\"wp-block-table is-style-stripes\"><table width=\"640\" cellspacing=\"0\" cellpadding=\"7\"><tbody><tr><td><strong>Usu\u00e1rio<\/strong><\/td><td><strong>Livros<\/strong><\/td><td><strong>Prazo<\/strong><\/td><td><strong>Renova\u00e7\u00e3o<\/strong><\/td><td><strong>DVD<\/strong><\/td><td><strong>Prazo<\/strong><\/td><\/tr><tr><td>Alunos<\/td><td>03<\/td><td>7 dias<\/td><td>At\u00e9 3 vezes<\/td><td>02<\/td><td>02 dias<\/td><\/tr><tr><td>Professores<\/td><td>03<\/td><td>7 dias<\/td><td>At\u00e9 3 vezes<\/td><td>02<\/td><td>02 dias<\/td><\/tr><tr><td>T\u00e9c. Administrativos<\/td><td>03<\/td><td>7 dias<\/td><td>At\u00e9 3 vezes<\/td><td>02<\/td><td>02 dias<\/td><\/tr><\/tbody><\/table><\/figure>\n\n\n\n<p><strong>*<\/strong>Os DVDs n\u00e3o poder\u00e3o ser renovados pelo sistema Meu Pergamum.<\/p>\n\n\n\n<h2 id=\"ProreitoriaMeioDireitaTitulo\" style=\"color:#00510f;text-transform:uppercase;border-top: 3px solid #00510F\" class=\"has-inline-color\">\n    Renova\u00e7\u00e3o\n<\/h2>\n<p>O empr\u00e9stimo poder\u00e1 ser renovado, com a apresenta\u00e7\u00e3o do material emprestado, por at\u00e9 3 (tr\u00eas\nvezes consecutivas). Esse servi\u00e7o s\u00f3 \u00e9 poss\u00edvel, caso o usu\u00e1rio n\u00e3o tenha pend\u00eancias na\nBiblioteca (Suspenso) e que n\u00e3o haja reserva do livro. A renova\u00e7\u00e3o poder\u00e1 ser feita pela internet\natrav\u00e9s do Sistema Pergamum <a href=\"https:\/\/pergamum.ifbaiano.edu.br\" target=\"_blank\" rel=\"noopener\">http:\/\/pergamum.ifbaiano.edu.br<\/a>. Ap\u00f3s 3 renova\u00e7\u00f5es, ser\u00e1\nnecess\u00e1rio dirigir-se \u00e0 Biblioteca<\/p>\n\n\n\n<h2 id=\"ProreitoriaMeioDireitaTitulo\" style=\"color:#00510f;text-transform:uppercase;border-top: 3px solid #00510F\" class=\"has-inline-color\">\n    Reserva de Livro\n<\/h2>\n<p>Os materiais bibliogr\u00e1ficos na lista de espera ficar\u00e1 \u00e0 disposi\u00e7\u00e3o do usu\u00e1rio por um per\u00edodo de\n24 horas ap\u00f3s a disponibilidade do material;\nCaso o usu\u00e1rio n\u00e3o compare\u00e7a na Biblioteca, neste prazo, o material ficar\u00e1 dispon\u00edvel para o\npr\u00f3ximo usu\u00e1rio da lista.<\/p>\n\n\n\n<h2 id=\"ProreitoriaMeioDireitaTitulo\" style=\"color:#00510f;text-transform:uppercase;border-top: 3px solid #00510F\" class=\"has-inline-color\">\n    Consulta Local\n<\/h2>\n<p>Os materiais bibliogr\u00e1ficos classificados como consulta local no espa\u00e7o da Biblioteca, poder\u00e1 ser\nemprestado por um per\u00edodo de 3 horas sem possibilidade de renova\u00e7\u00e3o.<\/p>\n","protected":false},"excerpt":{"rendered":"<p>Cadastramento Sobre o cadastroO cadastramento \u00e9 gratuito e obrigat\u00f3rio para solicitar empr\u00e9stimos na Biblioteca. Quem pode solicitar o cadastroOs alunos regularmente matriculados nos cursos ofertados pelo Instituto e os servidores ativos pertencentes ao quadro de pessoal (Professores, Professores Substitutos e Servidores T\u00e9cnico-Administrativos). Como se cadastrarNecess\u00e1rio a apresenta\u00e7\u00e3o do documento de identifica\u00e7\u00e3o original, CPF e comprovante [&hellip;]<\/p>\n","protected":false},"author":23,"featured_media":0,"parent":0,"menu_order":0,"comment_status":"open","ping_status":"open","template":"","meta":[],"_links":{"self":[{"href":"https:\/\/www.ifbaiano.edu.br\/unidades\/lapa\/wp-json\/wp\/v2\/pages\/455"}],"collection":[{"href":"https:\/\/www.ifbaiano.edu.br\/unidades\/lapa\/wp-json\/wp\/v2\/pages"}],"about":[{"href":"https:\/\/www.ifbaiano.edu.br\/unidades\/lapa\/wp-json\/wp\/v2\/types\/page"}],"author":[{"embeddable":true,"href":"https:\/\/www.ifbaiano.edu.br\/unidades\/lapa\/wp-json\/wp\/v2\/users\/23"}],"replies":[{"embeddable":true,"href":"https:\/\/www.ifbaiano.edu.br\/unidades\/lapa\/wp-json\/wp\/v2\/comments?post=455"}],"version-history":[{"count":16,"href":"https:\/\/www.ifbaiano.edu.br\/unidades\/lapa\/wp-json\/wp\/v2\/pages\/455\/revisions"}],"predecessor-version":[{"id":25440,"href":"https:\/\/www.ifbaiano.edu.br\/unidades\/lapa\/wp-json\/wp\/v2\/pages\/455\/revisions\/25440"}],"wp:attachment":[{"href":"https:\/\/www.ifbaiano.edu.br\/unidades\/lapa\/wp-json\/wp\/v2\/media?parent=455"}],"curies":[{"name":"wp","href":"https:\/\/api.w.org\/{rel}","templated":true}]}}