{"id":5251,"date":"2016-03-02T12:19:29","date_gmt":"2016-03-02T14:19:29","guid":{"rendered":"http:\/\/www.ifbaiano.edu.br\/unidades\/lapa\/?page_id=5251"},"modified":"2025-10-06T13:55:33","modified_gmt":"2025-10-06T16:55:33","slug":"tecnico-em-agroecologia-integrado","status":"publish","type":"page","link":"https:\/\/www.ifbaiano.edu.br\/unidades\/lapa\/tecnico-em-agroecologia-integrado\/","title":{"rendered":"T\u00e9cnico em Agroecologia Integrado"},"content":{"rendered":"\n<p><strong>Sobre o Curso T\u00e9cnico em Agroecologia Integrado<\/strong><\/p>\n<p>O&nbsp;Curso T\u00e9cnico em Agroecologia Integrado&nbsp;passou a ser oferecido no <em>Campus<\/em> no semestre\n    <strong>2016.1<\/strong>.\n<\/p>\n<hr>\n<p><strong>Apresenta\u00e7\u00e3o do Curso<\/strong><\/p>\n<p>O Curso T\u00e9cnico em Agroecologia na modalidade educa\u00e7\u00e3o profissional t\u00e9cnica e tecnol\u00f3gica integrada ao ensino m\u00e9dio,\n    tem como finalidade consolidar saberes, preparar os estudantes para o exerc\u00edcio profissional e para o exerc\u00edcio da\n    cidadania, sendo profissional capaz de adaptar-se \u00e0s novas condi\u00e7\u00f5es de ocupa\u00e7\u00f5es e aperfei\u00e7oamentos posteriores, de\n    agir de forma \u00e9tica, aut\u00f4noma e cr\u00edtica, compreendendo os fundamentos cient\u00edficos e tecnol\u00f3gicos dos processos\n    produtivos e relacionar teoria e pr\u00e1tica, ao mesmo tempo em que possa reconhecer-se em seu contexto hist\u00f3rico e\n    cultural, comunicar-se, ser criativo, aberto ao novo, protagonista e respons\u00e1vel. Na especificidade do curso, o\n    profissional dever\u00e1 ser capaz de atuar em sistemas de produ\u00e7\u00e3o agropecu\u00e1ria e extrativista fundamentados em\n    princ\u00edpios agroecol\u00f3gicos; t\u00e9cnicas de sistemas org\u00e2nicos de produ\u00e7\u00e3o com foco no desenvolvimento de a\u00e7\u00f5es\n    integradas, unindo a preserva\u00e7\u00e3o e conserva\u00e7\u00e3o de recursos naturais \u00e0 sustentabilidade social e econ\u00f4mica dos\n    sistemas produtivos.<\/p>\n<hr>\n<p><strong>Coordenadora:&nbsp;Prof.&nbsp;Thamiles Santos Nunes<\/p>\n<p><strong>E-mail:<\/strong> <span style=\"text-decoration: underline\"><span style=\"color: #696969;text-decoration: underline\">integrado.agroecologia@lapa.ifbaiano.edu.br&nbsp;<\/span><\/span>\n<\/p>\n<p>\n    <strong>Acesse aqui o PPC ATUAL: <\/strong>\n    <a href=\"https:\/\/www.ifbaiano.edu.br\/unidades\/lapa\/files\/2021\/01\/PPC-Reformulacao-Curricular-Curso-Tecnico-Integrado-Agroecologia.pdf\" target=\"_blank\" rel=\"noopener noreferrer\">\n        Projeto Pedag\u00f3gico do Curso 2020\n    <\/a>\n<\/p>\n<p><strong>Acesse aqui: <\/strong><a href=\"https:\/\/www.ifbaiano.edu.br\/unidades\/lapa\/files\/2021\/01\/PPC-Alteracao-Curricular-CursoTecnico-Integrado-Agroecologia.pdf\" target=\"_blank\" rel=\"noopener noreferrer\">Projeto Pedag\u00f3gico do Curso Alterado-2020 (documento pdf, abre em nova\n        aba)<\/a><\/p>\n<p><strong>Acesse aqui: <\/strong><a href=\"http:\/\/www.ifbaiano.edu.br\/unidades\/lapa\/files\/2016\/03\/PPC_AGROECOLOGIA_INTEGRADO_-_2017.pdf\" target=\"_blank\" rel=\"noopener noreferrer\">Projeto Pedag\u00f3gico do Curso 2017<\/a><\/p>\n<p><strong>Acesse aqui: <\/strong><a href=\"http:\/\/www.ifbaiano.edu.br\/unidades\/lapa\/files\/2016\/03\/resolucao-aprova-ppc-maio2016.pdf\" target=\"_blank\" rel=\"noopener noreferrer\">Resolu\u00e7\u00e3o que aprovou o Curso<\/a><\/p>\n<p><strong>Acesse aqui:<\/strong> <a href=\"https:\/\/www.ifbaiano.edu.br\/unidades\/lapa\/files\/2025\/01\/Organizacao-Didatica-da-EPTNM.pdf\" target=\"_blank\" rel=\"noopener noreferrer\">Organiza\u00e7\u00e3o Did\u00e1tica dos Cursos T\u00e9cnicos Integrados 2023<\/a><\/p>\n<p><strong>Acesse aqui:<\/strong> <a href=\"https:\/\/www.ifbaiano.edu.br\/unidades\/lapa\/files\/2021\/01\/Organizacao-Didatica-EPTNM-2019.pdf\" target=\"_blank\" rel=\"noopener noreferrer\">Organiza\u00e7\u00e3o Did\u00e1tica dos Cursos T\u00e9cnicos Integrados 2019<\/a><\/p>\n<p><strong>Acesse aqui:<\/strong> <a href=\"https:\/\/www.ifbaiano.edu.br\/unidades\/lapa\/files\/2020\/07\/Organizacao-Didatica-EPTNM-2011.pdf\" target=\"_blank\" rel=\"noopener noreferrer\">Organiza\u00e7\u00e3o Did\u00e1tica dos Cursos T\u00e9cnicos Integrados 2011<\/a><\/p>\n<p><strong>Acesse aqui: <\/strong><a href=\"https:\/\/www.ifbaiano.edu.br\/unidades\/lapa\/files\/2021\/01\/NAP-Integrado-Agroecologia.pdf\" target=\"_blank\" rel=\"noopener noreferrer\">Portaria do N\u00facleo de Assessoria Pedag\u00f3gica do Curso (documento pdf, abre em nova\n        aba)<\/a><\/p>\n<p><strong>Acesse aqui: <\/strong><a href=\"https:\/\/www.ifbaiano.edu.br\/unidades\/lapa\/files\/2021\/01\/Portaria-Conselho-Curso-Agroecologia-Integrado.pdf\" target=\"_blank\" rel=\"noopener noreferrer\">Portaria do Conselho do Cursoo (documento pdf, abre em nova aba)<\/a>\n<\/p>\n<hr>\n<div>\n    <hr>\n<\/div>\n<div>Hor\u00e1rio de aulas:<\/div>\n<div>\n    <a href=\"https:\/\/www.ifbaiano.edu.br\/unidades\/lapa\/files\/2025\/10\/HORARIO-INTEGRADO-AGROECOLOGIA_2025.2.pdf\">\n        ACESSEM AQUI\n    <\/a>\n<\/div>\n<div>\n    <hr>\n<\/div>\n<div><strong>Fonte:<\/strong>&nbsp;Coordena\u00e7\u00e3o do Curso<\/div>\n","protected":false},"excerpt":{"rendered":"<p>Sobre o Curso T\u00e9cnico em Agroecologia Integrado O&nbsp;Curso T\u00e9cnico em Agroecologia Integrado&nbsp;passou a ser oferecido no Campus no semestre 2016.1. Apresenta\u00e7\u00e3o do Curso O Curso T\u00e9cnico em Agroecologia na modalidade educa\u00e7\u00e3o profissional t\u00e9cnica e tecnol\u00f3gica integrada ao ensino m\u00e9dio, tem como finalidade consolidar saberes, preparar os estudantes para o exerc\u00edcio profissional e para o exerc\u00edcio [&hellip;]<\/p>\n","protected":false},"author":65,"featured_media":0,"parent":0,"menu_order":0,"comment_status":"open","ping_status":"open","template":"","meta":[],"_links":{"self":[{"href":"https:\/\/www.ifbaiano.edu.br\/unidades\/lapa\/wp-json\/wp\/v2\/pages\/5251"}],"collection":[{"href":"https:\/\/www.ifbaiano.edu.br\/unidades\/lapa\/wp-json\/wp\/v2\/pages"}],"about":[{"href":"https:\/\/www.ifbaiano.edu.br\/unidades\/lapa\/wp-json\/wp\/v2\/types\/page"}],"author":[{"embeddable":true,"href":"https:\/\/www.ifbaiano.edu.br\/unidades\/lapa\/wp-json\/wp\/v2\/users\/65"}],"replies":[{"embeddable":true,"href":"https:\/\/www.ifbaiano.edu.br\/unidades\/lapa\/wp-json\/wp\/v2\/comments?post=5251"}],"version-history":[{"count":46,"href":"https:\/\/www.ifbaiano.edu.br\/unidades\/lapa\/wp-json\/wp\/v2\/pages\/5251\/revisions"}],"predecessor-version":[{"id":30151,"href":"https:\/\/www.ifbaiano.edu.br\/unidades\/lapa\/wp-json\/wp\/v2\/pages\/5251\/revisions\/30151"}],"wp:attachment":[{"href":"https:\/\/www.ifbaiano.edu.br\/unidades\/lapa\/wp-json\/wp\/v2\/media?parent=5251"}],"curies":[{"name":"wp","href":"https:\/\/api.w.org\/{rel}","templated":true}]}}