{"id":5570,"date":"2016-04-15T09:04:00","date_gmt":"2016-04-15T11:04:00","guid":{"rendered":"http:\/\/www.ifbaiano.edu.br\/unidades\/lapa\/?page_id=5570"},"modified":"2019-05-16T08:29:48","modified_gmt":"2019-05-16T11:29:48","slug":"relacao-de-servidores","status":"publish","type":"page","link":"https:\/\/www.ifbaiano.edu.br\/unidades\/lapa\/relacao-de-servidores\/","title":{"rendered":"Rela\u00e7\u00e3o de Servidores"},"content":{"rendered":"<p>Aqui disponibilizaremos<em> informa\u00e7\u00f5es sobre os servidores<\/em> que atuam no <em>Campus<\/em>, como tamb\u00e9m, os <em>cargos e fun\u00e7\u00f5es<\/em> que alguns desempenham. Clique nos links abaixo e veja a lista:<\/p>\n<p style=\"padding-left: 30px\">&#8211;<a title=\"Rela\u00e7\u00e3o de Docentes\" href=\"http:\/\/www.ifbaiano.edu.br\/unidades\/lapa\/relacao-docentes\/\"> Quadro de Docentes<\/a><\/p>\n<p style=\"padding-left: 30px\"><a title=\"Rela\u00e7\u00e3o de T\u00e9cnicos Administrativos\" href=\"http:\/\/www.ifbaiano.edu.br\/unidades\/lapa\/tecnicos-administrativos-2\/\">&#8211; <\/a><a title=\"Rela\u00e7\u00e3o de Docentes\" href=\"http:\/\/www.ifbaiano.edu.br\/unidades\/lapa\/1704-2\/\">Quadro<\/a><a title=\"Rela\u00e7\u00e3o de T\u00e9cnicos Administrativos\" href=\"http:\/\/www.ifbaiano.edu.br\/unidades\/lapa\/tecnicos-administrativos-2\/\"> de T\u00e9cnicos Administrativos<\/a><\/p>\n<p style=\"padding-left: 30px\"><a title=\"Rela\u00e7\u00e3o de Cargos e Fun\u00e7\u00f5es\" href=\"http:\/\/www.ifbaiano.edu.br\/unidades\/lapa\/relacao-de-cargos-e-funcoes\/\">&#8211; <\/a><a title=\"Rela\u00e7\u00e3o de Docentes\" href=\"http:\/\/www.ifbaiano.edu.br\/unidades\/lapa\/1704-2\/\">Quadro<\/a><a title=\"Rela\u00e7\u00e3o de Cargos e Fun\u00e7\u00f5es\" href=\"http:\/\/www.ifbaiano.edu.br\/unidades\/lapa\/relacao-de-cargos-e-funcoes\/\"> de Cargos e Fun\u00e7\u00f5es<\/a><\/p>\n","protected":false},"excerpt":{"rendered":"<p>Aqui disponibilizaremos informa\u00e7\u00f5es sobre os servidores que atuam no Campus, como tamb\u00e9m, os cargos e fun\u00e7\u00f5es que alguns desempenham. Clique nos links abaixo e veja a lista: &#8211; Quadro de Docentes &#8211; Quadro de T\u00e9cnicos Administrativos &#8211; Quadro de Cargos e Fun\u00e7\u00f5es<\/p>\n","protected":false},"author":65,"featured_media":0,"parent":0,"menu_order":0,"comment_status":"open","ping_status":"open","template":"","meta":[],"_links":{"self":[{"href":"https:\/\/www.ifbaiano.edu.br\/unidades\/lapa\/wp-json\/wp\/v2\/pages\/5570"}],"collection":[{"href":"https:\/\/www.ifbaiano.edu.br\/unidades\/lapa\/wp-json\/wp\/v2\/pages"}],"about":[{"href":"https:\/\/www.ifbaiano.edu.br\/unidades\/lapa\/wp-json\/wp\/v2\/types\/page"}],"author":[{"embeddable":true,"href":"https:\/\/www.ifbaiano.edu.br\/unidades\/lapa\/wp-json\/wp\/v2\/users\/65"}],"replies":[{"embeddable":true,"href":"https:\/\/www.ifbaiano.edu.br\/unidades\/lapa\/wp-json\/wp\/v2\/comments?post=5570"}],"version-history":[{"count":7,"href":"https:\/\/www.ifbaiano.edu.br\/unidades\/lapa\/wp-json\/wp\/v2\/pages\/5570\/revisions"}],"predecessor-version":[{"id":12962,"href":"https:\/\/www.ifbaiano.edu.br\/unidades\/lapa\/wp-json\/wp\/v2\/pages\/5570\/revisions\/12962"}],"wp:attachment":[{"href":"https:\/\/www.ifbaiano.edu.br\/unidades\/lapa\/wp-json\/wp\/v2\/media?parent=5570"}],"curies":[{"name":"wp","href":"https:\/\/api.w.org\/{rel}","templated":true}]}}