{"id":7395,"date":"2017-03-23T17:55:28","date_gmt":"2017-03-23T19:55:28","guid":{"rendered":"http:\/\/www.ifbaiano.edu.br\/unidades\/lapa\/?page_id=7395"},"modified":"2026-02-20T10:36:41","modified_gmt":"2026-02-20T13:36:41","slug":"paise","status":"publish","type":"page","link":"https:\/\/www.ifbaiano.edu.br\/unidades\/lapa\/paise\/","title":{"rendered":"Programa de Assist\u00eancia e Inclus\u00e3o Social do Estudante &#8211; PAISE"},"content":{"rendered":"<div id=\"ProreitoriaTopoTitulo\">O PROGRAMA<\/div>\n<p style=\"text-align: justify\">O Programa de Assist\u00eancia e Inclus\u00e3o Social do Estudante &#8211; PAISE \u00e9 destinado aos estudantes regularmente matriculados, que possuam renda per capita de at\u00e9 um sal\u00e1rio m\u00ednimo e meio vigente \u2013 conforme definido pelo Decreto 7.234, de 19 de julho de 2010, que disp\u00f5e sobre o Programa Nacional de Assist\u00eancia Estudantil \u2013 para garantia da perman\u00eancia dos mesmos na institui\u00e7\u00e3o, durante os anos destinados ao processo formativo do curso escolhido.<\/p>\n<p style=\"text-align: justify\">O PAISE, observando as normas e possibilidades do Campus, ser\u00e1 composto de uma s\u00e9rie de benef\u00edcios, cabendo \u00e0 Comiss\u00e3o Local de Assist\u00eancia Estudantil, fundamentada pelo Edital lan\u00e7ado pela Diretoria de Assist\u00eancia Estudantil, determinar os benef\u00edcios que ser\u00e3o concedidos prioritariamente.<\/p>\n<p style=\"text-align: justify\">No Campus Bom Jesus da Lapa, Constituem-se benef\u00edcios do PAISE:<\/p>\n<ol>\n<li>aux\u00edlio moradia;<\/li>\n<li>aux\u00edlio transporte;<\/li>\n<li>aux\u00edlio perman\u00eancia;<\/li>\n<li>aux\u00edlio creche;<\/li>\n<li>aux\u00edlio eventual;<\/li>\n<\/ol>\n<p style=\"text-align: justify\">Os aux\u00edlios previstos no PAISE n\u00e3o ser\u00e3o acumulativos, exceto os aux\u00edlios material acad\u00eamico e uniforme.<\/p>\n<p style=\"text-align: justify\">Para usufruir dos aux\u00edlios do PAISE ser\u00e3o exigidos dos contemplados a frequ\u00eancia regular, ressalvados os casos justificados e sob acompanhamento pedag\u00f3gico.<\/p>\n<p style=\"text-align: justify\">Os valores dos Aux\u00edlios a serem praticados no \u00e2mbito do PAISE, e a quantidade de aux\u00edlios disponibilizados, ser\u00e3o normatizados atrav\u00e9s de publiciza\u00e7\u00e3o de Edital e depender\u00e1 da disponibilidade or\u00e7amentaria para a Assist\u00eancia Estudantil do Campus, que ser\u00e1 avaliada pela Comiss\u00e3o Local de Assist\u00eancia Estudantil.<\/p>\n<div id=\"ProreitoriaTopoTitulo\">EQUIPE<\/div>\n<div>\n<p>Aline Soares de Lima<br \/>\nPsic\u00f3loga \/ CRP-03\/14329<br \/>\nPresidente da Comiss\u00e3o Local de Assist\u00eancia Estudantil<br \/>\nemail: aline.soares@ifbaiano.edu.br<\/p>\n<\/div>\n<div id=\"ProreitoriaTopoTitulo\">A\u00c7\u00d5ES<\/div>\n<ol style=\"list-style-type: circle\">\n<li>Implementa\u00e7\u00e3o de Edital PAISE: Divulga\u00e7\u00e3o, Inscri\u00e7\u00e3o, Sele\u00e7\u00e3o;<\/li>\n<li>Entrevista Social Individual;<\/li>\n<li>Visitas Domiciliares;<\/li>\n<li>Atendimento Individual e grupal com os alunos selecionados;<\/li>\n<li>Acompanhamento de Pagamentos mensais;<\/li>\n<li>Palestra: O papel da Assist\u00eancia Estudantil na forma\u00e7\u00e3o dos Estudantes.<\/li>\n<\/ol>\n<div id=\"ProreitoriaTopoTitulo\">PROCESSOS SELETIVOS:<\/div>\n<div><\/div>\n<div><strong>PAISE 2026<\/strong><\/div>\n<div>&#8211; <a href=\"https:\/\/www.ifbaiano.edu.br\/unidades\/lapa\/2026\/02\/20\/paise-2026\/\">P\u00e1gina do edital<\/a><\/div>\n<div><\/div>\n<div>&#8211; Edital XX\/2026<\/div>\n<div><\/div>\n<div><strong>PAISE 2025<\/strong><\/div>\n<p>&#8211; <a href=\"https:\/\/www.ifbaiano.edu.br\/unidades\/lapa\/edital-12-2025-paise\/\">P\u00e1gina do edital<\/a><\/p>\n<p>&#8211; <a href=\"https:\/\/www.ifbaiano.edu.br\/unidades\/lapa\/files\/2025\/04\/Edital-12-2025-PAISE-CAMPUS-BJL.pdf\">Edital 12\/2025<\/a><\/p>\n<p><strong>PAISE 2018<\/strong><br \/>\n\u2013 <a href=\"http:\/\/www.ifbaiano.edu.br\/unidades\/lapa\/files\/2018\/04\/PAISE_2018_RESULTADO_FINAL.pdf\" target=\"_blank\" rel=\"noopener\">Resultado Final<\/a><br \/>\n\u2013 <a href=\"http:\/\/www.ifbaiano.edu.br\/unidades\/lapa\/files\/2018\/04\/Resultado_dos_recursos_PAISE_2018.pdf\" target=\"_blank\" rel=\"noopener\">Resultados dos Recursos<\/a><br \/>\n\u2013 <a href=\"http:\/\/www.ifbaiano.edu.br\/unidades\/lapa\/files\/2018\/04\/RESULTADO_PARCIAL_PAISE_2018.pdf\" target=\"_blank\" rel=\"noopener\">Resultado Preliminar<\/a><br \/>\n\u2013 <a href=\"http:\/\/www.ifbaiano.edu.br\/unidades\/lapa\/files\/2018\/04\/CORRETO-Folder-PAISE-2018.pdf\" target=\"_blank\" rel=\"noopener\">Folder<\/a><br \/>\n\u2013 <a href=\"http:\/\/www.ifbaiano.edu.br\/unidades\/lapa\/files\/2018\/04\/cronograma-PAISE-2018.pdf\" target=\"_blank\" rel=\"noopener\">Cronograma<\/a><br \/>\n\u2013 <a href=\"http:\/\/www.ifbaiano.edu.br\/unidades\/lapa\/files\/2018\/04\/Edital-n\u00ba-15-2018-PAISE.pdf\" target=\"_blank\" rel=\"noopener\">Edital N\u00ba15<\/a><\/p>\n<hr \/>\n<p><strong>PAISE 2017<\/strong><br \/>\n&#8211; <a href=\"http:\/\/www.ifbaiano.edu.br\/unidades\/lapa\/files\/2017\/05\/Portaria-41-Homologa-e-publica-o-resultado-PAISE-2017.pdf\" target=\"_blank\" rel=\"noopener\">Homologa\u00e7\u00e3o e Publica\u00e7\u00e3o do Resultado Final da Lista de Selecionados ao PAISE EDITAL N\u00b0 21\/2017 &#8211; Publica\u00e7\u00e3o em 26\/05\/2017<\/a><br \/>\n&#8211; <a href=\"http:\/\/www.ifbaiano.edu.br\/unidades\/lapa\/files\/2017\/05\/RESULTADO-FINAL-PAISE-2017.pdf\" target=\"_blank\" rel=\"noopener\">Resultado Final da Lista de Selecionados ao PAISE EDITAL N\u00b0 21\/2017 &#8211; Publica\u00e7\u00e3o em 12\/05\/2017<\/a><br \/>\n&#8211; <a href=\"http:\/\/www.ifbaiano.edu.br\/unidades\/lapa\/files\/2017\/05\/Resultado-dos-Recursos-PAISE-2017.pdf\" target=\"_blank\" rel=\"noopener\">Resultado dos Recursos ao PAISE EDITAL N\u00b0 21\/2017 &#8211; Publicado em 12\/05\/2017<\/a><br \/>\n&#8211; <a href=\"http:\/\/www.ifbaiano.edu.br\/unidades\/lapa\/files\/2017\/05\/RETIFICA\u00c7\u00c3O-CRONOGRAMA-PAISE-2017.pdf\" target=\"_blank\" rel=\"noopener\">Cronograma Retificado do PAISE Edital de Sele\u00e7\u00e3o n\u00ba 21\/2017 \u2013 Publicado em 09\/05\/2017<\/a><br \/>\n&#8211; <a href=\"http:\/\/www.ifbaiano.edu.br\/unidades\/lapa\/files\/2017\/05\/RESULTADO-PARCIAL-PAISE-2017.pdf\" target=\"_blank\" rel=\"noopener\">Resultado Parcial da Sele\u00e7\u00e3o PAISE EDITAL N\u00b0 21\/2017 &#8211; Publicado em 09\/05\/2017<\/a><br \/>\n&#8211; <a href=\"http:\/\/www.ifbaiano.edu.br\/unidades\/lapa\/files\/2017\/04\/Homologa\u00e7\u00e3o-no-site-2017-Publica\u00e7\u00e3o-para-agendamento-de-entrevistas.pdf\" target=\"_blank\" rel=\"noopener\">Lista de Alunos com Inscri\u00e7\u00e3o Homologada e Agendamento de Entrevista da Assist\u00eancia Estudantil \u2013 Publicado em 12\/04\/2017<\/a><br \/>\n&#8211; <a href=\"http:\/\/www.ifbaiano.edu.br\/unidades\/lapa\/files\/2017\/03\/Errata-do-PAISE-Edital-n\u00ba-21-2017.pdf\" target=\"_blank\" rel=\"noopener\">Errata n\u00ba 01 do PAISE Edital de Sele\u00e7\u00e3o n\u00ba 21\/2017 \u2013 Publicado em 23\/02\/2017<\/a><br \/>\n&#8211; <a href=\"http:\/\/www.ifbaiano.edu.br\/unidades\/lapa\/files\/2017\/03\/Quantitativo-de-Aux\u00edlios-2017.pdf\" target=\"_blank\" rel=\"noopener\">Quantitativo para o PAISE Edital de Sele\u00e7\u00e3o n\u00ba 21\/2017 \u2013 Publicado em 23\/02\/2017<\/a><br \/>\n&#8211; <a href=\"http:\/\/www.ifbaiano.edu.br\/unidades\/lapa\/files\/2017\/03\/Cronograma-PAISE-Edital-n\u00ba-21-2017.pdf\" target=\"_blank\" rel=\"noopener\">Cronograma do PAISE Edital de Sele\u00e7\u00e3o n\u00ba 21\/2017 \u2013 Publicado em 23\/02\/2017<\/a><br \/>\n&#8211; <a href=\"http:\/\/www.ifbaiano.edu.br\/unidades\/lapa\/files\/2017\/03\/PAISE-EDITAL-N\u00ba-21-2017.pdf\" target=\"_blank\" rel=\"noopener\">Edital de Sele\u00e7\u00e3o n\u00ba 21\/2017 \u2013 Publicado em 23\/02\/2017<\/a><\/p>\n","protected":false},"excerpt":{"rendered":"<p>O PROGRAMA O Programa de Assist\u00eancia e Inclus\u00e3o Social do Estudante &#8211; PAISE \u00e9 destinado aos estudantes regularmente matriculados, que possuam renda per capita de at\u00e9 um sal\u00e1rio m\u00ednimo e meio vigente \u2013 conforme definido pelo Decreto 7.234, de 19 de julho de 2010, que disp\u00f5e sobre o Programa Nacional de Assist\u00eancia Estudantil \u2013 para [&hellip;]<\/p>\n","protected":false},"author":65,"featured_media":0,"parent":0,"menu_order":0,"comment_status":"closed","ping_status":"closed","template":"","meta":[],"_links":{"self":[{"href":"https:\/\/www.ifbaiano.edu.br\/unidades\/lapa\/wp-json\/wp\/v2\/pages\/7395"}],"collection":[{"href":"https:\/\/www.ifbaiano.edu.br\/unidades\/lapa\/wp-json\/wp\/v2\/pages"}],"about":[{"href":"https:\/\/www.ifbaiano.edu.br\/unidades\/lapa\/wp-json\/wp\/v2\/types\/page"}],"author":[{"embeddable":true,"href":"https:\/\/www.ifbaiano.edu.br\/unidades\/lapa\/wp-json\/wp\/v2\/users\/65"}],"replies":[{"embeddable":true,"href":"https:\/\/www.ifbaiano.edu.br\/unidades\/lapa\/wp-json\/wp\/v2\/comments?post=7395"}],"version-history":[{"count":41,"href":"https:\/\/www.ifbaiano.edu.br\/unidades\/lapa\/wp-json\/wp\/v2\/pages\/7395\/revisions"}],"predecessor-version":[{"id":30345,"href":"https:\/\/www.ifbaiano.edu.br\/unidades\/lapa\/wp-json\/wp\/v2\/pages\/7395\/revisions\/30345"}],"wp:attachment":[{"href":"https:\/\/www.ifbaiano.edu.br\/unidades\/lapa\/wp-json\/wp\/v2\/media?parent=7395"}],"curies":[{"name":"wp","href":"https:\/\/api.w.org\/{rel}","templated":true}]}}